{"id":1028,"date":"2023-05-11T09:14:09","date_gmt":"2023-05-11T07:14:09","guid":{"rendered":"https:\/\/turisztika.dinosprojekt.com\/?page_id=1028"},"modified":"2025-11-13T12:24:30","modified_gmt":"2025-11-13T11:24:30","slug":"muzeum","status":"publish","type":"page","link":"https:\/\/vetk.hu\/en\/muzeum\/","title":{"rendered":"Museum"},"content":{"rendered":"<div class=\"wp-block-columns is-layout-flex wp-container-core-columns-is-layout-9d6595d7 wp-block-columns-is-layout-flex\">\n<div class=\"wp-block-column is-layout-flow wp-block-column-is-layout-flow\">\n<p class=\"has-text-align-left\">Since its establishment in 1985, the Blessed Gisela Archdiocesan Collection has been the guardian of ecclesiastical artworks, episcopal legacies, and royal donations. As diligent stewards, we oversee the historical and artistic heritage of the archdiocese. We collect, preserve, and exhibit historically significant objects and documents. Currently, a portion of the collection is on display in S\u00fcmeg for visitors.<\/p>\n<\/div>\n\n\n\n<div class=\"wp-block-column is-layout-flow wp-block-column-is-layout-flow\"><div class=\"wp-block-image\">\n<figure class=\"aligncenter is-resized\"><img decoding=\"async\" src=\"https:\/\/vetk.hu\/wp-content\/uploads\/2023\/05\/Asset-54@4x.png\" alt=\"\" style=\"width:288px;height:auto\"\/><\/figure>\n<\/div><\/div>\n<\/div>\n\n\n\n<div class=\"wp-block-columns is-layout-flex wp-container-core-columns-is-layout-9d6595d7 wp-block-columns-is-layout-flex\">\n<div class=\"wp-block-column is-layout-flow wp-block-column-is-layout-flow\">\n<p><strong>Archiepiscopal Tourist Centre<br><\/strong>Email: <a href=\"mailto:turizmus@veszpremiersekseg.hu\">turizmus@veszpremiersekseg.hu<\/a>\u00a0<br>Phone: +36 20 560 2010<\/p>\n<\/div>\n\n\n\n<div class=\"wp-block-column is-layout-flow wp-block-column-is-layout-flow\">\n<div class=\"wp-block-buttons is-content-justification-center is-layout-flex wp-container-core-buttons-is-layout-16018d1d wp-block-buttons-is-layout-flex\">\n<div class=\"wp-block-button kiallitasok-gomb\"><a class=\"wp-block-button__link wp-element-button\">EXHIBITIONS<\/a><\/div>\n<\/div>\n<\/div>\n<\/div>","protected":false},"excerpt":{"rendered":"<p>A Boldog Gizella F\u0151egyh\u00e1zmegyei Gy\u0171jtem\u00e9ny 1985-\u00f6s alap\u00edt\u00e1sa \u00f3ta egyh\u00e1zi m\u0171kincsek, p\u00fcsp\u00f6ki-f\u0151papi hagyat\u00e9kok, kir\u00e1lyn\u00e9i adom\u00e1nyok \u0151rz\u0151je. Gondos gazdak\u00e9nt \u0151rk\u00f6dik a F\u0151egyh\u00e1zmegye t\u00f6rt\u00e9neti, m\u0171v\u00e9szeti \u00f6r\u00f6ks\u00e9ge f\u00f6l\u00f6tt. Gy\u0171jti, gondozza, bemutatja a t\u00f6rt\u00e9neti szempontb\u00f3l [&hellip;]<\/p>\n","protected":false},"author":1,"featured_media":0,"parent":0,"menu_order":0,"comment_status":"closed","ping_status":"closed","template":"","meta":{"_acf_changed":false,"_price":"","_stock":"","_tribe_ticket_header":"","_tribe_default_ticket_provider":"","_tribe_ticket_capacity":"0","_ticket_start_date":"","_ticket_end_date":"","_tribe_ticket_show_description":"","_tribe_ticket_show_not_going":false,"_tribe_ticket_use_global_stock":"","_tribe_ticket_global_stock_level":"","_global_stock_mode":"","_global_stock_cap":"","_tribe_rsvp_for_event":"","_tribe_ticket_going_count":"","_tribe_ticket_not_going_count":"","_tribe_tickets_list":"[]","_tribe_ticket_has_attendee_info_fields":false,"footnotes":"","_tec_slr_enabled":"","_tec_slr_layout":""},"class_list":["post-1028","page","type-page","status-publish","hentry"],"acf":[],"yoast_head":"<!-- This site is optimized with the Yoast SEO plugin v27.3 - https:\/\/yoast.com\/product\/yoast-seo-wordpress\/ -->\n<title>M\u00fazeum - Veszpr\u00e9mi \u00c9rseks\u00e9g Turisztikai K\u00f6zpont<\/title>\n<meta name=\"robots\" content=\"index, follow, max-snippet:-1, max-image-preview:large, max-video-preview:-1\" \/>\n<link rel=\"canonical\" href=\"https:\/\/vetk.hu\/en\/muzeum\/\" \/>\n<meta property=\"og:locale\" content=\"en_GB\" \/>\n<meta property=\"og:type\" content=\"article\" \/>\n<meta property=\"og:title\" content=\"M\u00fazeum - Veszpr\u00e9mi \u00c9rseks\u00e9g Turisztikai K\u00f6zpont\" \/>\n<meta property=\"og:description\" content=\"A Boldog Gizella F\u0151egyh\u00e1zmegyei Gy\u0171jtem\u00e9ny 1985-\u00f6s alap\u00edt\u00e1sa \u00f3ta egyh\u00e1zi m\u0171kincsek, p\u00fcsp\u00f6ki-f\u0151papi hagyat\u00e9kok, kir\u00e1lyn\u00e9i adom\u00e1nyok \u0151rz\u0151je. Gondos gazdak\u00e9nt \u0151rk\u00f6dik a F\u0151egyh\u00e1zmegye t\u00f6rt\u00e9neti, m\u0171v\u00e9szeti \u00f6r\u00f6ks\u00e9ge f\u00f6l\u00f6tt. Gy\u0171jti, gondozza, bemutatja a t\u00f6rt\u00e9neti szempontb\u00f3l [&hellip;]\" \/>\n<meta property=\"og:url\" content=\"https:\/\/vetk.hu\/en\/muzeum\/\" \/>\n<meta property=\"og:site_name\" content=\"Veszpr\u00e9mi \u00c9rseks\u00e9g Turisztikai K\u00f6zpont\" \/>\n<meta property=\"article:modified_time\" content=\"2025-11-13T11:24:30+00:00\" \/>\n<meta property=\"og:image\" content=\"https:\/\/vetk.hu\/wp-content\/uploads\/2023\/05\/Asset-54@4x.png\" \/>\n<meta name=\"twitter:card\" content=\"summary_large_image\" \/>\n<meta name=\"twitter:label1\" content=\"Estimated reading time\" \/>\n\t<meta name=\"twitter:data1\" content=\"1 minute\" \/>\n<script type=\"application\/ld+json\" class=\"yoast-schema-graph\">{\"@context\":\"https:\\\/\\\/schema.org\",\"@graph\":[{\"@type\":\"WebPage\",\"@id\":\"https:\\\/\\\/vetk.hu\\\/muzeum\\\/\",\"url\":\"https:\\\/\\\/vetk.hu\\\/muzeum\\\/\",\"name\":\"M\u00fazeum - Veszpr\u00e9mi \u00c9rseks\u00e9g Turisztikai K\u00f6zpont\",\"isPartOf\":{\"@id\":\"https:\\\/\\\/vetk.hu\\\/#website\"},\"primaryImageOfPage\":{\"@id\":\"https:\\\/\\\/vetk.hu\\\/muzeum\\\/#primaryimage\"},\"image\":{\"@id\":\"https:\\\/\\\/vetk.hu\\\/muzeum\\\/#primaryimage\"},\"thumbnailUrl\":\"https:\\\/\\\/vetk.hu\\\/wp-content\\\/uploads\\\/2023\\\/05\\\/Asset-54@4x.png\",\"datePublished\":\"2023-05-11T07:14:09+00:00\",\"dateModified\":\"2025-11-13T11:24:30+00:00\",\"breadcrumb\":{\"@id\":\"https:\\\/\\\/vetk.hu\\\/muzeum\\\/#breadcrumb\"},\"inLanguage\":\"en-GB\",\"potentialAction\":[{\"@type\":\"ReadAction\",\"target\":[\"https:\\\/\\\/vetk.hu\\\/muzeum\\\/\"]}]},{\"@type\":\"ImageObject\",\"inLanguage\":\"en-GB\",\"@id\":\"https:\\\/\\\/vetk.hu\\\/muzeum\\\/#primaryimage\",\"url\":\"https:\\\/\\\/vetk.hu\\\/wp-content\\\/uploads\\\/2023\\\/05\\\/Asset-54@4x.png\",\"contentUrl\":\"https:\\\/\\\/vetk.hu\\\/wp-content\\\/uploads\\\/2023\\\/05\\\/Asset-54@4x.png\"},{\"@type\":\"BreadcrumbList\",\"@id\":\"https:\\\/\\\/vetk.hu\\\/muzeum\\\/#breadcrumb\",\"itemListElement\":[{\"@type\":\"ListItem\",\"position\":1,\"name\":\"Home\",\"item\":\"https:\\\/\\\/vetk.hu\\\/\"},{\"@type\":\"ListItem\",\"position\":2,\"name\":\"M\u00fazeum\"}]},{\"@type\":\"WebSite\",\"@id\":\"https:\\\/\\\/vetk.hu\\\/#website\",\"url\":\"https:\\\/\\\/vetk.hu\\\/\",\"name\":\"Veszpr\u00e9mi \u00c9rseki Turisztikai K\u00f6zpont \u2013 Hit, \u00f6r\u00f6ks\u00e9g, \u00e9lm\u00e9ny | vetk.hu\",\"description\":\"\",\"publisher\":{\"@id\":\"https:\\\/\\\/vetk.hu\\\/#organization\"},\"potentialAction\":[{\"@type\":\"SearchAction\",\"target\":{\"@type\":\"EntryPoint\",\"urlTemplate\":\"https:\\\/\\\/vetk.hu\\\/?s={search_term_string}\"},\"query-input\":{\"@type\":\"PropertyValueSpecification\",\"valueRequired\":true,\"valueName\":\"search_term_string\"}}],\"inLanguage\":\"en-GB\"},{\"@type\":\"Organization\",\"@id\":\"https:\\\/\\\/vetk.hu\\\/#organization\",\"name\":\"Veszpr\u00e9mi \u00c9rseki Turisztikai K\u00f6zpont\",\"url\":\"https:\\\/\\\/vetk.hu\\\/\",\"logo\":{\"@type\":\"ImageObject\",\"inLanguage\":\"en-GB\",\"@id\":\"https:\\\/\\\/vetk.hu\\\/#\\\/schema\\\/logo\\\/image\\\/\",\"url\":\"https:\\\/\\\/vetk.hu\\\/wp-content\\\/uploads\\\/2023\\\/04\\\/cropped-Group-3.png\",\"contentUrl\":\"https:\\\/\\\/vetk.hu\\\/wp-content\\\/uploads\\\/2023\\\/04\\\/cropped-Group-3.png\",\"width\":353,\"height\":338,\"caption\":\"Veszpr\u00e9mi \u00c9rseki Turisztikai K\u00f6zpont\"},\"image\":{\"@id\":\"https:\\\/\\\/vetk.hu\\\/#\\\/schema\\\/logo\\\/image\\\/\"}}]}<\/script>\n<!-- \/ Yoast SEO plugin. -->","yoast_head_json":{"title":"M\u00fazeum - Veszpr\u00e9mi \u00c9rseks\u00e9g Turisztikai K\u00f6zpont","robots":{"index":"index","follow":"follow","max-snippet":"max-snippet:-1","max-image-preview":"max-image-preview:large","max-video-preview":"max-video-preview:-1"},"canonical":"https:\/\/vetk.hu\/en\/muzeum\/","og_locale":"en_GB","og_type":"article","og_title":"M\u00fazeum - Veszpr\u00e9mi \u00c9rseks\u00e9g Turisztikai K\u00f6zpont","og_description":"A Boldog Gizella F\u0151egyh\u00e1zmegyei Gy\u0171jtem\u00e9ny 1985-\u00f6s alap\u00edt\u00e1sa \u00f3ta egyh\u00e1zi m\u0171kincsek, p\u00fcsp\u00f6ki-f\u0151papi hagyat\u00e9kok, kir\u00e1lyn\u00e9i adom\u00e1nyok \u0151rz\u0151je. Gondos gazdak\u00e9nt \u0151rk\u00f6dik a F\u0151egyh\u00e1zmegye t\u00f6rt\u00e9neti, m\u0171v\u00e9szeti \u00f6r\u00f6ks\u00e9ge f\u00f6l\u00f6tt. Gy\u0171jti, gondozza, bemutatja a t\u00f6rt\u00e9neti szempontb\u00f3l [&hellip;]","og_url":"https:\/\/vetk.hu\/en\/muzeum\/","og_site_name":"Veszpr\u00e9mi \u00c9rseks\u00e9g Turisztikai K\u00f6zpont","article_modified_time":"2025-11-13T11:24:30+00:00","og_image":[{"url":"https:\/\/vetk.hu\/wp-content\/uploads\/2023\/05\/Asset-54@4x.png","type":"","width":"","height":""}],"twitter_card":"summary_large_image","twitter_misc":{"Estimated reading time":"1 minute"},"schema":{"@context":"https:\/\/schema.org","@graph":[{"@type":"WebPage","@id":"https:\/\/vetk.hu\/muzeum\/","url":"https:\/\/vetk.hu\/muzeum\/","name":"M\u00fazeum - Veszpr\u00e9mi \u00c9rseks\u00e9g Turisztikai K\u00f6zpont","isPartOf":{"@id":"https:\/\/vetk.hu\/#website"},"primaryImageOfPage":{"@id":"https:\/\/vetk.hu\/muzeum\/#primaryimage"},"image":{"@id":"https:\/\/vetk.hu\/muzeum\/#primaryimage"},"thumbnailUrl":"https:\/\/vetk.hu\/wp-content\/uploads\/2023\/05\/Asset-54@4x.png","datePublished":"2023-05-11T07:14:09+00:00","dateModified":"2025-11-13T11:24:30+00:00","breadcrumb":{"@id":"https:\/\/vetk.hu\/muzeum\/#breadcrumb"},"inLanguage":"en-GB","potentialAction":[{"@type":"ReadAction","target":["https:\/\/vetk.hu\/muzeum\/"]}]},{"@type":"ImageObject","inLanguage":"en-GB","@id":"https:\/\/vetk.hu\/muzeum\/#primaryimage","url":"https:\/\/vetk.hu\/wp-content\/uploads\/2023\/05\/Asset-54@4x.png","contentUrl":"https:\/\/vetk.hu\/wp-content\/uploads\/2023\/05\/Asset-54@4x.png"},{"@type":"BreadcrumbList","@id":"https:\/\/vetk.hu\/muzeum\/#breadcrumb","itemListElement":[{"@type":"ListItem","position":1,"name":"Home","item":"https:\/\/vetk.hu\/"},{"@type":"ListItem","position":2,"name":"M\u00fazeum"}]},{"@type":"WebSite","@id":"https:\/\/vetk.hu\/#website","url":"https:\/\/vetk.hu\/","name":"Veszpr\u00e9mi \u00c9rseki Turisztikai K\u00f6zpont \u2013 Hit, \u00f6r\u00f6ks\u00e9g, \u00e9lm\u00e9ny | vetk.hu","description":"","publisher":{"@id":"https:\/\/vetk.hu\/#organization"},"potentialAction":[{"@type":"SearchAction","target":{"@type":"EntryPoint","urlTemplate":"https:\/\/vetk.hu\/?s={search_term_string}"},"query-input":{"@type":"PropertyValueSpecification","valueRequired":true,"valueName":"search_term_string"}}],"inLanguage":"en-GB"},{"@type":"Organization","@id":"https:\/\/vetk.hu\/#organization","name":"Veszpr\u00e9mi \u00c9rseki Turisztikai K\u00f6zpont","url":"https:\/\/vetk.hu\/","logo":{"@type":"ImageObject","inLanguage":"en-GB","@id":"https:\/\/vetk.hu\/#\/schema\/logo\/image\/","url":"https:\/\/vetk.hu\/wp-content\/uploads\/2023\/04\/cropped-Group-3.png","contentUrl":"https:\/\/vetk.hu\/wp-content\/uploads\/2023\/04\/cropped-Group-3.png","width":353,"height":338,"caption":"Veszpr\u00e9mi \u00c9rseki Turisztikai K\u00f6zpont"},"image":{"@id":"https:\/\/vetk.hu\/#\/schema\/logo\/image\/"}}]}},"ticketed":false,"_links":{"self":[{"href":"https:\/\/vetk.hu\/en\/wp-json\/wp\/v2\/pages\/1028","targetHints":{"allow":["GET"]}}],"collection":[{"href":"https:\/\/vetk.hu\/en\/wp-json\/wp\/v2\/pages"}],"about":[{"href":"https:\/\/vetk.hu\/en\/wp-json\/wp\/v2\/types\/page"}],"author":[{"embeddable":true,"href":"https:\/\/vetk.hu\/en\/wp-json\/wp\/v2\/users\/1"}],"replies":[{"embeddable":true,"href":"https:\/\/vetk.hu\/en\/wp-json\/wp\/v2\/comments?post=1028"}],"version-history":[{"count":19,"href":"https:\/\/vetk.hu\/en\/wp-json\/wp\/v2\/pages\/1028\/revisions"}],"predecessor-version":[{"id":6610,"href":"https:\/\/vetk.hu\/en\/wp-json\/wp\/v2\/pages\/1028\/revisions\/6610"}],"wp:attachment":[{"href":"https:\/\/vetk.hu\/en\/wp-json\/wp\/v2\/media?parent=1028"}],"curies":[{"name":"wp","href":"https:\/\/api.w.org\/{rel}","templated":true}]}}