{"id":235,"date":"2023-04-24T22:16:45","date_gmt":"2023-04-24T20:16:45","guid":{"rendered":"https:\/\/turisztika.dinosprojekt.com\/?page_id=235"},"modified":"2023-05-05T12:32:20","modified_gmt":"2023-05-05T10:32:20","slug":"egyhazmegyei-konyvtar","status":"publish","type":"page","link":"https:\/\/vetk.hu\/en\/egyhazmegyei-konyvtar\/","title":{"rendered":"Egyh\u00e1zmegyei K\u00f6nyvt\u00e1r"},"content":{"rendered":"<div data-elementor-type=\"wp-page\" data-elementor-id=\"235\" class=\"elementor elementor-235\" data-elementor-post-type=\"page\">\n\t\t\t\t\t\t<section class=\"elementor-section elementor-top-section elementor-element elementor-element-084a736 elementor-section-boxed elementor-section-height-default elementor-section-height-default\" data-id=\"084a736\" data-element_type=\"section\" data-e-type=\"section\">\n\t\t\t\t\t\t<div class=\"elementor-container elementor-column-gap-default\">\n\t\t\t\t\t<div class=\"elementor-column elementor-col-50 elementor-top-column elementor-element elementor-element-7e7bbd3\" data-id=\"7e7bbd3\" data-element_type=\"column\" data-e-type=\"column\">\n\t\t\t<div class=\"elementor-widget-wrap elementor-element-populated\">\n\t\t\t\t\t\t<div class=\"elementor-element elementor-element-7aa0992 elementor-widget elementor-widget-text-editor\" data-id=\"7aa0992\" data-element_type=\"widget\" data-e-type=\"widget\" data-widget_type=\"text-editor.default\">\n\t\t\t\t<div class=\"elementor-widget-container\">\n\t\t\t\t\t\t\t\t\t<p>A Veszpr\u00e9mi \u00c9rseki K\u00f6nyvt\u00e1r 65 000 k\u00f6tetes \u00e1llom\u00e1nya mag\u00e1ba foglalja a P\u00fcsp\u00f6ki K\u00f6nyvt\u00e1r, a K\u00e1ptalani K\u00f6nyvt\u00e1r \u00e9s a Papnevel\u0151 Int\u00e9zet K\u00f6nyvt\u00e1ra egy\u00fcttesen kezelt anyag\u00e1t.\u00a0<\/p><p>A P\u00fcsp\u00f6ki K\u00f6nyvt\u00e1r alap\u00edt\u00e1sa Pad\u00e1nyi Bir\u00f3 M\u00e1rton p\u00fcsp\u00f6k (1745\u20131762) nev\u00e9hez f\u0171z\u0151dik, aki az egyh\u00e1zmegy\u00e9t m\u00e9g S\u00fcmegr\u0151l ir\u00e1ny\u00edtotta. M\u0171velt egy\u00e9nis\u00e9gk\u00e9nt elhat\u00e1rozta, hogy s\u00fcmegi palot\u00e1j\u00e1ban k\u00f6nyvt\u00e1rat hoz l\u00e9tre, b\u00e9csi megb\u00edzottja Tessedik Istv\u00e1n seg\u00edts\u00e9g\u00e9vel. A r\u00f6vid id\u0151 alatt \u00f6ssze\u00e1llt 607 k\u00f6tetes gy\u0171jtem\u00e9nyt 1751-ben m\u00e1r lelt\u00e1rozt\u00e1k. Ezek mindegyik\u00e9ben k\u00e9zzel \u00edrva szerepel a posszesszori (birtokos) bejegyz\u00e9s: Pad\u00e1nyi Bir\u00f3 M\u00e1rton veszpr\u00e9mi p\u00fcsp\u00f6k k\u00f6nyveib\u0151l, 1751. A k\u00f6nyveket ekkor a p\u00fcsp\u00f6ki rezidencia h\u00e1zi k\u00e1polna melletti helyis\u00e9gben helyezt\u00e9k el.<\/p><p>Ut\u00f3da Koller Ign\u00e1c (1762\u20131773) m\u00e1r Veszpr\u00e9mben \u00e9p\u00edttetett palot\u00e1t, amelynek \u00e9szaki emeleti sz\u00e1rny\u00e1n, a k\u00e1polna mellett k\u00f6nyvt\u00e1rszob\u00e1t is l\u00e9tes\u00edtett. Az itt elhelyezett gy\u0171jtem\u00e9ny ekkor m\u00e1r 1671 k\u00f6tetet tartalmazott. A m\u0171v\u00e9szi b\u00fatordarabokkal \u00f6lelt szob\u00e1ban ezek ma is megtekinthet\u0151k.<\/p><p>Az \u00e9vek sor\u00e1n a k\u00f6nyvt\u00e1r \u00e1llom\u00e1nya folyamatosan gyarapodott. Hornig K\u00e1roly p\u00fcsp\u00f6k (1888\u20131917) k\u00fcl\u00f6n\u00f6sen nagy gondot ford\u00edtott a k\u00f6nyvt\u00e1r fejleszt\u00e9s\u00e9re. A k\u00f6nyvt\u00e1rral kapcsolatos \u00f6sszes munk\u00e1t maga v\u00e9gezte el. A k\u00f6nyvpiac \u00fajdons\u00e1gair\u00f3l budapesti \u00e9s b\u00e9csi k\u00f6nyvkeresked\u0151je is t\u00e1j\u00e9koztatta. Munk\u00e1j\u00e1nak eredm\u00e9nyek\u00e9nt hal\u00e1la ut\u00e1n a k\u00f6nyvt\u00e1r 17 346 k\u00f6tetet sz\u00e1molhatott. Ez az a k\u00f6nyvanyag, amely a jelenlegi \u00c9rseki (1993 el\u0151tt P\u00fcsp\u00f6ki) K\u00f6nyvt\u00e1r gerinc\u00e9t is k\u00e9pezi.<\/p><p>Rott N\u00e1ndor (1917\u20131939) p\u00fcsp\u00f6k a k\u00e9t vil\u00e1gh\u00e1bor\u00fa k\u00f6z\u00f6tt kezdte egy\u00fcttesen kezelni a Bir\u00f3 M\u00e1rton, Koller Ign\u00e1c \u00e9s Hornig K\u00e1roly \u00e1ltal \u00f6sszegy\u0171jt\u00f6tt k\u00f6nyvt\u00e1rat. A gy\u0171jtem\u00e9ny kezel\u00e9s\u00e9t Schwartz R\u00f3bert szertart\u00f3ra b\u00edzta, akit 1928-ban k\u00f6nyvt\u00e1rosnak nevezett ki. Munk\u00e1j\u00e1nak eredm\u00e9nyek\u00e9nt val\u00f3sult meg a szerz\u0151i \u00e9s szakkatal\u00f3gus.<\/p>\t\t\t\t\t\t\t\t<\/div>\n\t\t\t\t<\/div>\n\t\t\t\t\t<\/div>\n\t\t<\/div>\n\t\t\t\t<div class=\"elementor-column elementor-col-50 elementor-top-column elementor-element elementor-element-098f27d\" data-id=\"098f27d\" data-element_type=\"column\" data-e-type=\"column\">\n\t\t\t<div class=\"elementor-widget-wrap elementor-element-populated\">\n\t\t\t\t\t\t<div class=\"elementor-element elementor-element-ec5d259 elementor-widget__width-initial elementor-widget elementor-widget-image\" data-id=\"ec5d259\" data-element_type=\"widget\" data-e-type=\"widget\" data-widget_type=\"image.default\">\n\t\t\t\t<div class=\"elementor-widget-container\">\n\t\t\t\t\t\t\t\t\t\t\t\t\t\t\t<img fetchpriority=\"high\" decoding=\"async\" width=\"727\" height=\"1024\" src=\"https:\/\/vetk.hu\/wp-content\/uploads\/2023\/05\/Konyvtar-1-727x1024.jpg\" class=\"attachment-large size-large wp-image-296\" alt=\"\" srcset=\"https:\/\/vetk.hu\/wp-content\/uploads\/2023\/05\/Konyvtar-1-727x1024.jpg 727w, https:\/\/vetk.hu\/wp-content\/uploads\/2023\/05\/Konyvtar-1-213x300.jpg 213w, https:\/\/vetk.hu\/wp-content\/uploads\/2023\/05\/Konyvtar-1-768x1082.jpg 768w, https:\/\/vetk.hu\/wp-content\/uploads\/2023\/05\/Konyvtar-1-1090x1536.jpg 1090w, https:\/\/vetk.hu\/wp-content\/uploads\/2023\/05\/Konyvtar-1.jpg 1245w\" sizes=\"(max-width: 727px) 100vw, 727px\" \/>\t\t\t\t\t\t\t\t\t\t\t\t\t\t\t<\/div>\n\t\t\t\t<\/div>\n\t\t\t\t\t<\/div>\n\t\t<\/div>\n\t\t\t\t\t<\/div>\n\t\t<\/section>\n\t\t\t\t<section class=\"elementor-section elementor-top-section elementor-element elementor-element-5c08145 elementor-section-boxed elementor-section-height-default elementor-section-height-default\" data-id=\"5c08145\" data-element_type=\"section\" data-e-type=\"section\">\n\t\t\t\t\t\t<div class=\"elementor-container elementor-column-gap-default\">\n\t\t\t\t\t<div class=\"elementor-column elementor-col-50 elementor-top-column elementor-element elementor-element-1428fd5\" data-id=\"1428fd5\" data-element_type=\"column\" data-e-type=\"column\">\n\t\t\t<div class=\"elementor-widget-wrap elementor-element-populated\">\n\t\t\t\t\t\t<div class=\"elementor-element elementor-element-f724a15 elementor-widget__width-initial elementor-widget elementor-widget-image\" data-id=\"f724a15\" data-element_type=\"widget\" data-e-type=\"widget\" data-widget_type=\"image.default\">\n\t\t\t\t<div class=\"elementor-widget-container\">\n\t\t\t\t\t\t\t\t\t\t\t\t\t\t\t<img decoding=\"async\" width=\"800\" height=\"531\" src=\"https:\/\/vetk.hu\/wp-content\/uploads\/2023\/05\/Konyvtar-2-1024x680.jpg\" class=\"attachment-large size-large wp-image-297\" alt=\"\" srcset=\"https:\/\/vetk.hu\/wp-content\/uploads\/2023\/05\/Konyvtar-2-1024x680.jpg 1024w, https:\/\/vetk.hu\/wp-content\/uploads\/2023\/05\/Konyvtar-2-300x199.jpg 300w, https:\/\/vetk.hu\/wp-content\/uploads\/2023\/05\/Konyvtar-2-768x510.jpg 768w, https:\/\/vetk.hu\/wp-content\/uploads\/2023\/05\/Konyvtar-2-1536x1020.jpg 1536w, https:\/\/vetk.hu\/wp-content\/uploads\/2023\/05\/Konyvtar-2-2048x1360.jpg 2048w\" sizes=\"(max-width: 800px) 100vw, 800px\" \/>\t\t\t\t\t\t\t\t\t\t\t\t\t\t\t<\/div>\n\t\t\t\t<\/div>\n\t\t\t\t\t<\/div>\n\t\t<\/div>\n\t\t\t\t<div class=\"elementor-column elementor-col-50 elementor-top-column elementor-element elementor-element-f58ea44\" data-id=\"f58ea44\" data-element_type=\"column\" data-e-type=\"column\">\n\t\t\t<div class=\"elementor-widget-wrap elementor-element-populated\">\n\t\t\t\t\t\t<div class=\"elementor-element elementor-element-fa7b4bd elementor-widget__width-initial elementor-widget elementor-widget-text-editor\" data-id=\"fa7b4bd\" data-element_type=\"widget\" data-e-type=\"widget\" data-widget_type=\"text-editor.default\">\n\t\t\t\t<div class=\"elementor-widget-container\">\n\t\t\t\t\t\t\t\t\t<p>Rott N\u00e1ndor (1917\u20131939) p\u00fcsp\u00f6k a k\u00e9t vil\u00e1gh\u00e1bor\u00fa k\u00f6z\u00f6tt kezdte egy\u00fcttesen kezelni a Bir\u00f3 M\u00e1rton, Koller Ign\u00e1c \u00e9s Hornig K\u00e1roly \u00e1ltal \u00f6sszegy\u0171jt\u00f6tt k\u00f6nyvt\u00e1rat. A gy\u0171jtem\u00e9ny kezel\u00e9s\u00e9t Schwartz R\u00f3bert szertart\u00f3ra b\u00edzta, akit 1928-ban k\u00f6nyvt\u00e1rosnak nevezett ki. Munk\u00e1j\u00e1nak eredm\u00e9nyek\u00e9nt val\u00f3sult meg a szerz\u0151i \u00e9s szakkatal\u00f3gus.<\/p><p>A h\u00e1bor\u00fa ut\u00e1n a k\u00e1ptalani \u00e9s a szemin\u00e1riumi k\u00f6nyvt\u00e1r mostoha sorsa indokoltt\u00e1 tette, hogy a h\u00e1rom k\u00f6nyvt\u00e1rat egyes\u00edts\u00e9k. Ez a k\u00f6nyvt\u00e1r \u0151rzi ma a sz\u00e9kesegyh\u00e1z \u00e9rt\u00e9kes kottat\u00e1r\u00e1t is, amely k\u00fcl\u00f6nleges 18 19. sz\u00e1zadi zenei dokumentumokkal rendelkezik.\u00a0<\/p><p>A k\u00f6nyvt\u00e1r nyilv\u00e1nos k\u00f6nyvt\u00e1rk\u00e9nt m\u0171k\u00f6dik, nyitvatart\u00e1si id\u0151ben rendelkez\u00e9sre \u00e1ll a helyt\u00f6rt\u00e9net ir\u00e1nt \u00e9rdekl\u0151d\u0151 kutat\u00f3k \u00e9s olvas\u00f3k sz\u00e1m\u00e1ra. Int\u00e9zm\u00e9nyileg 2021 \u00f3ta egyes\u00edtve m\u0171k\u00f6dik az \u00e9rseki lev\u00e9lt\u00e1rral Veszpr\u00e9mi F\u0151egyh\u00e1zmegyei K\u00f6nyvt\u00e1r \u00e9s Lev\u00e9lt\u00e1r n\u00e9ven.<\/p>\t\t\t\t\t\t\t\t<\/div>\n\t\t\t\t<\/div>\n\t\t\t\t\t<\/div>\n\t\t<\/div>\n\t\t\t\t\t<\/div>\n\t\t<\/section>\n\t\t\t\t<section class=\"elementor-section elementor-top-section elementor-element elementor-element-4463179 elementor-section-boxed elementor-section-height-default elementor-section-height-default\" data-id=\"4463179\" data-element_type=\"section\" data-e-type=\"section\">\n\t\t\t\t\t\t<div class=\"elementor-container elementor-column-gap-default\">\n\t\t\t\t\t<div class=\"elementor-column elementor-col-50 elementor-top-column elementor-element elementor-element-5b4b33e\" data-id=\"5b4b33e\" data-element_type=\"column\" data-e-type=\"column\">\n\t\t\t<div class=\"elementor-widget-wrap elementor-element-populated\">\n\t\t\t\t\t\t<div class=\"elementor-element elementor-element-41ca749 elementor-widget elementor-widget-text-editor\" data-id=\"41ca749\" data-element_type=\"widget\" data-e-type=\"widget\" data-widget_type=\"text-editor.default\">\n\t\t\t\t<div class=\"elementor-widget-container\">\n\t\t\t\t\t\t\t\t\t<p><b>Adress:<\/b> 8200 Veszpr\u00e9m, V\u00e1r u. 16.<br \/><b>Postac\u00edm:<\/b> 8201 Veszpr\u00e9m, Pf. 109.<br \/><b>Tel.:<\/b> 88\/426-088<br \/><b>Igazgat\u00f3:\u00a0<\/b>Karlinszky Bal\u00e1zs dr.<br \/><b>Lev\u00e9lt\u00e1ros:<\/b> Felh\u0151si N\u00f3ra,\u00a0Varga Tibor L\u00e1szl\u00f3,<br \/><b>K\u00f6nyvt\u00e1rosok:<\/b> Szvitek Mikl\u00f3sn\u00e9 Gy\u0151ri \u00c9va, J\u00e1mbor Tam\u00e1s<br \/><b>Honlap: <\/b><a href=\"https:\/\/www.vfkl.hu\/\">https:\/\/www.vfkl.hu\/<\/a><br \/><b>Email:<\/b> <a href=\"mailto:konyvtar@veszpremiersekseg.hu\">konyvtar@veszpremiersekseg.hu<\/a><\/p>\t\t\t\t\t\t\t\t<\/div>\n\t\t\t\t<\/div>\n\t\t\t\t\t<\/div>\n\t\t<\/div>\n\t\t\t\t<div class=\"elementor-column elementor-col-50 elementor-top-column elementor-element elementor-element-791f510\" data-id=\"791f510\" data-element_type=\"column\" data-e-type=\"column\">\n\t\t\t<div class=\"elementor-widget-wrap elementor-element-populated\">\n\t\t\t\t\t\t<div class=\"elementor-element elementor-element-1c6b138 elementor-widget elementor-widget-google_maps\" data-id=\"1c6b138\" data-element_type=\"widget\" data-e-type=\"widget\" data-widget_type=\"google_maps.default\">\n\t\t\t\t<div class=\"elementor-widget-container\">\n\t\t\t\t\t\t\t<div class=\"elementor-custom-embed\">\n\t\t\t<iframe loading=\"lazy\"\n\t\t\t\t\tsrc=\"https:\/\/maps.google.com\/maps?q=8200%20Veszpr%C3%A9m%2C%20V%C3%A1r%20u.%2016&#038;t=m&#038;z=18&#038;output=embed&#038;iwloc=near\"\n\t\t\t\t\ttitle=\"8200 Veszpr\u00e9m, V\u00e1r u. 16\"\n\t\t\t\t\taria-label=\"8200 Veszpr\u00e9m, V\u00e1r u. 16\"\n\t\t\t><\/iframe>\n\t\t<\/div>\n\t\t\t\t\t\t<\/div>\n\t\t\t\t<\/div>\n\t\t\t\t\t<\/div>\n\t\t<\/div>\n\t\t\t\t\t<\/div>\n\t\t<\/section>\n\t\t\t\t<\/div>","protected":false},"excerpt":{"rendered":"<p>A Veszpr\u00e9mi \u00c9rseki K\u00f6nyvt\u00e1r 65 000 k\u00f6tetes \u00e1llom\u00e1nya mag\u00e1ba foglalja a P\u00fcsp\u00f6ki K\u00f6nyvt\u00e1r, a K\u00e1ptalani K\u00f6nyvt\u00e1r \u00e9s a Papnevel\u0151 Int\u00e9zet K\u00f6nyvt\u00e1ra egy\u00fcttesen kezelt anyag\u00e1t.\u00a0 A P\u00fcsp\u00f6ki K\u00f6nyvt\u00e1r alap\u00edt\u00e1sa Pad\u00e1nyi Bir\u00f3 [&hellip;]<\/p>\n","protected":false},"author":1,"featured_media":0,"parent":0,"menu_order":0,"comment_status":"closed","ping_status":"closed","template":"","meta":{"_acf_changed":false,"_price":"","_stock":"","_tribe_ticket_header":"","_tribe_default_ticket_provider":"","_tribe_ticket_capacity":"0","_ticket_start_date":"","_ticket_end_date":"","_tribe_ticket_show_description":"","_tribe_ticket_show_not_going":false,"_tribe_ticket_use_global_stock":"","_tribe_ticket_global_stock_level":"","_global_stock_mode":"","_global_stock_cap":"","_tribe_rsvp_for_event":"","_tribe_ticket_going_count":"","_tribe_ticket_not_going_count":"","_tribe_tickets_list":"[]","_tribe_ticket_has_attendee_info_fields":false,"footnotes":"","_tec_slr_enabled":"","_tec_slr_layout":""},"class_list":["post-235","page","type-page","status-publish","hentry"],"acf":[],"yoast_head":"<!-- This site is optimized with the Yoast SEO plugin v27.3 - https:\/\/yoast.com\/product\/yoast-seo-wordpress\/ -->\n<title>Egyh\u00e1zmegyei K\u00f6nyvt\u00e1r - Veszpr\u00e9mi \u00c9rseks\u00e9g Turisztikai K\u00f6zpont<\/title>\n<meta name=\"robots\" content=\"index, follow, max-snippet:-1, max-image-preview:large, max-video-preview:-1\" \/>\n<link rel=\"canonical\" href=\"https:\/\/vetk.hu\/en\/egyhazmegyei-konyvtar\/\" \/>\n<meta property=\"og:locale\" content=\"en_GB\" \/>\n<meta property=\"og:type\" content=\"article\" \/>\n<meta property=\"og:title\" content=\"Egyh\u00e1zmegyei K\u00f6nyvt\u00e1r - Veszpr\u00e9mi \u00c9rseks\u00e9g Turisztikai K\u00f6zpont\" \/>\n<meta property=\"og:description\" content=\"A Veszpr\u00e9mi \u00c9rseki K\u00f6nyvt\u00e1r 65 000 k\u00f6tetes \u00e1llom\u00e1nya mag\u00e1ba foglalja a P\u00fcsp\u00f6ki K\u00f6nyvt\u00e1r, a K\u00e1ptalani K\u00f6nyvt\u00e1r \u00e9s a Papnevel\u0151 Int\u00e9zet K\u00f6nyvt\u00e1ra egy\u00fcttesen kezelt anyag\u00e1t.\u00a0 A P\u00fcsp\u00f6ki K\u00f6nyvt\u00e1r alap\u00edt\u00e1sa Pad\u00e1nyi Bir\u00f3 [&hellip;]\" \/>\n<meta property=\"og:url\" content=\"https:\/\/vetk.hu\/en\/egyhazmegyei-konyvtar\/\" \/>\n<meta property=\"og:site_name\" content=\"Veszpr\u00e9mi \u00c9rseks\u00e9g Turisztikai K\u00f6zpont\" \/>\n<meta property=\"article:modified_time\" content=\"2023-05-05T10:32:20+00:00\" \/>\n<meta property=\"og:image\" content=\"http:\/\/vetk.hu\/wp-content\/uploads\/2023\/05\/Konyvtar-1-727x1024.jpg\" \/>\n<meta name=\"twitter:card\" content=\"summary_large_image\" \/>\n<meta name=\"twitter:label1\" content=\"Estimated reading time\" \/>\n\t<meta name=\"twitter:data1\" content=\"3 minutes\" \/>\n<script type=\"application\/ld+json\" class=\"yoast-schema-graph\">{\"@context\":\"https:\\\/\\\/schema.org\",\"@graph\":[{\"@type\":\"WebPage\",\"@id\":\"https:\\\/\\\/vetk.hu\\\/egyhazmegyei-konyvtar\\\/\",\"url\":\"https:\\\/\\\/vetk.hu\\\/egyhazmegyei-konyvtar\\\/\",\"name\":\"Egyh\u00e1zmegyei K\u00f6nyvt\u00e1r - Veszpr\u00e9mi \u00c9rseks\u00e9g Turisztikai K\u00f6zpont\",\"isPartOf\":{\"@id\":\"https:\\\/\\\/vetk.hu\\\/#website\"},\"primaryImageOfPage\":{\"@id\":\"https:\\\/\\\/vetk.hu\\\/egyhazmegyei-konyvtar\\\/#primaryimage\"},\"image\":{\"@id\":\"https:\\\/\\\/vetk.hu\\\/egyhazmegyei-konyvtar\\\/#primaryimage\"},\"thumbnailUrl\":\"http:\\\/\\\/vetk.hu\\\/wp-content\\\/uploads\\\/2023\\\/05\\\/Konyvtar-1-727x1024.jpg\",\"datePublished\":\"2023-04-24T20:16:45+00:00\",\"dateModified\":\"2023-05-05T10:32:20+00:00\",\"breadcrumb\":{\"@id\":\"https:\\\/\\\/vetk.hu\\\/egyhazmegyei-konyvtar\\\/#breadcrumb\"},\"inLanguage\":\"en-GB\",\"potentialAction\":[{\"@type\":\"ReadAction\",\"target\":[\"https:\\\/\\\/vetk.hu\\\/egyhazmegyei-konyvtar\\\/\"]}]},{\"@type\":\"ImageObject\",\"inLanguage\":\"en-GB\",\"@id\":\"https:\\\/\\\/vetk.hu\\\/egyhazmegyei-konyvtar\\\/#primaryimage\",\"url\":\"http:\\\/\\\/vetk.hu\\\/wp-content\\\/uploads\\\/2023\\\/05\\\/Konyvtar-1-727x1024.jpg\",\"contentUrl\":\"http:\\\/\\\/vetk.hu\\\/wp-content\\\/uploads\\\/2023\\\/05\\\/Konyvtar-1-727x1024.jpg\"},{\"@type\":\"BreadcrumbList\",\"@id\":\"https:\\\/\\\/vetk.hu\\\/egyhazmegyei-konyvtar\\\/#breadcrumb\",\"itemListElement\":[{\"@type\":\"ListItem\",\"position\":1,\"name\":\"Home\",\"item\":\"https:\\\/\\\/vetk.hu\\\/\"},{\"@type\":\"ListItem\",\"position\":2,\"name\":\"Egyh\u00e1zmegyei K\u00f6nyvt\u00e1r\"}]},{\"@type\":\"WebSite\",\"@id\":\"https:\\\/\\\/vetk.hu\\\/#website\",\"url\":\"https:\\\/\\\/vetk.hu\\\/\",\"name\":\"Veszpr\u00e9mi \u00c9rseki Turisztikai K\u00f6zpont \u2013 Hit, \u00f6r\u00f6ks\u00e9g, \u00e9lm\u00e9ny | vetk.hu\",\"description\":\"\",\"publisher\":{\"@id\":\"https:\\\/\\\/vetk.hu\\\/#organization\"},\"potentialAction\":[{\"@type\":\"SearchAction\",\"target\":{\"@type\":\"EntryPoint\",\"urlTemplate\":\"https:\\\/\\\/vetk.hu\\\/?s={search_term_string}\"},\"query-input\":{\"@type\":\"PropertyValueSpecification\",\"valueRequired\":true,\"valueName\":\"search_term_string\"}}],\"inLanguage\":\"en-GB\"},{\"@type\":\"Organization\",\"@id\":\"https:\\\/\\\/vetk.hu\\\/#organization\",\"name\":\"Veszpr\u00e9mi \u00c9rseki Turisztikai K\u00f6zpont\",\"url\":\"https:\\\/\\\/vetk.hu\\\/\",\"logo\":{\"@type\":\"ImageObject\",\"inLanguage\":\"en-GB\",\"@id\":\"https:\\\/\\\/vetk.hu\\\/#\\\/schema\\\/logo\\\/image\\\/\",\"url\":\"https:\\\/\\\/vetk.hu\\\/wp-content\\\/uploads\\\/2023\\\/04\\\/cropped-Group-3.png\",\"contentUrl\":\"https:\\\/\\\/vetk.hu\\\/wp-content\\\/uploads\\\/2023\\\/04\\\/cropped-Group-3.png\",\"width\":353,\"height\":338,\"caption\":\"Veszpr\u00e9mi \u00c9rseki Turisztikai K\u00f6zpont\"},\"image\":{\"@id\":\"https:\\\/\\\/vetk.hu\\\/#\\\/schema\\\/logo\\\/image\\\/\"}}]}<\/script>\n<!-- \/ Yoast SEO plugin. -->","yoast_head_json":{"title":"Egyh\u00e1zmegyei K\u00f6nyvt\u00e1r - Veszpr\u00e9mi \u00c9rseks\u00e9g Turisztikai K\u00f6zpont","robots":{"index":"index","follow":"follow","max-snippet":"max-snippet:-1","max-image-preview":"max-image-preview:large","max-video-preview":"max-video-preview:-1"},"canonical":"https:\/\/vetk.hu\/en\/egyhazmegyei-konyvtar\/","og_locale":"en_GB","og_type":"article","og_title":"Egyh\u00e1zmegyei K\u00f6nyvt\u00e1r - Veszpr\u00e9mi \u00c9rseks\u00e9g Turisztikai K\u00f6zpont","og_description":"A Veszpr\u00e9mi \u00c9rseki K\u00f6nyvt\u00e1r 65 000 k\u00f6tetes \u00e1llom\u00e1nya mag\u00e1ba foglalja a P\u00fcsp\u00f6ki K\u00f6nyvt\u00e1r, a K\u00e1ptalani K\u00f6nyvt\u00e1r \u00e9s a Papnevel\u0151 Int\u00e9zet K\u00f6nyvt\u00e1ra egy\u00fcttesen kezelt anyag\u00e1t.\u00a0 A P\u00fcsp\u00f6ki K\u00f6nyvt\u00e1r alap\u00edt\u00e1sa Pad\u00e1nyi Bir\u00f3 [&hellip;]","og_url":"https:\/\/vetk.hu\/en\/egyhazmegyei-konyvtar\/","og_site_name":"Veszpr\u00e9mi \u00c9rseks\u00e9g Turisztikai K\u00f6zpont","article_modified_time":"2023-05-05T10:32:20+00:00","og_image":[{"url":"http:\/\/vetk.hu\/wp-content\/uploads\/2023\/05\/Konyvtar-1-727x1024.jpg","type":"","width":"","height":""}],"twitter_card":"summary_large_image","twitter_misc":{"Estimated reading time":"3 minutes"},"schema":{"@context":"https:\/\/schema.org","@graph":[{"@type":"WebPage","@id":"https:\/\/vetk.hu\/egyhazmegyei-konyvtar\/","url":"https:\/\/vetk.hu\/egyhazmegyei-konyvtar\/","name":"Egyh\u00e1zmegyei K\u00f6nyvt\u00e1r - Veszpr\u00e9mi \u00c9rseks\u00e9g Turisztikai K\u00f6zpont","isPartOf":{"@id":"https:\/\/vetk.hu\/#website"},"primaryImageOfPage":{"@id":"https:\/\/vetk.hu\/egyhazmegyei-konyvtar\/#primaryimage"},"image":{"@id":"https:\/\/vetk.hu\/egyhazmegyei-konyvtar\/#primaryimage"},"thumbnailUrl":"http:\/\/vetk.hu\/wp-content\/uploads\/2023\/05\/Konyvtar-1-727x1024.jpg","datePublished":"2023-04-24T20:16:45+00:00","dateModified":"2023-05-05T10:32:20+00:00","breadcrumb":{"@id":"https:\/\/vetk.hu\/egyhazmegyei-konyvtar\/#breadcrumb"},"inLanguage":"en-GB","potentialAction":[{"@type":"ReadAction","target":["https:\/\/vetk.hu\/egyhazmegyei-konyvtar\/"]}]},{"@type":"ImageObject","inLanguage":"en-GB","@id":"https:\/\/vetk.hu\/egyhazmegyei-konyvtar\/#primaryimage","url":"http:\/\/vetk.hu\/wp-content\/uploads\/2023\/05\/Konyvtar-1-727x1024.jpg","contentUrl":"http:\/\/vetk.hu\/wp-content\/uploads\/2023\/05\/Konyvtar-1-727x1024.jpg"},{"@type":"BreadcrumbList","@id":"https:\/\/vetk.hu\/egyhazmegyei-konyvtar\/#breadcrumb","itemListElement":[{"@type":"ListItem","position":1,"name":"Home","item":"https:\/\/vetk.hu\/"},{"@type":"ListItem","position":2,"name":"Egyh\u00e1zmegyei K\u00f6nyvt\u00e1r"}]},{"@type":"WebSite","@id":"https:\/\/vetk.hu\/#website","url":"https:\/\/vetk.hu\/","name":"Veszpr\u00e9mi \u00c9rseki Turisztikai K\u00f6zpont \u2013 Hit, \u00f6r\u00f6ks\u00e9g, \u00e9lm\u00e9ny | vetk.hu","description":"","publisher":{"@id":"https:\/\/vetk.hu\/#organization"},"potentialAction":[{"@type":"SearchAction","target":{"@type":"EntryPoint","urlTemplate":"https:\/\/vetk.hu\/?s={search_term_string}"},"query-input":{"@type":"PropertyValueSpecification","valueRequired":true,"valueName":"search_term_string"}}],"inLanguage":"en-GB"},{"@type":"Organization","@id":"https:\/\/vetk.hu\/#organization","name":"Veszpr\u00e9mi \u00c9rseki Turisztikai K\u00f6zpont","url":"https:\/\/vetk.hu\/","logo":{"@type":"ImageObject","inLanguage":"en-GB","@id":"https:\/\/vetk.hu\/#\/schema\/logo\/image\/","url":"https:\/\/vetk.hu\/wp-content\/uploads\/2023\/04\/cropped-Group-3.png","contentUrl":"https:\/\/vetk.hu\/wp-content\/uploads\/2023\/04\/cropped-Group-3.png","width":353,"height":338,"caption":"Veszpr\u00e9mi \u00c9rseki Turisztikai K\u00f6zpont"},"image":{"@id":"https:\/\/vetk.hu\/#\/schema\/logo\/image\/"}}]}},"ticketed":false,"_links":{"self":[{"href":"https:\/\/vetk.hu\/en\/wp-json\/wp\/v2\/pages\/235","targetHints":{"allow":["GET"]}}],"collection":[{"href":"https:\/\/vetk.hu\/en\/wp-json\/wp\/v2\/pages"}],"about":[{"href":"https:\/\/vetk.hu\/en\/wp-json\/wp\/v2\/types\/page"}],"author":[{"embeddable":true,"href":"https:\/\/vetk.hu\/en\/wp-json\/wp\/v2\/users\/1"}],"replies":[{"embeddable":true,"href":"https:\/\/vetk.hu\/en\/wp-json\/wp\/v2\/comments?post=235"}],"version-history":[{"count":7,"href":"https:\/\/vetk.hu\/en\/wp-json\/wp\/v2\/pages\/235\/revisions"}],"predecessor-version":[{"id":1910,"href":"https:\/\/vetk.hu\/en\/wp-json\/wp\/v2\/pages\/235\/revisions\/1910"}],"wp:attachment":[{"href":"https:\/\/vetk.hu\/en\/wp-json\/wp\/v2\/media?parent=235"}],"curies":[{"name":"wp","href":"https:\/\/api.w.org\/{rel}","templated":true}]}}