{"id":253,"date":"2023-05-04T11:58:42","date_gmt":"2023-05-04T09:58:42","guid":{"rendered":"https:\/\/turisztika.dinosprojekt.com\/?page_id=253"},"modified":"2023-05-04T12:14:01","modified_gmt":"2023-05-04T10:14:01","slug":"ujdonsagaink","status":"publish","type":"page","link":"https:\/\/vetk.hu\/en\/ujdonsagaink\/","title":{"rendered":"\u00dajdons\u00e1gaink"},"content":{"rendered":"<div data-elementor-type=\"wp-page\" data-elementor-id=\"253\" class=\"elementor elementor-253\" data-elementor-post-type=\"page\">\n\t\t\t\t\t\t<section class=\"elementor-section elementor-top-section elementor-element elementor-element-5b23f2d elementor-section-boxed elementor-section-height-default elementor-section-height-default\" data-id=\"5b23f2d\" data-element_type=\"section\" data-e-type=\"section\">\n\t\t\t\t\t\t<div class=\"elementor-container elementor-column-gap-default\">\n\t\t\t\t\t<div class=\"elementor-column elementor-col-100 elementor-top-column elementor-element elementor-element-b3342b2\" data-id=\"b3342b2\" data-element_type=\"column\" data-e-type=\"column\">\n\t\t\t<div class=\"elementor-widget-wrap elementor-element-populated\">\n\t\t\t\t\t\t<div class=\"elementor-element elementor-element-5e26d9e elementor-widget elementor-widget-text-editor\" data-id=\"5e26d9e\" data-element_type=\"widget\" data-e-type=\"widget\" data-widget_type=\"text-editor.default\">\n\t\t\t\t<div class=\"elementor-widget-container\">\n\t\t\t\t\t\t\t\t\t<p><b>A v\u00e1rnegyedben 2020-2025 k\u00f6z\u00f6tt t\u00f6rt\u00e9nelmi l\u00e9pt\u00e9k\u0171 fejleszt\u00e9s zajlik, mely a v\u00e1r 18 \u00e9p\u00fclet\u00e9nek meg\u00fajul\u00e1s\u00e1t biztos\u00edtja.<\/b><\/p>\t\t\t\t\t\t\t\t<\/div>\n\t\t\t\t<\/div>\n\t\t\t\t\t<\/div>\n\t\t<\/div>\n\t\t\t\t\t<\/div>\n\t\t<\/section>\n\t\t\t\t<section class=\"elementor-section elementor-top-section elementor-element elementor-element-4825e57 elementor-section-boxed elementor-section-height-default elementor-section-height-default\" data-id=\"4825e57\" data-element_type=\"section\" data-e-type=\"section\">\n\t\t\t\t\t\t<div class=\"elementor-container elementor-column-gap-default\">\n\t\t\t\t\t<div class=\"elementor-column elementor-col-50 elementor-top-column elementor-element elementor-element-1c41451\" data-id=\"1c41451\" data-element_type=\"column\" data-e-type=\"column\">\n\t\t\t<div class=\"elementor-widget-wrap elementor-element-populated\">\n\t\t\t\t\t\t<div class=\"elementor-element elementor-element-3da9d50 elementor-widget elementor-widget-image\" data-id=\"3da9d50\" data-element_type=\"widget\" data-e-type=\"widget\" data-widget_type=\"image.default\">\n\t\t\t\t<div class=\"elementor-widget-container\">\n\t\t\t\t\t\t\t\t\t\t\t\t\t\t\t<img fetchpriority=\"high\" decoding=\"async\" width=\"800\" height=\"451\" src=\"https:\/\/vetk.hu\/wp-content\/uploads\/2023\/05\/Szentharomsag-szobor-01-1024x577.jpeg\" class=\"attachment-large size-large wp-image-259\" alt=\"\" srcset=\"https:\/\/vetk.hu\/wp-content\/uploads\/2023\/05\/Szentharomsag-szobor-01-1024x577.jpeg 1024w, https:\/\/vetk.hu\/wp-content\/uploads\/2023\/05\/Szentharomsag-szobor-01-300x169.jpeg 300w, https:\/\/vetk.hu\/wp-content\/uploads\/2023\/05\/Szentharomsag-szobor-01-768x433.jpeg 768w, https:\/\/vetk.hu\/wp-content\/uploads\/2023\/05\/Szentharomsag-szobor-01-1536x865.jpeg 1536w, https:\/\/vetk.hu\/wp-content\/uploads\/2023\/05\/Szentharomsag-szobor-01.jpeg 1555w\" sizes=\"(max-width: 800px) 100vw, 800px\" \/>\t\t\t\t\t\t\t\t\t\t\t\t\t\t\t<\/div>\n\t\t\t\t<\/div>\n\t\t\t\t\t<\/div>\n\t\t<\/div>\n\t\t\t\t<div class=\"elementor-column elementor-col-50 elementor-top-column elementor-element elementor-element-371a72e\" data-id=\"371a72e\" data-element_type=\"column\" data-e-type=\"column\">\n\t\t\t<div class=\"elementor-widget-wrap elementor-element-populated\">\n\t\t\t\t\t\t<div class=\"elementor-element elementor-element-32e19fa elementor-widget elementor-widget-text-editor\" data-id=\"32e19fa\" data-element_type=\"widget\" data-e-type=\"widget\" data-widget_type=\"text-editor.default\">\n\t\t\t\t<div class=\"elementor-widget-container\">\n\t\t\t\t\t\t\t\t\t<p>2023-ban, amikor Veszpr\u00e9m Eur\u00f3pa Kultur\u00e1lis F\u0151v\u00e1rosa, megny\u00edlik az \u00c9rseki Palota egy r\u00e9sze, kuri\u00f3zumk\u00e9nt bemutat\u00e1sra ker\u00fcl a Gizella K\u00e1polna, l\u00e1togathat\u00f3 lesz a K\u00f6rmendy H\u00e1z \u00e9s az \u00c9rseki Turisztikai K\u00f6zpontnak helyet biztos\u00edt\u00f3 Biro-Giczey H\u00e1z. A Szent Mih\u00e1ly F\u0151sz\u00e9kesegyh\u00e1z is alkalmass\u00e1 v\u00e1lik a liturgikus esem\u00e9nyek megtart\u00e1s\u00e1ra \u00e9s a turisztikai \u00e9rdekl\u0151d\u0151k fogad\u00e1s\u00e1ra. V\u00e1rhat\u00f3an elk\u00e9sz\u00fcl a beruh\u00e1z\u00e1sban \u00e9rintett 18 \u00e9p\u00fclet tet\u0151- \u00e9s homlokzati rekonstrukci\u00f3ja.<\/p><p>A teljes beruh\u00e1z\u00e1s folyamat\u00e1t a Work in Progress\u201923 nyit\u00f3ki\u00e1ll\u00edt\u00e1s mutatja be. A tematikus t\u00e1rlatok seg\u00edts\u00e9g\u00e9vel a l\u00e1togat\u00f3k bej\u00e1rhatnak kor\u00e1bban lez\u00e1rt \u00e9p\u00fcleteket, kerteket, valamint a kulissz\u00e1k m\u00f6g\u00e9 is bepillanthatnak.<\/p>\t\t\t\t\t\t\t\t<\/div>\n\t\t\t\t<\/div>\n\t\t\t\t\t<\/div>\n\t\t<\/div>\n\t\t\t\t\t<\/div>\n\t\t<\/section>\n\t\t\t\t<section class=\"elementor-section elementor-top-section elementor-element elementor-element-6f6516e elementor-section-boxed elementor-section-height-default elementor-section-height-default\" data-id=\"6f6516e\" data-element_type=\"section\" data-e-type=\"section\">\n\t\t\t\t\t\t<div class=\"elementor-container elementor-column-gap-default\">\n\t\t\t\t\t<div class=\"elementor-column elementor-col-50 elementor-top-column elementor-element elementor-element-d380af1\" data-id=\"d380af1\" data-element_type=\"column\" data-e-type=\"column\">\n\t\t\t<div class=\"elementor-widget-wrap elementor-element-populated\">\n\t\t\t\t\t\t<div class=\"elementor-element elementor-element-ffdf613 elementor-widget elementor-widget-text-editor\" data-id=\"ffdf613\" data-element_type=\"widget\" data-e-type=\"widget\" data-widget_type=\"text-editor.default\">\n\t\t\t\t<div class=\"elementor-widget-container\">\n\t\t\t\t\t\t\t\t\t<p>A Gizella k\u00e1polna meg\u00faj\u00edt\u00e1sa 2021-ben kezd\u0151d\u00f6tt, amikor a restaur\u00e1tori kutat\u00e1sok \u00e9s a m\u0171szaki szakv\u00e9lem\u00e9nyek alapj\u00e1n elindult a tervez\u00e9s. A jelenlegi fejleszt\u00e9s sor\u00e1n a f\u00f6ldszinti k\u00e1polnat\u00e9r egys\u00e9ges kialak\u00edt\u00e1st kap, valamint kiemelt helyre, a szent\u00e9lybe ker\u00fcl a mostan\u00e1ig a F\u0151sz\u00e9kesegyh\u00e1zban \u0151rz\u00f6tt Boldog Gizella ereklye, amely 1993-ban, a F\u0151egyh\u00e1zmegye \u00e9rseki rangra emel\u00e9se alkalm\u00e1b\u00f3l \u00e9rkezett Veszpr\u00e9mbe. A kivitelez\u00e9s m\u00e1sodik \u00fctem\u00e9ben a k\u00e1polna \u00e9szaki fal\u00e1n l\u00e1that\u00f3 apostolp\u00e1rok restaur\u00e1l\u00e1sa is elk\u00e9sz\u00fcl.&nbsp;<\/p>\n<p>Az \u00e9p\u00fcletek mellett \u00fajra r\u00e9gi f\u00e9ny\u00e9ben csod\u00e1lhatjuk a Szenth\u00e1roms\u00e1g-szobrot. A f\u0151sz\u00e9kesegyh\u00e1z el\u0151tt \u00e1ll\u00f3 15 m\u00e9ter magas \u00e9p\u00edtm\u00e9ny legnagyobb ellens\u00e9ge m\u00e1r \u00e9p\u00edt\u00e9se \u00f3ta a v\u00edz. Ennek oka, hogy a szobor k\u00f6rny\u00e9ken b\u00e1ny\u00e1szott m\u00e1ll\u00e9kony m\u00e9szk\u0151b\u0151l k\u00e9sz\u00fclt, amelybe t\u00e9len a v\u00edz k\u00f6nnyen besziv\u00e1rgott. A hideg hat\u00e1s\u00e1ra a v\u00edz megfagyott, megn\u0151tt a t\u00e9rfogata, ez pedig sz\u00e9tfesz\u00edtve a szobor alkot\u00f3elemeit \u00e9s s\u00e9r\u00fcl\u00e9seket okozott az \u00e9p\u00edtm\u00e9nyen. A k\u00e1rokat sokszor kellett jav\u00edtani, csak a 20. sz\u00e1zadban \u00f6t alkalommal. 1991-re az \u00e9p\u00edtm\u00e9nyen tal\u00e1lhat\u00f3 szobrok olyan m\u00e9rt\u00e9kben s\u00e9r\u00fcltek, hogy hely\u00fckre rekonstrukci\u00f3kat helyeztek.&nbsp;<\/p>\t\t\t\t\t\t\t\t<\/div>\n\t\t\t\t<\/div>\n\t\t\t\t\t<\/div>\n\t\t<\/div>\n\t\t\t\t<div class=\"elementor-column elementor-col-50 elementor-top-column elementor-element elementor-element-96e7c6b\" data-id=\"96e7c6b\" data-element_type=\"column\" data-e-type=\"column\">\n\t\t\t<div class=\"elementor-widget-wrap elementor-element-populated\">\n\t\t\t\t\t\t<div class=\"elementor-element elementor-element-004194c elementor-widget elementor-widget-image\" data-id=\"004194c\" data-element_type=\"widget\" data-e-type=\"widget\" data-widget_type=\"image.default\">\n\t\t\t\t<div class=\"elementor-widget-container\">\n\t\t\t\t\t\t\t\t\t\t\t\t\t\t\t<img decoding=\"async\" width=\"800\" height=\"600\" src=\"https:\/\/vetk.hu\/wp-content\/uploads\/2023\/05\/Kormendy-Haz-1024x768.jpeg\" class=\"attachment-large size-large wp-image-258\" alt=\"\" srcset=\"https:\/\/vetk.hu\/wp-content\/uploads\/2023\/05\/Kormendy-Haz-1024x768.jpeg 1024w, https:\/\/vetk.hu\/wp-content\/uploads\/2023\/05\/Kormendy-Haz-300x225.jpeg 300w, https:\/\/vetk.hu\/wp-content\/uploads\/2023\/05\/Kormendy-Haz-768x576.jpeg 768w, https:\/\/vetk.hu\/wp-content\/uploads\/2023\/05\/Kormendy-Haz.jpeg 1382w\" sizes=\"(max-width: 800px) 100vw, 800px\" \/>\t\t\t\t\t\t\t\t\t\t\t\t\t\t\t<\/div>\n\t\t\t\t<\/div>\n\t\t\t\t\t<\/div>\n\t\t<\/div>\n\t\t\t\t\t<\/div>\n\t\t<\/section>\n\t\t\t\t<section class=\"elementor-section elementor-top-section elementor-element elementor-element-95860d1 elementor-section-boxed elementor-section-height-default elementor-section-height-default\" data-id=\"95860d1\" data-element_type=\"section\" data-e-type=\"section\">\n\t\t\t\t\t\t<div class=\"elementor-container elementor-column-gap-default\">\n\t\t\t\t\t<div class=\"elementor-column elementor-col-50 elementor-top-column elementor-element elementor-element-dc47425\" data-id=\"dc47425\" data-element_type=\"column\" data-e-type=\"column\">\n\t\t\t<div class=\"elementor-widget-wrap elementor-element-populated\">\n\t\t\t\t\t\t<div class=\"elementor-element elementor-element-d98c33d elementor-widget elementor-widget-image\" data-id=\"d98c33d\" data-element_type=\"widget\" data-e-type=\"widget\" data-widget_type=\"image.default\">\n\t\t\t\t<div class=\"elementor-widget-container\">\n\t\t\t\t\t\t\t\t\t\t\t\t\t\t\t<img decoding=\"async\" width=\"800\" height=\"600\" src=\"https:\/\/vetk.hu\/wp-content\/uploads\/2023\/05\/19.-Szentharomsag-szobor-tisztitas-01-1024x768.jpg\" class=\"attachment-large size-large wp-image-257\" alt=\"\" srcset=\"https:\/\/vetk.hu\/wp-content\/uploads\/2023\/05\/19.-Szentharomsag-szobor-tisztitas-01-1024x768.jpg 1024w, https:\/\/vetk.hu\/wp-content\/uploads\/2023\/05\/19.-Szentharomsag-szobor-tisztitas-01-300x225.jpg 300w, https:\/\/vetk.hu\/wp-content\/uploads\/2023\/05\/19.-Szentharomsag-szobor-tisztitas-01-768x576.jpg 768w, https:\/\/vetk.hu\/wp-content\/uploads\/2023\/05\/19.-Szentharomsag-szobor-tisztitas-01-1536x1152.jpg 1536w, https:\/\/vetk.hu\/wp-content\/uploads\/2023\/05\/19.-Szentharomsag-szobor-tisztitas-01-2048x1536.jpg 2048w\" sizes=\"(max-width: 800px) 100vw, 800px\" \/>\t\t\t\t\t\t\t\t\t\t\t\t\t\t\t<\/div>\n\t\t\t\t<\/div>\n\t\t\t\t\t<\/div>\n\t\t<\/div>\n\t\t\t\t<div class=\"elementor-column elementor-col-50 elementor-top-column elementor-element elementor-element-ee9d536\" data-id=\"ee9d536\" data-element_type=\"column\" data-e-type=\"column\">\n\t\t\t<div class=\"elementor-widget-wrap elementor-element-populated\">\n\t\t\t\t\t\t<div class=\"elementor-element elementor-element-fedf4eb elementor-widget elementor-widget-text-editor\" data-id=\"fedf4eb\" data-element_type=\"widget\" data-e-type=\"widget\" data-widget_type=\"text-editor.default\">\n\t\t\t\t<div class=\"elementor-widget-container\">\n\t\t\t\t\t\t\t\t\t<p><span style=\"color: #105044;\">Az eredeti angyalok \u00e9s szentek szobrai \u00e9vtizedekig voltak t\u00e1vol a Szenth\u00e1roms\u00e1gt\u00f3l, de a mostani fel\u00faj\u00edt\u00e1snak k\u00f6sz\u00f6nhet\u0151en \u00fajra bemutat\u00e1sra ker\u00fclnek. 2022-ben a szobor eg\u00e9sz \u00e9p\u00edtm\u00e9ny\u00e9t restaur\u00e1lt\u00e1k, mellyel a nedvess\u00e9g probl\u00e9m\u00e1j\u00e1t is megoldott\u00e1k, a k\u0151fel\u00fcleteket v\u00e9d\u0151r\u00e9teggel vont\u00e1k be. A munka az eredeti szobrok konzerv\u00e1l\u00e1s\u00e1val, meg\u0151rz\u00e9s\u00e9vel, ki\u00e1ll\u00edt\u00e1s\u00e1val folytat\u00f3dik.<\/span><\/p>\n<p>A meg\u00fajul\u00e1si folyamat v\u00e9g\u00e9n, 2025-ben ny\u00edlnak meg az \u00c9rseks\u00e9g \u00e1lland\u00f3 ki\u00e1ll\u00edt\u00e1sai. L\u00e1that\u00f3 lesz t\u00f6bbek k\u00f6z\u00f6tt az \u00c9rseks\u00e9gi Kincst\u00e1r, majd a F\u0151egyh\u00e1zmegye t\u00f6rt\u00e9net\u00e9t bemutat\u00f3 interakt\u00edv ki\u00e1ll\u00edt\u00e1s a Kisszemin\u00e1riumban.&nbsp;<\/p><p>2025-t\u0151l a Boldog Gizella F\u0151egyh\u00e1zmegyei Gy\u0171jtem\u00e9ny is megnyitja kapuit, mely a K\u00f6rmendy H\u00e1z falai k\u00f6z\u00f6tt fog m\u0171k\u00f6dni. Ut\u00f3bbi m\u00e1r a m\u00e1just\u00f3l nyitva tart\u00f3 Work in Progress\u201923 ki\u00e1ll\u00edt\u00e1s keretin bel\u00fcl is bemutatkozik.<\/p>\t\t\t\t\t\t\t\t<\/div>\n\t\t\t\t<\/div>\n\t\t\t\t\t<\/div>\n\t\t<\/div>\n\t\t\t\t\t<\/div>\n\t\t<\/section>\n\t\t\t\t<\/div>","protected":false},"excerpt":{"rendered":"<p>A v\u00e1rnegyedben 2020-2025 k\u00f6z\u00f6tt t\u00f6rt\u00e9nelmi l\u00e9pt\u00e9k\u0171 fejleszt\u00e9s zajlik, mely a v\u00e1r 18 \u00e9p\u00fclet\u00e9nek meg\u00fajul\u00e1s\u00e1t biztos\u00edtja. 2023-ban, amikor Veszpr\u00e9m Eur\u00f3pa Kultur\u00e1lis F\u0151v\u00e1rosa, megny\u00edlik az \u00c9rseki Palota egy r\u00e9sze, kuri\u00f3zumk\u00e9nt bemutat\u00e1sra ker\u00fcl [&hellip;]<\/p>\n","protected":false},"author":1,"featured_media":0,"parent":0,"menu_order":0,"comment_status":"closed","ping_status":"closed","template":"","meta":{"_acf_changed":false,"_price":"","_stock":"","_tribe_ticket_header":"","_tribe_default_ticket_provider":"","_tribe_ticket_capacity":"0","_ticket_start_date":"","_ticket_end_date":"","_tribe_ticket_show_description":"","_tribe_ticket_show_not_going":false,"_tribe_ticket_use_global_stock":"","_tribe_ticket_global_stock_level":"","_global_stock_mode":"","_global_stock_cap":"","_tribe_rsvp_for_event":"","_tribe_ticket_going_count":"","_tribe_ticket_not_going_count":"","_tribe_tickets_list":"[]","_tribe_ticket_has_attendee_info_fields":false,"footnotes":"","_tec_slr_enabled":"","_tec_slr_layout":""},"class_list":["post-253","page","type-page","status-publish","hentry"],"acf":[],"yoast_head":"<!-- This site is optimized with the Yoast SEO plugin v27.3 - https:\/\/yoast.com\/product\/yoast-seo-wordpress\/ -->\n<title>\u00dajdons\u00e1gaink - Veszpr\u00e9mi \u00c9rseks\u00e9g Turisztikai K\u00f6zpont<\/title>\n<meta name=\"robots\" content=\"index, follow, max-snippet:-1, max-image-preview:large, max-video-preview:-1\" \/>\n<link rel=\"canonical\" href=\"https:\/\/vetk.hu\/en\/ujdonsagaink\/\" \/>\n<meta property=\"og:locale\" content=\"en_GB\" \/>\n<meta property=\"og:type\" content=\"article\" \/>\n<meta property=\"og:title\" content=\"\u00dajdons\u00e1gaink - Veszpr\u00e9mi \u00c9rseks\u00e9g Turisztikai K\u00f6zpont\" \/>\n<meta property=\"og:description\" content=\"A v\u00e1rnegyedben 2020-2025 k\u00f6z\u00f6tt t\u00f6rt\u00e9nelmi l\u00e9pt\u00e9k\u0171 fejleszt\u00e9s zajlik, mely a v\u00e1r 18 \u00e9p\u00fclet\u00e9nek meg\u00fajul\u00e1s\u00e1t biztos\u00edtja. 2023-ban, amikor Veszpr\u00e9m Eur\u00f3pa Kultur\u00e1lis F\u0151v\u00e1rosa, megny\u00edlik az \u00c9rseki Palota egy r\u00e9sze, kuri\u00f3zumk\u00e9nt bemutat\u00e1sra ker\u00fcl [&hellip;]\" \/>\n<meta property=\"og:url\" content=\"https:\/\/vetk.hu\/en\/ujdonsagaink\/\" \/>\n<meta property=\"og:site_name\" content=\"Veszpr\u00e9mi \u00c9rseks\u00e9g Turisztikai K\u00f6zpont\" \/>\n<meta property=\"article:modified_time\" content=\"2023-05-04T10:14:01+00:00\" \/>\n<meta property=\"og:image\" content=\"http:\/\/vetk.hu\/wp-content\/uploads\/2023\/05\/Szentharomsag-szobor-01-1024x577.jpeg\" \/>\n<meta name=\"twitter:card\" content=\"summary_large_image\" \/>\n<meta name=\"twitter:label1\" content=\"Estimated reading time\" \/>\n\t<meta name=\"twitter:data1\" content=\"3 minutes\" \/>\n<script type=\"application\/ld+json\" class=\"yoast-schema-graph\">{\"@context\":\"https:\\\/\\\/schema.org\",\"@graph\":[{\"@type\":\"WebPage\",\"@id\":\"https:\\\/\\\/vetk.hu\\\/ujdonsagaink\\\/\",\"url\":\"https:\\\/\\\/vetk.hu\\\/ujdonsagaink\\\/\",\"name\":\"\u00dajdons\u00e1gaink - Veszpr\u00e9mi \u00c9rseks\u00e9g Turisztikai K\u00f6zpont\",\"isPartOf\":{\"@id\":\"https:\\\/\\\/vetk.hu\\\/#website\"},\"primaryImageOfPage\":{\"@id\":\"https:\\\/\\\/vetk.hu\\\/ujdonsagaink\\\/#primaryimage\"},\"image\":{\"@id\":\"https:\\\/\\\/vetk.hu\\\/ujdonsagaink\\\/#primaryimage\"},\"thumbnailUrl\":\"http:\\\/\\\/vetk.hu\\\/wp-content\\\/uploads\\\/2023\\\/05\\\/Szentharomsag-szobor-01-1024x577.jpeg\",\"datePublished\":\"2023-05-04T09:58:42+00:00\",\"dateModified\":\"2023-05-04T10:14:01+00:00\",\"breadcrumb\":{\"@id\":\"https:\\\/\\\/vetk.hu\\\/ujdonsagaink\\\/#breadcrumb\"},\"inLanguage\":\"en-GB\",\"potentialAction\":[{\"@type\":\"ReadAction\",\"target\":[\"https:\\\/\\\/vetk.hu\\\/ujdonsagaink\\\/\"]}]},{\"@type\":\"ImageObject\",\"inLanguage\":\"en-GB\",\"@id\":\"https:\\\/\\\/vetk.hu\\\/ujdonsagaink\\\/#primaryimage\",\"url\":\"http:\\\/\\\/vetk.hu\\\/wp-content\\\/uploads\\\/2023\\\/05\\\/Szentharomsag-szobor-01-1024x577.jpeg\",\"contentUrl\":\"http:\\\/\\\/vetk.hu\\\/wp-content\\\/uploads\\\/2023\\\/05\\\/Szentharomsag-szobor-01-1024x577.jpeg\"},{\"@type\":\"BreadcrumbList\",\"@id\":\"https:\\\/\\\/vetk.hu\\\/ujdonsagaink\\\/#breadcrumb\",\"itemListElement\":[{\"@type\":\"ListItem\",\"position\":1,\"name\":\"Home\",\"item\":\"https:\\\/\\\/vetk.hu\\\/\"},{\"@type\":\"ListItem\",\"position\":2,\"name\":\"\u00dajdons\u00e1gaink\"}]},{\"@type\":\"WebSite\",\"@id\":\"https:\\\/\\\/vetk.hu\\\/#website\",\"url\":\"https:\\\/\\\/vetk.hu\\\/\",\"name\":\"Veszpr\u00e9mi \u00c9rseki Turisztikai K\u00f6zpont \u2013 Hit, \u00f6r\u00f6ks\u00e9g, \u00e9lm\u00e9ny | vetk.hu\",\"description\":\"\",\"publisher\":{\"@id\":\"https:\\\/\\\/vetk.hu\\\/#organization\"},\"potentialAction\":[{\"@type\":\"SearchAction\",\"target\":{\"@type\":\"EntryPoint\",\"urlTemplate\":\"https:\\\/\\\/vetk.hu\\\/?s={search_term_string}\"},\"query-input\":{\"@type\":\"PropertyValueSpecification\",\"valueRequired\":true,\"valueName\":\"search_term_string\"}}],\"inLanguage\":\"en-GB\"},{\"@type\":\"Organization\",\"@id\":\"https:\\\/\\\/vetk.hu\\\/#organization\",\"name\":\"Veszpr\u00e9mi \u00c9rseki Turisztikai K\u00f6zpont\",\"url\":\"https:\\\/\\\/vetk.hu\\\/\",\"logo\":{\"@type\":\"ImageObject\",\"inLanguage\":\"en-GB\",\"@id\":\"https:\\\/\\\/vetk.hu\\\/#\\\/schema\\\/logo\\\/image\\\/\",\"url\":\"https:\\\/\\\/vetk.hu\\\/wp-content\\\/uploads\\\/2023\\\/04\\\/cropped-Group-3.png\",\"contentUrl\":\"https:\\\/\\\/vetk.hu\\\/wp-content\\\/uploads\\\/2023\\\/04\\\/cropped-Group-3.png\",\"width\":353,\"height\":338,\"caption\":\"Veszpr\u00e9mi \u00c9rseki Turisztikai K\u00f6zpont\"},\"image\":{\"@id\":\"https:\\\/\\\/vetk.hu\\\/#\\\/schema\\\/logo\\\/image\\\/\"}}]}<\/script>\n<!-- \/ Yoast SEO plugin. -->","yoast_head_json":{"title":"\u00dajdons\u00e1gaink - Veszpr\u00e9mi \u00c9rseks\u00e9g Turisztikai K\u00f6zpont","robots":{"index":"index","follow":"follow","max-snippet":"max-snippet:-1","max-image-preview":"max-image-preview:large","max-video-preview":"max-video-preview:-1"},"canonical":"https:\/\/vetk.hu\/en\/ujdonsagaink\/","og_locale":"en_GB","og_type":"article","og_title":"\u00dajdons\u00e1gaink - Veszpr\u00e9mi \u00c9rseks\u00e9g Turisztikai K\u00f6zpont","og_description":"A v\u00e1rnegyedben 2020-2025 k\u00f6z\u00f6tt t\u00f6rt\u00e9nelmi l\u00e9pt\u00e9k\u0171 fejleszt\u00e9s zajlik, mely a v\u00e1r 18 \u00e9p\u00fclet\u00e9nek meg\u00fajul\u00e1s\u00e1t biztos\u00edtja. 2023-ban, amikor Veszpr\u00e9m Eur\u00f3pa Kultur\u00e1lis F\u0151v\u00e1rosa, megny\u00edlik az \u00c9rseki Palota egy r\u00e9sze, kuri\u00f3zumk\u00e9nt bemutat\u00e1sra ker\u00fcl [&hellip;]","og_url":"https:\/\/vetk.hu\/en\/ujdonsagaink\/","og_site_name":"Veszpr\u00e9mi \u00c9rseks\u00e9g Turisztikai K\u00f6zpont","article_modified_time":"2023-05-04T10:14:01+00:00","og_image":[{"url":"http:\/\/vetk.hu\/wp-content\/uploads\/2023\/05\/Szentharomsag-szobor-01-1024x577.jpeg","type":"","width":"","height":""}],"twitter_card":"summary_large_image","twitter_misc":{"Estimated reading time":"3 minutes"},"schema":{"@context":"https:\/\/schema.org","@graph":[{"@type":"WebPage","@id":"https:\/\/vetk.hu\/ujdonsagaink\/","url":"https:\/\/vetk.hu\/ujdonsagaink\/","name":"\u00dajdons\u00e1gaink - Veszpr\u00e9mi \u00c9rseks\u00e9g Turisztikai K\u00f6zpont","isPartOf":{"@id":"https:\/\/vetk.hu\/#website"},"primaryImageOfPage":{"@id":"https:\/\/vetk.hu\/ujdonsagaink\/#primaryimage"},"image":{"@id":"https:\/\/vetk.hu\/ujdonsagaink\/#primaryimage"},"thumbnailUrl":"http:\/\/vetk.hu\/wp-content\/uploads\/2023\/05\/Szentharomsag-szobor-01-1024x577.jpeg","datePublished":"2023-05-04T09:58:42+00:00","dateModified":"2023-05-04T10:14:01+00:00","breadcrumb":{"@id":"https:\/\/vetk.hu\/ujdonsagaink\/#breadcrumb"},"inLanguage":"en-GB","potentialAction":[{"@type":"ReadAction","target":["https:\/\/vetk.hu\/ujdonsagaink\/"]}]},{"@type":"ImageObject","inLanguage":"en-GB","@id":"https:\/\/vetk.hu\/ujdonsagaink\/#primaryimage","url":"http:\/\/vetk.hu\/wp-content\/uploads\/2023\/05\/Szentharomsag-szobor-01-1024x577.jpeg","contentUrl":"http:\/\/vetk.hu\/wp-content\/uploads\/2023\/05\/Szentharomsag-szobor-01-1024x577.jpeg"},{"@type":"BreadcrumbList","@id":"https:\/\/vetk.hu\/ujdonsagaink\/#breadcrumb","itemListElement":[{"@type":"ListItem","position":1,"name":"Home","item":"https:\/\/vetk.hu\/"},{"@type":"ListItem","position":2,"name":"\u00dajdons\u00e1gaink"}]},{"@type":"WebSite","@id":"https:\/\/vetk.hu\/#website","url":"https:\/\/vetk.hu\/","name":"Veszpr\u00e9mi \u00c9rseki Turisztikai K\u00f6zpont \u2013 Hit, \u00f6r\u00f6ks\u00e9g, \u00e9lm\u00e9ny | vetk.hu","description":"","publisher":{"@id":"https:\/\/vetk.hu\/#organization"},"potentialAction":[{"@type":"SearchAction","target":{"@type":"EntryPoint","urlTemplate":"https:\/\/vetk.hu\/?s={search_term_string}"},"query-input":{"@type":"PropertyValueSpecification","valueRequired":true,"valueName":"search_term_string"}}],"inLanguage":"en-GB"},{"@type":"Organization","@id":"https:\/\/vetk.hu\/#organization","name":"Veszpr\u00e9mi \u00c9rseki Turisztikai K\u00f6zpont","url":"https:\/\/vetk.hu\/","logo":{"@type":"ImageObject","inLanguage":"en-GB","@id":"https:\/\/vetk.hu\/#\/schema\/logo\/image\/","url":"https:\/\/vetk.hu\/wp-content\/uploads\/2023\/04\/cropped-Group-3.png","contentUrl":"https:\/\/vetk.hu\/wp-content\/uploads\/2023\/04\/cropped-Group-3.png","width":353,"height":338,"caption":"Veszpr\u00e9mi \u00c9rseki Turisztikai K\u00f6zpont"},"image":{"@id":"https:\/\/vetk.hu\/#\/schema\/logo\/image\/"}}]}},"ticketed":false,"_links":{"self":[{"href":"https:\/\/vetk.hu\/en\/wp-json\/wp\/v2\/pages\/253","targetHints":{"allow":["GET"]}}],"collection":[{"href":"https:\/\/vetk.hu\/en\/wp-json\/wp\/v2\/pages"}],"about":[{"href":"https:\/\/vetk.hu\/en\/wp-json\/wp\/v2\/types\/page"}],"author":[{"embeddable":true,"href":"https:\/\/vetk.hu\/en\/wp-json\/wp\/v2\/users\/1"}],"replies":[{"embeddable":true,"href":"https:\/\/vetk.hu\/en\/wp-json\/wp\/v2\/comments?post=253"}],"version-history":[{"count":5,"href":"https:\/\/vetk.hu\/en\/wp-json\/wp\/v2\/pages\/253\/revisions"}],"predecessor-version":[{"id":262,"href":"https:\/\/vetk.hu\/en\/wp-json\/wp\/v2\/pages\/253\/revisions\/262"}],"wp:attachment":[{"href":"https:\/\/vetk.hu\/en\/wp-json\/wp\/v2\/media?parent=253"}],"curies":[{"name":"wp","href":"https:\/\/api.w.org\/{rel}","templated":true}]}}