{"id":3,"date":"2023-04-06T16:27:27","date_gmt":"2023-04-06T14:27:27","guid":{"rendered":"https:\/\/turisztika.dinosprojekt.com\/?page_id=3"},"modified":"2025-10-29T13:47:14","modified_gmt":"2025-10-29T12:47:14","slug":"adatkezelesi-tajekoztato","status":"publish","type":"page","link":"https:\/\/vetk.hu\/en\/adatkezelesi-tajekoztato\/","title":{"rendered":"Privacy Policy"},"content":{"rendered":"<div data-elementor-type=\"wp-page\" data-elementor-id=\"3\" class=\"elementor elementor-3\" data-elementor-post-type=\"page\">\n\t\t\t\t\t\t<section class=\"elementor-section elementor-top-section elementor-element elementor-element-32444ff elementor-section-boxed elementor-section-height-default elementor-section-height-default\" data-id=\"32444ff\" data-element_type=\"section\" data-e-type=\"section\">\n\t\t\t\t\t\t<div class=\"elementor-container elementor-column-gap-default\">\n\t\t\t\t\t<div class=\"elementor-column elementor-col-100 elementor-top-column elementor-element elementor-element-65aeaf8\" data-id=\"65aeaf8\" data-element_type=\"column\" data-e-type=\"column\">\n\t\t\t<div class=\"elementor-widget-wrap elementor-element-populated\">\n\t\t\t\t\t\t<div class=\"elementor-element elementor-element-8061140 elementor-widget elementor-widget-text-editor\" data-id=\"8061140\" data-element_type=\"widget\" data-e-type=\"widget\" data-widget_type=\"text-editor.default\">\n\t\t\t\t<div class=\"elementor-widget-container\">\n\t\t\t\t\t\t\t\t\t<p style=\"text-align: center;\"><strong>Veszpr\u00e9mi F\u0151egyh\u00e1zmegye<\/strong><\/p><p style=\"text-align: center;\"><strong>Privacy Policy<\/strong><\/p><p>The handling of personal data is carried out in compliance with applicable legal requirements, while taking all necessary security, technical, and organizational measures to ensure the security of personal data.<\/p><p>The public content of our website can be viewed by anyone without registration or login.<\/p><p>A Veszpr\u00e9mi F\u0151egyh\u00e1zmegye, illetve bels\u0151 egys\u00e9gei \u00e1ltal megszervez\u00e9sre ker\u00fcl\u0151, regisztra\u0301cio\u0301hoz ko\u0308to\u0308tt rendezve\u0301nyekre, illetve eseme\u0301nyekre to\u0308rte\u0301no\u030b jelentkeze\u0301ssel kapcsolatosan a honlapon megjelo\u0308lt helyen egyedi adatkezele\u0301si ta\u0301je\u0301koztato\u0301 is ele\u0301rheto\u030b.<\/p><ol><li><strong> Adatkezelo\u030b megneveze\u0301se<\/strong><\/li><\/ol><p>Veszpre\u0301mi Fo\u030begyha\u0301zmegye (a tova\u0301bbiakban: F\u0151egyh\u00e1zmegye vagy Adatkezelo\u030b) sze\u0301khely: 8200 Veszpre\u0301m, Va\u0301r u. 16., postaci\u0301m: 8201 Veszpre\u0301m, Pf.109, telefonsza\u0301m: 06-88-426-088; e- mail:titkarsag@veszpremiersekseg.hu<\/p><ol><li><strong> Az adatve\u0301delmi tisztviselo\u030b neve e\u0301s ele\u0301rheto\u030bse\u0301ge<\/strong><\/li><li>Demeter Bala\u0301zs; jog@veszpermiersekseg.hu, telefonsza\u0301m: 06-88-220-542<\/li><li><strong> Az adatkezele\u0301sek ce\u0301ljai \u00e9s a kezelt szem\u00e9lyes adatok k\u00f6re<\/strong><\/li><\/ol><p>In accordance with the given contact or case type.<\/p><p><strong>3.1. Honlapra to\u0308rte\u0301no\u030b la\u0301togata\u0301s esete\u0301ben:<\/strong> A honlap megfelelo\u030b mu\u030bko\u0308de\u0301se, a weboldalunkra la\u0301togato\u0301 felhaszna\u0301lo\u0301k munkameneteinek egyma\u0301sto\u0301l valo\u0301 megku\u0308lo\u0308nbo\u0308ztete\u0301se, az annak sora\u0301n megadott adatok ta\u0301rola\u0301sa, az adatveszte\u0301s megakada\u0301lyoza\u0301sa. Su\u0308tik engede\u0301lyeze\u0301se esete\u0301n a honlap u\u0308zemelteto\u030bje nem jegyez meg semmilyen azonosi\u0301to\u0301t vagy jelszo\u0301t.<\/p><p>Kezelt szem\u00e9lyes adat: a honlapra l\u00e1togat\u00f3 IP-c\u00edme.<\/p><p><strong>3.2. A F\u0151egyh\u00e1zmegye a\u0301ltal ko\u0308to\u0308tt szerzo\u030bde\u0301sek esete\u0301ben<\/strong> az adatkezele\u0301s ce\u0301lja a F\u0151egyh\u00e1zmegye feladatainak eredme\u0301nyes ella\u0301ta\u0301sa\u0301hoz szu\u0308kse\u0301ges forra\u0301sok e\u0301s infrastruktu\u0301ra biztosi\u0301ta\u0301sa, valamint az E\u0301rsekse\u0301g mu\u030bko\u0308de\u0301si felte\u0301teleinek biztosi\u0301ta\u0301sa\u0301val o\u0308sszefu\u0308ggo\u030b, szerzo\u030bde\u0301sek elo\u030bke\u0301szi\u0301te\u0301se e\u0301s megko\u0308te\u0301se.<\/p><p>Kezelt szem\u00e9lyes adatok: n\u00e9v, telefonsz\u00e1m, email-c\u00edm, illetve bizonyos k\u00f6rben term\u00e9szetes szem\u00e9lyazonos\u00edt\u00f3 adatok.<\/p><p><strong>3.3. A\u0301lla\u0301sra to\u0308rte\u0301no\u030b jelentkeze\u0301sre esete\u0301ben<\/strong> az adatkezele\u0301s ce\u0301lja az u\u0301j munkava\u0301llalo\u0301 kiva\u0301laszta\u0301s\u00e1ra ir\u00e1nyul\u00f3\u00a0 folyamat lebonyol\u00edt\u00e1sa, a foglalkoztat\u00e1sra ir\u00e1nyul\u00f3 szerz\u0151d\u00e9s el\u0151k\u00e9sz\u00edt\u00e9se.<\/p><p>Kezelt szem\u00e9lyes adatok: n\u00e9v, telefonsz\u00e1m, email-c\u00edm, term\u00e9szetes szem\u00e9lyazonos\u00edt\u00f3 adatok, iskolai bizony\u00edtv\u00e1nyok, \u00f6n\u00e9letrajz.<\/p><p>3.4. A F\u0151egyh\u00e1zmegye, illetve bels\u0151 egys\u00e9gei \u00e1ltal megszervez\u00e9sre ker\u00fcl\u0151 <strong>rendezve\u0301nyekre, eseme\u0301nyekre to\u0308rte\u0301no\u030b jelentkeze\u0301s \u00e9s r\u00e9szv\u00e9tel <\/strong>esete\u0301ben az adatkezele\u0301s ce\u0301lja a Rendezv\u00e9ny megszerveze\u0301se, a jelentkez\u0151k r\u00f6gz\u00edt\u00e9se, a Rendezv\u00e9ny sikeres lebonyol\u00edt\u00e1sa, a re\u0301szt vevo\u030b szeme\u0301llyel to\u0308rte\u0301no\u030b kapcsolattarta\u0301s.<\/p><p>Kezelt szem\u00e9lyes adatok: n\u00e9v, telefonsz\u00e1m, email-c\u00edm, illetve esetlegesen lakc\u00edm.<\/p><p>A Rendezv\u00e9nyek meghat\u00e1rozott k\u00f6r\u00e9ben a <u>Rendezv\u00e9nyr\u0151l f\u00e9nyk\u00e9p, illetve videofelv\u00e9tel k\u00e9sz\u00fclhet, amely esetben a<\/u>z \u00e9rintett szem\u00e9lyr\u0151l felv\u00e9telek k\u00e9sz\u00fclhetnek. Ebben az esetben az adatkezel\u00e9s c\u00e9lja az esem\u00e9nynek, a Rendezv\u00e9nynek a meg\u00f6r\u00f6k\u00edt\u00e9se, a Rendezv\u00e9nyr\u0151l val\u00f3 t\u00e1j\u00e9koztat\u00e1snak \u00e9s tud\u00f3s\u00edt\u00e1soknak az \u00e9rdekl\u0151d\u0151k sz\u00e9les k\u00f6r\u00e9nek, illetve a nyilv\u00e1noss\u00e1g sz\u00e1m\u00e1ra t\u00f6rt\u00e9n\u0151 el\u00e9rhet\u0151v\u00e9 t\u00e9tele.<\/p><p>A Polg\u00e1ri T\u00f6rv\u00e9nyk\u00f6nyvr\u0151l sz\u00f3l\u00f3 2013. \u00e9vi V. t\u00f6rv\u00e9ny 2:48. \u00a7 (2) bekezd\u00e9s\u00e9ben foglaltak szerint nincs sz\u00fcks\u00e9g az \u00e9rintett hozz\u00e1j\u00e1rul\u00e1s\u00e1ra a felv\u00e9tel elk\u00e9sz\u00edt\u00e9s\u00e9hez \u00e9s az elk\u00e9sz\u00edtett felv\u00e9tel felhaszn\u00e1l\u00e1s\u00e1hoz t\u00f6megfelv\u00e9tel \u00e9s nyilv\u00e1nos k\u00f6z\u00e9leti szerepl\u00e9sr\u0151l k\u00e9sz\u00fclt felv\u00e9tel eset\u00e9n.<\/p><p>3.5. A F\u0151egyh\u00e1zmegye bels\u0151 egys\u00e9gei \u00e1ltal megval\u00f3s\u00edtott <strong>marketing c\u00e9l\u00fa adatkezel\u00e9s <\/strong>eset\u00e9n: a F\u0151egyh\u00e1zmegye bels\u0151 egys\u00e9gei szolg\u00e1ltat\u00e1sainak megismertet\u00e9se, n\u00e9pszer\u0171s\u00edt\u00e9se, \u00e9s azok ig\u00e9nybev\u00e9tel\u00e9nek \u00f6szt\u00f6nz\u00e9se c\u00e9lj\u00e1b\u00f3l programinform\u00e1ci\u00f3k, rekl\u00e1manyagok k\u00fcld\u00e9se ki\u00e1ll\u00edt\u00e1sokr\u00f3l, rendezv\u00e9nyekr\u0151l, akci\u00f3kr\u00f3l, e-mail \u00fatj\u00e1n, illetve postai \u00faton.<\/p><p>Kezelt szem\u00e9lyes adatok: n\u00e9v, telefonsz\u00e1m, email-c\u00edm, illetve esetlegesen lakc\u00edm.<\/p><p>Marketing c\u00e9l\u00fa adatkezel\u00e9s eset\u00e9n a h\u00edrlev\u00e9lr\u0151l, \u00e9rtes\u00edt\u00e9si list\u00e1r\u00f3l t\u00f6rt\u00e9n\u0151 leiratkoz\u00e1s m\u00f3dja egy\u00e9rtelm\u0171en jelz\u00e9sre ker\u00fcl az email-ben, illetve egy\u00e9b kapcsolattart\u00e1si forma eset\u00e9n ahhoz igazod\u00f3 megfelel\u0151 m\u00f3don.<\/p><p>3.6. A F\u0151egyh\u00e1zmegye \u00e9p\u00fcleteiben \u00fczemel\u0151 <strong>biztons\u00e1gi kamer\u00e1s megfigyel\u0151rendszerben<\/strong> t\u00f6rt\u00e9n\u0151 adatkezel\u00e9s c\u00e9lja az \u00e9let, testi \u00e9ps\u00e9g v\u00e9delme, illetve vagyonv\u00e9delem, tov\u00e1bb\u00e1 a szem\u00e9lyi biztons\u00e1g megteremt\u00e9se \u00e9s meg\u0151rz\u00e9se, illetve a jogs\u00e9rt\u0151 cselekm\u00e9nyek megel\u0151z\u00e9se \u00e9s bizony\u00edthat\u00f3s\u00e1ga.<\/p><p>Kezelt szem\u00e9lyes adatok: az \u00e9rintettr\u0151l k\u00e9sz\u00edtett k\u00e9pfelv\u00e9tel.<\/p><p>A felv\u00e9teleket a F\u0151egyh\u00e1zmegye a r\u00f6gz\u00edt\u00e9st\u0151l sz\u00e1m\u00edtott 3 napig t\u00e1rolja \u00e9s azt k\u00f6vet\u0151en automatikusan t\u00f6rli, kiv\u00e9ve, ha a felv\u00e9telek felhaszn\u00e1l\u00e1sa hat\u00f3s\u00e1gi elj\u00e1r\u00e1sban a hat\u00f3s\u00e1g k\u00f6telez\u00e9se alapj\u00e1n sz\u00fcks\u00e9ges.<\/p><p>A felv\u00e9telekhez az F\u0151egyh\u00e1zmegye vonatkoz\u00f3 Szab\u00e1lyzat\u00e1ban erre felhatalmazott szem\u00e9lyek f\u00e9rnek hozz\u00e1 munkak\u00f6ri feladataik ell\u00e1t\u00e1sa \u00e9rdek\u00e9ben. \u00a0<\/p><ol start=\"4\"><li><strong> Az adatkezele\u0301sek jogalapjai:<\/strong><\/li><\/ol><p>Depending on the type of contact or case, the appropriate legal basis defined in the relevant legislation.<\/p><p><strong>4.1. Az \u00e9rintett hozz\u00e1j\u00e1rul\u00e1sa<\/strong><strong>\u00a0<\/strong><\/p><p>A terme\u0301szetes szeme\u0301lyeknek a szeme\u0301lyes adatok kezele\u0301se tekintete\u0301ben to\u0308rte\u0301no\u030b ve\u0301delme\u0301ro\u030bl e\u0301s az ilyen adatok szabad a\u0301ramla\u0301sa\u0301ro\u0301l, valamint a 95\/46\/EK rendelet hata\u0301lyon ki\u0301vu\u0308l helyeze\u0301se\u0301ro\u030bl szo\u0301lo\u0301, az Euro\u0301pai Parlament e\u0301s a Tana\u0301cs 2016\/679 Rendelete (a\u0301ltala\u0301nos adatve\u0301delmi rendelet) (a tova\u0301bbiakban: GDPR) szerinti hozz\u00e1j\u00e1rul\u00e1s jogalapj\u00e1n az adatkezel\u00e9sre csak akkor ker\u00fclhet sor, ha az \u00e9rintett egy\u00e9rtelm\u0171 meger\u0151s\u00edt\u0151 cselekedettel, p\u00e9ld\u00e1ul \u00edr\u00e1sbeli &#8211; ide\u00e9rtve az elektronikus \u00faton tett -, vagy sz\u00f3beli nyilatkozattal \u00f6nk\u00e9ntes, konkr\u00e9t, t\u00e1j\u00e9koztat\u00e1son alapul\u00f3 \u00e9s egy\u00e9rtelm\u0171 hozz\u00e1j\u00e1rul\u00e1s\u00e1t adja a term\u00e9szetes szem\u00e9lyt \u00e9rint\u0151 szem\u00e9lyes adatok kezel\u00e9s\u00e9hez. Ilyen hozz\u00e1j\u00e1rul\u00e1snak min\u0151s\u00fcl az is, ha az \u00e9rintett internetes honlap megtekint\u00e9se sor\u00e1n bejel\u00f6l egy erre vonatkoz\u00f3 n\u00e9gyzetet, valamint b\u00e1rmely egy\u00e9b olyan nyilatkozat vagy cselekedet is, amely az adott \u00f6sszef\u00fcgg\u00e9sben az \u00e9rintett hozz\u00e1j\u00e1rul\u00e1s\u00e1t szem\u00e9lyes adatainak tervezett kezel\u00e9s\u00e9hez egy\u00e9rtelm\u0171en jelzi.<\/p><p>Ha az adatkezel\u00e9s egyszerre t\u00f6bb c\u00e9lt is szolg\u00e1l, akkor a hozz\u00e1j\u00e1rul\u00e1st az \u00f6sszes adatkezel\u00e9si c\u00e9lra vonatkoz\u00f3an meg kell adni.<\/p><p>Honlapra to\u0308rte\u0301no\u030b la\u0301togata\u0301s, rendezve\u0301nyekre to\u0308rte\u0301no\u030b jelentkeze\u0301s, marketing c\u00e9l\u00fa adatkezel\u00e9s, e\u0301s a\u0301lla\u0301sra to\u0308rte\u0301no\u030b jelentkeze\u0301s esete\u0301ben az adatkezele\u0301s jogalapja a GDPR 6. cikk (1) a) pontja alapja\u0301n az e\u0301rintett hozza\u0301ja\u0301rula\u0301sa.<\/p><p>Az a\u0301lla\u0301sra jelentkeze\u0301sre megku\u0308ldo\u0308tt p\u00e1ly\u00e1zatban szereplo\u030b szeme\u0301lyes adatok megada\u0301sa nem jogszaba\u0301lyon vagy szerzo\u030bde\u0301ses ko\u0308telezettse\u0301gen alapul, nem elo\u030bfelte\u0301tele szerzo\u030bde\u0301s megko\u0308te\u0301se\u0301nek, a jelentkezo\u030b nem ko\u0308teles ezen adatokat megadni, azonban ebben az esetben a F\u0151egyh\u00e1zmegye az a\u0301lla\u0301shirdete\u0301sre to\u0308rte\u0301no\u030b jelentkeze\u0301se\u0301t \u2013 adatok hia\u0301nya\u0301ban \u2013 nem tudja figyelembe venni.<\/p><p><strong>4.2. Szerz\u0151d\u00e9s teljes\u00edt\u00e9s\u00e9hez kapcsol\u00f3d\u00f3 jogalap<\/strong><strong>\u00a0<\/strong><\/p><p>A F\u0151egyh\u00e1zmegye a\u0301ltal ko\u0308to\u0308tt szerzo\u030bde\u0301sek esete\u0301ben az adatkezele\u0301s jogalapja a GDPR 6. cikk (1) b) pont, azaz az adatkezele\u0301s olyan szerzo\u030bde\u0301s teljesi\u0301te\u0301se\u0301hez szu\u0308kse\u0301ges, amelyben az e\u0301rintett az egyik fe\u0301l, vagy az a szerzo\u030bde\u0301s megko\u0308te\u0301se\u0301t megelo\u030bzo\u030ben az e\u0301rintett ke\u0301re\u0301se\u0301re to\u0308rte\u0301no\u030b le\u0301pe\u0301sek megte\u0301tele\u0301hez szu\u0308kse\u0301ges.<\/p><p><strong>4.3. Jogos \u00e9rdekhez kapcsol\u00f3d\u00f3 jogalap<\/strong><\/p><p>A biztons\u00e1gi kamer\u00e1s megfigyel\u0151rendszerben k\u00e9sz\u00fclt felv\u00e9tek k\u00e9sz\u00edt\u00e9s\u00e9nek jogalapja a GDPR 6. cikk (1) f) pont alapj\u00e1n a F\u0151egyh\u00e1zmegye jogos \u00e9rdeke.<\/p><p>A F\u0151egyh\u00e1zmegye az \u00f6sszes k\u00f6r\u00fclm\u00e9nyt sz\u00e1mba v\u00e9ve meg\u00e1llap\u00edtotta, hogy az \u00e1ltala, illetve bels\u0151 egys\u00e9gei \u00e1ltal \u00fczemeltetett \u00e9p\u00fcletekben tart\u00f3zkod\u00f3 szem\u00e9lyek biztons\u00e1ga, az \u00e9p\u00fcletek rendj\u00e9nek meg\u0151rz\u00e9se \u00e9s a vagyonbiztons\u00e1g \u00e9rdek\u00e9ben \u2013 figyelemmel a felv\u00e9telek r\u00f6vid t\u00e1rol\u00e1si idej\u00e9re, a gondos adatbiztons\u00e1gi int\u00e9zked\u00e9sekre, az \u00e9rintett joggyakorl\u00e1s\u00e1t biztos\u00edt\u00f3 garanci\u00e1lis szab\u00e1lyokra is \u2013, a kamer\u00e1s megfigyel\u0151rendszer m\u0171k\u00f6dtet\u00e9se jogszer\u0171. A m\u00e9rlegel\u00e9s eredm\u00e9nye alapj\u00e1n \u00f6sszess\u00e9g\u00e9ben az adatkezel\u00e9ssel el\u00e9rhet\u0151 el\u0151ny meghaladja a felv\u00e9telk\u00e9sz\u00edt\u00e9ssel \u00e9s t\u00e1rol\u00e1ssal okozott esetleges h\u00e1tr\u00e1nyt, \u00e9s nem okoz jelent\u0151s \u00e9rdeks\u00e9relmet.<\/p><ol start=\"5\"><li><strong> A kezelt szeme\u0301lyes adatok forra\u0301sa<\/strong><\/li><\/ol><p>Az adatokat a F\u0151egyh\u00e1zmegye a vele kapcsolatba le\u0301po\u030b fe\u0301lto\u030bl szerzi be.<\/p><ol start=\"6\"><li><strong> A szeme\u0301lyes adatok ci\u0301mzettjei, illetve a ci\u0301mzettek katego\u0301ria\u0301i<\/strong><\/li><\/ol><p>A F\u0151egyh\u00e1zmegy\u00e9nek a ta\u0301rgy szerinti u\u0308gyinte\u0301ze\u0301sre kijelo\u0308lt munkata\u0301rsai, kiza\u0301ro\u0301lag a munkako\u0308ri feladataik ella\u0301ta\u0301sa ce\u0301lja\u0301bo\u0301l.<\/p><p>A F\u0151egyh\u00e1zmegye az adott adatkezel\u00e9s t\u00edpus\u00e1nak \u00e9s sz\u00fcks\u00e9g\u00e9nek f\u00fcggv\u00e9ny\u00e9ben a vonatkoz\u00f3 jogszab\u00e1lyok szerint Adatfeldogoz\u00f3t vehet ig\u00e9nybe, amelyr\u0151l a konkr\u00e9t \u00fcgyben adhat\u00f3 t\u00e1j\u00e9koztat\u00e1st.<\/p><ol start=\"7\"><li><strong> A szeme\u0301lyes adatok ta\u0301rola\u0301sa\u0301nak ideje<\/strong><strong>\u00a0<\/strong><\/li><\/ol><p>Szerzo\u030bde\u0301sek esete\u0301n a F\u0151egyh\u00e1zmegye a szerzo\u030bde\u0301sben szereplo\u030b szeme\u0301lyes adatokat a ta\u0301rgye\u0301vet ko\u0308veto\u030ben sza\u0301mi\u0301tott 8 e\u0301vig o\u030brzi meg a Sza\u0301mviteli to\u0308rve\u0301ny elo\u030bi\u0301ra\u0301sai szerint. Rendezve\u0301nyekre to\u0308rte\u0301no\u030b jelentkeze\u0301s esete\u0301n az adatok ta\u0301rola\u0301sa\u0301nak ideje az adott eseme\u0301ny, illetve rendezv\u00e9ny lebonyol\u00edt\u00e1s\u00e1nak ido\u030btartama, illetve a tova\u0301bbi kapcsolattarta\u0301sra megadott ku\u0308lo\u0308n hozza\u0301ja\u0301rula\u0301s esete\u0301n a hozza\u0301ja\u0301rula\u0301s visszavona\u0301sa\u0301ig to\u0308rte\u0301nik. A\u0301lla\u0301sra to\u0308rte\u0301no\u030b jelentkeze\u0301s eset\u00e9n a meghirdetett a\u0301lla\u0301shely beto\u0308lte\u0301se\u0301ig, illetve a pa\u0301lya\u0301zo\u0301 hozza\u0301ja\u0301rula\u0301s\u00e1nak visszavona\u0301sa\u0301ig to\u0308rte\u0301nik. Marketing c\u00e9l\u00fa adatkezel\u00e9s eset\u00e9n az hozz\u00e1j\u00e1rul\u00e1s visszavon\u00e1s\u00e1ig, de legfeljebb 5 \u00e9vig t\u00f6rt\u00e9nik.<\/p><ol start=\"8\"><li><strong> Kiskor\u00faak szem\u00e9lyes adatainak kezel\u00e9se<\/strong><\/li><\/ol><p>Kiskor\u00fa, 18. \u00e9let\u00e9v\u00e9t be nem t\u00f6lt\u00f6tt szem\u00e9lyek eset\u00e9n a kiskor\u00fa szem\u00e9lyes adatainak kezel\u00e9s\u00e9hez a hozz\u00e1j\u00e1rul\u00e1st, enged\u00e9lyez\u00e9st, illetve a j\u00f3v\u00e1hagy\u00e1st a kiskor\u00fa feletti sz\u00fcl\u0151i fel\u00fcgyeletet gyakorl\u00f3, illetve t\u00f6rv\u00e9nyes k\u00e9pvisel\u0151 adja meg.<\/p><ol start=\"9\"><li><strong> Adatbiztons\u00e1g<\/strong><\/li><\/ol><p>Adatkezel\u0151 gondoskodik a szem\u00e9lyes adatok biztons\u00e1g\u00e1r\u00f3l, megteszi tov\u00e1bb\u00e1 azokat a technikai \u00e9s szervez\u00e9si int\u00e9zked\u00e9seket, amelyek biztos\u00edtj\u00e1k, hogy a megadott, felvett, t\u00e1rolt, illetve kezelt adatok v\u00e9dettek legyenek, illet\u0151leg mindent megtesz annak \u00e9rdek\u00e9ben, hogy megakad\u00e1lyozza azok megsemmis\u00fcl\u00e9s\u00e9t, jogosulatlan felhaszn\u00e1l\u00e1s\u00e1t \u00e9s jogosulatlan megv\u00e1ltoztat\u00e1s\u00e1t. Adatkezel\u0151 gondoskodik arr\u00f3l, hogy a t\u00e1rolt adatokhoz bels\u0151 rendszeren kereszt\u00fcl vagy k\u00f6zvetlen hozz\u00e1f\u00e9r\u00e9s \u00fatj\u00e1n kiz\u00e1r\u00f3lag az arra feljogos\u00edtott szem\u00e9lyek, \u00e9s kiz\u00e1r\u00f3lag az adatkezel\u00e9s c\u00e9lj\u00e1val \u00f6sszef\u00fcgg\u00e9sben f\u00e9rjenek hozz\u00e1, gondoskodik a felhaszn\u00e1lt informatikai eszk\u00f6z\u00f6k sz\u00fcks\u00e9ges, rendszeres karbantart\u00e1s\u00e1r\u00f3l, a felhaszn\u00e1lt informatikai rendszer minden elem\u00e9nek megfelel\u0151 v\u00e9delm\u00e9r\u0151l az adatok bizalmass\u00e1ga, s\u00e9rtetlens\u00e9ge \u00e9s rendelkez\u00e9sre \u00e1ll\u00e1sa szempontj\u00e1b\u00f3l,<\/p><ol start=\"10\"><li><strong> Az e\u0301rintett adatkezele\u0301ssel kapcsolatos jogai<\/strong><strong>\u00a0<\/strong><\/li><\/ol><p>10.1. Hata\u0301rido\u030b<\/p><p>A F\u0151egyh\u00e1zmegye az e\u0301rintett jogai gyakorla\u0301sa\u0301ra ira\u0301nyulo\u0301 ke\u0301relme\u0301t az annak bee\u0301rkeze\u0301se\u0301to\u030bl sza\u0301mi\u0301tott legfeljebb 25 napon belu\u0308l teljesi\u0301ti. A ke\u0301relem bee\u0301rkeze\u0301se\u0301nek napja a hata\u0301rido\u030bbe nem sza\u0301mi\u0301t bele.<\/p><p>10.2. Az adatkezele\u0301ssel kapcsolatos e\u0301rintetti jogok<\/p><p>10.2.1. A hozza\u0301fe\u0301re\u0301shez valo\u0301 jog<\/p><p>Az e\u0301rintett jogosult arra, hogy az 1. pontban megadott ele\u0301rheto\u030bse\u0301geken keresztu\u0308l az F\u0151egyh\u00e1zmegy\u00e9to\u030bl ta\u0301je\u0301koztata\u0301st ke\u0301rjen arra vonatkozo\u0301an, hogy szeme\u0301lyes adatainak kezele\u0301se folyamatban van-e, e\u0301s ha ilyen adatkezele\u0301s folyamatban van, jogosult arra, hogy megismerje<\/p><p>azt, hogy a F\u0151egyh\u00e1zmegye milyen szeme\u0301lyes adatait; milyen jogalapon; milyen adatkezele\u0301si ce\u0301l miatt; mennyi ideig kezeli.<br \/>A F\u0151egyh\u00e1zmegye az adatkezele\u0301s ta\u0301rgya\u0301t ke\u0301pezo\u030b szeme\u0301lyes adatok ma\u0301solata\u0301t az e\u0301rintett erre ira\u0301nyulo\u0301 ke\u0301re\u0301se\u0301re elso\u030b alkalommal di\u0301jmentesen bocsa\u0301tja a rendelkeze\u0301se\u0301re, ezt ko\u0308veto\u030ben adminisztrati\u0301v ko\u0308ltse\u0301geken alapulo\u0301, e\u0301sszeru\u030b me\u0301rte\u0301ku\u030b di\u0301jat sza\u0301mi\u0301that fel.<\/p><p>Az adatbiztonsa\u0301gi ko\u0308vetelme\u0301nyek teljesu\u0308le\u0301se e\u0301s az e\u0301rintett jogainak ve\u0301delme e\u0301rdeke\u0301ben a F\u0151egyh\u00e1zmegye ko\u0308teles meggyo\u030bzo\u030bdni az e\u0301rintett e\u0301s a hozza\u0301fe\u0301re\u0301si joga\u0301val e\u0301lni ki\u0301va\u0301no\u0301 szeme\u0301ly szeme\u0301lyazonossa\u0301ga\u0301nak egyeze\u0301se\u0301ro\u030bl, ennek e\u0301rdeke\u0301ben a ta\u0301je\u0301koztata\u0301s, az adatokba to\u0308rte\u0301no\u030b betekinte\u0301s, illetve azokro\u0301l ma\u0301solat kiada\u0301sa is az e\u0301rintett szeme\u0301lye\u0301nek azonosi\u0301ta\u0301sa\u0301hoz ko\u0308to\u0308tt.<\/p><p>10.2.2. A helyesbi\u0301te\u0301shez valo\u0301 jog<\/p><p>Az e\u0301rintett szeme\u0301ly az 1. pontban megadott ele\u0301rheto\u030bse\u0301geken keresztu\u0308l ke\u0301rheti, hogy a F\u0151egyh\u00e1zmegye mo\u0301dosi\u0301tsa valamely szeme\u0301lyes adata\u0301t. Amennyiben az e\u0301rintett hitelt e\u0301rdemlo\u030ben igazolni tudja a helyesbi\u0301tett adat pontossa\u0301ga\u0301t, a Hato\u0301sa\u0301g a ke\u0301re\u0301st legfeljebb 25 napon belu\u0308l teljesi\u0301ti, e\u0301s erro\u030bl az a\u0301ltala megadott ele\u0301rheto\u030bse\u0301gen e\u0301rtesi\u0301ti az e\u0301rintett szeme\u0301lyt.<\/p><p>10.2.3. A za\u0301rola\u0301shoz (adatkezele\u0301s korla\u0301toza\u0301sa\u0301hoz) valo\u0301 jog<\/p><p>Az e\u0301rintett szeme\u0301ly az 1. pontban megadott ele\u0301rheto\u030bse\u0301geken keresztu\u0308l ke\u0301rheti, hogy a szeme\u0301lyes adatai kezele\u0301se\u0301t a F\u0151egyh\u00e1zmegye korla\u0301tozza (az adatkezele\u0301s korla\u0301tozott jellege\u0301nek egye\u0301rtelmu\u030b jelo\u0308le\u0301se\u0301vel e\u0301s az egye\u0301b adatokto\u0301l elku\u0308lo\u0308ni\u0301tett kezele\u0301s biztosi\u0301ta\u0301sa\u0301val).<\/p><p>10.2.4. A tiltakoza\u0301shoz valo\u0301 jog<\/p><p>Az e\u0301rintett szeme\u0301ly az 1. pontban megadott ele\u0301rheto\u030bse\u0301geken keresztu\u0308l saja\u0301t helyzete\u0301vel kapcsolatos okokbo\u0301l ba\u0301rmikor tiltakozhat az adatkezele\u0301s ellen, ha a\u0301lla\u0301spontja szerint az F\u0151egyh\u00e1zmegye a szeme\u0301lyes adata\u0301t a jelen adatkezele\u0301si ta\u0301je\u0301koztato\u0301ban megjelo\u0308lt ce\u0301llal o\u0308sszefu\u0308gge\u0301sben nem megfelelo\u030ben kezelne\u0301.<\/p><p>10.2.5. A to\u0308rle\u0301shez valo\u0301 jog<\/p><p>Az e\u0301rintett szeme\u0301ly az 1. pontban megadott ele\u0301rheto\u030bse\u0301geken keresztu\u0308l ke\u0301rheti, hogy az E\u0301rsekse\u0301g to\u0308ro\u0308lje a szeme\u0301lyes adatait. A F\u0151egyh\u00e1zmegye az e\u0301rintett szeme\u0301ly ke\u0301re\u0301se esete\u0301n indokolatlan ke\u0301sedelem ne\u0301lku\u0308l to\u0308rli a szeme\u0301lyes adatokat, ha<\/p><ul><li>a F\u0151egyh\u00e1zmegy\u00e1nek nincs szu\u0308kse\u0301ge a szeme\u0301lyes adatokra abbo\u0301l a ce\u0301lbo\u0301l, amely ce\u0301lbo\u0301l gyu\u030bjto\u0308tte vagy kezelte;<\/li><li>the data subject withdraws their consent, which constitutes the legal basis for data processing, and there is no other legal basis for the data processing;<\/li><li>az e\u0301rintett tiltakozik a szeme\u0301lyes adatai kezele\u0301se ellen e\u0301s az F\u0151egyh\u00e1zmegy\u00e9nek nincs elso\u030bbbse\u0301get e\u0301lvezo\u030b jogszeru\u030b oka az adatkezele\u0301sre;<\/li><li>\u00a0a F\u0151egyh\u00e1zmegye a szeme\u0301lyes adatokat jogellenesen kezelte;<\/li><li>\u00a0the personal data has to be erased for compliance with a legal obligation in Union or Member State<\/li><\/ul><p>law to which the controller is subject<\/p><ol start=\"11\"><li>Jogorvoslathoz valo\u0301 jog<\/li><\/ol><p>Ha az e\u0301rintett u\u0301gy i\u0301te\u0301li meg, hogy a F\u0151egyh\u00e1zmegye a szeme\u0301lyes adatainak kezele\u0301se sora\u0301n megse\u0301rtette a hata\u0301lyos adatve\u0301delmi ko\u0308vetelme\u0301nyeket, akkor<br \/>\u2013 panaszt nyu\u0301jthat be a Nemzeti Adatve\u0301delmi e\u0301s Informa\u0301cio\u0301szabadsa\u0301g Hato\u0301sa\u0301g, ci\u0301m: 1055 Budapest, Falk Miksa utca 9-11., postaci\u0301m: 1363 Budapest, Pf. 9., E-mail: ugyfelszolgalat@naih.hu, honlap: www.naih.hu), vagy<\/p><p>\u2013 leheto\u030bse\u0301ge van adatainak ve\u0301delme e\u0301rdeke\u0301ben bi\u0301ro\u0301sa\u0301ghoz fordulni, amely az u\u0308gyben soron ki\u0301vu\u0308l ja\u0301r el. Ebben az esetben szabadon eldo\u0308ntheti, hogy a lako\u0301helye (a\u0301llando\u0301 lakci\u0301m) vagy a tarto\u0301zkoda\u0301si helye (ideiglenes lakci\u0301m), illetve a Hato\u0301sa\u0301g sze\u0301khelye szerint illete\u0301kes to\u0308rve\u0301nysze\u0301kne\u0301l nyu\u0301jtja-e be keresete\u0301t. A lako\u0301helye vagy tarto\u0301zkoda\u0301si helye szerinti to\u0308rve\u0301nysze\u0301ket megkeresheti a http:\/\/birosag.hu\/ugyfelkapcsolati-portal\/birosag-kereso oldalon. A F\u0151egyh\u00e1zmegye sze\u0301khelye szerint a perre a Veszpre\u0301mi To\u0308rve\u0301nysze\u0301k rendelkezik illete\u0301kesse\u0301ggel.<\/p>\t\t\t\t\t\t\t\t<\/div>\n\t\t\t\t<\/div>\n\t\t\t\t\t<\/div>\n\t\t<\/div>\n\t\t\t\t\t<\/div>\n\t\t<\/section>\n\t\t\t\t<\/div>","protected":false},"excerpt":{"rendered":"<p>Veszpr\u00e9mi F\u0151egyh\u00e1zmegye Adatkezel\u00e9si t\u00e1j\u00e9koztat\u00f3 A szeme\u0301lyes adatok kezele\u0301se a vonatkozo\u0301 jogszaba\u0301lyi elo\u030bi\u0301ra\u0301soknak megfelelo\u030ben to\u0308rte\u0301nik minden olyan biztonsa\u0301gi, technikai e\u0301s szerveze\u0301si inte\u0301zkede\u0301s megte\u0301tele mellett, amely a szeme\u0301lyes adatok biztonsa\u0301ga\u0301t garanta\u0301lja. Weboldalunk [&hellip;]<\/p>\n","protected":false},"author":1,"featured_media":0,"parent":0,"menu_order":0,"comment_status":"closed","ping_status":"open","template":"","meta":{"_acf_changed":false,"_price":"","_stock":"","_tribe_ticket_header":"","_tribe_default_ticket_provider":"","_tribe_ticket_capacity":"0","_ticket_start_date":"","_ticket_end_date":"","_tribe_ticket_show_description":"","_tribe_ticket_show_not_going":false,"_tribe_ticket_use_global_stock":"","_tribe_ticket_global_stock_level":"","_global_stock_mode":"","_global_stock_cap":"","_tribe_rsvp_for_event":"","_tribe_ticket_going_count":"","_tribe_ticket_not_going_count":"","_tribe_tickets_list":"[]","_tribe_ticket_has_attendee_info_fields":false,"footnotes":"","_tec_slr_enabled":"","_tec_slr_layout":""},"class_list":["post-3","page","type-page","status-publish","hentry"],"acf":[],"yoast_head":"<!-- This site is optimized with the Yoast SEO plugin v27.3 - https:\/\/yoast.com\/product\/yoast-seo-wordpress\/ -->\n<title>Adatkezel\u00e9si t\u00e1j\u00e9koztat\u00f3 - Veszpr\u00e9mi \u00c9rseks\u00e9g Turisztikai K\u00f6zpont<\/title>\n<meta name=\"robots\" content=\"index, follow, max-snippet:-1, max-image-preview:large, max-video-preview:-1\" \/>\n<link rel=\"canonical\" href=\"https:\/\/vetk.hu\/en\/adatkezelesi-tajekoztato\/\" \/>\n<meta property=\"og:locale\" content=\"en_GB\" \/>\n<meta property=\"og:type\" content=\"article\" \/>\n<meta property=\"og:title\" content=\"Adatkezel\u00e9si t\u00e1j\u00e9koztat\u00f3 - Veszpr\u00e9mi \u00c9rseks\u00e9g Turisztikai K\u00f6zpont\" \/>\n<meta property=\"og:description\" content=\"Veszpr\u00e9mi F\u0151egyh\u00e1zmegye Adatkezel\u00e9si t\u00e1j\u00e9koztat\u00f3 A szeme\u0301lyes adatok kezele\u0301se a vonatkozo\u0301 jogszaba\u0301lyi elo\u030bi\u0301ra\u0301soknak megfelelo\u030ben to\u0308rte\u0301nik minden olyan biztonsa\u0301gi, technikai e\u0301s szerveze\u0301si inte\u0301zkede\u0301s megte\u0301tele mellett, amely a szeme\u0301lyes adatok biztonsa\u0301ga\u0301t garanta\u0301lja. Weboldalunk [&hellip;]\" \/>\n<meta property=\"og:url\" content=\"https:\/\/vetk.hu\/en\/adatkezelesi-tajekoztato\/\" \/>\n<meta property=\"og:site_name\" content=\"Veszpr\u00e9mi \u00c9rseks\u00e9g Turisztikai K\u00f6zpont\" \/>\n<meta property=\"article:modified_time\" content=\"2025-10-29T12:47:14+00:00\" \/>\n<meta property=\"og:image\" content=\"https:\/\/vetk.hu\/wp-content\/uploads\/2025\/10\/turisztikai_kozpont-002.png\" \/>\n\t<meta property=\"og:image:width\" content=\"1080\" \/>\n\t<meta property=\"og:image:height\" content=\"1080\" \/>\n\t<meta property=\"og:image:type\" content=\"image\/png\" \/>\n<meta name=\"twitter:card\" content=\"summary_large_image\" \/>\n<meta name=\"twitter:label1\" content=\"Estimated reading time\" \/>\n\t<meta name=\"twitter:data1\" content=\"10 minutes\" \/>\n<script type=\"application\/ld+json\" class=\"yoast-schema-graph\">{\"@context\":\"https:\\\/\\\/schema.org\",\"@graph\":[{\"@type\":\"WebPage\",\"@id\":\"https:\\\/\\\/vetk.hu\\\/adatkezelesi-tajekoztato\\\/\",\"url\":\"https:\\\/\\\/vetk.hu\\\/adatkezelesi-tajekoztato\\\/\",\"name\":\"Adatkezel\u00e9si t\u00e1j\u00e9koztat\u00f3 - Veszpr\u00e9mi \u00c9rseks\u00e9g Turisztikai K\u00f6zpont\",\"isPartOf\":{\"@id\":\"https:\\\/\\\/vetk.hu\\\/#website\"},\"datePublished\":\"2023-04-06T14:27:27+00:00\",\"dateModified\":\"2025-10-29T12:47:14+00:00\",\"breadcrumb\":{\"@id\":\"https:\\\/\\\/vetk.hu\\\/adatkezelesi-tajekoztato\\\/#breadcrumb\"},\"inLanguage\":\"en-GB\",\"potentialAction\":[{\"@type\":\"ReadAction\",\"target\":[\"https:\\\/\\\/vetk.hu\\\/adatkezelesi-tajekoztato\\\/\"]}]},{\"@type\":\"BreadcrumbList\",\"@id\":\"https:\\\/\\\/vetk.hu\\\/adatkezelesi-tajekoztato\\\/#breadcrumb\",\"itemListElement\":[{\"@type\":\"ListItem\",\"position\":1,\"name\":\"Home\",\"item\":\"https:\\\/\\\/vetk.hu\\\/\"},{\"@type\":\"ListItem\",\"position\":2,\"name\":\"Adatkezel\u00e9si t\u00e1j\u00e9koztat\u00f3\"}]},{\"@type\":\"WebSite\",\"@id\":\"https:\\\/\\\/vetk.hu\\\/#website\",\"url\":\"https:\\\/\\\/vetk.hu\\\/\",\"name\":\"Veszpr\u00e9mi \u00c9rseki Turisztikai K\u00f6zpont \u2013 Hit, \u00f6r\u00f6ks\u00e9g, \u00e9lm\u00e9ny | vetk.hu\",\"description\":\"\",\"publisher\":{\"@id\":\"https:\\\/\\\/vetk.hu\\\/#organization\"},\"potentialAction\":[{\"@type\":\"SearchAction\",\"target\":{\"@type\":\"EntryPoint\",\"urlTemplate\":\"https:\\\/\\\/vetk.hu\\\/?s={search_term_string}\"},\"query-input\":{\"@type\":\"PropertyValueSpecification\",\"valueRequired\":true,\"valueName\":\"search_term_string\"}}],\"inLanguage\":\"en-GB\"},{\"@type\":\"Organization\",\"@id\":\"https:\\\/\\\/vetk.hu\\\/#organization\",\"name\":\"Veszpr\u00e9mi \u00c9rseki Turisztikai K\u00f6zpont\",\"url\":\"https:\\\/\\\/vetk.hu\\\/\",\"logo\":{\"@type\":\"ImageObject\",\"inLanguage\":\"en-GB\",\"@id\":\"https:\\\/\\\/vetk.hu\\\/#\\\/schema\\\/logo\\\/image\\\/\",\"url\":\"https:\\\/\\\/vetk.hu\\\/wp-content\\\/uploads\\\/2023\\\/04\\\/cropped-Group-3.png\",\"contentUrl\":\"https:\\\/\\\/vetk.hu\\\/wp-content\\\/uploads\\\/2023\\\/04\\\/cropped-Group-3.png\",\"width\":353,\"height\":338,\"caption\":\"Veszpr\u00e9mi \u00c9rseki Turisztikai K\u00f6zpont\"},\"image\":{\"@id\":\"https:\\\/\\\/vetk.hu\\\/#\\\/schema\\\/logo\\\/image\\\/\"}}]}<\/script>\n<!-- \/ Yoast SEO plugin. -->","yoast_head_json":{"title":"Adatkezel\u00e9si t\u00e1j\u00e9koztat\u00f3 - Veszpr\u00e9mi \u00c9rseks\u00e9g Turisztikai K\u00f6zpont","robots":{"index":"index","follow":"follow","max-snippet":"max-snippet:-1","max-image-preview":"max-image-preview:large","max-video-preview":"max-video-preview:-1"},"canonical":"https:\/\/vetk.hu\/en\/adatkezelesi-tajekoztato\/","og_locale":"en_GB","og_type":"article","og_title":"Adatkezel\u00e9si t\u00e1j\u00e9koztat\u00f3 - Veszpr\u00e9mi \u00c9rseks\u00e9g Turisztikai K\u00f6zpont","og_description":"Veszpr\u00e9mi F\u0151egyh\u00e1zmegye Adatkezel\u00e9si t\u00e1j\u00e9koztat\u00f3 A szeme\u0301lyes adatok kezele\u0301se a vonatkozo\u0301 jogszaba\u0301lyi elo\u030bi\u0301ra\u0301soknak megfelelo\u030ben to\u0308rte\u0301nik minden olyan biztonsa\u0301gi, technikai e\u0301s szerveze\u0301si inte\u0301zkede\u0301s megte\u0301tele mellett, amely a szeme\u0301lyes adatok biztonsa\u0301ga\u0301t garanta\u0301lja. Weboldalunk [&hellip;]","og_url":"https:\/\/vetk.hu\/en\/adatkezelesi-tajekoztato\/","og_site_name":"Veszpr\u00e9mi \u00c9rseks\u00e9g Turisztikai K\u00f6zpont","article_modified_time":"2025-10-29T12:47:14+00:00","og_image":[{"width":1080,"height":1080,"url":"https:\/\/vetk.hu\/wp-content\/uploads\/2025\/10\/turisztikai_kozpont-002.png","type":"image\/png"}],"twitter_card":"summary_large_image","twitter_misc":{"Estimated reading time":"10 minutes"},"schema":{"@context":"https:\/\/schema.org","@graph":[{"@type":"WebPage","@id":"https:\/\/vetk.hu\/adatkezelesi-tajekoztato\/","url":"https:\/\/vetk.hu\/adatkezelesi-tajekoztato\/","name":"Adatkezel\u00e9si t\u00e1j\u00e9koztat\u00f3 - Veszpr\u00e9mi \u00c9rseks\u00e9g Turisztikai K\u00f6zpont","isPartOf":{"@id":"https:\/\/vetk.hu\/#website"},"datePublished":"2023-04-06T14:27:27+00:00","dateModified":"2025-10-29T12:47:14+00:00","breadcrumb":{"@id":"https:\/\/vetk.hu\/adatkezelesi-tajekoztato\/#breadcrumb"},"inLanguage":"en-GB","potentialAction":[{"@type":"ReadAction","target":["https:\/\/vetk.hu\/adatkezelesi-tajekoztato\/"]}]},{"@type":"BreadcrumbList","@id":"https:\/\/vetk.hu\/adatkezelesi-tajekoztato\/#breadcrumb","itemListElement":[{"@type":"ListItem","position":1,"name":"Home","item":"https:\/\/vetk.hu\/"},{"@type":"ListItem","position":2,"name":"Adatkezel\u00e9si t\u00e1j\u00e9koztat\u00f3"}]},{"@type":"WebSite","@id":"https:\/\/vetk.hu\/#website","url":"https:\/\/vetk.hu\/","name":"Veszpr\u00e9mi \u00c9rseki Turisztikai K\u00f6zpont \u2013 Hit, \u00f6r\u00f6ks\u00e9g, \u00e9lm\u00e9ny | vetk.hu","description":"","publisher":{"@id":"https:\/\/vetk.hu\/#organization"},"potentialAction":[{"@type":"SearchAction","target":{"@type":"EntryPoint","urlTemplate":"https:\/\/vetk.hu\/?s={search_term_string}"},"query-input":{"@type":"PropertyValueSpecification","valueRequired":true,"valueName":"search_term_string"}}],"inLanguage":"en-GB"},{"@type":"Organization","@id":"https:\/\/vetk.hu\/#organization","name":"Veszpr\u00e9mi \u00c9rseki Turisztikai K\u00f6zpont","url":"https:\/\/vetk.hu\/","logo":{"@type":"ImageObject","inLanguage":"en-GB","@id":"https:\/\/vetk.hu\/#\/schema\/logo\/image\/","url":"https:\/\/vetk.hu\/wp-content\/uploads\/2023\/04\/cropped-Group-3.png","contentUrl":"https:\/\/vetk.hu\/wp-content\/uploads\/2023\/04\/cropped-Group-3.png","width":353,"height":338,"caption":"Veszpr\u00e9mi \u00c9rseki Turisztikai K\u00f6zpont"},"image":{"@id":"https:\/\/vetk.hu\/#\/schema\/logo\/image\/"}}]}},"ticketed":false,"_links":{"self":[{"href":"https:\/\/vetk.hu\/en\/wp-json\/wp\/v2\/pages\/3","targetHints":{"allow":["GET"]}}],"collection":[{"href":"https:\/\/vetk.hu\/en\/wp-json\/wp\/v2\/pages"}],"about":[{"href":"https:\/\/vetk.hu\/en\/wp-json\/wp\/v2\/types\/page"}],"author":[{"embeddable":true,"href":"https:\/\/vetk.hu\/en\/wp-json\/wp\/v2\/users\/1"}],"replies":[{"embeddable":true,"href":"https:\/\/vetk.hu\/en\/wp-json\/wp\/v2\/comments?post=3"}],"version-history":[{"count":15,"href":"https:\/\/vetk.hu\/en\/wp-json\/wp\/v2\/pages\/3\/revisions"}],"predecessor-version":[{"id":5903,"href":"https:\/\/vetk.hu\/en\/wp-json\/wp\/v2\/pages\/3\/revisions\/5903"}],"wp:attachment":[{"href":"https:\/\/vetk.hu\/en\/wp-json\/wp\/v2\/media?parent=3"}],"curies":[{"name":"wp","href":"https:\/\/api.w.org\/{rel}","templated":true}]}}