{"id":664,"date":"2023-05-09T18:23:58","date_gmt":"2023-05-09T16:23:58","guid":{"rendered":"https:\/\/turisztika.dinosprojekt.com\/?page_id=664"},"modified":"2023-05-09T18:29:40","modified_gmt":"2023-05-09T16:29:40","slug":"a-felujitas-5-legerdekesebb-targya","status":"publish","type":"page","link":"https:\/\/vetk.hu\/en\/a-felujitas-5-legerdekesebb-targya\/","title":{"rendered":"A fel\u00faj\u00edt\u00e1s 5 leg\u00e9rdekesebb t\u00e1rgya"},"content":{"rendered":"<div data-elementor-type=\"wp-page\" data-elementor-id=\"664\" class=\"elementor elementor-664\" data-elementor-post-type=\"page\">\n\t\t\t\t\t\t<section class=\"elementor-section elementor-top-section elementor-element elementor-element-363ec0e elementor-section-boxed elementor-section-height-default elementor-section-height-default\" data-id=\"363ec0e\" data-element_type=\"section\" data-e-type=\"section\">\n\t\t\t\t\t\t<div class=\"elementor-container elementor-column-gap-default\">\n\t\t\t\t\t<div class=\"elementor-column elementor-col-50 elementor-top-column elementor-element elementor-element-f2e29d2\" data-id=\"f2e29d2\" data-element_type=\"column\" data-e-type=\"column\">\n\t\t\t<div class=\"elementor-widget-wrap elementor-element-populated\">\n\t\t\t\t\t\t<div class=\"elementor-element elementor-element-c67b281 elementor-widget elementor-widget-text-editor\" data-id=\"c67b281\" data-element_type=\"widget\" data-e-type=\"widget\" data-widget_type=\"text-editor.default\">\n\t\t\t\t<div class=\"elementor-widget-container\">\n\t\t\t\t\t\t\t\t\t<p><b>Szent Mih\u00e1ly F\u0151sz\u00e9kesegyh\u00e1z 112 \u00e9ves id\u0151kapszul\u00e1ja: <\/b><span style=\"font-weight: 400;\">A rekonstrukci\u00f3 sor\u00e1n a szent\u00e9ly jobboldali \u00fcl\u0151f\u00fclk\u00e9je m\u00f6g\u00f6tt egy 1910-ben elhelyezett m\u00e9szk\u0151 urn\u00e1t tal\u00e1ltak a szakemberek 2022 \u0151sz\u00e9n. <\/span><\/p><p><span style=\"font-weight: 400;\">Az urn\u00e1b\u00f3l k\u00e9t id\u0151kapszul\u00e1t emeltek ki, melyet az \u00c9rseki Hivatalban nyitottak ki. Ebben az 1907 \u00e9s 1910 k\u00f6z\u00f6tti fel\u00faj\u00edt\u00e1s ut\u00e1ni felszentel\u00e9s t\u00e9ny\u00e9t r\u00f6gz\u00edt\u0151 dokumentumot tal\u00e1ltak. A le\u00edr\u00e1sban szerepelt a felszentel\u00e9s ideje (1910. okt\u00f3ber 4.), valamint a szertart\u00e1son r\u00e9szt vev\u0151 papok nevei, t\u00f6bbek k\u00f6z\u00f6tt Hornig K\u00e1roly veszpr\u00e9mi p\u00fcsp\u00f6k, Csernoch J\u00e1nos csan\u00e1di p\u00fcsp\u00f6k, Proh\u00e1szka Ottok\u00e1r sz\u00e9kesfeh\u00e9rv\u00e1ri p\u00fcsp\u00f6k \u00e9s Radnai Farkas beszterceb\u00e1nyai p\u00fcsp\u00f6k, illetve a veszpr\u00e9mi sz\u00e9kesk\u00e1ptalan tagjai, p\u00fcsp\u00f6ki titk\u00e1rok, szertart\u00f3k nevei.<\/span><\/p>\t\t\t\t\t\t\t\t<\/div>\n\t\t\t\t<\/div>\n\t\t\t\t\t<\/div>\n\t\t<\/div>\n\t\t\t\t<div class=\"elementor-column elementor-col-50 elementor-top-column elementor-element elementor-element-e8cb645\" data-id=\"e8cb645\" data-element_type=\"column\" data-e-type=\"column\">\n\t\t\t<div class=\"elementor-widget-wrap elementor-element-populated\">\n\t\t\t\t\t\t<div class=\"elementor-element elementor-element-5214110 elementor-widget elementor-widget-image\" data-id=\"5214110\" data-element_type=\"widget\" data-e-type=\"widget\" data-widget_type=\"image.default\">\n\t\t\t\t<div class=\"elementor-widget-container\">\n\t\t\t\t\t\t\t\t\t\t\t\t\t\t\t<img fetchpriority=\"high\" decoding=\"async\" width=\"800\" height=\"450\" src=\"https:\/\/vetk.hu\/wp-content\/uploads\/2023\/05\/12.-Idokapszula-elhelyezese-Szent-Istvan-Templom-03-min-1024x576.jpg\" class=\"attachment-large size-large wp-image-668\" alt=\"\" srcset=\"https:\/\/vetk.hu\/wp-content\/uploads\/2023\/05\/12.-Idokapszula-elhelyezese-Szent-Istvan-Templom-03-min-1024x576.jpg 1024w, https:\/\/vetk.hu\/wp-content\/uploads\/2023\/05\/12.-Idokapszula-elhelyezese-Szent-Istvan-Templom-03-min-300x169.jpg 300w, https:\/\/vetk.hu\/wp-content\/uploads\/2023\/05\/12.-Idokapszula-elhelyezese-Szent-Istvan-Templom-03-min-768x432.jpg 768w, https:\/\/vetk.hu\/wp-content\/uploads\/2023\/05\/12.-Idokapszula-elhelyezese-Szent-Istvan-Templom-03-min-1536x864.jpg 1536w, https:\/\/vetk.hu\/wp-content\/uploads\/2023\/05\/12.-Idokapszula-elhelyezese-Szent-Istvan-Templom-03-min-2048x1152.jpg 2048w\" sizes=\"(max-width: 800px) 100vw, 800px\" \/>\t\t\t\t\t\t\t\t\t\t\t\t\t\t\t<\/div>\n\t\t\t\t<\/div>\n\t\t\t\t\t<\/div>\n\t\t<\/div>\n\t\t\t\t\t<\/div>\n\t\t<\/section>\n\t\t\t\t<section class=\"elementor-section elementor-top-section elementor-element elementor-element-0cdadce elementor-section-boxed elementor-section-height-default elementor-section-height-default\" data-id=\"0cdadce\" data-element_type=\"section\" data-e-type=\"section\">\n\t\t\t\t\t\t<div class=\"elementor-container elementor-column-gap-default\">\n\t\t\t\t\t<div class=\"elementor-column elementor-col-50 elementor-top-column elementor-element elementor-element-807c3d5\" data-id=\"807c3d5\" data-element_type=\"column\" data-e-type=\"column\">\n\t\t\t<div class=\"elementor-widget-wrap elementor-element-populated\">\n\t\t\t\t\t\t<div class=\"elementor-element elementor-element-6b62428 elementor-widget elementor-widget-image\" data-id=\"6b62428\" data-element_type=\"widget\" data-e-type=\"widget\" data-widget_type=\"image.default\">\n\t\t\t\t<div class=\"elementor-widget-container\">\n\t\t\t\t\t\t\t\t\t\t\t\t\t\t\t<img decoding=\"async\" width=\"800\" height=\"600\" src=\"https:\/\/vetk.hu\/wp-content\/uploads\/2023\/05\/Foszekesegyhazban-elhelyezett-idokapszula-1024x768.jpeg\" class=\"attachment-large size-large wp-image-669\" alt=\"\" srcset=\"https:\/\/vetk.hu\/wp-content\/uploads\/2023\/05\/Foszekesegyhazban-elhelyezett-idokapszula-1024x768.jpeg 1024w, https:\/\/vetk.hu\/wp-content\/uploads\/2023\/05\/Foszekesegyhazban-elhelyezett-idokapszula-300x225.jpeg 300w, https:\/\/vetk.hu\/wp-content\/uploads\/2023\/05\/Foszekesegyhazban-elhelyezett-idokapszula-768x576.jpeg 768w, https:\/\/vetk.hu\/wp-content\/uploads\/2023\/05\/Foszekesegyhazban-elhelyezett-idokapszula-1536x1152.jpeg 1536w, https:\/\/vetk.hu\/wp-content\/uploads\/2023\/05\/Foszekesegyhazban-elhelyezett-idokapszula.jpeg 1555w\" sizes=\"(max-width: 800px) 100vw, 800px\" \/>\t\t\t\t\t\t\t\t\t\t\t\t\t\t\t<\/div>\n\t\t\t\t<\/div>\n\t\t\t\t\t<\/div>\n\t\t<\/div>\n\t\t\t\t<div class=\"elementor-column elementor-col-50 elementor-top-column elementor-element elementor-element-b8d244b\" data-id=\"b8d244b\" data-element_type=\"column\" data-e-type=\"column\">\n\t\t\t<div class=\"elementor-widget-wrap elementor-element-populated\">\n\t\t\t\t\t\t<div class=\"elementor-element elementor-element-e50f9ce elementor-widget elementor-widget-text-editor\" data-id=\"e50f9ce\" data-element_type=\"widget\" data-e-type=\"widget\" data-widget_type=\"text-editor.default\">\n\t\t\t\t<div class=\"elementor-widget-container\">\n\t\t\t\t\t\t\t\t\t<p><b>Szent Mih\u00e1ly F\u0151sz\u00e9kesegyh\u00e1zban elhelyezett id\u0151kapszula: <\/b><span style=\"font-weight: 400;\">2023 tavasz\u00e1ra a Szent Mih\u00e1ly F\u0151sz\u00e9kesegyh\u00e1z liturgi\u00e1k megtart\u00e1s\u00e1ra alkalmass\u00e1 v\u00e1lt. A kivitelez\u00e9s ezen szakasz\u00e1nak z\u00e1r\u00e1sak\u00e9nt a kor\u00e1bban tal\u00e1lt id\u0151kapszula mell\u00e9 elhelyezt\u00e9k a jelenkor j\u00f6v\u0151nek sz\u00f3l\u00f3 \u00fczenet\u00e9t.<\/span><\/p><p><span style=\"font-weight: 400;\">Az \u00faj kapszul\u00e1ba helyeztek t\u00f6bbek k\u00f6z\u00f6tt egy EKF kit\u0171z\u0151t, amely a 2023-as \u00e9vben zajl\u00f3 Eur\u00f3pai Kultur\u00e1lis F\u0151v\u00e1ros esem\u00e9nysorozatnak \u00e1ll\u00edt eml\u00e9ket, valamint az \u00e1llatkertet szimboliz\u00e1l\u00f3 \u00e9rm\u00e9t, amelynek \u00fczenete az \u00f6sszefog\u00e1s \u00e9s az, hogy a v\u00e1rnegyed is hasonl\u00f3an fontos turisztikai attrakci\u00f3 lehet a beruh\u00e1z\u00e1st k\u00f6vet\u0151en. <\/span><\/p><p><span style=\"font-weight: 400;\">Egy dokumentum is elhelyez\u00e9sre ker\u00fclt, amely a Veszpr\u00e9m v\u00e1rmegye k\u00f6zigazgat\u00e1si modellj\u00e9t jelen\u00edti meg. <\/span><\/p><p><span style=\"font-weight: 400;\">Ezek mellett helyet kaptak a 2020-2025 k\u00f6z\u00f6tt zajl\u00f3 fel\u00faj\u00edt\u00e1s terveir\u0151l \u00e9s c\u00e9ljair\u00f3l sz\u00f3l\u00f3 okm\u00e1nyok, valamint a szok\u00e1soknak megfelel\u0151en a forgalomban l\u00e9v\u0151 p\u00e9nzek is.<\/span><\/p>\t\t\t\t\t\t\t\t<\/div>\n\t\t\t\t<\/div>\n\t\t\t\t\t<\/div>\n\t\t<\/div>\n\t\t\t\t\t<\/div>\n\t\t<\/section>\n\t\t\t\t<section class=\"elementor-section elementor-top-section elementor-element elementor-element-6d9a664 elementor-section-boxed elementor-section-height-default elementor-section-height-default\" data-id=\"6d9a664\" data-element_type=\"section\" data-e-type=\"section\">\n\t\t\t\t\t\t<div class=\"elementor-container elementor-column-gap-default\">\n\t\t\t\t\t<div class=\"elementor-column elementor-col-100 elementor-top-column elementor-element elementor-element-9a8d489\" data-id=\"9a8d489\" data-element_type=\"column\" data-e-type=\"column\">\n\t\t\t<div class=\"elementor-widget-wrap elementor-element-populated\">\n\t\t\t\t\t\t<div class=\"elementor-element elementor-element-36732e6 elementor-widget elementor-widget-text-editor\" data-id=\"36732e6\" data-element_type=\"widget\" data-e-type=\"widget\" data-widget_type=\"text-editor.default\">\n\t\t\t\t<div class=\"elementor-widget-container\">\n\t\t\t\t\t\t\t\t\t<p><b>S\u00edrleletek a sz\u00e9kesegyh\u00e1z altemplom\u00e1ban: <\/b><span style=\"font-weight: 400;\">Nem sokkal a f\u0151sz\u00e9kesegyh\u00e1z h\u00fasv\u00e9ti nyit\u00e1sa el\u0151tt a beruh\u00e1z\u00e1s keretein bel\u00fcl dolgoz\u00f3 r\u00e9g\u00e9szek 2023 m\u00e1rcius\u00e1ban s\u00edrhelyekre bukkantak az \u00e9p\u00fclet altemplom\u00e1nak \u00e9szakkeleti r\u00e9sz\u00e9n. <\/span><\/p><p><span style=\"font-weight: 400;\">A szikl\u00e1ba v\u00e1jt nyughelyen k\u00e9t csontv\u00e1z fek\u00fcdt nyugalomban. Egyik\u00fck fels\u0151ruh\u00e1zata j\u00f3 \u00e1llapotban maradt meg, amely a 17. sz\u00e1zadi viseletre engedte k\u00f6vetkeztetni a kutat\u00f3kat. Az 1970-es \u00e9vekben hasonl\u00f3 \u00e1sat\u00e1sok sor\u00e1n m\u00e1r tal\u00e1ltak h\u00e1rom s\u00edrhelyet, amelyr\u0151l meg\u00e1llap\u00edtott\u00e1k, hogy Bab\u00f3csay Ferenc egykori v\u00e1rkapit\u00e1ny csal\u00e1dtagjainak s\u00edrhelye. A nemr\u00e9giben tal\u00e1lt csontv\u00e1z fels\u0151ruh\u00e1zata szint\u00e9n arra utal, hogy a v\u00e1rkapit\u00e1ny kor\u00e1b\u00f3l sz\u00e1rmaz\u00f3 szem\u00e9lyek nyugszanak a felt\u00e1rt s\u00edrokban.<\/span><\/p><p><b>\u00c9rseki palota aranykincsei: <\/b><span style=\"font-weight: 400;\">A beruh\u00e1z\u00e1s el\u0151k\u00e9sz\u00edt\u0151 folyamat\u00e1ban a V\u00e1rkapit\u00e1nys\u00e1g r\u00e9g\u00e9szei a statikai viszonyok felder\u00edt\u00e9se sor\u00e1n az \u00c9rseki Palota alatt h\u00faz\u00f3d\u00f3 pincerendszerben a felsz\u00edn al\u00f3l egy arany\u00e9rm\u00e9ket tartalmaz\u00f3, f\u00e9mtetej\u0171 \u00fcveged\u00e9nyt emeltek ki. <\/span><\/p><p><span style=\"font-weight: 400;\">A pr\u00f3bafelt\u00e1r\u00e1son tal\u00e1lt \u00e9rmeegy\u00fcttes vizsg\u00e1lata sor\u00e1n kider\u00fclt, hogy ezek s\u00falyaranyak, vagyis az elrejt\u0151je az \u00e9rt\u00e9ke miatt gy\u0171jt\u00f6tte \u0151ket, valamikor 1890 \u00e9s 1930 k\u00f6z\u00f6tt. A legkor\u00e1bbi darab 1812-es, a legk\u00e9s\u0151bbi pedig 1930-as. Az \u00e9rm\u00e9k j\u00f3 r\u00e9sze francia h\u00faszfrankos, de az 1930-as \u00e9rm\u00e9k k\u00f6zt sv\u00e1jci h\u00faszfrankos is tal\u00e1lhat\u00f3. Az \u00e1br\u00e1zol\u00e1sokon tal\u00e1lkozhatunk Nap\u00f3leon \u00e9s Ferenc J\u00f3zsef arck\u00e9p\u00e9vel is. A 105 darabos gy\u0171jtem\u00e9ny a m\u00fazeum \u00e9s kincst\u00e1r egyik t\u00e1rol\u00f3j\u00e1ban kap majd helyet.<\/span><\/p><p><b>Szent Istv\u00e1n templom id\u0151kapszula: <\/b><span style=\"font-weight: 400;\">A templomtorony tet\u0151szerkezet\u00e9nek fel\u00faj\u00edt\u00e1sa sor\u00e1n az ott dolgoz\u00f3k a kereszt alatti g\u00f6mbben egy id\u0151kapszul\u00e1t tal\u00e1ltak. A kapszul\u00e1t 2022. augusztus 2-\u00e1n nyitott\u00e1k fel az \u00c9rseki Hivatalban. <\/span><span style=\"font-weight: 400;\">A kapszul\u00e1ban tal\u00e1ltak korabeli pap\u00edrp\u00e9nzeket, peng\u0151t, valamint 4 dokumentumot. Az egyik lev\u00e9l Guly\u00e1s Gell\u00e9rt h\u00e1zf\u0151n\u00f6k levele 1946-b\u00f3l, amikor a tornyon l\u00e9v\u0151 keresztet \u00e9s g\u00f6mb\u00f6t elhelyezt\u00e9k. <\/span><\/p><p><span style=\"font-weight: 400;\">A lev\u00e9l mellett megtal\u00e1lt\u00e1k De\u00e1k Szulpic \u00fczenet\u00e9t, valamint a torony jav\u00edt\u00e1s\u00e1t v\u00e9gz\u0151 akkori munk\u00e1sok n\u00e9vsor\u00e1t 1932-b\u0151l. A negyedik iratot csak restaur\u00e1l\u00e1s ut\u00e1n lehet majd elolvasni.\u00a0 A dokumentumok tartalma <\/span><a href=\"https:\/\/www.veszpremiersekseg.hu\/idokapszulat-talaltak\/\"><span style=\"font-weight: 400;\">here<\/span><\/a><span style=\"font-weight: 400;\"> website. <\/span><\/p>\t\t\t\t\t\t\t\t<\/div>\n\t\t\t\t<\/div>\n\t\t\t\t\t<\/div>\n\t\t<\/div>\n\t\t\t\t\t<\/div>\n\t\t<\/section>\n\t\t\t\t<\/div>","protected":false},"excerpt":{"rendered":"<p>Szent Mih\u00e1ly F\u0151sz\u00e9kesegyh\u00e1z 112 \u00e9ves id\u0151kapszul\u00e1ja: A rekonstrukci\u00f3 sor\u00e1n a szent\u00e9ly jobboldali \u00fcl\u0151f\u00fclk\u00e9je m\u00f6g\u00f6tt egy 1910-ben elhelyezett m\u00e9szk\u0151 urn\u00e1t tal\u00e1ltak a szakemberek 2022 \u0151sz\u00e9n. Az urn\u00e1b\u00f3l k\u00e9t id\u0151kapszul\u00e1t emeltek ki, [&hellip;]<\/p>\n","protected":false},"author":1,"featured_media":0,"parent":0,"menu_order":0,"comment_status":"closed","ping_status":"closed","template":"","meta":{"_acf_changed":false,"_price":"","_stock":"","_tribe_ticket_header":"","_tribe_default_ticket_provider":"","_tribe_ticket_capacity":"0","_ticket_start_date":"","_ticket_end_date":"","_tribe_ticket_show_description":"","_tribe_ticket_show_not_going":false,"_tribe_ticket_use_global_stock":"","_tribe_ticket_global_stock_level":"","_global_stock_mode":"","_global_stock_cap":"","_tribe_rsvp_for_event":"","_tribe_ticket_going_count":"","_tribe_ticket_not_going_count":"","_tribe_tickets_list":"[]","_tribe_ticket_has_attendee_info_fields":false,"footnotes":"","_tec_slr_enabled":"","_tec_slr_layout":""},"class_list":["post-664","page","type-page","status-publish","hentry"],"acf":[],"yoast_head":"<!-- This site is optimized with the Yoast SEO plugin v27.3 - https:\/\/yoast.com\/product\/yoast-seo-wordpress\/ -->\n<title>A fel\u00faj\u00edt\u00e1s 5 leg\u00e9rdekesebb t\u00e1rgya - Veszpr\u00e9mi \u00c9rseks\u00e9g Turisztikai K\u00f6zpont<\/title>\n<meta name=\"robots\" content=\"index, follow, max-snippet:-1, max-image-preview:large, max-video-preview:-1\" \/>\n<link rel=\"canonical\" href=\"https:\/\/vetk.hu\/en\/a-felujitas-5-legerdekesebb-targya\/\" \/>\n<meta property=\"og:locale\" content=\"en_GB\" \/>\n<meta property=\"og:type\" content=\"article\" \/>\n<meta property=\"og:title\" content=\"A fel\u00faj\u00edt\u00e1s 5 leg\u00e9rdekesebb t\u00e1rgya - Veszpr\u00e9mi \u00c9rseks\u00e9g Turisztikai K\u00f6zpont\" \/>\n<meta property=\"og:description\" content=\"Szent Mih\u00e1ly F\u0151sz\u00e9kesegyh\u00e1z 112 \u00e9ves id\u0151kapszul\u00e1ja: A rekonstrukci\u00f3 sor\u00e1n a szent\u00e9ly jobboldali \u00fcl\u0151f\u00fclk\u00e9je m\u00f6g\u00f6tt egy 1910-ben elhelyezett m\u00e9szk\u0151 urn\u00e1t tal\u00e1ltak a szakemberek 2022 \u0151sz\u00e9n. Az urn\u00e1b\u00f3l k\u00e9t id\u0151kapszul\u00e1t emeltek ki, [&hellip;]\" \/>\n<meta property=\"og:url\" content=\"https:\/\/vetk.hu\/en\/a-felujitas-5-legerdekesebb-targya\/\" \/>\n<meta property=\"og:site_name\" content=\"Veszpr\u00e9mi \u00c9rseks\u00e9g Turisztikai K\u00f6zpont\" \/>\n<meta property=\"article:modified_time\" content=\"2023-05-09T16:29:40+00:00\" \/>\n<meta property=\"og:image\" content=\"http:\/\/vetk.hu\/wp-content\/uploads\/2023\/05\/12.-Idokapszula-elhelyezese-Szent-Istvan-Templom-03-min-1024x576.jpg\" \/>\n<meta name=\"twitter:card\" content=\"summary_large_image\" \/>\n<meta name=\"twitter:label1\" content=\"Estimated reading time\" \/>\n\t<meta name=\"twitter:data1\" content=\"4 minutes\" \/>\n<script type=\"application\/ld+json\" class=\"yoast-schema-graph\">{\"@context\":\"https:\\\/\\\/schema.org\",\"@graph\":[{\"@type\":\"WebPage\",\"@id\":\"https:\\\/\\\/vetk.hu\\\/a-felujitas-5-legerdekesebb-targya\\\/\",\"url\":\"https:\\\/\\\/vetk.hu\\\/a-felujitas-5-legerdekesebb-targya\\\/\",\"name\":\"A fel\u00faj\u00edt\u00e1s 5 leg\u00e9rdekesebb t\u00e1rgya - Veszpr\u00e9mi \u00c9rseks\u00e9g Turisztikai K\u00f6zpont\",\"isPartOf\":{\"@id\":\"https:\\\/\\\/vetk.hu\\\/#website\"},\"primaryImageOfPage\":{\"@id\":\"https:\\\/\\\/vetk.hu\\\/a-felujitas-5-legerdekesebb-targya\\\/#primaryimage\"},\"image\":{\"@id\":\"https:\\\/\\\/vetk.hu\\\/a-felujitas-5-legerdekesebb-targya\\\/#primaryimage\"},\"thumbnailUrl\":\"http:\\\/\\\/vetk.hu\\\/wp-content\\\/uploads\\\/2023\\\/05\\\/12.-Idokapszula-elhelyezese-Szent-Istvan-Templom-03-min-1024x576.jpg\",\"datePublished\":\"2023-05-09T16:23:58+00:00\",\"dateModified\":\"2023-05-09T16:29:40+00:00\",\"breadcrumb\":{\"@id\":\"https:\\\/\\\/vetk.hu\\\/a-felujitas-5-legerdekesebb-targya\\\/#breadcrumb\"},\"inLanguage\":\"en-GB\",\"potentialAction\":[{\"@type\":\"ReadAction\",\"target\":[\"https:\\\/\\\/vetk.hu\\\/a-felujitas-5-legerdekesebb-targya\\\/\"]}]},{\"@type\":\"ImageObject\",\"inLanguage\":\"en-GB\",\"@id\":\"https:\\\/\\\/vetk.hu\\\/a-felujitas-5-legerdekesebb-targya\\\/#primaryimage\",\"url\":\"http:\\\/\\\/vetk.hu\\\/wp-content\\\/uploads\\\/2023\\\/05\\\/12.-Idokapszula-elhelyezese-Szent-Istvan-Templom-03-min-1024x576.jpg\",\"contentUrl\":\"http:\\\/\\\/vetk.hu\\\/wp-content\\\/uploads\\\/2023\\\/05\\\/12.-Idokapszula-elhelyezese-Szent-Istvan-Templom-03-min-1024x576.jpg\"},{\"@type\":\"BreadcrumbList\",\"@id\":\"https:\\\/\\\/vetk.hu\\\/a-felujitas-5-legerdekesebb-targya\\\/#breadcrumb\",\"itemListElement\":[{\"@type\":\"ListItem\",\"position\":1,\"name\":\"Home\",\"item\":\"https:\\\/\\\/vetk.hu\\\/\"},{\"@type\":\"ListItem\",\"position\":2,\"name\":\"A fel\u00faj\u00edt\u00e1s 5 leg\u00e9rdekesebb t\u00e1rgya\"}]},{\"@type\":\"WebSite\",\"@id\":\"https:\\\/\\\/vetk.hu\\\/#website\",\"url\":\"https:\\\/\\\/vetk.hu\\\/\",\"name\":\"Veszpr\u00e9mi \u00c9rseki Turisztikai K\u00f6zpont \u2013 Hit, \u00f6r\u00f6ks\u00e9g, \u00e9lm\u00e9ny | vetk.hu\",\"description\":\"\",\"publisher\":{\"@id\":\"https:\\\/\\\/vetk.hu\\\/#organization\"},\"potentialAction\":[{\"@type\":\"SearchAction\",\"target\":{\"@type\":\"EntryPoint\",\"urlTemplate\":\"https:\\\/\\\/vetk.hu\\\/?s={search_term_string}\"},\"query-input\":{\"@type\":\"PropertyValueSpecification\",\"valueRequired\":true,\"valueName\":\"search_term_string\"}}],\"inLanguage\":\"en-GB\"},{\"@type\":\"Organization\",\"@id\":\"https:\\\/\\\/vetk.hu\\\/#organization\",\"name\":\"Veszpr\u00e9mi \u00c9rseki Turisztikai K\u00f6zpont\",\"url\":\"https:\\\/\\\/vetk.hu\\\/\",\"logo\":{\"@type\":\"ImageObject\",\"inLanguage\":\"en-GB\",\"@id\":\"https:\\\/\\\/vetk.hu\\\/#\\\/schema\\\/logo\\\/image\\\/\",\"url\":\"https:\\\/\\\/vetk.hu\\\/wp-content\\\/uploads\\\/2023\\\/04\\\/cropped-Group-3.png\",\"contentUrl\":\"https:\\\/\\\/vetk.hu\\\/wp-content\\\/uploads\\\/2023\\\/04\\\/cropped-Group-3.png\",\"width\":353,\"height\":338,\"caption\":\"Veszpr\u00e9mi \u00c9rseki Turisztikai K\u00f6zpont\"},\"image\":{\"@id\":\"https:\\\/\\\/vetk.hu\\\/#\\\/schema\\\/logo\\\/image\\\/\"}}]}<\/script>\n<!-- \/ Yoast SEO plugin. -->","yoast_head_json":{"title":"A fel\u00faj\u00edt\u00e1s 5 leg\u00e9rdekesebb t\u00e1rgya - Veszpr\u00e9mi \u00c9rseks\u00e9g Turisztikai K\u00f6zpont","robots":{"index":"index","follow":"follow","max-snippet":"max-snippet:-1","max-image-preview":"max-image-preview:large","max-video-preview":"max-video-preview:-1"},"canonical":"https:\/\/vetk.hu\/en\/a-felujitas-5-legerdekesebb-targya\/","og_locale":"en_GB","og_type":"article","og_title":"A fel\u00faj\u00edt\u00e1s 5 leg\u00e9rdekesebb t\u00e1rgya - Veszpr\u00e9mi \u00c9rseks\u00e9g Turisztikai K\u00f6zpont","og_description":"Szent Mih\u00e1ly F\u0151sz\u00e9kesegyh\u00e1z 112 \u00e9ves id\u0151kapszul\u00e1ja: A rekonstrukci\u00f3 sor\u00e1n a szent\u00e9ly jobboldali \u00fcl\u0151f\u00fclk\u00e9je m\u00f6g\u00f6tt egy 1910-ben elhelyezett m\u00e9szk\u0151 urn\u00e1t tal\u00e1ltak a szakemberek 2022 \u0151sz\u00e9n. Az urn\u00e1b\u00f3l k\u00e9t id\u0151kapszul\u00e1t emeltek ki, [&hellip;]","og_url":"https:\/\/vetk.hu\/en\/a-felujitas-5-legerdekesebb-targya\/","og_site_name":"Veszpr\u00e9mi \u00c9rseks\u00e9g Turisztikai K\u00f6zpont","article_modified_time":"2023-05-09T16:29:40+00:00","og_image":[{"url":"http:\/\/vetk.hu\/wp-content\/uploads\/2023\/05\/12.-Idokapszula-elhelyezese-Szent-Istvan-Templom-03-min-1024x576.jpg","type":"","width":"","height":""}],"twitter_card":"summary_large_image","twitter_misc":{"Estimated reading time":"4 minutes"},"schema":{"@context":"https:\/\/schema.org","@graph":[{"@type":"WebPage","@id":"https:\/\/vetk.hu\/a-felujitas-5-legerdekesebb-targya\/","url":"https:\/\/vetk.hu\/a-felujitas-5-legerdekesebb-targya\/","name":"A fel\u00faj\u00edt\u00e1s 5 leg\u00e9rdekesebb t\u00e1rgya - Veszpr\u00e9mi \u00c9rseks\u00e9g Turisztikai K\u00f6zpont","isPartOf":{"@id":"https:\/\/vetk.hu\/#website"},"primaryImageOfPage":{"@id":"https:\/\/vetk.hu\/a-felujitas-5-legerdekesebb-targya\/#primaryimage"},"image":{"@id":"https:\/\/vetk.hu\/a-felujitas-5-legerdekesebb-targya\/#primaryimage"},"thumbnailUrl":"http:\/\/vetk.hu\/wp-content\/uploads\/2023\/05\/12.-Idokapszula-elhelyezese-Szent-Istvan-Templom-03-min-1024x576.jpg","datePublished":"2023-05-09T16:23:58+00:00","dateModified":"2023-05-09T16:29:40+00:00","breadcrumb":{"@id":"https:\/\/vetk.hu\/a-felujitas-5-legerdekesebb-targya\/#breadcrumb"},"inLanguage":"en-GB","potentialAction":[{"@type":"ReadAction","target":["https:\/\/vetk.hu\/a-felujitas-5-legerdekesebb-targya\/"]}]},{"@type":"ImageObject","inLanguage":"en-GB","@id":"https:\/\/vetk.hu\/a-felujitas-5-legerdekesebb-targya\/#primaryimage","url":"http:\/\/vetk.hu\/wp-content\/uploads\/2023\/05\/12.-Idokapszula-elhelyezese-Szent-Istvan-Templom-03-min-1024x576.jpg","contentUrl":"http:\/\/vetk.hu\/wp-content\/uploads\/2023\/05\/12.-Idokapszula-elhelyezese-Szent-Istvan-Templom-03-min-1024x576.jpg"},{"@type":"BreadcrumbList","@id":"https:\/\/vetk.hu\/a-felujitas-5-legerdekesebb-targya\/#breadcrumb","itemListElement":[{"@type":"ListItem","position":1,"name":"Home","item":"https:\/\/vetk.hu\/"},{"@type":"ListItem","position":2,"name":"A fel\u00faj\u00edt\u00e1s 5 leg\u00e9rdekesebb t\u00e1rgya"}]},{"@type":"WebSite","@id":"https:\/\/vetk.hu\/#website","url":"https:\/\/vetk.hu\/","name":"Veszpr\u00e9mi \u00c9rseki Turisztikai K\u00f6zpont \u2013 Hit, \u00f6r\u00f6ks\u00e9g, \u00e9lm\u00e9ny | vetk.hu","description":"","publisher":{"@id":"https:\/\/vetk.hu\/#organization"},"potentialAction":[{"@type":"SearchAction","target":{"@type":"EntryPoint","urlTemplate":"https:\/\/vetk.hu\/?s={search_term_string}"},"query-input":{"@type":"PropertyValueSpecification","valueRequired":true,"valueName":"search_term_string"}}],"inLanguage":"en-GB"},{"@type":"Organization","@id":"https:\/\/vetk.hu\/#organization","name":"Veszpr\u00e9mi \u00c9rseki Turisztikai K\u00f6zpont","url":"https:\/\/vetk.hu\/","logo":{"@type":"ImageObject","inLanguage":"en-GB","@id":"https:\/\/vetk.hu\/#\/schema\/logo\/image\/","url":"https:\/\/vetk.hu\/wp-content\/uploads\/2023\/04\/cropped-Group-3.png","contentUrl":"https:\/\/vetk.hu\/wp-content\/uploads\/2023\/04\/cropped-Group-3.png","width":353,"height":338,"caption":"Veszpr\u00e9mi \u00c9rseki Turisztikai K\u00f6zpont"},"image":{"@id":"https:\/\/vetk.hu\/#\/schema\/logo\/image\/"}}]}},"ticketed":false,"_links":{"self":[{"href":"https:\/\/vetk.hu\/en\/wp-json\/wp\/v2\/pages\/664","targetHints":{"allow":["GET"]}}],"collection":[{"href":"https:\/\/vetk.hu\/en\/wp-json\/wp\/v2\/pages"}],"about":[{"href":"https:\/\/vetk.hu\/en\/wp-json\/wp\/v2\/types\/page"}],"author":[{"embeddable":true,"href":"https:\/\/vetk.hu\/en\/wp-json\/wp\/v2\/users\/1"}],"replies":[{"embeddable":true,"href":"https:\/\/vetk.hu\/en\/wp-json\/wp\/v2\/comments?post=664"}],"version-history":[{"count":6,"href":"https:\/\/vetk.hu\/en\/wp-json\/wp\/v2\/pages\/664\/revisions"}],"predecessor-version":[{"id":675,"href":"https:\/\/vetk.hu\/en\/wp-json\/wp\/v2\/pages\/664\/revisions\/675"}],"wp:attachment":[{"href":"https:\/\/vetk.hu\/en\/wp-json\/wp\/v2\/media?parent=664"}],"curies":[{"name":"wp","href":"https:\/\/api.w.org\/{rel}","templated":true}]}}