{"id":676,"date":"2023-05-09T18:30:33","date_gmt":"2023-05-09T16:30:33","guid":{"rendered":"https:\/\/turisztika.dinosprojekt.com\/?page_id=676"},"modified":"2023-05-09T18:34:08","modified_gmt":"2023-05-09T16:34:08","slug":"a-szekesegyhaz-5-legerdekesebb-latnivaloja","status":"publish","type":"page","link":"https:\/\/vetk.hu\/en\/a-szekesegyhaz-5-legerdekesebb-latnivaloja\/","title":{"rendered":"A sz\u00e9kesegyh\u00e1z 5 leg\u00e9rdekesebb l\u00e1tnival\u00f3ja"},"content":{"rendered":"<div data-elementor-type=\"wp-page\" data-elementor-id=\"676\" class=\"elementor elementor-676\" data-elementor-post-type=\"page\">\n\t\t\t\t\t\t<section class=\"elementor-section elementor-top-section elementor-element elementor-element-31c1b74 elementor-section-boxed elementor-section-height-default elementor-section-height-default\" data-id=\"31c1b74\" data-element_type=\"section\" data-e-type=\"section\">\n\t\t\t\t\t\t<div class=\"elementor-container elementor-column-gap-default\">\n\t\t\t\t\t<div class=\"elementor-column elementor-col-50 elementor-top-column elementor-element elementor-element-222c632\" data-id=\"222c632\" data-element_type=\"column\" data-e-type=\"column\">\n\t\t\t<div class=\"elementor-widget-wrap elementor-element-populated\">\n\t\t\t\t\t\t<div class=\"elementor-element elementor-element-809b1db elementor-widget elementor-widget-text-editor\" data-id=\"809b1db\" data-element_type=\"widget\" data-e-type=\"widget\" data-widget_type=\"text-editor.default\">\n\t\t\t\t<div class=\"elementor-widget-container\">\n\t\t\t\t\t\t\t\t\t<p><b>Szent Mih\u00e1ly \u00fcvegablak \u00e1br\u00e1zol\u00e1s:<\/b><span style=\"font-weight: 400;\"> a szent\u00e9lyben helyet kap\u00f3 \u00fcvegablak Szent Mih\u00e1ly figur\u00e1j\u00e1t \u00e1br\u00e1zolja. A templom v\u00e9d\u0151szentj\u00e9nek alakj\u00e1t ov\u00e1lis dicsf\u00e9ny emeli ki. A k\u00e9k \u00e9gbolt felett lebeg\u0151 alak egyik kez\u00e9ben l\u00e1ngpallost tart hirdetve, hogy legy\u0151zte Lucifert, a fell\u00e1zadt angyalok vez\u00e9r\u00e9t. A m\u00e1sik kez\u00e9ben pajzs van. Az eredeti \u00fcvegablak Waltherr Gida alkot\u00e1sa a 20. sz\u00e1zad elej\u00e9r\u0151l, amely a II. vil\u00e1gh\u00e1bor\u00fa alatt s\u00falyosan megs\u00e9r\u00fclt, de dokumentumok alapj\u00e1n siker\u00fclt az eredeti st\u00edlusban \u00faj \u00f3lomablakokat elhelyezni. <\/span><\/p><p><b>A szent\u00e9ly \u00fcvegablakai<\/b><span style=\"font-weight: 400;\">: A Szent Mih\u00e1lyt \u00e1br\u00e1zol\u00f3 \u00fcvegablakok mellett tov\u00e1bbi \u00fcvegablakok is Waltherr Gida sz\u00e1zadel\u0151s alkot\u00e1sainak mot\u00edvum- \u00e9s formavil\u00e1g\u00e1ra hangolva k\u00e9sz\u00fcltek. Az eredeti alkot\u00e1sok a II. vil\u00e1gh\u00e1bor\u00faban s\u00e9r\u00fcltek meg, melyekhez hasonl\u00f3, sz\u00ednes alkot\u00e1sok a jelenleg is foly\u00f3 fel\u00faj\u00edt\u00e1snak k\u00f6sz\u00f6nhet\u0151en k\u00e9sz\u00fcltek el. Ezeken fel\u00fcl egy kilenc elemb\u0151l \u00e1ll\u00f3 r\u00f3zsaablak kompoz\u00edci\u00f3 is tal\u00e1lhat\u00f3 a templomban.<\/span><\/p><p><b>Olt\u00e1r: <\/b><span style=\"font-weight: 400;\">A jelenlegi nagy beruh\u00e1z\u00e1s eredm\u00e9nyek\u00e9nt a sz\u00e9kesegyh\u00e1z olt\u00e1ra is meg\u00fajult. Az \u00faj olt\u00e1rt, az amb\u00f3val, a szenteltv\u00edztart\u00f3val \u00e9s a tabern\u00e1kulummal egy\u00fctt egyetlen hatalmas k\u0151t\u00f6mbb\u0151l faragt\u00e1k ki. Az \u00f6ttonn\u00e1s \u00f3nix t\u00f6mb\u00f6t, amelyb\u0151l elk\u00e9sz\u00fcltek az alkot\u00e1sok Olaszorsz\u00e1gban, Veron\u00e1ban v\u00e1lasztott\u00e1k ki. Az elk\u00e9sz\u00fclt olt\u00e1r s\u00falya 1,2 tonna, mely miatt az \u00e9p\u00edt\u00e9szek a szent\u00e9lyf\u00f6d\u00e9met is meger\u0151s\u00edtett\u00e9k, hogy biztos\u00edts\u00e1k az altemplom szerkezeti \u00e9ps\u00e9g\u00e9t.<\/span><\/p><p><b>Orgona:<\/b><span style=\"font-weight: 400;\"> A 2021 \u00f3ta foly\u00f3 munk\u00e1latok egyik els\u0151 l\u00e9p\u00e9sek\u00e9nt a f\u0151sz\u00e9kesegyh\u00e1zban tal\u00e1lhat\u00f3 orgona fel\u00faj\u00edt\u00e1s\u00e1t \u00e9s b\u0151v\u00edt\u00e9s\u00e9t is elkezdt\u00e9k. A hangszer elk\u00e9sz\u00edt\u00e9se t\u00f6bb, mint 17 ezer munka\u00f3r\u00e1t vett ig\u00e9nybe \u00e9s volt olyan id\u0151szak, amikor 50 ember is dolgozott rajta. A munka eredm\u00e9nyek\u00e9nt 2023 tavasz\u00e1ra m\u00e1r visszaker\u00fclt eredeti hely\u00e9re. Az \u00e9p\u00fclethez m\u00e9lt\u00f3, hatalmas hangszert k\u00f6zel 2500 s\u00edp sz\u00f3laltatja meg, mely lehet\u0151s\u00e9get biztos\u00edt sz\u00ednes \u00e9s v\u00e1ltozatos el\u0151ad\u00e1sokhoz. A legnagyobb s\u00edp m\u00e9rete 5,2 m\u00e9ter, a legkisebb\u00e9 3,5 millim\u00e9ter.<\/span><\/p><p><b>Pad\u00e1nyi Bir\u00f3 M\u00e1rton szarkof\u00e1gja<\/b><span style=\"font-weight: 400;\">: A g\u00f3tikus st\u00edlusban \u00e9p\u00fclt altemplomban t\u00f6bb p\u00fcsp\u00f6knek is \u00e1ll eml\u00e9ke. T\u00f6bbek k\u00f6z\u00f6tt itt tal\u00e1lhat\u00f3 Beriszl\u00f3 P\u00e9ter 1520-ban a t\u00f6r\u00f6k elleni harcban elesett p\u00fcsp\u00f6k, valamint B\u00e1n\u00e1ss L\u00e1szl\u00f3 p\u00fcsp\u00f6k (1946 \u2013 1949) s\u00edrlapja. Emellett az altemplomb\u00f3l ny\u00edl\u00f3 k\u00e1poln\u00e1ban tal\u00e1lhat\u00f3 Pad\u00e1nyi Bir\u00f3 M\u00e1rton p\u00fcsp\u00f6k (1745 \u2013 1762) barokk szarkof\u00e1gja, melyben hamvait is \u0151rzik.\u00a0 <\/span><\/p>\t\t\t\t\t\t\t\t<\/div>\n\t\t\t\t<\/div>\n\t\t\t\t\t<\/div>\n\t\t<\/div>\n\t\t\t\t<div class=\"elementor-column elementor-col-50 elementor-top-column elementor-element elementor-element-7415aca\" data-id=\"7415aca\" data-element_type=\"column\" data-e-type=\"column\">\n\t\t\t<div class=\"elementor-widget-wrap elementor-element-populated\">\n\t\t\t\t\t\t<div class=\"elementor-element elementor-element-0a71bdb elementor-widget__width-initial elementor-widget elementor-widget-image\" data-id=\"0a71bdb\" data-element_type=\"widget\" data-e-type=\"widget\" data-widget_type=\"image.default\">\n\t\t\t\t<div class=\"elementor-widget-container\">\n\t\t\t\t\t\t\t\t\t\t\t\t\t\t\t<img fetchpriority=\"high\" decoding=\"async\" width=\"290\" height=\"1024\" src=\"https:\/\/vetk.hu\/wp-content\/uploads\/2023\/05\/Szent-Mihaly-uvegablak-290x1024.jpg\" class=\"attachment-large size-large wp-image-680\" alt=\"\" srcset=\"https:\/\/vetk.hu\/wp-content\/uploads\/2023\/05\/Szent-Mihaly-uvegablak-290x1024.jpg 290w, https:\/\/vetk.hu\/wp-content\/uploads\/2023\/05\/Szent-Mihaly-uvegablak-85x300.jpg 85w, https:\/\/vetk.hu\/wp-content\/uploads\/2023\/05\/Szent-Mihaly-uvegablak-scaled.jpg 726w\" sizes=\"(max-width: 290px) 100vw, 290px\" \/>\t\t\t\t\t\t\t\t\t\t\t\t\t\t\t<\/div>\n\t\t\t\t<\/div>\n\t\t\t\t\t<\/div>\n\t\t<\/div>\n\t\t\t\t\t<\/div>\n\t\t<\/section>\n\t\t\t\t<\/div>","protected":false},"excerpt":{"rendered":"<p>Szent Mih\u00e1ly \u00fcvegablak \u00e1br\u00e1zol\u00e1s: a szent\u00e9lyben helyet kap\u00f3 \u00fcvegablak Szent Mih\u00e1ly figur\u00e1j\u00e1t \u00e1br\u00e1zolja. A templom v\u00e9d\u0151szentj\u00e9nek alakj\u00e1t ov\u00e1lis dicsf\u00e9ny emeli ki. A k\u00e9k \u00e9gbolt felett lebeg\u0151 alak egyik kez\u00e9ben l\u00e1ngpallost [&hellip;]<\/p>\n","protected":false},"author":1,"featured_media":0,"parent":0,"menu_order":0,"comment_status":"closed","ping_status":"closed","template":"","meta":{"_acf_changed":false,"_price":"","_stock":"","_tribe_ticket_header":"","_tribe_default_ticket_provider":"","_tribe_ticket_capacity":"0","_ticket_start_date":"","_ticket_end_date":"","_tribe_ticket_show_description":"","_tribe_ticket_show_not_going":false,"_tribe_ticket_use_global_stock":"","_tribe_ticket_global_stock_level":"","_global_stock_mode":"","_global_stock_cap":"","_tribe_rsvp_for_event":"","_tribe_ticket_going_count":"","_tribe_ticket_not_going_count":"","_tribe_tickets_list":"[]","_tribe_ticket_has_attendee_info_fields":false,"footnotes":"","_tec_slr_enabled":"","_tec_slr_layout":""},"class_list":["post-676","page","type-page","status-publish","hentry"],"acf":[],"yoast_head":"<!-- This site is optimized with the Yoast SEO plugin v27.3 - https:\/\/yoast.com\/product\/yoast-seo-wordpress\/ -->\n<title>A sz\u00e9kesegyh\u00e1z 5 leg\u00e9rdekesebb l\u00e1tnival\u00f3ja - Veszpr\u00e9mi \u00c9rseks\u00e9g Turisztikai K\u00f6zpont<\/title>\n<meta name=\"robots\" content=\"index, follow, max-snippet:-1, max-image-preview:large, max-video-preview:-1\" \/>\n<link rel=\"canonical\" href=\"https:\/\/vetk.hu\/en\/a-szekesegyhaz-5-legerdekesebb-latnivaloja\/\" \/>\n<meta property=\"og:locale\" content=\"en_GB\" \/>\n<meta property=\"og:type\" content=\"article\" \/>\n<meta property=\"og:title\" content=\"A sz\u00e9kesegyh\u00e1z 5 leg\u00e9rdekesebb l\u00e1tnival\u00f3ja - Veszpr\u00e9mi \u00c9rseks\u00e9g Turisztikai K\u00f6zpont\" \/>\n<meta property=\"og:description\" content=\"Szent Mih\u00e1ly \u00fcvegablak \u00e1br\u00e1zol\u00e1s: a szent\u00e9lyben helyet kap\u00f3 \u00fcvegablak Szent Mih\u00e1ly figur\u00e1j\u00e1t \u00e1br\u00e1zolja. A templom v\u00e9d\u0151szentj\u00e9nek alakj\u00e1t ov\u00e1lis dicsf\u00e9ny emeli ki. A k\u00e9k \u00e9gbolt felett lebeg\u0151 alak egyik kez\u00e9ben l\u00e1ngpallost [&hellip;]\" \/>\n<meta property=\"og:url\" content=\"https:\/\/vetk.hu\/en\/a-szekesegyhaz-5-legerdekesebb-latnivaloja\/\" \/>\n<meta property=\"og:site_name\" content=\"Veszpr\u00e9mi \u00c9rseks\u00e9g Turisztikai K\u00f6zpont\" \/>\n<meta property=\"article:modified_time\" content=\"2023-05-09T16:34:08+00:00\" \/>\n<meta property=\"og:image\" content=\"http:\/\/vetk.hu\/wp-content\/uploads\/2023\/05\/Szent-Mihaly-uvegablak-290x1024.jpg\" \/>\n<meta name=\"twitter:card\" content=\"summary_large_image\" \/>\n<meta name=\"twitter:label1\" content=\"Estimated reading time\" \/>\n\t<meta name=\"twitter:data1\" content=\"2 minutes\" \/>\n<script type=\"application\/ld+json\" class=\"yoast-schema-graph\">{\"@context\":\"https:\\\/\\\/schema.org\",\"@graph\":[{\"@type\":\"WebPage\",\"@id\":\"https:\\\/\\\/vetk.hu\\\/a-szekesegyhaz-5-legerdekesebb-latnivaloja\\\/\",\"url\":\"https:\\\/\\\/vetk.hu\\\/a-szekesegyhaz-5-legerdekesebb-latnivaloja\\\/\",\"name\":\"A sz\u00e9kesegyh\u00e1z 5 leg\u00e9rdekesebb l\u00e1tnival\u00f3ja - Veszpr\u00e9mi \u00c9rseks\u00e9g Turisztikai K\u00f6zpont\",\"isPartOf\":{\"@id\":\"https:\\\/\\\/vetk.hu\\\/#website\"},\"primaryImageOfPage\":{\"@id\":\"https:\\\/\\\/vetk.hu\\\/a-szekesegyhaz-5-legerdekesebb-latnivaloja\\\/#primaryimage\"},\"image\":{\"@id\":\"https:\\\/\\\/vetk.hu\\\/a-szekesegyhaz-5-legerdekesebb-latnivaloja\\\/#primaryimage\"},\"thumbnailUrl\":\"http:\\\/\\\/vetk.hu\\\/wp-content\\\/uploads\\\/2023\\\/05\\\/Szent-Mihaly-uvegablak-290x1024.jpg\",\"datePublished\":\"2023-05-09T16:30:33+00:00\",\"dateModified\":\"2023-05-09T16:34:08+00:00\",\"breadcrumb\":{\"@id\":\"https:\\\/\\\/vetk.hu\\\/a-szekesegyhaz-5-legerdekesebb-latnivaloja\\\/#breadcrumb\"},\"inLanguage\":\"en-GB\",\"potentialAction\":[{\"@type\":\"ReadAction\",\"target\":[\"https:\\\/\\\/vetk.hu\\\/a-szekesegyhaz-5-legerdekesebb-latnivaloja\\\/\"]}]},{\"@type\":\"ImageObject\",\"inLanguage\":\"en-GB\",\"@id\":\"https:\\\/\\\/vetk.hu\\\/a-szekesegyhaz-5-legerdekesebb-latnivaloja\\\/#primaryimage\",\"url\":\"http:\\\/\\\/vetk.hu\\\/wp-content\\\/uploads\\\/2023\\\/05\\\/Szent-Mihaly-uvegablak-290x1024.jpg\",\"contentUrl\":\"http:\\\/\\\/vetk.hu\\\/wp-content\\\/uploads\\\/2023\\\/05\\\/Szent-Mihaly-uvegablak-290x1024.jpg\"},{\"@type\":\"BreadcrumbList\",\"@id\":\"https:\\\/\\\/vetk.hu\\\/a-szekesegyhaz-5-legerdekesebb-latnivaloja\\\/#breadcrumb\",\"itemListElement\":[{\"@type\":\"ListItem\",\"position\":1,\"name\":\"Home\",\"item\":\"https:\\\/\\\/vetk.hu\\\/\"},{\"@type\":\"ListItem\",\"position\":2,\"name\":\"A sz\u00e9kesegyh\u00e1z 5 leg\u00e9rdekesebb l\u00e1tnival\u00f3ja\"}]},{\"@type\":\"WebSite\",\"@id\":\"https:\\\/\\\/vetk.hu\\\/#website\",\"url\":\"https:\\\/\\\/vetk.hu\\\/\",\"name\":\"Veszpr\u00e9mi \u00c9rseki Turisztikai K\u00f6zpont \u2013 Hit, \u00f6r\u00f6ks\u00e9g, \u00e9lm\u00e9ny | vetk.hu\",\"description\":\"\",\"publisher\":{\"@id\":\"https:\\\/\\\/vetk.hu\\\/#organization\"},\"potentialAction\":[{\"@type\":\"SearchAction\",\"target\":{\"@type\":\"EntryPoint\",\"urlTemplate\":\"https:\\\/\\\/vetk.hu\\\/?s={search_term_string}\"},\"query-input\":{\"@type\":\"PropertyValueSpecification\",\"valueRequired\":true,\"valueName\":\"search_term_string\"}}],\"inLanguage\":\"en-GB\"},{\"@type\":\"Organization\",\"@id\":\"https:\\\/\\\/vetk.hu\\\/#organization\",\"name\":\"Veszpr\u00e9mi \u00c9rseki Turisztikai K\u00f6zpont\",\"url\":\"https:\\\/\\\/vetk.hu\\\/\",\"logo\":{\"@type\":\"ImageObject\",\"inLanguage\":\"en-GB\",\"@id\":\"https:\\\/\\\/vetk.hu\\\/#\\\/schema\\\/logo\\\/image\\\/\",\"url\":\"https:\\\/\\\/vetk.hu\\\/wp-content\\\/uploads\\\/2023\\\/04\\\/cropped-Group-3.png\",\"contentUrl\":\"https:\\\/\\\/vetk.hu\\\/wp-content\\\/uploads\\\/2023\\\/04\\\/cropped-Group-3.png\",\"width\":353,\"height\":338,\"caption\":\"Veszpr\u00e9mi \u00c9rseki Turisztikai K\u00f6zpont\"},\"image\":{\"@id\":\"https:\\\/\\\/vetk.hu\\\/#\\\/schema\\\/logo\\\/image\\\/\"}}]}<\/script>\n<!-- \/ Yoast SEO plugin. -->","yoast_head_json":{"title":"A sz\u00e9kesegyh\u00e1z 5 leg\u00e9rdekesebb l\u00e1tnival\u00f3ja - Veszpr\u00e9mi \u00c9rseks\u00e9g Turisztikai K\u00f6zpont","robots":{"index":"index","follow":"follow","max-snippet":"max-snippet:-1","max-image-preview":"max-image-preview:large","max-video-preview":"max-video-preview:-1"},"canonical":"https:\/\/vetk.hu\/en\/a-szekesegyhaz-5-legerdekesebb-latnivaloja\/","og_locale":"en_GB","og_type":"article","og_title":"A sz\u00e9kesegyh\u00e1z 5 leg\u00e9rdekesebb l\u00e1tnival\u00f3ja - Veszpr\u00e9mi \u00c9rseks\u00e9g Turisztikai K\u00f6zpont","og_description":"Szent Mih\u00e1ly \u00fcvegablak \u00e1br\u00e1zol\u00e1s: a szent\u00e9lyben helyet kap\u00f3 \u00fcvegablak Szent Mih\u00e1ly figur\u00e1j\u00e1t \u00e1br\u00e1zolja. A templom v\u00e9d\u0151szentj\u00e9nek alakj\u00e1t ov\u00e1lis dicsf\u00e9ny emeli ki. A k\u00e9k \u00e9gbolt felett lebeg\u0151 alak egyik kez\u00e9ben l\u00e1ngpallost [&hellip;]","og_url":"https:\/\/vetk.hu\/en\/a-szekesegyhaz-5-legerdekesebb-latnivaloja\/","og_site_name":"Veszpr\u00e9mi \u00c9rseks\u00e9g Turisztikai K\u00f6zpont","article_modified_time":"2023-05-09T16:34:08+00:00","og_image":[{"url":"http:\/\/vetk.hu\/wp-content\/uploads\/2023\/05\/Szent-Mihaly-uvegablak-290x1024.jpg","type":"","width":"","height":""}],"twitter_card":"summary_large_image","twitter_misc":{"Estimated reading time":"2 minutes"},"schema":{"@context":"https:\/\/schema.org","@graph":[{"@type":"WebPage","@id":"https:\/\/vetk.hu\/a-szekesegyhaz-5-legerdekesebb-latnivaloja\/","url":"https:\/\/vetk.hu\/a-szekesegyhaz-5-legerdekesebb-latnivaloja\/","name":"A sz\u00e9kesegyh\u00e1z 5 leg\u00e9rdekesebb l\u00e1tnival\u00f3ja - Veszpr\u00e9mi \u00c9rseks\u00e9g Turisztikai K\u00f6zpont","isPartOf":{"@id":"https:\/\/vetk.hu\/#website"},"primaryImageOfPage":{"@id":"https:\/\/vetk.hu\/a-szekesegyhaz-5-legerdekesebb-latnivaloja\/#primaryimage"},"image":{"@id":"https:\/\/vetk.hu\/a-szekesegyhaz-5-legerdekesebb-latnivaloja\/#primaryimage"},"thumbnailUrl":"http:\/\/vetk.hu\/wp-content\/uploads\/2023\/05\/Szent-Mihaly-uvegablak-290x1024.jpg","datePublished":"2023-05-09T16:30:33+00:00","dateModified":"2023-05-09T16:34:08+00:00","breadcrumb":{"@id":"https:\/\/vetk.hu\/a-szekesegyhaz-5-legerdekesebb-latnivaloja\/#breadcrumb"},"inLanguage":"en-GB","potentialAction":[{"@type":"ReadAction","target":["https:\/\/vetk.hu\/a-szekesegyhaz-5-legerdekesebb-latnivaloja\/"]}]},{"@type":"ImageObject","inLanguage":"en-GB","@id":"https:\/\/vetk.hu\/a-szekesegyhaz-5-legerdekesebb-latnivaloja\/#primaryimage","url":"http:\/\/vetk.hu\/wp-content\/uploads\/2023\/05\/Szent-Mihaly-uvegablak-290x1024.jpg","contentUrl":"http:\/\/vetk.hu\/wp-content\/uploads\/2023\/05\/Szent-Mihaly-uvegablak-290x1024.jpg"},{"@type":"BreadcrumbList","@id":"https:\/\/vetk.hu\/a-szekesegyhaz-5-legerdekesebb-latnivaloja\/#breadcrumb","itemListElement":[{"@type":"ListItem","position":1,"name":"Home","item":"https:\/\/vetk.hu\/"},{"@type":"ListItem","position":2,"name":"A sz\u00e9kesegyh\u00e1z 5 leg\u00e9rdekesebb l\u00e1tnival\u00f3ja"}]},{"@type":"WebSite","@id":"https:\/\/vetk.hu\/#website","url":"https:\/\/vetk.hu\/","name":"Veszpr\u00e9mi \u00c9rseki Turisztikai K\u00f6zpont \u2013 Hit, \u00f6r\u00f6ks\u00e9g, \u00e9lm\u00e9ny | vetk.hu","description":"","publisher":{"@id":"https:\/\/vetk.hu\/#organization"},"potentialAction":[{"@type":"SearchAction","target":{"@type":"EntryPoint","urlTemplate":"https:\/\/vetk.hu\/?s={search_term_string}"},"query-input":{"@type":"PropertyValueSpecification","valueRequired":true,"valueName":"search_term_string"}}],"inLanguage":"en-GB"},{"@type":"Organization","@id":"https:\/\/vetk.hu\/#organization","name":"Veszpr\u00e9mi \u00c9rseki Turisztikai K\u00f6zpont","url":"https:\/\/vetk.hu\/","logo":{"@type":"ImageObject","inLanguage":"en-GB","@id":"https:\/\/vetk.hu\/#\/schema\/logo\/image\/","url":"https:\/\/vetk.hu\/wp-content\/uploads\/2023\/04\/cropped-Group-3.png","contentUrl":"https:\/\/vetk.hu\/wp-content\/uploads\/2023\/04\/cropped-Group-3.png","width":353,"height":338,"caption":"Veszpr\u00e9mi \u00c9rseki Turisztikai K\u00f6zpont"},"image":{"@id":"https:\/\/vetk.hu\/#\/schema\/logo\/image\/"}}]}},"ticketed":false,"_links":{"self":[{"href":"https:\/\/vetk.hu\/en\/wp-json\/wp\/v2\/pages\/676","targetHints":{"allow":["GET"]}}],"collection":[{"href":"https:\/\/vetk.hu\/en\/wp-json\/wp\/v2\/pages"}],"about":[{"href":"https:\/\/vetk.hu\/en\/wp-json\/wp\/v2\/types\/page"}],"author":[{"embeddable":true,"href":"https:\/\/vetk.hu\/en\/wp-json\/wp\/v2\/users\/1"}],"replies":[{"embeddable":true,"href":"https:\/\/vetk.hu\/en\/wp-json\/wp\/v2\/comments?post=676"}],"version-history":[{"count":7,"href":"https:\/\/vetk.hu\/en\/wp-json\/wp\/v2\/pages\/676\/revisions"}],"predecessor-version":[{"id":1905,"href":"https:\/\/vetk.hu\/en\/wp-json\/wp\/v2\/pages\/676\/revisions\/1905"}],"wp:attachment":[{"href":"https:\/\/vetk.hu\/en\/wp-json\/wp\/v2\/media?parent=676"}],"curies":[{"name":"wp","href":"https:\/\/api.w.org\/{rel}","templated":true}]}}