{"id":687,"date":"2023-05-09T18:34:28","date_gmt":"2023-05-09T16:34:28","guid":{"rendered":"https:\/\/turisztika.dinosprojekt.com\/?page_id=687"},"modified":"2023-05-09T20:20:49","modified_gmt":"2023-05-09T18:20:49","slug":"egyhazmegyei-zene","status":"publish","type":"page","link":"https:\/\/vetk.hu\/en\/egyhazmegyei-zene\/","title":{"rendered":"Egyh\u00e1zmegyei zene"},"content":{"rendered":"<div data-elementor-type=\"wp-page\" data-elementor-id=\"687\" class=\"elementor elementor-687\" data-elementor-post-type=\"page\">\n\t\t\t\t\t\t<section class=\"elementor-section elementor-top-section elementor-element elementor-element-956cebf elementor-section-boxed elementor-section-height-default elementor-section-height-default\" data-id=\"956cebf\" data-element_type=\"section\" data-e-type=\"section\">\n\t\t\t\t\t\t<div class=\"elementor-container elementor-column-gap-default\">\n\t\t\t\t\t<div class=\"elementor-column elementor-col-100 elementor-top-column elementor-element elementor-element-e1fa177\" data-id=\"e1fa177\" data-element_type=\"column\" data-e-type=\"column\">\n\t\t\t<div class=\"elementor-widget-wrap elementor-element-populated\">\n\t\t\t\t\t\t<div class=\"elementor-element elementor-element-6c354e3 elementor-widget elementor-widget-text-editor\" data-id=\"6c354e3\" data-element_type=\"widget\" data-e-type=\"widget\" data-widget_type=\"text-editor.default\">\n\t\t\t\t<div class=\"elementor-widget-container\">\n\t\t\t\t\t\t\t\t\t<p><strong>,,\u00d6rvendezik majd ajkam, ha neked \u00e9nekelek, <\/strong><span style=\"font-weight: 400;\"><strong>\u00e9s lelkem, amelyet megmentesz;\u201d<\/strong> Zsolt 71,23<\/span><\/p><p>F\u0151egyh\u00e1zmegy\u00e9nk jelmondat\u00e1val \u00e9lve \u201e\u0150seink hite a j\u00f6v\u0151 rem\u00e9nye.\u201d szeretn\u00e9nk a zenei \u00e9let\u00fcnkben is, h\u0171ek maradni ahhoz, amely meghat\u00e1rozta a Szent Mih\u00e1ly F\u0151sz\u00e9kesegyh\u00e1zat az elm\u00falt \u00e9vsz\u00e1zadokban.\u00a0<\/p>\t\t\t\t\t\t\t\t<\/div>\n\t\t\t\t<\/div>\n\t\t\t\t\t<\/div>\n\t\t<\/div>\n\t\t\t\t\t<\/div>\n\t\t<\/section>\n\t\t\t\t<section class=\"elementor-section elementor-top-section elementor-element elementor-element-bb4106b elementor-section-boxed elementor-section-height-default elementor-section-height-default\" data-id=\"bb4106b\" data-element_type=\"section\" data-e-type=\"section\">\n\t\t\t\t\t\t<div class=\"elementor-container elementor-column-gap-default\">\n\t\t\t\t\t<div class=\"elementor-column elementor-col-50 elementor-top-column elementor-element elementor-element-5c04f51\" data-id=\"5c04f51\" data-element_type=\"column\" data-e-type=\"column\">\n\t\t\t<div class=\"elementor-widget-wrap elementor-element-populated\">\n\t\t\t\t\t\t<div class=\"elementor-element elementor-element-eb940e4 elementor-widget elementor-widget-text-editor\" data-id=\"eb940e4\" data-element_type=\"widget\" data-e-type=\"widget\" data-widget_type=\"text-editor.default\">\n\t\t\t\t<div class=\"elementor-widget-container\">\n\t\t\t\t\t\t\t\t\t<p><span style=\"font-weight: 400;\">Egy kereszt\u00e9ny zen\u00e9sz sz\u00e1m\u00e1ra az el\u0151bb megfogalmazott zsolt\u00e1rid\u00e9zet, j\u00f3l \u00f6sszefoglalja hivat\u00e1s\u00e1nak k\u00e9t fontos alapj\u00e1t. Isten dics\u00e9ret\u00e9nek legfontosabb r\u00e9sze a liturgi\u00e1kon val\u00f3 szolg\u00e1lat. <\/span><\/p><p><span style=\"font-weight: 400;\">\u00dagy \u00e9rzem ez Isten aj\u00e1nd\u00e9ka az ember sz\u00e1m\u00e1ra, hiszen tehets\u00e9get adott a zene m\u0171vel\u00e9s\u00e9hez. A tehets\u00e9g, viszont nem tud felsz\u00ednre jutni, ha azt nem m\u0171velik \u00e9s adj\u00e1k tov\u00e1bb valamilyen form\u00e1ban. A Kivonul\u00e1s k\u00f6nyv\u00e9ben is olvashatjuk, hogy azoknak az embereknek, ,,akiknek az \u00dar m\u0171v\u00e9szi tehets\u00e9get adott, s akiket a sz\u00edv\u00fck arra ind\u00edtott,\u201d azt k\u00e9ri t\u0151l\u00fck, ,,hogy l\u00e1ssanak munk\u00e1hoz.\u201d (Kiv 36,2) Ezek alapj\u00e1n is a tehets\u00e9g kibontakoz\u00e1sa, megnyilv\u00e1nul\u00e1sa, felel\u0151ss\u00e9ggel is j\u00e1r, hogy az ember azt milyen m\u00f3don k\u00f6zvet\u00edti.<\/span><\/p><p>Az id\u00e9zetben rejl\u0151 m\u00e1sik kulcsfontoss\u00e1g\u00fa dolog az, amikor r\u00e1\u00e9bred\u00fcnk arra, hogy a legfontosabb az \u00fcdv\u00f6ss\u00e9g. Ahogy Izaj\u00e1s \u00edrja, ,,nagy \u00f6r\u00f6m\u00f6m telik az \u00darban, v\u00edg \u00f6r\u00f6mre ind\u00edt Istenem, mert az \u00fcdv\u00f6ss\u00e9g ruh\u00e1j\u00e1ba \u00f6lt\u00f6ztetett.\u201d (Iz 61,10) Igaz itt a papok megh\u00edv\u00e1s\u00e1ra vonatkoztatja, de \u00fagy gondolom minden ember \u00e9let\u00e9be elj\u00f6n a kegyelem ideje.<\/p>\t\t\t\t\t\t\t\t<\/div>\n\t\t\t\t<\/div>\n\t\t\t\t\t<\/div>\n\t\t<\/div>\n\t\t\t\t<div class=\"elementor-column elementor-col-50 elementor-top-column elementor-element elementor-element-7a31bcc\" data-id=\"7a31bcc\" data-element_type=\"column\" data-e-type=\"column\">\n\t\t\t<div class=\"elementor-widget-wrap elementor-element-populated\">\n\t\t\t\t\t\t<div class=\"elementor-element elementor-element-a4d516e elementor-widget elementor-widget-image\" data-id=\"a4d516e\" data-element_type=\"widget\" data-e-type=\"widget\" data-widget_type=\"image.default\">\n\t\t\t\t<div class=\"elementor-widget-container\">\n\t\t\t\t\t\t\t\t\t\t\t\t\t\t\t<img fetchpriority=\"high\" decoding=\"async\" width=\"800\" height=\"600\" src=\"https:\/\/vetk.hu\/wp-content\/uploads\/2023\/05\/orgona1-min-1024x768.jpg\" class=\"attachment-large size-large wp-image-692\" alt=\"\" srcset=\"https:\/\/vetk.hu\/wp-content\/uploads\/2023\/05\/orgona1-min-1024x768.jpg 1024w, https:\/\/vetk.hu\/wp-content\/uploads\/2023\/05\/orgona1-min-300x225.jpg 300w, https:\/\/vetk.hu\/wp-content\/uploads\/2023\/05\/orgona1-min-768x576.jpg 768w, https:\/\/vetk.hu\/wp-content\/uploads\/2023\/05\/orgona1-min-1536x1152.jpg 1536w, https:\/\/vetk.hu\/wp-content\/uploads\/2023\/05\/orgona1-min-2048x1536.jpg 2048w\" sizes=\"(max-width: 800px) 100vw, 800px\" \/>\t\t\t\t\t\t\t\t\t\t\t\t\t\t\t<\/div>\n\t\t\t\t<\/div>\n\t\t\t\t\t<\/div>\n\t\t<\/div>\n\t\t\t\t\t<\/div>\n\t\t<\/section>\n\t\t\t\t<section class=\"elementor-section elementor-top-section elementor-element elementor-element-4878aad elementor-section-boxed elementor-section-height-default elementor-section-height-default\" data-id=\"4878aad\" data-element_type=\"section\" data-e-type=\"section\">\n\t\t\t\t\t\t<div class=\"elementor-container elementor-column-gap-default\">\n\t\t\t\t\t<div class=\"elementor-column elementor-col-50 elementor-top-column elementor-element elementor-element-ad28aa1\" data-id=\"ad28aa1\" data-element_type=\"column\" data-e-type=\"column\">\n\t\t\t<div class=\"elementor-widget-wrap elementor-element-populated\">\n\t\t\t\t\t\t<div class=\"elementor-element elementor-element-666514d elementor-widget elementor-widget-image\" data-id=\"666514d\" data-element_type=\"widget\" data-e-type=\"widget\" data-widget_type=\"image.default\">\n\t\t\t\t<div class=\"elementor-widget-container\">\n\t\t\t\t\t\t\t\t\t\t\t\t\t\t\t<img decoding=\"async\" width=\"800\" height=\"600\" src=\"https:\/\/vetk.hu\/wp-content\/uploads\/2023\/05\/orgona3-min-1024x768.jpg\" class=\"attachment-large size-large wp-image-691\" alt=\"\" srcset=\"https:\/\/vetk.hu\/wp-content\/uploads\/2023\/05\/orgona3-min-1024x768.jpg 1024w, https:\/\/vetk.hu\/wp-content\/uploads\/2023\/05\/orgona3-min-300x225.jpg 300w, https:\/\/vetk.hu\/wp-content\/uploads\/2023\/05\/orgona3-min-768x576.jpg 768w, https:\/\/vetk.hu\/wp-content\/uploads\/2023\/05\/orgona3-min-1536x1152.jpg 1536w, https:\/\/vetk.hu\/wp-content\/uploads\/2023\/05\/orgona3-min-2048x1536.jpg 2048w\" sizes=\"(max-width: 800px) 100vw, 800px\" \/>\t\t\t\t\t\t\t\t\t\t\t\t\t\t\t<\/div>\n\t\t\t\t<\/div>\n\t\t\t\t\t<\/div>\n\t\t<\/div>\n\t\t\t\t<div class=\"elementor-column elementor-col-50 elementor-top-column elementor-element elementor-element-46a188a\" data-id=\"46a188a\" data-element_type=\"column\" data-e-type=\"column\">\n\t\t\t<div class=\"elementor-widget-wrap elementor-element-populated\">\n\t\t\t\t\t\t<div class=\"elementor-element elementor-element-8ca3d53 elementor-widget elementor-widget-text-editor\" data-id=\"8ca3d53\" data-element_type=\"widget\" data-e-type=\"widget\" data-widget_type=\"text-editor.default\">\n\t\t\t\t<div class=\"elementor-widget-container\">\n\t\t\t\t\t\t\t\t\t<p><span style=\"font-weight: 400;\">F\u0151sz\u00e9kesegyh\u00e1zunk zenei \u00e9let\u00e9vel is eszerint pr\u00f3b\u00e1ljuk az emberek zeneszeretet\u00e9t er\u0151s\u00edteni \u00e9s \u00fcdv\u00f6ss\u00e9g\u00e9t szolg\u00e1lni. Templomunkban k\u00e9t k\u00f3rus m\u0171k\u00f6dik a 2009. janu\u00e1r 27-\u00e9n alakult Szent Mih\u00e1ly K\u00f3rus, valamint az \u00fajonnan l\u00e9trej\u00f6tt gyermekk\u00f3rus. Az \u00e9nekkarok f\u0151 feladata a sz\u00e9kesegyh\u00e1zi liturgi\u00e1kon val\u00f3 k\u00f6zrem\u0171k\u00f6d\u00e9s, ezek mellett terveink k\u00f6z\u00f6tt szerepel koncerteken val\u00f3 zenei szolg\u00e1lat is. <\/span><\/p><p><span style=\"font-weight: 400;\">Szeretn\u00e9nk, ha vegyeskarunk \u00faj tagokkal b\u0151v\u00fclne, ennek \u00e9rdek\u00e9ben v\u00e1rjuk a zeneszeret\u0151 embereket k\u00f3rusunkba.<\/span><\/p><p>Az al\u00e1bbi vide\u00f3ban a Bach Mindenkinek Fesztiv\u00e1l 2023-as programsorozat\u00e1nak keret\u00e9n bel\u00fcl, Pannonhalm\u00e1n tartott orgonakoncertbe pillanthatnak be.<\/p><p>A koncerten Dankos Attila, a Veszpr\u00e9mi Szent Mih\u00e1ly F\u0151sz\u00e9kesegyh\u00e1z zeneigazgat\u00f3ja, orgonam\u0171v\u00e9sze j\u00e1tszott, akivel r\u00f6vid interj\u00fa is k\u00e9sz\u00fclt az esem\u00e9ny kapcs\u00e1n.<\/p>\t\t\t\t\t\t\t\t<\/div>\n\t\t\t\t<\/div>\n\t\t\t\t\t<\/div>\n\t\t<\/div>\n\t\t\t\t\t<\/div>\n\t\t<\/section>\n\t\t\t\t<section class=\"elementor-section elementor-top-section elementor-element elementor-element-a837590 elementor-section-boxed elementor-section-height-default elementor-section-height-default\" data-id=\"a837590\" data-element_type=\"section\" data-e-type=\"section\">\n\t\t\t\t\t\t<div class=\"elementor-container elementor-column-gap-default\">\n\t\t\t\t\t<div class=\"elementor-column elementor-col-100 elementor-top-column elementor-element elementor-element-811e5d4\" data-id=\"811e5d4\" data-element_type=\"column\" data-e-type=\"column\">\n\t\t\t<div class=\"elementor-widget-wrap elementor-element-populated\">\n\t\t\t\t\t\t<div class=\"elementor-element elementor-element-273a1f7 elementor-widget elementor-widget-video\" data-id=\"273a1f7\" data-element_type=\"widget\" data-e-type=\"widget\" data-settings=\"{&quot;youtube_url&quot;:&quot;https:\\\/\\\/www.youtube.com\\\/watch?v=DOyDlkeeB3Y &quot;,&quot;video_type&quot;:&quot;youtube&quot;,&quot;controls&quot;:&quot;yes&quot;}\" data-widget_type=\"video.default\">\n\t\t\t\t<div class=\"elementor-widget-container\">\n\t\t\t\t\t\t\t<div class=\"elementor-wrapper elementor-open-inline\">\n\t\t\t<div class=\"elementor-video\"><\/div>\t\t<\/div>\n\t\t\t\t\t\t<\/div>\n\t\t\t\t<\/div>\n\t\t\t\t\t<\/div>\n\t\t<\/div>\n\t\t\t\t\t<\/div>\n\t\t<\/section>\n\t\t\t\t<section class=\"elementor-section elementor-top-section elementor-element elementor-element-38d7d8f elementor-section-boxed elementor-section-height-default elementor-section-height-default\" data-id=\"38d7d8f\" data-element_type=\"section\" data-e-type=\"section\">\n\t\t\t\t\t\t<div class=\"elementor-container elementor-column-gap-default\">\n\t\t\t\t\t<div class=\"elementor-column elementor-col-50 elementor-top-column elementor-element elementor-element-dbf2bc0\" data-id=\"dbf2bc0\" data-element_type=\"column\" data-e-type=\"column\">\n\t\t\t<div class=\"elementor-widget-wrap elementor-element-populated\">\n\t\t\t\t\t\t<div class=\"elementor-element elementor-element-3ab15ff elementor-widget elementor-widget-text-editor\" data-id=\"3ab15ff\" data-element_type=\"widget\" data-e-type=\"widget\" data-widget_type=\"text-editor.default\">\n\t\t\t\t<div class=\"elementor-widget-container\">\n\t\t\t\t\t\t\t\t\t<p><span style=\"font-weight: 400;\">K\u00f3rusaink mellett fontos szerepet kap az orgona, hiszen az 1910-ben \u00e9p\u00fclt Rieger hangszer nagy b\u0151v\u00edt\u00e9sen ment \u00e1t 2023-ban. A csaknem dupl\u00e1j\u00e1ra b\u0151v\u00edtett hangszer a meg\u00fajul\u00f3 sz\u00e9kesegyh\u00e1zban m\u00e9lt\u00f3 m\u00f3don szolg\u00e1lhat a h\u00edvek \u00f6r\u00f6m\u00e9re, \u00fcdv\u00f6ss\u00e9g\u00e9re. <\/span><\/p><p><span style=\"font-weight: 400;\">A hangszer legk\u00fcl\u00f6nlegesebb b\u0151v\u00edt\u00e9se az \u00fagynevezett t\u00e1vm\u0171, mely a 4. manu\u00e1lon lesz megsz\u00f3laltathat\u00f3. Ez a m\u0171 k\u00fcl\u00f6n helyen az orat\u00f3riumban kap helyet, ahol \u00f6n\u00e1ll\u00f3an is m\u0171k\u00f6dtethet\u0151. <\/span><\/p><p><span style=\"font-weight: 400;\">A m\u00e1sik \u00faj hangz\u00e1st eredm\u00e9nyez\u0151 hangszerb\u0151v\u00edt\u00e9s a szemmel is j\u00f3l l\u00e1that\u00f3 v\u00edzszintes trombit\u00e1k be\u00e9p\u00edt\u00e9se, melyek hangja ak\u00e1rcsak nagyobb \u00fcnnepeinken, de koncertjeinken is meghat\u00e1roz\u00f3 \u00e9lm\u00e9nyt ny\u00fajtanak.<\/span><\/p><p><span style=\"font-weight: 400;\">A hangszer fel\u00faj\u00edt\u00e1sa t\u00f6bb, mint 15 ezer munka\u00f3r\u00e1t ig\u00e9nyelt. A Szent Mih\u00e1ly F\u0151sz\u00e9kesegyh\u00e1z orgon\u00e1j\u00e1nak fel\u00faj\u00edt\u00e1s\u00e1r\u00f3l Budav\u00e1ri Attila, a P\u00e9csi Orgona\u00e9p\u00edt\u0151 Manufakt\u00fara \u00fcgyvezet\u0151je besz\u00e9l r\u00e9szletesen az al\u00e1bbi vide\u00f3ban.\u00a0<\/span><\/p>\t\t\t\t\t\t\t\t<\/div>\n\t\t\t\t<\/div>\n\t\t\t\t\t<\/div>\n\t\t<\/div>\n\t\t\t\t<div class=\"elementor-column elementor-col-50 elementor-top-column elementor-element elementor-element-bfe0365\" data-id=\"bfe0365\" data-element_type=\"column\" data-e-type=\"column\">\n\t\t\t<div class=\"elementor-widget-wrap elementor-element-populated\">\n\t\t\t\t\t\t<div class=\"elementor-element elementor-element-e7be3ad elementor-widget elementor-widget-image\" data-id=\"e7be3ad\" data-element_type=\"widget\" data-e-type=\"widget\" data-widget_type=\"image.default\">\n\t\t\t\t<div class=\"elementor-widget-container\">\n\t\t\t\t\t\t\t\t\t\t\t\t\t\t\t<img decoding=\"async\" width=\"800\" height=\"600\" src=\"https:\/\/vetk.hu\/wp-content\/uploads\/2023\/05\/orgona6-min-1024x768.jpg\" class=\"attachment-large size-large wp-image-690\" alt=\"\" srcset=\"https:\/\/vetk.hu\/wp-content\/uploads\/2023\/05\/orgona6-min-1024x768.jpg 1024w, https:\/\/vetk.hu\/wp-content\/uploads\/2023\/05\/orgona6-min-300x225.jpg 300w, https:\/\/vetk.hu\/wp-content\/uploads\/2023\/05\/orgona6-min-768x576.jpg 768w, https:\/\/vetk.hu\/wp-content\/uploads\/2023\/05\/orgona6-min-1536x1152.jpg 1536w, https:\/\/vetk.hu\/wp-content\/uploads\/2023\/05\/orgona6-min-2048x1536.jpg 2048w\" sizes=\"(max-width: 800px) 100vw, 800px\" \/>\t\t\t\t\t\t\t\t\t\t\t\t\t\t\t<\/div>\n\t\t\t\t<\/div>\n\t\t\t\t\t<\/div>\n\t\t<\/div>\n\t\t\t\t\t<\/div>\n\t\t<\/section>\n\t\t\t\t<section class=\"elementor-section elementor-top-section elementor-element elementor-element-cfd5c2b elementor-section-boxed elementor-section-height-default elementor-section-height-default\" data-id=\"cfd5c2b\" data-element_type=\"section\" data-e-type=\"section\">\n\t\t\t\t\t\t<div class=\"elementor-container elementor-column-gap-default\">\n\t\t\t\t\t<div class=\"elementor-column elementor-col-100 elementor-top-column elementor-element elementor-element-5aed714\" data-id=\"5aed714\" data-element_type=\"column\" data-e-type=\"column\">\n\t\t\t<div class=\"elementor-widget-wrap elementor-element-populated\">\n\t\t\t\t\t\t<div class=\"elementor-element elementor-element-5477c7c elementor-widget elementor-widget-video\" data-id=\"5477c7c\" data-element_type=\"widget\" data-e-type=\"widget\" data-settings=\"{&quot;youtube_url&quot;:&quot;https:\\\/\\\/www.youtube.com\\\/watch?v=UZwTrUuWpgc &quot;,&quot;video_type&quot;:&quot;youtube&quot;,&quot;controls&quot;:&quot;yes&quot;}\" data-widget_type=\"video.default\">\n\t\t\t\t<div class=\"elementor-widget-container\">\n\t\t\t\t\t\t\t<div class=\"elementor-wrapper elementor-open-inline\">\n\t\t\t<div class=\"elementor-video\"><\/div>\t\t<\/div>\n\t\t\t\t\t\t<\/div>\n\t\t\t\t<\/div>\n\t\t\t\t\t<\/div>\n\t\t<\/div>\n\t\t\t\t\t<\/div>\n\t\t<\/section>\n\t\t\t\t<\/div>","protected":false},"excerpt":{"rendered":"<p>,,\u00d6rvendezik majd ajkam, ha neked \u00e9nekelek, \u00e9s lelkem, amelyet megmentesz;\u201d Zsolt 71,23 F\u0151egyh\u00e1zmegy\u00e9nk jelmondat\u00e1val \u00e9lve \u201e\u0150seink hite a j\u00f6v\u0151 rem\u00e9nye.\u201d szeretn\u00e9nk a zenei \u00e9let\u00fcnkben is, h\u0171ek maradni ahhoz, amely meghat\u00e1rozta [&hellip;]<\/p>\n","protected":false},"author":1,"featured_media":0,"parent":0,"menu_order":0,"comment_status":"closed","ping_status":"closed","template":"","meta":{"_acf_changed":false,"_price":"","_stock":"","_tribe_ticket_header":"","_tribe_default_ticket_provider":"","_tribe_ticket_capacity":"0","_ticket_start_date":"","_ticket_end_date":"","_tribe_ticket_show_description":"","_tribe_ticket_show_not_going":false,"_tribe_ticket_use_global_stock":"","_tribe_ticket_global_stock_level":"","_global_stock_mode":"","_global_stock_cap":"","_tribe_rsvp_for_event":"","_tribe_ticket_going_count":"","_tribe_ticket_not_going_count":"","_tribe_tickets_list":"[]","_tribe_ticket_has_attendee_info_fields":false,"footnotes":"","_tec_slr_enabled":"","_tec_slr_layout":""},"class_list":["post-687","page","type-page","status-publish","hentry"],"acf":[],"yoast_head":"<!-- This site is optimized with the Yoast SEO plugin v27.3 - https:\/\/yoast.com\/product\/yoast-seo-wordpress\/ -->\n<title>Egyh\u00e1zmegyei zene - Veszpr\u00e9mi \u00c9rseks\u00e9g Turisztikai K\u00f6zpont<\/title>\n<meta name=\"robots\" content=\"index, follow, max-snippet:-1, max-image-preview:large, max-video-preview:-1\" \/>\n<link rel=\"canonical\" href=\"https:\/\/vetk.hu\/en\/egyhazmegyei-zene\/\" \/>\n<meta property=\"og:locale\" content=\"en_GB\" \/>\n<meta property=\"og:type\" content=\"article\" \/>\n<meta property=\"og:title\" content=\"Egyh\u00e1zmegyei zene - Veszpr\u00e9mi \u00c9rseks\u00e9g Turisztikai K\u00f6zpont\" \/>\n<meta property=\"og:description\" content=\",,\u00d6rvendezik majd ajkam, ha neked \u00e9nekelek, \u00e9s lelkem, amelyet megmentesz;\u201d Zsolt 71,23 F\u0151egyh\u00e1zmegy\u00e9nk jelmondat\u00e1val \u00e9lve \u201e\u0150seink hite a j\u00f6v\u0151 rem\u00e9nye.\u201d szeretn\u00e9nk a zenei \u00e9let\u00fcnkben is, h\u0171ek maradni ahhoz, amely meghat\u00e1rozta [&hellip;]\" \/>\n<meta property=\"og:url\" content=\"https:\/\/vetk.hu\/en\/egyhazmegyei-zene\/\" \/>\n<meta property=\"og:site_name\" content=\"Veszpr\u00e9mi \u00c9rseks\u00e9g Turisztikai K\u00f6zpont\" \/>\n<meta property=\"article:modified_time\" content=\"2023-05-09T18:20:49+00:00\" \/>\n<meta property=\"og:image\" content=\"http:\/\/vetk.hu\/wp-content\/uploads\/2023\/05\/orgona1-min-1024x768.jpg\" \/>\n<meta name=\"twitter:card\" content=\"summary_large_image\" \/>\n<meta name=\"twitter:label1\" content=\"Estimated reading time\" \/>\n\t<meta name=\"twitter:data1\" content=\"3 minutes\" \/>\n<script type=\"application\/ld+json\" class=\"yoast-schema-graph\">{\"@context\":\"https:\\\/\\\/schema.org\",\"@graph\":[{\"@type\":\"WebPage\",\"@id\":\"https:\\\/\\\/vetk.hu\\\/egyhazmegyei-zene\\\/\",\"url\":\"https:\\\/\\\/vetk.hu\\\/egyhazmegyei-zene\\\/\",\"name\":\"Egyh\u00e1zmegyei zene - Veszpr\u00e9mi \u00c9rseks\u00e9g Turisztikai K\u00f6zpont\",\"isPartOf\":{\"@id\":\"https:\\\/\\\/vetk.hu\\\/#website\"},\"primaryImageOfPage\":{\"@id\":\"https:\\\/\\\/vetk.hu\\\/egyhazmegyei-zene\\\/#primaryimage\"},\"image\":{\"@id\":\"https:\\\/\\\/vetk.hu\\\/egyhazmegyei-zene\\\/#primaryimage\"},\"thumbnailUrl\":\"http:\\\/\\\/vetk.hu\\\/wp-content\\\/uploads\\\/2023\\\/05\\\/orgona1-min-1024x768.jpg\",\"datePublished\":\"2023-05-09T16:34:28+00:00\",\"dateModified\":\"2023-05-09T18:20:49+00:00\",\"breadcrumb\":{\"@id\":\"https:\\\/\\\/vetk.hu\\\/egyhazmegyei-zene\\\/#breadcrumb\"},\"inLanguage\":\"en-GB\",\"potentialAction\":[{\"@type\":\"ReadAction\",\"target\":[\"https:\\\/\\\/vetk.hu\\\/egyhazmegyei-zene\\\/\"]}]},{\"@type\":\"ImageObject\",\"inLanguage\":\"en-GB\",\"@id\":\"https:\\\/\\\/vetk.hu\\\/egyhazmegyei-zene\\\/#primaryimage\",\"url\":\"http:\\\/\\\/vetk.hu\\\/wp-content\\\/uploads\\\/2023\\\/05\\\/orgona1-min-1024x768.jpg\",\"contentUrl\":\"http:\\\/\\\/vetk.hu\\\/wp-content\\\/uploads\\\/2023\\\/05\\\/orgona1-min-1024x768.jpg\"},{\"@type\":\"BreadcrumbList\",\"@id\":\"https:\\\/\\\/vetk.hu\\\/egyhazmegyei-zene\\\/#breadcrumb\",\"itemListElement\":[{\"@type\":\"ListItem\",\"position\":1,\"name\":\"Home\",\"item\":\"https:\\\/\\\/vetk.hu\\\/\"},{\"@type\":\"ListItem\",\"position\":2,\"name\":\"Egyh\u00e1zmegyei zene\"}]},{\"@type\":\"WebSite\",\"@id\":\"https:\\\/\\\/vetk.hu\\\/#website\",\"url\":\"https:\\\/\\\/vetk.hu\\\/\",\"name\":\"Veszpr\u00e9mi \u00c9rseki Turisztikai K\u00f6zpont \u2013 Hit, \u00f6r\u00f6ks\u00e9g, \u00e9lm\u00e9ny | vetk.hu\",\"description\":\"\",\"publisher\":{\"@id\":\"https:\\\/\\\/vetk.hu\\\/#organization\"},\"potentialAction\":[{\"@type\":\"SearchAction\",\"target\":{\"@type\":\"EntryPoint\",\"urlTemplate\":\"https:\\\/\\\/vetk.hu\\\/?s={search_term_string}\"},\"query-input\":{\"@type\":\"PropertyValueSpecification\",\"valueRequired\":true,\"valueName\":\"search_term_string\"}}],\"inLanguage\":\"en-GB\"},{\"@type\":\"Organization\",\"@id\":\"https:\\\/\\\/vetk.hu\\\/#organization\",\"name\":\"Veszpr\u00e9mi \u00c9rseki Turisztikai K\u00f6zpont\",\"url\":\"https:\\\/\\\/vetk.hu\\\/\",\"logo\":{\"@type\":\"ImageObject\",\"inLanguage\":\"en-GB\",\"@id\":\"https:\\\/\\\/vetk.hu\\\/#\\\/schema\\\/logo\\\/image\\\/\",\"url\":\"https:\\\/\\\/vetk.hu\\\/wp-content\\\/uploads\\\/2023\\\/04\\\/cropped-Group-3.png\",\"contentUrl\":\"https:\\\/\\\/vetk.hu\\\/wp-content\\\/uploads\\\/2023\\\/04\\\/cropped-Group-3.png\",\"width\":353,\"height\":338,\"caption\":\"Veszpr\u00e9mi \u00c9rseki Turisztikai K\u00f6zpont\"},\"image\":{\"@id\":\"https:\\\/\\\/vetk.hu\\\/#\\\/schema\\\/logo\\\/image\\\/\"}}]}<\/script>\n<!-- \/ Yoast SEO plugin. -->","yoast_head_json":{"title":"Egyh\u00e1zmegyei zene - Veszpr\u00e9mi \u00c9rseks\u00e9g Turisztikai K\u00f6zpont","robots":{"index":"index","follow":"follow","max-snippet":"max-snippet:-1","max-image-preview":"max-image-preview:large","max-video-preview":"max-video-preview:-1"},"canonical":"https:\/\/vetk.hu\/en\/egyhazmegyei-zene\/","og_locale":"en_GB","og_type":"article","og_title":"Egyh\u00e1zmegyei zene - Veszpr\u00e9mi \u00c9rseks\u00e9g Turisztikai K\u00f6zpont","og_description":",,\u00d6rvendezik majd ajkam, ha neked \u00e9nekelek, \u00e9s lelkem, amelyet megmentesz;\u201d Zsolt 71,23 F\u0151egyh\u00e1zmegy\u00e9nk jelmondat\u00e1val \u00e9lve \u201e\u0150seink hite a j\u00f6v\u0151 rem\u00e9nye.\u201d szeretn\u00e9nk a zenei \u00e9let\u00fcnkben is, h\u0171ek maradni ahhoz, amely meghat\u00e1rozta [&hellip;]","og_url":"https:\/\/vetk.hu\/en\/egyhazmegyei-zene\/","og_site_name":"Veszpr\u00e9mi \u00c9rseks\u00e9g Turisztikai K\u00f6zpont","article_modified_time":"2023-05-09T18:20:49+00:00","og_image":[{"url":"http:\/\/vetk.hu\/wp-content\/uploads\/2023\/05\/orgona1-min-1024x768.jpg","type":"","width":"","height":""}],"twitter_card":"summary_large_image","twitter_misc":{"Estimated reading time":"3 minutes"},"schema":{"@context":"https:\/\/schema.org","@graph":[{"@type":"WebPage","@id":"https:\/\/vetk.hu\/egyhazmegyei-zene\/","url":"https:\/\/vetk.hu\/egyhazmegyei-zene\/","name":"Egyh\u00e1zmegyei zene - Veszpr\u00e9mi \u00c9rseks\u00e9g Turisztikai K\u00f6zpont","isPartOf":{"@id":"https:\/\/vetk.hu\/#website"},"primaryImageOfPage":{"@id":"https:\/\/vetk.hu\/egyhazmegyei-zene\/#primaryimage"},"image":{"@id":"https:\/\/vetk.hu\/egyhazmegyei-zene\/#primaryimage"},"thumbnailUrl":"http:\/\/vetk.hu\/wp-content\/uploads\/2023\/05\/orgona1-min-1024x768.jpg","datePublished":"2023-05-09T16:34:28+00:00","dateModified":"2023-05-09T18:20:49+00:00","breadcrumb":{"@id":"https:\/\/vetk.hu\/egyhazmegyei-zene\/#breadcrumb"},"inLanguage":"en-GB","potentialAction":[{"@type":"ReadAction","target":["https:\/\/vetk.hu\/egyhazmegyei-zene\/"]}]},{"@type":"ImageObject","inLanguage":"en-GB","@id":"https:\/\/vetk.hu\/egyhazmegyei-zene\/#primaryimage","url":"http:\/\/vetk.hu\/wp-content\/uploads\/2023\/05\/orgona1-min-1024x768.jpg","contentUrl":"http:\/\/vetk.hu\/wp-content\/uploads\/2023\/05\/orgona1-min-1024x768.jpg"},{"@type":"BreadcrumbList","@id":"https:\/\/vetk.hu\/egyhazmegyei-zene\/#breadcrumb","itemListElement":[{"@type":"ListItem","position":1,"name":"Home","item":"https:\/\/vetk.hu\/"},{"@type":"ListItem","position":2,"name":"Egyh\u00e1zmegyei zene"}]},{"@type":"WebSite","@id":"https:\/\/vetk.hu\/#website","url":"https:\/\/vetk.hu\/","name":"Veszpr\u00e9mi \u00c9rseki Turisztikai K\u00f6zpont \u2013 Hit, \u00f6r\u00f6ks\u00e9g, \u00e9lm\u00e9ny | vetk.hu","description":"","publisher":{"@id":"https:\/\/vetk.hu\/#organization"},"potentialAction":[{"@type":"SearchAction","target":{"@type":"EntryPoint","urlTemplate":"https:\/\/vetk.hu\/?s={search_term_string}"},"query-input":{"@type":"PropertyValueSpecification","valueRequired":true,"valueName":"search_term_string"}}],"inLanguage":"en-GB"},{"@type":"Organization","@id":"https:\/\/vetk.hu\/#organization","name":"Veszpr\u00e9mi \u00c9rseki Turisztikai K\u00f6zpont","url":"https:\/\/vetk.hu\/","logo":{"@type":"ImageObject","inLanguage":"en-GB","@id":"https:\/\/vetk.hu\/#\/schema\/logo\/image\/","url":"https:\/\/vetk.hu\/wp-content\/uploads\/2023\/04\/cropped-Group-3.png","contentUrl":"https:\/\/vetk.hu\/wp-content\/uploads\/2023\/04\/cropped-Group-3.png","width":353,"height":338,"caption":"Veszpr\u00e9mi \u00c9rseki Turisztikai K\u00f6zpont"},"image":{"@id":"https:\/\/vetk.hu\/#\/schema\/logo\/image\/"}}]}},"ticketed":false,"_links":{"self":[{"href":"https:\/\/vetk.hu\/en\/wp-json\/wp\/v2\/pages\/687","targetHints":{"allow":["GET"]}}],"collection":[{"href":"https:\/\/vetk.hu\/en\/wp-json\/wp\/v2\/pages"}],"about":[{"href":"https:\/\/vetk.hu\/en\/wp-json\/wp\/v2\/types\/page"}],"author":[{"embeddable":true,"href":"https:\/\/vetk.hu\/en\/wp-json\/wp\/v2\/users\/1"}],"replies":[{"embeddable":true,"href":"https:\/\/vetk.hu\/en\/wp-json\/wp\/v2\/comments?post=687"}],"version-history":[{"count":7,"href":"https:\/\/vetk.hu\/en\/wp-json\/wp\/v2\/pages\/687\/revisions"}],"predecessor-version":[{"id":1912,"href":"https:\/\/vetk.hu\/en\/wp-json\/wp\/v2\/pages\/687\/revisions\/1912"}],"wp:attachment":[{"href":"https:\/\/vetk.hu\/en\/wp-json\/wp\/v2\/media?parent=687"}],"curies":[{"name":"wp","href":"https:\/\/api.w.org\/{rel}","templated":true}]}}