{"id":8828,"date":"2026-04-29T09:28:28","date_gmt":"2026-04-29T07:28:28","guid":{"rendered":"https:\/\/vetk.hu\/?page_id=8828"},"modified":"2026-04-29T14:10:14","modified_gmt":"2026-04-29T12:10:14","slug":"veszpremi-varnegyed-epuletei-mit-erdemes-megnezni","status":"publish","type":"page","link":"https:\/\/vetk.hu\/en\/veszpremi-varnegyed-epuletei-mit-erdemes-megnezni\/","title":{"rendered":"\u00c9p\u00fcleteink"},"content":{"rendered":"\t\t<div data-elementor-type=\"wp-page\" data-elementor-id=\"8828\" class=\"elementor elementor-8828\" data-elementor-post-type=\"page\">\n\t\t\t\t\t\t<section class=\"elementor-section elementor-top-section elementor-element elementor-element-483d4aa elementor-section-full_width elementor-section-height-default elementor-section-height-default\" data-id=\"483d4aa\" data-element_type=\"section\" data-e-type=\"section\" data-settings=\"{&quot;background_background&quot;:&quot;slideshow&quot;,&quot;background_slideshow_gallery&quot;:[{&quot;id&quot;:9184,&quot;url&quot;:&quot;https:\\\/\\\/vetk.hu\\\/wp-content\\\/uploads\\\/2026\\\/04\\\/DJI_20260312094354_0014_D-scaled.jpg&quot;},{&quot;id&quot;:9185,&quot;url&quot;:&quot;https:\\\/\\\/vetk.hu\\\/wp-content\\\/uploads\\\/2026\\\/04\\\/DJI_20260312103611_0111_D-1-scaled.jpg&quot;},{&quot;id&quot;:6487,&quot;url&quot;:&quot;https:\\\/\\\/vetk.hu\\\/wp-content\\\/uploads\\\/2023\\\/05\\\/szent_mihaly_foszekesegyhaz.jpeg&quot;},{&quot;id&quot;:8776,&quot;url&quot;:&quot;https:\\\/\\\/vetk.hu\\\/wp-content\\\/uploads\\\/2026\\\/04\\\/Gizella-Kapolna2-2-scaled.jpg&quot;},{&quot;id&quot;:2664,&quot;url&quot;:&quot;https:\\\/\\\/vetk.hu\\\/wp-content\\\/uploads\\\/2023\\\/09\\\/szentgyorgykapolna-scaled.jpg&quot;},{&quot;id&quot;:8301,&quot;url&quot;:&quot;https:\\\/\\\/vetk.hu\\\/wp-content\\\/uploads\\\/2026\\\/04\\\/BAT5743.jpg&quot;},{&quot;id&quot;:2658,&quot;url&quot;:&quot;https:\\\/\\\/vetk.hu\\\/wp-content\\\/uploads\\\/2023\\\/09\\\/birogiczey-scaled.jpg&quot;},{&quot;id&quot;:7072,&quot;url&quot;:&quot;https:\\\/\\\/vetk.hu\\\/wp-content\\\/uploads\\\/2023\\\/05\\\/tejfalusy-1.jpeg&quot;},{&quot;id&quot;:7071,&quot;url&quot;:&quot;https:\\\/\\\/vetk.hu\\\/wp-content\\\/uploads\\\/2023\\\/05\\\/ferencesrendhaz-scaled.jpg&quot;},{&quot;id&quot;:2666,&quot;url&quot;:&quot;https:\\\/\\\/vetk.hu\\\/wp-content\\\/uploads\\\/2023\\\/05\\\/nagypreposti1-scaled.jpg&quot;}],&quot;background_slideshow_lazyload&quot;:&quot;yes&quot;,&quot;background_slideshow_ken_burns&quot;:&quot;yes&quot;,&quot;background_slideshow_loop&quot;:&quot;yes&quot;,&quot;background_slideshow_slide_duration&quot;:5000,&quot;background_slideshow_slide_transition&quot;:&quot;fade&quot;,&quot;background_slideshow_transition_duration&quot;:500,&quot;background_slideshow_ken_burns_zoom_direction&quot;:&quot;in&quot;}\">\n\t\t\t\t\t\t\t<div class=\"elementor-background-overlay\"><\/div>\n\t\t\t\t\t\t\t<div class=\"elementor-container elementor-column-gap-no\">\n\t\t\t\t\t<div class=\"elementor-column elementor-col-100 elementor-top-column elementor-element elementor-element-564c5fa\" data-id=\"564c5fa\" data-element_type=\"column\" data-e-type=\"column\">\n\t\t\t<div class=\"elementor-widget-wrap elementor-element-populated\">\n\t\t\t\t\t\t<div class=\"elementor-element elementor-element-6df9feb elementor-widget elementor-widget-heading\" data-id=\"6df9feb\" data-element_type=\"widget\" data-e-type=\"widget\" data-widget_type=\"heading.default\">\n\t\t\t\t<div class=\"elementor-widget-container\">\n\t\t\t\t\t<h1 class=\"elementor-heading-title elementor-size-default\"><br><br><br><br><br><br><br><br><p class=\"MsoNormal\" style=\"margin-bottom:5.0pt\"><b>A VESZPR\u00c9MI V\u00c1RNEGYED \u00c9P\u00dcLETEI<\/b><\/p><br><br><\/h1>\t\t\t\t<\/div>\n\t\t\t\t<\/div>\n\t\t\t\t\t<\/div>\n\t\t<\/div>\n\t\t\t\t\t<\/div>\n\t\t<\/section>\n\t\t\t\t<section class=\"elementor-section elementor-top-section elementor-element elementor-element-16f4300 elementor-section-full_width elementor-section-height-default elementor-section-height-default\" data-id=\"16f4300\" data-element_type=\"section\" data-e-type=\"section\">\n\t\t\t\t\t\t<div class=\"elementor-container elementor-column-gap-no\">\n\t\t\t\t\t<div class=\"elementor-column elementor-col-100 elementor-top-column elementor-element elementor-element-7cde6a2\" data-id=\"7cde6a2\" data-element_type=\"column\" data-e-type=\"column\">\n\t\t\t<div class=\"elementor-widget-wrap elementor-element-populated\">\n\t\t\t\t\t\t<section class=\"elementor-section elementor-inner-section elementor-element elementor-element-eb20a0c elementor-section-full_width elementor-section-height-default elementor-section-height-default\" data-id=\"eb20a0c\" data-element_type=\"section\" data-e-type=\"section\" data-settings=\"{&quot;background_background&quot;:&quot;classic&quot;}\">\n\t\t\t\t\t\t<div class=\"elementor-container elementor-column-gap-default\">\n\t\t\t\t\t<div class=\"elementor-column elementor-col-100 elementor-inner-column elementor-element elementor-element-8eea3d8\" data-id=\"8eea3d8\" data-element_type=\"column\" data-e-type=\"column\" data-settings=\"{&quot;background_background&quot;:&quot;gradient&quot;}\">\n\t\t\t<div class=\"elementor-widget-wrap elementor-element-populated\">\n\t\t\t\t\t<div class=\"elementor-background-overlay\"><\/div>\n\t\t\t\t\t\t<div class=\"elementor-element elementor-element-50de8ae elementor-widget elementor-widget-text-editor\" data-id=\"50de8ae\" data-element_type=\"widget\" data-e-type=\"widget\" data-widget_type=\"text-editor.default\">\n\t\t\t\t<div class=\"elementor-widget-container\">\n\t\t\t\t\t\t\t\t\t<h4 style=\"text-align: center;\">\u00a0Ismerje meg k\u00f6zelebbr\u0151l a l\u00e1togathat\u00f3 \u00e9p\u00fcleteinket.<\/h4><h4 style=\"text-align: center;\">A vezetett v\u00e1rs\u00e9t\u00e1k t\u00f6bb k\u00fcl\u00f6nb\u00f6z\u0151 \u00fatvonalon mutatj\u00e1k be az \u00c9rseki V\u00e1rnegyedet.<\/h4><h4 style=\"text-align: center;\">\u00a0<\/h4>\t\t\t\t\t\t\t\t<\/div>\n\t\t\t\t<\/div>\n\t\t\t\t<div class=\"elementor-element elementor-element-eb9a93e elementor-align-center elementor-hidden-desktop elementor-hidden-tablet elementor-hidden-mobile elementor-widget elementor-widget-button\" data-id=\"eb9a93e\" data-element_type=\"widget\" data-e-type=\"widget\" data-widget_type=\"button.default\">\n\t\t\t\t<div class=\"elementor-widget-container\">\n\t\t\t\t\t\t\t\t\t<div class=\"elementor-button-wrapper\">\n\t\t\t\t\t<a class=\"elementor-button elementor-button-link elementor-size-sm\" href=\"#\">\n\t\t\t\t\t\t<span class=\"elementor-button-content-wrapper\">\n\t\t\t\t\t\t\t\t\t<span class=\"elementor-button-text\">Jegyv\u00e1s\u00e1rl\u00e1s<\/span>\n\t\t\t\t\t<\/span>\n\t\t\t\t\t<\/a>\n\t\t\t\t<\/div>\n\t\t\t\t\t\t\t\t<\/div>\n\t\t\t\t<\/div>\n\t\t\t\t\t<\/div>\n\t\t<\/div>\n\t\t\t\t\t<\/div>\n\t\t<\/section>\n\t\t\t\t\t<\/div>\n\t\t<\/div>\n\t\t\t\t\t<\/div>\n\t\t<\/section>\n\t\t\t\t<section class=\"elementor-section elementor-top-section elementor-element elementor-element-bb04c18 elementor-section-boxed elementor-section-height-default elementor-section-height-default\" data-id=\"bb04c18\" data-element_type=\"section\" data-e-type=\"section\">\n\t\t\t\t\t\t<div class=\"elementor-container elementor-column-gap-default\">\n\t\t\t\t\t<div class=\"elementor-column elementor-col-100 elementor-top-column elementor-element elementor-element-d8ec560\" data-id=\"d8ec560\" data-element_type=\"column\" data-e-type=\"column\">\n\t\t\t<div class=\"elementor-widget-wrap elementor-element-populated\">\n\t\t\t\t\t\t<div class=\"elementor-element elementor-element-eb9e2f9 e-transform elementor-widget elementor-widget-image\" data-id=\"eb9e2f9\" data-element_type=\"widget\" data-e-type=\"widget\" data-settings=\"{&quot;_transform_scale_effect_hover&quot;:{&quot;unit&quot;:&quot;px&quot;,&quot;size&quot;:1.03,&quot;sizes&quot;:[]},&quot;_transform_scale_effect_hover_tablet&quot;:{&quot;unit&quot;:&quot;px&quot;,&quot;size&quot;:&quot;&quot;,&quot;sizes&quot;:[]},&quot;_transform_scale_effect_hover_mobile&quot;:{&quot;unit&quot;:&quot;px&quot;,&quot;size&quot;:&quot;&quot;,&quot;sizes&quot;:[]}}\" data-widget_type=\"image.default\">\n\t\t\t\t<div class=\"elementor-widget-container\">\n\t\t\t\t\t\t\t\t\t\t\t\t\t\t\t<img fetchpriority=\"high\" decoding=\"async\" width=\"1332\" height=\"296\" src=\"https:\/\/vetk.hu\/wp-content\/uploads\/2023\/04\/22.png\" class=\"attachment-full size-full wp-image-56\" alt=\"\" srcset=\"https:\/\/vetk.hu\/wp-content\/uploads\/2023\/04\/22.png 1332w, https:\/\/vetk.hu\/wp-content\/uploads\/2023\/04\/22-300x67.png 300w, https:\/\/vetk.hu\/wp-content\/uploads\/2023\/04\/22-1024x228.png 1024w, https:\/\/vetk.hu\/wp-content\/uploads\/2023\/04\/22-768x171.png 768w\" sizes=\"(max-width: 1332px) 100vw, 1332px\" \/>\t\t\t\t\t\t\t\t\t\t\t\t\t\t\t<\/div>\n\t\t\t\t<\/div>\n\t\t\t\t\t<\/div>\n\t\t<\/div>\n\t\t\t\t\t<\/div>\n\t\t<\/section>\n\t\t\t\t<section class=\"elementor-section elementor-top-section elementor-element elementor-element-a79d591 elementor-section-full_width elementor-section-height-default elementor-section-height-default\" data-id=\"a79d591\" data-element_type=\"section\" data-e-type=\"section\" data-settings=\"{&quot;background_background&quot;:&quot;classic&quot;}\">\n\t\t\t\t\t\t<div class=\"elementor-container elementor-column-gap-default\">\n\t\t\t\t\t<div class=\"elementor-column elementor-col-100 elementor-top-column elementor-element elementor-element-d2bc1ae\" data-id=\"d2bc1ae\" data-element_type=\"column\" data-e-type=\"column\">\n\t\t\t<div class=\"elementor-widget-wrap elementor-element-populated\">\n\t\t\t\t\t\t<div class=\"elementor-element elementor-element-9a95d09 elementor-widget elementor-widget-text-editor\" data-id=\"9a95d09\" data-element_type=\"widget\" data-e-type=\"widget\" data-widget_type=\"text-editor.default\">\n\t\t\t\t<div class=\"elementor-widget-container\">\n\t\t\t\t\t\t\t\t\t<h3><strong>A V\u00c1RNEGYED L\u00c1TOGATHAT\u00d3 \u00c9P\u00dcLETEI<\/strong><\/h3>\t\t\t\t\t\t\t\t<\/div>\n\t\t\t\t<\/div>\n\t\t\t\t\t<\/div>\n\t\t<\/div>\n\t\t\t\t\t<\/div>\n\t\t<\/section>\n\t\t\t\t<section class=\"elementor-section elementor-top-section elementor-element elementor-element-52da64f elementor-section-full_width elementor-section-height-default elementor-section-height-default\" data-id=\"52da64f\" data-element_type=\"section\" data-e-type=\"section\" data-settings=\"{&quot;background_background&quot;:&quot;classic&quot;}\">\n\t\t\t\t\t\t<div class=\"elementor-container elementor-column-gap-default\">\n\t\t\t\t\t<div class=\"elementor-column elementor-col-33 elementor-top-column elementor-element elementor-element-9062c88\" data-id=\"9062c88\" data-element_type=\"column\" data-e-type=\"column\" data-settings=\"{&quot;background_background&quot;:&quot;gradient&quot;}\">\n\t\t\t<div class=\"elementor-widget-wrap elementor-element-populated\">\n\t\t\t\t\t\t<div class=\"elementor-element elementor-element-e351393 elementor-widget elementor-widget-image-carousel\" data-id=\"e351393\" data-element_type=\"widget\" data-e-type=\"widget\" data-settings=\"{&quot;navigation&quot;:&quot;none&quot;,&quot;lazyload&quot;:&quot;yes&quot;,&quot;autoplay_speed&quot;:4000,&quot;slides_to_show&quot;:&quot;1&quot;,&quot;effect&quot;:&quot;fade&quot;,&quot;speed&quot;:1500,&quot;autoplay&quot;:&quot;yes&quot;,&quot;pause_on_hover&quot;:&quot;yes&quot;,&quot;pause_on_interaction&quot;:&quot;yes&quot;,&quot;infinite&quot;:&quot;yes&quot;}\" data-widget_type=\"image-carousel.default\">\n\t\t\t\t<div class=\"elementor-widget-container\">\n\t\t\t\t\t\t\t<div class=\"elementor-image-carousel-wrapper swiper\" role=\"region\" aria-roledescription=\"carousel\" aria-label=\"K\u00e9p k\u00f6rhinta\" dir=\"ltr\">\n\t\t\t<div class=\"elementor-image-carousel swiper-wrapper\" aria-live=\"off\">\n\t\t\t\t\t\t\t\t<div class=\"swiper-slide\" role=\"group\" aria-roledescription=\"slide\" aria-label=\"1 \/ 7\"><figure class=\"swiper-slide-inner\"><img class=\"swiper-slide-image swiper-lazy\" data-src=\"https:\/\/vetk.hu\/wp-content\/uploads\/2026\/04\/DJI_20260312103611_0111_D-1-scaled-e1777463774116-2048x1152.jpg\" alt=\"default\" \/><div class=\"swiper-lazy-preloader\"><\/div><\/figure><\/div><div class=\"swiper-slide\" role=\"group\" aria-roledescription=\"slide\" aria-label=\"2 \/ 7\"><figure class=\"swiper-slide-inner\"><img class=\"swiper-slide-image swiper-lazy\" data-src=\"https:\/\/vetk.hu\/wp-content\/uploads\/2026\/04\/SZMF-es-Szentharomsag-szobor2-e1777464013599-2048x1154.jpg\" alt=\"SZMF \u00e9s Szenth\u00e1roms\u00e1g szobor2\" \/><div class=\"swiper-lazy-preloader\"><\/div><\/figure><\/div><div class=\"swiper-slide\" role=\"group\" aria-roledescription=\"slide\" aria-label=\"3 \/ 7\"><figure class=\"swiper-slide-inner\"><img class=\"swiper-slide-image swiper-lazy\" data-src=\"https:\/\/vetk.hu\/wp-content\/uploads\/2026\/04\/altemplom2-e1777463156656-2048x1154.jpg\" alt=\"altemplom2\" \/><div class=\"swiper-lazy-preloader\"><\/div><\/figure><\/div><div class=\"swiper-slide\" role=\"group\" aria-roledescription=\"slide\" aria-label=\"4 \/ 7\"><figure class=\"swiper-slide-inner\"><img class=\"swiper-slide-image swiper-lazy\" data-src=\"https:\/\/vetk.hu\/wp-content\/uploads\/2026\/04\/esztergom18-scaled-e1777463176179-2048x1154.jpg\" alt=\"esztergom18\" \/><div class=\"swiper-lazy-preloader\"><\/div><\/figure><\/div><div class=\"swiper-slide\" role=\"group\" aria-roledescription=\"slide\" aria-label=\"5 \/ 7\"><figure class=\"swiper-slide-inner\"><img class=\"swiper-slide-image swiper-lazy\" data-src=\"https:\/\/vetk.hu\/wp-content\/uploads\/2026\/04\/orgona-1-e1777463802792-2048x1154.jpg\" alt=\"orgona\" \/><div class=\"swiper-lazy-preloader\"><\/div><\/figure><\/div><div class=\"swiper-slide\" role=\"group\" aria-roledescription=\"slide\" aria-label=\"6 \/ 7\"><figure class=\"swiper-slide-inner\"><img class=\"swiper-slide-image swiper-lazy\" data-src=\"https:\/\/vetk.hu\/wp-content\/uploads\/2025\/06\/oszlopfo-scaled-e1777463817773-2048x1154.jpg\" alt=\"oszlopfo\" \/><div class=\"swiper-lazy-preloader\"><\/div><\/figure><\/div><div class=\"swiper-slide\" role=\"group\" aria-roledescription=\"slide\" aria-label=\"7 \/ 7\"><figure class=\"swiper-slide-inner\"><img class=\"swiper-slide-image swiper-lazy\" data-src=\"https:\/\/vetk.hu\/wp-content\/uploads\/2025\/06\/oszlop-scaled-e1777463839696-2048x1154.jpg\" alt=\"oszlop\" \/><div class=\"swiper-lazy-preloader\"><\/div><\/figure><\/div>\t\t\t<\/div>\n\t\t\t\t\t\t\t\n\t\t\t\t\t\t\t\t\t<\/div>\n\t\t\t\t\t\t<\/div>\n\t\t\t\t<\/div>\n\t\t\t\t<div class=\"elementor-element elementor-element-c78d2b2 elementor-widget elementor-widget-text-editor\" data-id=\"c78d2b2\" data-element_type=\"widget\" data-e-type=\"widget\" data-widget_type=\"text-editor.default\">\n\t\t\t\t<div class=\"elementor-widget-container\">\n\t\t\t\t\t\t\t\t\t<h4>SZENT MIH\u00c1LY F\u0150SZ\u00c9KESEGYH\u00c1Z<\/h4>\t\t\t\t\t\t\t\t<\/div>\n\t\t\t\t<\/div>\n\t\t\t\t<div class=\"elementor-element elementor-element-7311cfd elementor-widget elementor-widget-toggle\" data-id=\"7311cfd\" data-element_type=\"widget\" data-e-type=\"widget\" data-widget_type=\"toggle.default\">\n\t\t\t\t<div class=\"elementor-widget-container\">\n\t\t\t\t\t\t\t<div class=\"elementor-toggle\">\n\t\t\t\t\t\t\t<div class=\"elementor-toggle-item\">\n\t\t\t\t\t<div id=\"elementor-tab-title-1201\" class=\"elementor-tab-title\" data-tab=\"1\" role=\"button\" aria-controls=\"elementor-tab-content-1201\" aria-expanded=\"false\">\n\t\t\t\t\t\t\t\t\t\t\t\t<span class=\"elementor-toggle-icon elementor-toggle-icon-left\" aria-hidden=\"true\">\n\t\t\t\t\t\t\t\t\t\t\t\t\t\t\t<span class=\"elementor-toggle-icon-closed\"><i class=\"fas fa-caret-right\"><\/i><\/span>\n\t\t\t\t\t\t\t\t<span class=\"elementor-toggle-icon-opened\"><i class=\"elementor-toggle-icon-opened fas fa-caret-up\"><\/i><\/span>\n\t\t\t\t\t\t\t\t\t\t\t\t\t<\/span>\n\t\t\t\t\t\t\t\t\t\t\t\t<a class=\"elementor-toggle-title\" tabindex=\"0\">B\u0151vebben<\/a>\n\t\t\t\t\t<\/div>\n\n\t\t\t\t\t<div id=\"elementor-tab-content-1201\" class=\"elementor-tab-content elementor-clearfix\" data-tab=\"1\" role=\"region\" aria-labelledby=\"elementor-tab-title-1201\"><p data-start=\"0\" data-end=\"658\">A veszpr\u00e9mi Szent Mih\u00e1ly F\u0151sz\u00e9kesegyh\u00e1z a magyar kereszt\u00e9nys\u00e9g egyik legkor\u00e1bbi \u00e9s legjelent\u0151sebb szakr\u00e1lis helysz\u00edne. A hagyom\u00e1ny szerint alap\u00edt\u00e1sa Gizella kir\u00e1lyn\u00e9hoz kapcsol\u00f3dik, \u00edgy t\u00f6rt\u00e9nete eg\u00e9szen az \u00e1llamalap\u00edt\u00e1s kor\u00e1ig vezet vissza. A mai \u00e9p\u00fclet arculata a 20. sz\u00e1zad eleji neorom\u00e1n \u00e1t\u00e9p\u00edt\u00e9s eredm\u00e9nye, ugyanakkor a falak m\u00f6g\u00f6tt \u00e9s alatt egym\u00e1sra rak\u00f3d\u00f3 korszakok sora rajzol\u00f3dik ki: \u00c1rp\u00e1d-kori kezdetek, k\u00f6z\u00e9pkori \u00e1t\u00e9p\u00edt\u00e9sek, barokk meg\u00fajul\u00e1s \u00e9s a legut\u00f3bbi, 21. sz\u00e1zadi restaur\u00e1l\u00e1s egyetlen t\u00e9rben tal\u00e1lkozik. A f\u0151sz\u00e9kesegyh\u00e1z basilica minor rangja k\u00fcl\u00f6n is jelzi, hogy nemcsak helyi, hanem egyetemes egyh\u00e1zi jelent\u0151s\u00e9ggel b\u00edr\u00f3 templomr\u00f3l van sz\u00f3.<\/p><p data-start=\"660\" data-end=\"1155\">A k\u00f6zelm\u00faltban lez\u00e1rult \u00e1tfog\u00f3 meg\u00fajul\u00e1s ut\u00e1n a f\u0151sz\u00e9kesegyh\u00e1z \u00fajraszentel\u00e9se ism\u00e9t teljes \u00e9rt\u00e9k\u0171 liturgikus \u00e9s l\u00e1togathat\u00f3 t\u00e9rr\u00e9 tette az \u00e9p\u00fcletet. A bels\u0151 t\u00e9r ar\u00e1nyai, a f\u00e9nyek j\u00e1t\u00e9ka \u00e9s a meg\u00fajult r\u00e9szletek egy\u00fctt adj\u00e1k azt az \u00e9lm\u00e9nyt, amely egyszerre k\u00f6t\u0151dik a m\u00falthoz \u00e9s sz\u00f3l a jelenhez. A templom orgon\u00e1ja k\u00fcl\u00f6n figyelmet \u00e9rdemel: t\u00f6bb mint k\u00e9tezer s\u00edpj\u00e1val nemcsak l\u00e1tv\u00e1nyos hangszer, hanem a t\u00e9r egyik meghat\u00e1roz\u00f3 eleme, amely a hangon kereszt\u00fcl is \u00e1t\u00e9lhet\u0151v\u00e9 teszi a hely szellemis\u00e9g\u00e9t.<\/p><p data-start=\"1157\" data-end=\"1647\">A l\u00e1togat\u00e1s egyik legk\u00fcl\u00f6nlegesebb r\u00e9sze az altemplom, amely vezetett v\u00e1rs\u00e9ta keret\u00e9ben fedezhet\u0151 fel. Ez a t\u00e9r sz\u00f3 szerint a felsz\u00edn al\u00e1 vezet: ide l\u00e9pve a f\u0151sz\u00e9kesegyh\u00e1z m\u00e9lyebb t\u00f6rt\u00e9neti r\u00e9tegei t\u00e1rulnak fel. A felt\u00e1r\u00e1sok \u00e9s a fel\u00faj\u00edt\u00e1s sor\u00e1n t\u00f6bb sz\u00e1z \u00e9ves temetkez\u00e9sek ker\u00fcltek el\u0151, a t\u00e9r pedig \u00fajra visszanyerte liturgikus szerep\u00e9t is. Az altemplomban egyszerre van jelen a r\u00e9g\u00e9szet, a t\u00f6rt\u00e9nelem \u00e9s az \u00e9l\u0151 vall\u00e1si hagyom\u00e1ny, ami k\u00fcl\u00f6n\u00f6sen er\u0151s, szem\u00e9lyes \u00e9lm\u00e9nny\u00e9 teszi a l\u00e1togat\u00e1st.<\/p><p data-start=\"1649\" data-end=\"2208\">Itt tal\u00e1lhat\u00f3 Pad\u00e1nyi Bir\u00f3 M\u00e1rton veszpr\u00e9mi p\u00fcsp\u00f6k s\u00edreml\u00e9ke is, amely a barokk m\u0171v\u00e9szet egyik kiemelked\u0151 alkot\u00e1sa. A t\u00f6bb mint k\u00e9t \u00e9s f\u00e9l \u00e9vsz\u00e1zados eml\u00e9km\u0171 k\u00f6z\u00e9ppontj\u00e1ban a p\u00fcsp\u00f6k \u00e9letnagys\u00e1g\u00fa alakja \u00e1ll, f\u0151papi \u00f6lt\u00f6zetben, m\u00e9lt\u00f3s\u00e1gteljes nyugalomban. A kompoz\u00edci\u00f3 r\u00e9szletei gazdag szimbolik\u00e1t hordoznak: koponya, homok\u00f3ra, kialv\u00f3 f\u00e1klya, lez\u00e1rt k\u00f6nyv \u00e9s m\u00e1s mot\u00edvumok id\u00e9zik meg az id\u0151 m\u00fal\u00e1s\u00e1t \u00e9s az emberi \u00e9let v\u00e9gess\u00e9g\u00e9t. Ezek a jelek nem puszt\u00e1n d\u00edsz\u00edt\u0151elemek, hanem \u00e9rtelmez\u00e9sre h\u00edvj\u00e1k a l\u00e1togat\u00f3t, \u00e9s szem\u00e9lyesebb kapcsolatot teremtenek a l\u00e1tottakkal.<\/p><p data-start=\"2210\" data-end=\"2592\">Pad\u00e1nyi Bir\u00f3 M\u00e1rton alakja a V\u00e1rnegyed eg\u00e9sz\u00e9nek meg\u00e9rt\u00e9s\u00e9hez kulcsfontoss\u00e1g\u00fa. A 18. sz\u00e1zad k\u00f6zep\u00e9n, a t\u00f6r\u00f6k h\u00f3dolts\u00e1g ut\u00e1ni \u00fajj\u00e1\u00e9p\u00edt\u00e9s idej\u00e9n p\u00fcsp\u00f6kk\u00e9nt meghat\u00e1roz\u00f3 szerepet j\u00e1tszott a v\u00e1ros \u00e9s az egyh\u00e1zmegye \u00fajj\u00e1szervez\u00e9s\u00e9ben. Nev\u00e9hez sz\u00e1mos templom \u00e9s egyh\u00e1zi \u00e9p\u00fclet kapcsol\u00f3dik, \u00e9s jelent\u0151s hat\u00e1ssal volt arra a barokk arculatra, amely ma is meghat\u00e1rozza a V\u00e1rnegyed hangulat\u00e1t.<\/p><p data-start=\"2594\" data-end=\"2907\" data-is-last-node=\"\" data-is-only-node=\"\">A f\u0151sz\u00e9kesegyh\u00e1z \u00edgy nem csup\u00e1n egy \u00e9p\u00fclet a V\u00e1r utc\u00e1n, hanem egy olyan hely, ahol t\u00f6bb mint ezer \u00e9v t\u00f6rt\u00e9nete v\u00e1lik \u00e1t\u00e9lhet\u0151v\u00e9. A felsz\u00ednen a meg\u00fajult templomt\u00e9r, a m\u00e9lyben az altemplom csendje, a s\u00edreml\u00e9kek \u00e9s a felt\u00e1rt m\u00falt egy\u00fctt adnak olyan \u00f6sszetett \u00e9lm\u00e9nyt, amely a l\u00e1togat\u00e1st val\u00f3di felfedez\u00e9ss\u00e9 form\u00e1lja.<\/p><\/div>\n\t\t\t\t<\/div>\n\t\t\t\t\t\t\t\t<\/div>\n\t\t\t\t\t\t<\/div>\n\t\t\t\t<\/div>\n\t\t\t\t<div class=\"elementor-element elementor-element-b37713f elementor-align-center elementor-widget__width-initial elementor-widget elementor-widget-button\" data-id=\"b37713f\" data-element_type=\"widget\" data-e-type=\"widget\" data-widget_type=\"button.default\">\n\t\t\t\t<div class=\"elementor-widget-container\">\n\t\t\t\t\t\t\t\t\t<div class=\"elementor-button-wrapper\">\n\t\t\t\t\t<a class=\"elementor-button elementor-button-link elementor-size-sm\" href=\"https:\/\/szentmihalyplebania.hu\/miserend\/\" target=\"_blank\">\n\t\t\t\t\t\t<span class=\"elementor-button-content-wrapper\">\n\t\t\t\t\t\t\t\t\t<span class=\"elementor-button-text\">Miserend<\/span>\n\t\t\t\t\t<\/span>\n\t\t\t\t\t<\/a>\n\t\t\t\t<\/div>\n\t\t\t\t\t\t\t\t<\/div>\n\t\t\t\t<\/div>\n\t\t\t\t\t<\/div>\n\t\t<\/div>\n\t\t\t\t<div class=\"elementor-column elementor-col-33 elementor-top-column elementor-element elementor-element-039ae58\" data-id=\"039ae58\" data-element_type=\"column\" data-e-type=\"column\" data-settings=\"{&quot;background_background&quot;:&quot;gradient&quot;}\">\n\t\t\t<div class=\"elementor-widget-wrap elementor-element-populated\">\n\t\t\t\t\t\t<div class=\"elementor-element elementor-element-581d1bf elementor-widget elementor-widget-image-carousel\" data-id=\"581d1bf\" data-element_type=\"widget\" data-e-type=\"widget\" data-settings=\"{&quot;navigation&quot;:&quot;none&quot;,&quot;lazyload&quot;:&quot;yes&quot;,&quot;autoplay_speed&quot;:4000,&quot;slides_to_show&quot;:&quot;1&quot;,&quot;autoplay&quot;:&quot;yes&quot;,&quot;pause_on_hover&quot;:&quot;yes&quot;,&quot;pause_on_interaction&quot;:&quot;yes&quot;,&quot;infinite&quot;:&quot;yes&quot;,&quot;effect&quot;:&quot;slide&quot;,&quot;speed&quot;:500}\" data-widget_type=\"image-carousel.default\">\n\t\t\t\t<div class=\"elementor-widget-container\">\n\t\t\t\t\t\t\t<div class=\"elementor-image-carousel-wrapper swiper\" role=\"region\" aria-roledescription=\"carousel\" aria-label=\"K\u00e9p k\u00f6rhinta\" dir=\"ltr\">\n\t\t\t<div class=\"elementor-image-carousel swiper-wrapper swiper-image-stretch\" aria-live=\"off\">\n\t\t\t\t\t\t\t\t<div class=\"swiper-slide\" role=\"group\" aria-roledescription=\"slide\" aria-label=\"1 \/ 6\"><figure class=\"swiper-slide-inner\"><img class=\"swiper-slide-image swiper-lazy\" data-src=\"https:\/\/vetk.hu\/wp-content\/uploads\/2026\/04\/Gizella-Kapolna2-2-scaled-e1777462948117-2048x1154.jpg\" alt=\"Gizella K\u00e1polna2\" \/><div class=\"swiper-lazy-preloader\"><\/div><\/figure><\/div><div class=\"swiper-slide\" role=\"group\" aria-roledescription=\"slide\" aria-label=\"2 \/ 6\"><figure class=\"swiper-slide-inner\"><img class=\"swiper-slide-image swiper-lazy\" data-src=\"https:\/\/vetk.hu\/wp-content\/uploads\/2026\/04\/zarandokok11-1-scaled-e1777462966718-2048x1154.jpg\" alt=\"zar\u00e1ndokok11\" \/><div class=\"swiper-lazy-preloader\"><\/div><\/figure><\/div><div class=\"swiper-slide\" role=\"group\" aria-roledescription=\"slide\" aria-label=\"3 \/ 6\"><figure class=\"swiper-slide-inner\"><img class=\"swiper-slide-image swiper-lazy\" data-src=\"https:\/\/vetk.hu\/wp-content\/uploads\/2026\/04\/Gizella-Kapolna2-1-e1777462990486-2048x1154.jpg\" alt=\"Gizella K\u00e1polna2\" \/><div class=\"swiper-lazy-preloader\"><\/div><\/figure><\/div><div class=\"swiper-slide\" role=\"group\" aria-roledescription=\"slide\" aria-label=\"4 \/ 6\"><figure class=\"swiper-slide-inner\"><img class=\"swiper-slide-image swiper-lazy\" data-src=\"https:\/\/vetk.hu\/wp-content\/uploads\/2026\/04\/zarandokok12-scaled-e1777463015162-2048x1154.jpg\" alt=\"zar\u00e1ndokok12\" \/><div class=\"swiper-lazy-preloader\"><\/div><\/figure><\/div><div class=\"swiper-slide\" role=\"group\" aria-roledescription=\"slide\" aria-label=\"5 \/ 6\"><figure class=\"swiper-slide-inner\"><img class=\"swiper-slide-image swiper-lazy\" data-src=\"https:\/\/vetk.hu\/wp-content\/uploads\/2026\/04\/Gizella-Kapolna-also-szint2-1536x2048.jpg\" alt=\"Gizella K\u00e1polna als\u00f3 szint2\" \/><div class=\"swiper-lazy-preloader\"><\/div><\/figure><\/div><div class=\"swiper-slide\" role=\"group\" aria-roledescription=\"slide\" aria-label=\"6 \/ 6\"><figure class=\"swiper-slide-inner\"><img class=\"swiper-slide-image swiper-lazy\" data-src=\"https:\/\/vetk.hu\/wp-content\/uploads\/2026\/04\/Sarkany-zaroko2-scaled-e1777463057932-2048x1154.jpg\" alt=\"S\u00e1rk\u00e1ny z\u00e1r\u00f3k\u01512\" \/><div class=\"swiper-lazy-preloader\"><\/div><\/figure><\/div>\t\t\t<\/div>\n\t\t\t\t\t\t\t\n\t\t\t\t\t\t\t\t\t<\/div>\n\t\t\t\t\t\t<\/div>\n\t\t\t\t<\/div>\n\t\t\t\t<div class=\"elementor-element elementor-element-e4e8b35 elementor-widget elementor-widget-text-editor\" data-id=\"e4e8b35\" data-element_type=\"widget\" data-e-type=\"widget\" data-widget_type=\"text-editor.default\">\n\t\t\t\t<div class=\"elementor-widget-container\">\n\t\t\t\t\t\t\t\t\t<h4>GIZELLA K\u00c1POLNA<\/h4>\t\t\t\t\t\t\t\t<\/div>\n\t\t\t\t<\/div>\n\t\t\t\t<div class=\"elementor-element elementor-element-4013b8e elementor-widget elementor-widget-toggle\" data-id=\"4013b8e\" data-element_type=\"widget\" data-e-type=\"widget\" data-widget_type=\"toggle.default\">\n\t\t\t\t<div class=\"elementor-widget-container\">\n\t\t\t\t\t\t\t<div class=\"elementor-toggle\">\n\t\t\t\t\t\t\t<div class=\"elementor-toggle-item\">\n\t\t\t\t\t<div id=\"elementor-tab-title-6711\" class=\"elementor-tab-title\" data-tab=\"1\" role=\"button\" aria-controls=\"elementor-tab-content-6711\" aria-expanded=\"false\">\n\t\t\t\t\t\t\t\t\t\t\t\t<span class=\"elementor-toggle-icon elementor-toggle-icon-left\" aria-hidden=\"true\">\n\t\t\t\t\t\t\t\t\t\t\t\t\t\t\t<span class=\"elementor-toggle-icon-closed\"><i class=\"fas fa-caret-right\"><\/i><\/span>\n\t\t\t\t\t\t\t\t<span class=\"elementor-toggle-icon-opened\"><i class=\"elementor-toggle-icon-opened fas fa-caret-up\"><\/i><\/span>\n\t\t\t\t\t\t\t\t\t\t\t\t\t<\/span>\n\t\t\t\t\t\t\t\t\t\t\t\t<a class=\"elementor-toggle-title\" tabindex=\"0\">B\u0151vebben<\/a>\n\t\t\t\t\t<\/div>\n\n\t\t\t\t\t<div id=\"elementor-tab-content-6711\" class=\"elementor-tab-content elementor-clearfix\" data-tab=\"1\" role=\"region\" aria-labelledby=\"elementor-tab-title-6711\"><p data-start=\"98\" data-end=\"467\">A veszpr\u00e9mi Gizella K\u00e1polna a V\u00e1rnegyed egyik legk\u00fcl\u00f6nlegesebb k\u00f6z\u00e9pkori tere. A 13. sz\u00e1zadi eredet\u0171 k\u00e1polna egykor k\u00e9tszintes palotak\u00e1polna lehetett, amelyet a hagyom\u00e1ny p\u00fcsp\u00f6ki vagy kir\u00e1lyi mag\u00e1nk\u00e1polnak\u00e9nt tart sz\u00e1mon. M\u00e9rete visszafogott, jelent\u0151s\u00e9ge azonban kiemelked\u0151: falai k\u00f6z\u00f6tt a magyar k\u00f6z\u00e9pkor egyik ritka, bens\u0151s\u00e9ges hangulat\u00fa szakr\u00e1lis eml\u00e9ke maradt fenn.<\/p><p data-start=\"469\" data-end=\"856\">A k\u00e1polna leg\u00e9rt\u00e9kesebb r\u00e9szletei k\u00f6z\u00e9 tartoznak a 13. sz\u00e1zadi apostolfresk\u00f3k, amelyek Magyarorsz\u00e1g legr\u00e9gebbi ilyen jelleg\u0171 falk\u00e9pei k\u00f6z\u00e9 sorolhat\u00f3k. A festett apostolalakok nemcsak m\u0171v\u00e9szett\u00f6rt\u00e9neti szempontb\u00f3l k\u00fcl\u00f6nlegesek, hanem a l\u00e1togat\u00f3 sz\u00e1m\u00e1ra is er\u0151s \u00e9lm\u00e9nyt adnak: emberk\u00f6zelbe hozz\u00e1k azt a kort, amikor a V\u00e1rnegyed falai k\u00f6z\u00f6tt kir\u00e1lyi, p\u00fcsp\u00f6ki \u00e9s egyh\u00e1zi hatalom tal\u00e1lkozott.<\/p><p data-start=\"858\" data-end=\"1273\">A t\u00e9r k\u00fcl\u00f6nleges hangulat\u00e1t a k\u00f6z\u00e9pkori \u00e9p\u00edt\u00e9szeti r\u00e9szletek is er\u0151s\u00edtik. A boltozat z\u00e1r\u00f3k\u00f6vei, k\u00f6zt\u00fck a s\u00e1rk\u00e1nyt \u00e1br\u00e1zol\u00f3 faragv\u00e1ny, ritka \u00e9s figyelemre m\u00e9lt\u00f3 eml\u00e9kei a korabeli gondolkod\u00e1snak. A s\u00e1rk\u00e1ny mot\u00edvuma egyszerre id\u00e9zi meg a k\u00f6z\u00e9pkor jelk\u00e9pes vil\u00e1g\u00e1t, a hit k\u00fczdelm\u00e9t \u00e9s a legy\u0151zend\u0151 rossz k\u00e9p\u00e9t. Egy apr\u00f3 r\u00e9szlet, amely f\u00f6l\u00f6tt k\u00f6nny\u0171 lenne elsiklani, m\u00e9gis eg\u00e9sz korszakok k\u00e9pzeletvil\u00e1g\u00e1t s\u0171r\u00edti mag\u00e1ba.<\/p><p data-start=\"1275\" data-end=\"1869\">A k\u00e1polna egyik legk\u00fcl\u00f6nlegesebb erekly\u00e9je Gizella kir\u00e1lyn\u00e9hoz kapcsol\u00f3dik. A 20. sz\u00e1zad m\u00e1sodik fel\u00e9ben Passaub\u00f3l \u00e9rkezett Veszpr\u00e9mbe Gizella kir\u00e1lyn\u00e9 karerekly\u00e9je, amely az\u00f3ta a v\u00e1ros \u00e9s az \u00e9rseks\u00e9g egyik legfontosabb szakr\u00e1lis eml\u00e9ke. Az ereklye \u00e9rkez\u00e9se nem csup\u00e1n egyh\u00e1zi esem\u00e9ny volt, hanem egy t\u00f6bb mint kilenc \u00e9vsz\u00e1zados t\u00f6rt\u00e9neti kapcsolat meger\u0151s\u00edt\u00e9se is: Gizella kir\u00e1lyn\u00e9 Passauban hunyt el, \u00e9s ott \u0151rizt\u00e9k eml\u00e9k\u00e9t \u00e9vsz\u00e1zadokon \u00e1t. A relikvia Veszpr\u00e9mbe ker\u00fcl\u00e9se \u00edgy egyfajta \u201ehazat\u00e9r\u00e9sk\u00e9nt\u201d is \u00e9rtelmezhet\u0151, amely \u00fajra szorosabbra f\u0171zte a v\u00e1ros \u00e9s alap\u00edt\u00f3 kir\u00e1lyn\u00e9j\u00e1nak kapcsolat\u00e1t.<\/p><p data-start=\"1871\" data-end=\"2221\">A Gizella K\u00e1polna a k\u00f6zelm\u00falt meg\u00faj\u00edt\u00e1s\u00e1nak k\u00f6sz\u00f6nhet\u0151en \u00fajra m\u00e9lt\u00f3 m\u00f3don kapcsol\u00f3dik be a V\u00e1rnegyed l\u00e1togat\u00f3i \u00fatvonal\u00e1ba. \u00c1llagmeg\u00f3v\u00e1si okokb\u00f3l \u00f6n\u00e1ll\u00f3an nem l\u00e1togathat\u00f3, vezetett v\u00e1rs\u00e9ta keret\u00e9ben azonban megismerhet\u0151. A meg\u00fajult k\u00e1polna \u00fcvegajt\u00f3t kapott, \u00edgy a t\u00e9r akkor is bepillant\u00e1st enged a l\u00e1togat\u00f3knak, amikor bel\u00e9p\u00e9sre \u00e9ppen nincs lehet\u0151s\u00e9g.<\/p><p data-start=\"2223\" data-end=\"2634\">A k\u00e1polna k\u00fcl\u00f6nlegess\u00e9ge \u00e9ppen ebben a kett\u0151ss\u00e9gben rejlik: egyszerre nyit meg egy ritka k\u00f6z\u00e9pkori vil\u00e1got, \u00e9s k\u00f6zben meg\u0151rzi annak csendj\u00e9t, t\u00f6r\u00e9kenys\u00e9g\u00e9t. Aki bel\u00e9p, nem nagy m\u00e9ret\u0171 templomt\u00e9rbe \u00e9rkezik, hanem egy s\u0171r\u00edtett t\u00f6rt\u00e9nelmi pillanatba. Fresk\u00f3k, faragv\u00e1nyok, k\u0151fel\u00fcletek \u00e9s szimb\u00f3lumok mes\u00e9lnek arr\u00f3l a korr\u00f3l, amikor Veszpr\u00e9m a magyar egyh\u00e1zi \u00e9s kir\u00e1lyn\u00e9i jelenl\u00e9t egyik legfontosabb helysz\u00edne volt.<\/p><p data-start=\"2636\" data-end=\"2836\">A Gizella K\u00e1polna ez\u00e9rt a V\u00e1rnegyed egyik legeml\u00e9kezetesebb \u00e1llom\u00e1sa: kicsi t\u00e9r, nagy t\u00f6rt\u00e9nettel. Egy hely, ahol a k\u00f6z\u00e9pkor nem t\u00e1voli fogalomk\u00e9nt jelenik meg, hanem n\u00e9h\u00e1ny l\u00e9p\u00e9snyi k\u00f6zels\u00e9gbe ker\u00fcl.<\/p><\/div>\n\t\t\t\t<\/div>\n\t\t\t\t\t\t\t\t<\/div>\n\t\t\t\t\t\t<\/div>\n\t\t\t\t<\/div>\n\t\t\t\t<div class=\"elementor-element elementor-element-9cdfbc7 elementor-align-center elementor-widget__width-initial elementor-widget elementor-widget-button\" data-id=\"9cdfbc7\" data-element_type=\"widget\" data-e-type=\"widget\" data-widget_type=\"button.default\">\n\t\t\t\t<div class=\"elementor-widget-container\">\n\t\t\t\t\t\t\t\t\t<div class=\"elementor-button-wrapper\">\n\t\t\t\t\t<a class=\"elementor-button elementor-button-link elementor-size-sm\" href=\"https:\/\/vetk.hu\/vezetett-varsetak\/\" target=\"_blank\">\n\t\t\t\t\t\t<span class=\"elementor-button-content-wrapper\">\n\t\t\t\t\t\t\t\t\t<span class=\"elementor-button-text\">Vezetett v\u00e1rs\u00e9ta<\/span>\n\t\t\t\t\t<\/span>\n\t\t\t\t\t<\/a>\n\t\t\t\t<\/div>\n\t\t\t\t\t\t\t\t<\/div>\n\t\t\t\t<\/div>\n\t\t\t\t\t<\/div>\n\t\t<\/div>\n\t\t\t\t<div class=\"elementor-column elementor-col-33 elementor-top-column elementor-element elementor-element-d672b4e\" data-id=\"d672b4e\" data-element_type=\"column\" data-e-type=\"column\" data-settings=\"{&quot;background_background&quot;:&quot;gradient&quot;}\">\n\t\t\t<div class=\"elementor-widget-wrap elementor-element-populated\">\n\t\t\t\t\t\t<div class=\"elementor-element elementor-element-6aa8c4d elementor-widget elementor-widget-image-carousel\" data-id=\"6aa8c4d\" data-element_type=\"widget\" data-e-type=\"widget\" data-settings=\"{&quot;navigation&quot;:&quot;none&quot;,&quot;lazyload&quot;:&quot;yes&quot;,&quot;autoplay_speed&quot;:4000,&quot;slides_to_show&quot;:&quot;1&quot;,&quot;effect&quot;:&quot;fade&quot;,&quot;speed&quot;:1500,&quot;autoplay&quot;:&quot;yes&quot;,&quot;pause_on_hover&quot;:&quot;yes&quot;,&quot;pause_on_interaction&quot;:&quot;yes&quot;,&quot;infinite&quot;:&quot;yes&quot;}\" data-widget_type=\"image-carousel.default\">\n\t\t\t\t<div class=\"elementor-widget-container\">\n\t\t\t\t\t\t\t<div class=\"elementor-image-carousel-wrapper swiper\" role=\"region\" aria-roledescription=\"carousel\" aria-label=\"K\u00e9p k\u00f6rhinta\" dir=\"ltr\">\n\t\t\t<div class=\"elementor-image-carousel swiper-wrapper swiper-image-stretch\" aria-live=\"off\">\n\t\t\t\t\t\t\t\t<div class=\"swiper-slide\" role=\"group\" aria-roledescription=\"slide\" aria-label=\"1 \/ 8\"><figure class=\"swiper-slide-inner\"><img class=\"swiper-slide-image swiper-lazy\" data-src=\"https:\/\/vetk.hu\/wp-content\/uploads\/2026\/04\/BAT5743-e1777463256500-2048x1154.jpg\" alt=\"_BAT5743\" \/><div class=\"swiper-lazy-preloader\"><\/div><\/figure><\/div><div class=\"swiper-slide\" role=\"group\" aria-roledescription=\"slide\" aria-label=\"2 \/ 8\"><figure class=\"swiper-slide-inner\"><img class=\"swiper-slide-image swiper-lazy\" data-src=\"https:\/\/vetk.hu\/wp-content\/uploads\/2026\/04\/EP-diszterem3-1-e1777463273169-2048x1154.jpg\" alt=\"\u00c9P d\u00edszterem3\" \/><div class=\"swiper-lazy-preloader\"><\/div><\/figure><\/div><div class=\"swiper-slide\" role=\"group\" aria-roledescription=\"slide\" aria-label=\"3 \/ 8\"><figure class=\"swiper-slide-inner\"><img class=\"swiper-slide-image swiper-lazy\" data-src=\"https:\/\/vetk.hu\/wp-content\/uploads\/2026\/04\/EP-diszterem-ablakok-1-e1777463468502-2048x870.jpg\" alt=\"\u00c9P d\u00edszterem ablakok\" \/><div class=\"swiper-lazy-preloader\"><\/div><\/figure><\/div><div class=\"swiper-slide\" role=\"group\" aria-roledescription=\"slide\" aria-label=\"4 \/ 8\"><figure class=\"swiper-slide-inner\"><img class=\"swiper-slide-image swiper-lazy\" data-src=\"https:\/\/vetk.hu\/wp-content\/uploads\/2026\/04\/szalonsor1-scaled-e1777463299777-2048x1154.jpg\" alt=\"szalonsor1\" \/><div class=\"swiper-lazy-preloader\"><\/div><\/figure><\/div><div class=\"swiper-slide\" role=\"group\" aria-roledescription=\"slide\" aria-label=\"5 \/ 8\"><figure class=\"swiper-slide-inner\"><img class=\"swiper-slide-image swiper-lazy\" data-src=\"https:\/\/vetk.hu\/wp-content\/uploads\/2026\/04\/zarandokok19-scaled-e1777463341992-2048x1154.jpg\" alt=\"zar\u00e1ndokok19\" \/><div class=\"swiper-lazy-preloader\"><\/div><\/figure><\/div><div class=\"swiper-slide\" role=\"group\" aria-roledescription=\"slide\" aria-label=\"6 \/ 8\"><figure class=\"swiper-slide-inner\"><img class=\"swiper-slide-image swiper-lazy\" data-src=\"https:\/\/vetk.hu\/wp-content\/uploads\/2026\/04\/szalonsor32-scaled-e1777463324835-2048x1154.jpg\" alt=\"szalonsor32\" \/><div class=\"swiper-lazy-preloader\"><\/div><\/figure><\/div><div class=\"swiper-slide\" role=\"group\" aria-roledescription=\"slide\" aria-label=\"7 \/ 8\"><figure class=\"swiper-slide-inner\"><img class=\"swiper-slide-image swiper-lazy\" data-src=\"https:\/\/vetk.hu\/wp-content\/uploads\/2026\/04\/EP-metszetterem-butorozva-2-e1777463550348-2048x1152.jpg\" alt=\"\u00c9P metszetterem b\u00fatorozva\" \/><div class=\"swiper-lazy-preloader\"><\/div><\/figure><\/div><div class=\"swiper-slide\" role=\"group\" aria-roledescription=\"slide\" aria-label=\"8 \/ 8\"><figure class=\"swiper-slide-inner\"><img class=\"swiper-slide-image swiper-lazy\" data-src=\"https:\/\/vetk.hu\/wp-content\/uploads\/2026\/04\/EP-vesztibul-jo-1-e1777463574545-2048x1152.jpg\" alt=\"\u00c9P vesztib\u00fcl j\u00f3\" \/><div class=\"swiper-lazy-preloader\"><\/div><\/figure><\/div>\t\t\t<\/div>\n\t\t\t\t\t\t\t\n\t\t\t\t\t\t\t\t\t<\/div>\n\t\t\t\t\t\t<\/div>\n\t\t\t\t<\/div>\n\t\t\t\t<div class=\"elementor-element elementor-element-98a0e9f elementor-widget elementor-widget-text-editor\" data-id=\"98a0e9f\" data-element_type=\"widget\" data-e-type=\"widget\" data-widget_type=\"text-editor.default\">\n\t\t\t\t<div class=\"elementor-widget-container\">\n\t\t\t\t\t\t\t\t\t<h4>\u00c9RSEKI PALOTA<\/h4>\t\t\t\t\t\t\t\t<\/div>\n\t\t\t\t<\/div>\n\t\t\t\t<div class=\"elementor-element elementor-element-f520cf7 elementor-widget elementor-widget-toggle\" data-id=\"f520cf7\" data-element_type=\"widget\" data-e-type=\"widget\" data-widget_type=\"toggle.default\">\n\t\t\t\t<div class=\"elementor-widget-container\">\n\t\t\t\t\t\t\t<div class=\"elementor-toggle\">\n\t\t\t\t\t\t\t<div class=\"elementor-toggle-item\">\n\t\t\t\t\t<div id=\"elementor-tab-title-2571\" class=\"elementor-tab-title\" data-tab=\"1\" role=\"button\" aria-controls=\"elementor-tab-content-2571\" aria-expanded=\"false\">\n\t\t\t\t\t\t\t\t\t\t\t\t<span class=\"elementor-toggle-icon elementor-toggle-icon-left\" aria-hidden=\"true\">\n\t\t\t\t\t\t\t\t\t\t\t\t\t\t\t<span class=\"elementor-toggle-icon-closed\"><i class=\"fas fa-caret-right\"><\/i><\/span>\n\t\t\t\t\t\t\t\t<span class=\"elementor-toggle-icon-opened\"><i class=\"elementor-toggle-icon-opened fas fa-caret-up\"><\/i><\/span>\n\t\t\t\t\t\t\t\t\t\t\t\t\t<\/span>\n\t\t\t\t\t\t\t\t\t\t\t\t<a class=\"elementor-toggle-title\" tabindex=\"0\">B\u0151vebben<\/a>\n\t\t\t\t\t<\/div>\n\n\t\t\t\t\t<div id=\"elementor-tab-content-2571\" class=\"elementor-tab-content elementor-clearfix\" data-tab=\"1\" role=\"region\" aria-labelledby=\"elementor-tab-title-2571\"><p data-start=\"18\" data-end=\"524\">A veszpr\u00e9mi \u00c9rseki Palota a V\u00e1rnegyed egyik legmeghat\u00e1roz\u00f3bb barokk tere, ahol az \u00e9p\u00edt\u00e9szet nemcsak k\u00f6r\u00fclveszi a l\u00e1togat\u00f3t, hanem finoman ir\u00e1ny\u00edtja is. A palota a 18. sz\u00e1zad m\u00e1sodik fel\u00e9ben \u00e9p\u00fclt Koller Ign\u00e1c p\u00fcsp\u00f6k megb\u00edz\u00e1s\u00e1b\u00f3l, Fellner Jakab tervei alapj\u00e1n. Az \u00e9p\u00edtkez\u00e9s 1765-ben indult, \u00e9s 1776-ra fejez\u0151d\u00f6tt be. A v\u00e9geredm\u00e9ny egy tudatosan fel\u00e9p\u00edtett, reprezentat\u00edv t\u00e9rsor lett, amelyben minden ajt\u00f3, minden tengely \u00e9s minden d\u00edsz\u00edt\u00e9s egyetlen c\u00e9lt szolg\u00e1l: megmutatni, hol sz\u00fcletnek a d\u00f6nt\u00e9sek.<\/p><p data-start=\"526\" data-end=\"1117\">A k\u00fcls\u0151 visszafogott eleganci\u00e1ja ut\u00e1n a bels\u0151 terek meglep\u0151en gazdag vil\u00e1got nyitnak meg. A mennyezeti fresk\u00f3k \u2013 Johann Cymbal munk\u00e1i \u2013 nem puszt\u00e1n d\u00edsz\u00edtenek, hanem a kor gondolkod\u00e1s\u00e1t, m\u0171velts\u00e9g\u00e9t \u00e9s \u00f6nk\u00e9p\u00e9t jelen\u00edtik meg. A stukk\u00f3d\u00edszek finom r\u00e9szletei \u2013 Giuseppe Orsatti keze nyom\u00e1n \u2013 szinte keretezik a teret, mintha a falak nem hat\u00e1roln\u00e1nak, hanem egy gondosan kompon\u00e1lt jelenet r\u00e9szei lenn\u00e9nek. A helyis\u00e9gek egym\u00e1sba ny\u00edl\u00f3 rendje nem v\u00e9letlen: a l\u00e1togat\u00f3 szinte \u00e9szrev\u00e9tlen\u00fcl halad v\u00e9gig egy fokozatosan kibontakoz\u00f3 t\u00e9r\u00e9lm\u00e9nyen, ahol a hangs\u00falyok egyre er\u0151sebben jelennek meg.<\/p><p data-start=\"1119\" data-end=\"1564\">A palota nemcsak \u00e9p\u00edt\u00e9szeti, hanem t\u00f6rt\u00e9neti szempontb\u00f3l is k\u00fcl\u00f6nleges. Falai k\u00f6z\u00f6tt t\u00f6bb olyan esem\u00e9ny zajlott, amely t\u00falmutat Veszpr\u00e9m hat\u00e1rain. 1820-ban itt tal\u00e1lkozott I. S\u00e1ndor orosz c\u00e1r \u00e9s J\u00f3zsef n\u00e1dor, ami j\u00f3l mutatja, hogy a palota nemzetk\u00f6zi rang\u00fa helysz\u00ednk\u00e9nt is m\u0171k\u00f6d\u00f6tt. Ferenc J\u00f3zsef cs\u00e1sz\u00e1r 1908-as veszpr\u00e9mi l\u00e1togat\u00e1sa sor\u00e1n szint\u00e9n itt sz\u00e1llt meg, \u00edgy a t\u00e9r a 19\u201320. sz\u00e1zad fordul\u00f3j\u00e1n is meg\u0151rizte reprezentat\u00edv szerep\u00e9t.<\/p><p data-start=\"1566\" data-end=\"1882\">A palota els\u0151 lak\u00f3ja \u00e9s \u00e9p\u00edttet\u0151je, Koller Ign\u00e1c nemcsak egy impoz\u00e1ns \u00e9p\u00fcletet hozott l\u00e9tre, hanem egy olyan szellemi k\u00f6zpontot is, ahol az egyh\u00e1zmegye ir\u00e1ny\u00edt\u00e1sa zajlott. A kialak\u00edtott k\u00f6nyvt\u00e1rszoba \u00e9s a mag\u00e1nk\u00e1polna k\u00f6zels\u00e9ge j\u00f3l mutatja ezt a kett\u0151ss\u00e9get: a gondolkod\u00e1s \u00e9s a hit tere egym\u00e1s mellett kapott helyet.<\/p><p data-start=\"1884\" data-end=\"2239\">A k\u00f6zelm\u00falt meg\u00faj\u00edt\u00e1sa sor\u00e1n a palota visszanyerte eredeti ar\u00e1nyait \u00e9s r\u00e9szleteit. A restaur\u00e1l\u00e1s nem \u00faj \u00e9rtelmez\u00e9st adott az \u00e9p\u00fcletnek, hanem lehet\u0151v\u00e9 tette, hogy a barokk t\u00e9rszervez\u00e9s tiszt\u00e1n \u00e9s \u00e9rthet\u0151en jelenjen meg. A l\u00e1togat\u00f3 ma olyan enteri\u0151r\u00f6k\u00f6n haladhat v\u00e9gig, amelyek k\u00f6zel \u00e1llnak ahhoz az \u00e9lm\u00e9nyhez, amelyet a 18. sz\u00e1zadi vend\u00e9gek is \u00e1t\u00e9lhettek.<\/p><p data-start=\"2241\" data-end=\"2536\">Az \u00c9rseki Palota vezetett v\u00e1rs\u00e9ta keret\u00e9ben l\u00e1togathat\u00f3. A bej\u00e1r\u00e1s sor\u00e1n a l\u00e1togat\u00f3 nemcsak termeken halad v\u00e9gig, hanem egy gondosan fel\u00e9p\u00edtett t\u00f6rt\u00e9neti \u00edven is: a barokk reprezent\u00e1ci\u00f3 vil\u00e1g\u00e1n kereszt\u00fcl k\u00f6zelebb ker\u00fcl ahhoz a korszakhoz, amely a V\u00e1rnegyed mai arculat\u00e1t alapvet\u0151en meghat\u00e1rozta.<\/p><p data-start=\"2538\" data-end=\"2832\" data-is-last-node=\"\" data-is-only-node=\"\">Az \u00c9rseki Palota ez\u00e9rt t\u00f6bb mint egy sz\u00e9p \u00e9p\u00fclet. Egy olyan hely, ahol a t\u00e9r besz\u00e9l: a falak a hatalomr\u00f3l, a mennyezetek a vil\u00e1gr\u00f3l, a r\u00e9szletek pedig az emberi jelenl\u00e9tr\u0151l mes\u00e9lnek. Aki bel\u00e9p, nemcsak l\u00e1t, hanem r\u00e9szes\u00e9v\u00e9 v\u00e1lik egy olyan t\u00f6rt\u00e9netnek, amely \u00e9vsz\u00e1zadokon \u00e1t form\u00e1lta Veszpr\u00e9met.<\/p><\/div>\n\t\t\t\t<\/div>\n\t\t\t\t\t\t\t\t<\/div>\n\t\t\t\t\t\t<\/div>\n\t\t\t\t<\/div>\n\t\t\t\t<div class=\"elementor-element elementor-element-bf86d93 elementor-align-center elementor-widget__width-initial elementor-widget elementor-widget-button\" data-id=\"bf86d93\" data-element_type=\"widget\" data-e-type=\"widget\" data-widget_type=\"button.default\">\n\t\t\t\t<div class=\"elementor-widget-container\">\n\t\t\t\t\t\t\t\t\t<div class=\"elementor-button-wrapper\">\n\t\t\t\t\t<a class=\"elementor-button elementor-button-link elementor-size-sm\" href=\"https:\/\/vetk.hu\/vezetett-varsetak\/\" target=\"_blank\">\n\t\t\t\t\t\t<span class=\"elementor-button-content-wrapper\">\n\t\t\t\t\t\t\t\t\t<span class=\"elementor-button-text\">Vezetett v\u00e1rs\u00e9ta<\/span>\n\t\t\t\t\t<\/span>\n\t\t\t\t\t<\/a>\n\t\t\t\t<\/div>\n\t\t\t\t\t\t\t\t<\/div>\n\t\t\t\t<\/div>\n\t\t\t\t\t<\/div>\n\t\t<\/div>\n\t\t\t\t\t<\/div>\n\t\t<\/section>\n\t\t\t\t<section class=\"elementor-section elementor-top-section elementor-element elementor-element-82639dd elementor-section-full_width elementor-section-height-default elementor-section-height-default\" data-id=\"82639dd\" data-element_type=\"section\" data-e-type=\"section\" data-settings=\"{&quot;background_background&quot;:&quot;classic&quot;}\">\n\t\t\t\t\t\t<div class=\"elementor-container elementor-column-gap-default\">\n\t\t\t\t\t<div class=\"elementor-column elementor-col-33 elementor-top-column elementor-element elementor-element-117db26\" data-id=\"117db26\" data-element_type=\"column\" data-e-type=\"column\" data-settings=\"{&quot;background_background&quot;:&quot;gradient&quot;}\">\n\t\t\t<div class=\"elementor-widget-wrap elementor-element-populated\">\n\t\t\t\t\t\t<div class=\"elementor-element elementor-element-8d4377f elementor-widget elementor-widget-image-carousel\" data-id=\"8d4377f\" data-element_type=\"widget\" data-e-type=\"widget\" data-settings=\"{&quot;navigation&quot;:&quot;none&quot;,&quot;lazyload&quot;:&quot;yes&quot;,&quot;autoplay_speed&quot;:4000,&quot;slides_to_show&quot;:&quot;1&quot;,&quot;effect&quot;:&quot;fade&quot;,&quot;speed&quot;:1500,&quot;autoplay&quot;:&quot;yes&quot;,&quot;pause_on_hover&quot;:&quot;yes&quot;,&quot;pause_on_interaction&quot;:&quot;yes&quot;,&quot;infinite&quot;:&quot;yes&quot;}\" data-widget_type=\"image-carousel.default\">\n\t\t\t\t<div class=\"elementor-widget-container\">\n\t\t\t\t\t\t\t<div class=\"elementor-image-carousel-wrapper swiper\" role=\"region\" aria-roledescription=\"carousel\" aria-label=\"K\u00e9p k\u00f6rhinta\" dir=\"ltr\">\n\t\t\t<div class=\"elementor-image-carousel swiper-wrapper\" aria-live=\"off\">\n\t\t\t\t\t\t\t\t<div class=\"swiper-slide\" role=\"group\" aria-roledescription=\"slide\" aria-label=\"1 \/ 5\"><figure class=\"swiper-slide-inner\"><img class=\"swiper-slide-image swiper-lazy\" data-src=\"https:\/\/vetk.hu\/wp-content\/uploads\/2026\/04\/BAT5857-e1777463898522-2048x1154.jpg\" alt=\"_BAT5857\" \/><div class=\"swiper-lazy-preloader\"><\/div><\/figure><\/div><div class=\"swiper-slide\" role=\"group\" aria-roledescription=\"slide\" aria-label=\"2 \/ 5\"><figure class=\"swiper-slide-inner\"><img class=\"swiper-slide-image swiper-lazy\" data-src=\"https:\/\/vetk.hu\/wp-content\/uploads\/2026\/04\/esztergom6-scaled-e1777463917467-2048x1154.jpg\" alt=\"esztergom6\" \/><div class=\"swiper-lazy-preloader\"><\/div><\/figure><\/div><div class=\"swiper-slide\" role=\"group\" aria-roledescription=\"slide\" aria-label=\"3 \/ 5\"><figure class=\"swiper-slide-inner\"><img class=\"swiper-slide-image swiper-lazy\" data-src=\"https:\/\/vetk.hu\/wp-content\/uploads\/2026\/04\/esztergom4-scaled-e1777463936168-2048x1154.jpg\" alt=\"esztergom4\" \/><div class=\"swiper-lazy-preloader\"><\/div><\/figure><\/div><div class=\"swiper-slide\" role=\"group\" aria-roledescription=\"slide\" aria-label=\"4 \/ 5\"><figure class=\"swiper-slide-inner\"><img class=\"swiper-slide-image swiper-lazy\" data-src=\"https:\/\/vetk.hu\/wp-content\/uploads\/2026\/04\/esztergom2-1-scaled-e1777463955785-2048x1154.jpg\" alt=\"esztergom2\" \/><div class=\"swiper-lazy-preloader\"><\/div><\/figure><\/div><div class=\"swiper-slide\" role=\"group\" aria-roledescription=\"slide\" aria-label=\"5 \/ 5\"><figure class=\"swiper-slide-inner\"><img class=\"swiper-slide-image swiper-lazy\" data-src=\"https:\/\/vetk.hu\/wp-content\/uploads\/2026\/04\/esztergom1-1-scaled-e1777463973778-2048x1154.jpg\" alt=\"esztergom1\" \/><div class=\"swiper-lazy-preloader\"><\/div><\/figure><\/div>\t\t\t<\/div>\n\t\t\t\t\t\t\t\n\t\t\t\t\t\t\t\t\t<\/div>\n\t\t\t\t\t\t<\/div>\n\t\t\t\t<\/div>\n\t\t\t\t<div class=\"elementor-element elementor-element-997e923 elementor-widget elementor-widget-text-editor\" data-id=\"997e923\" data-element_type=\"widget\" data-e-type=\"widget\" data-widget_type=\"text-editor.default\">\n\t\t\t\t<div class=\"elementor-widget-container\">\n\t\t\t\t\t\t\t\t\t<h4>SZENT GY\u00d6RGY K\u00c1POLNA<\/h4>\t\t\t\t\t\t\t\t<\/div>\n\t\t\t\t<\/div>\n\t\t\t\t<div class=\"elementor-element elementor-element-2f11de4 elementor-widget elementor-widget-toggle\" data-id=\"2f11de4\" data-element_type=\"widget\" data-e-type=\"widget\" data-widget_type=\"toggle.default\">\n\t\t\t\t<div class=\"elementor-widget-container\">\n\t\t\t\t\t\t\t<div class=\"elementor-toggle\">\n\t\t\t\t\t\t\t<div class=\"elementor-toggle-item\">\n\t\t\t\t\t<div id=\"elementor-tab-title-4931\" class=\"elementor-tab-title\" data-tab=\"1\" role=\"button\" aria-controls=\"elementor-tab-content-4931\" aria-expanded=\"false\">\n\t\t\t\t\t\t\t\t\t\t\t\t<span class=\"elementor-toggle-icon elementor-toggle-icon-left\" aria-hidden=\"true\">\n\t\t\t\t\t\t\t\t\t\t\t\t\t\t\t<span class=\"elementor-toggle-icon-closed\"><i class=\"fas fa-caret-right\"><\/i><\/span>\n\t\t\t\t\t\t\t\t<span class=\"elementor-toggle-icon-opened\"><i class=\"elementor-toggle-icon-opened fas fa-caret-up\"><\/i><\/span>\n\t\t\t\t\t\t\t\t\t\t\t\t\t<\/span>\n\t\t\t\t\t\t\t\t\t\t\t\t<a class=\"elementor-toggle-title\" tabindex=\"0\">B\u0151vebben<\/a>\n\t\t\t\t\t<\/div>\n\n\t\t\t\t\t<div id=\"elementor-tab-content-4931\" class=\"elementor-tab-content elementor-clearfix\" data-tab=\"1\" role=\"region\" aria-labelledby=\"elementor-tab-title-4931\"><p data-start=\"25\" data-end=\"538\">A Szent Gy\u00f6rgy K\u00e1polna a veszpr\u00e9mi V\u00e1rnegyed egyik leg\u0151sibb \u00e9s legk\u00fcl\u00f6nlegesebb helysz\u00edne. Itt nemcsak egy \u00e9p\u00fcletet l\u00e1t a l\u00e1togat\u00f3, hanem a kezdeteket: azt a pontot, ahol a magyar kereszt\u00e9nys\u00e9g legkor\u00e1bbi r\u00e9tegei szinte tapinthat\u00f3 k\u00f6zels\u00e9gbe ker\u00fclnek. A mai k\u00e1polna alatt \u00e9s k\u00f6rnyezet\u00e9ben felt\u00e1rt maradv\u00e1nyok egy korai, k\u00f6r alaprajz\u00fa \u00e9p\u00edtm\u00e9nyre utalnak, amely a 10\u201311. sz\u00e1zad fordul\u00f3j\u00e1n j\u00f6hetett l\u00e9tre. Ez a rotunda a t\u00e9r egyik legfontosabb t\u00f6rt\u00e9neti magja, amely a V\u00e1rhegy legkor\u00e1bbi szakr\u00e1lis haszn\u00e1lat\u00e1t jelzi.<\/p><p data-start=\"540\" data-end=\"975\">A helysz\u00ednhez er\u0151s hagyom\u00e1ny kapcsol\u00f3dik: a k\u00f6z\u00e9pkori forr\u00e1sok szerint itt tehette meg Szent Istv\u00e1n kir\u00e1ly azt a fogadalmat, amelyben a kereszt\u00e9nys\u00e9g melletti elk\u00f6telez\u0151d\u00e9s\u00e9t meger\u0151s\u00edtette. A t\u00f6rt\u00e9net nem puszt\u00e1n legenda, hanem olyan eml\u00e9kezeti r\u00e9teg, amely \u00e9vsz\u00e1zadokon \u00e1t meghat\u00e1rozta a hely jelent\u0151s\u00e9g\u00e9t. A k\u00e1polna \u00edgy egyszerre t\u00f6rt\u00e9neti \u00e9s szimbolikus t\u00e9r: a kezdet, az elk\u00f6telez\u0151d\u00e9s \u00e9s az \u00e1llamalap\u00edt\u00e1s gondolata s\u0171r\u0171s\u00f6dik benne.<\/p><p data-start=\"977\" data-end=\"1374\">A k\u00e9s\u0151bbi sz\u00e1zadok sor\u00e1n a k\u00e1polna t\u00f6bbsz\u00f6r \u00e1t\u00e9p\u00fclt, form\u00e1ja v\u00e1ltozott, de szerepe megmaradt. A mai \u00e1llapot a felt\u00e1r\u00e1sok \u00e9s helyre\u00e1ll\u00edt\u00e1sok eredm\u00e9nye, amely lehet\u0151v\u00e9 teszi, hogy a l\u00e1togat\u00f3 egyszerre \u00e9rz\u00e9kelje a k\u00fcl\u00f6nb\u00f6z\u0151 korszakok jelenl\u00e9t\u00e9t. A t\u00e9r nem egys\u00e9ges st\u00edlust mutat, hanem r\u00e9tegeket: k\u0151falakat, alaprajzi nyomokat, r\u00e9szleteket, amelyek egym\u00e1s mell\u00e9 rendezve mes\u00e9lik el a hely t\u00f6rt\u00e9net\u00e9t.<\/p><p data-start=\"1376\" data-end=\"1720\">A Szent Gy\u00f6rgy K\u00e1polna ma keresztel\u0151k\u00e1polnak\u00e9nt is m\u0171k\u00f6dik. Ez a funkci\u00f3 k\u00fcl\u00f6nleges m\u00f3don kapcsolja \u00f6ssze a m\u00faltat \u00e9s a jelent: egy olyan t\u00e9rben t\u00f6rt\u00e9nik a keresztel\u00e9s, amely maga is a kereszt\u00e9nys\u00e9g kezdeteinek eml\u00e9ke. A l\u00e1togat\u00f3 sz\u00e1m\u00e1ra ez nemcsak inform\u00e1ci\u00f3, hanem \u00e9lm\u00e9ny: egy hely, amely nem m\u00fazeumk\u00e9nt l\u00e9tezik, hanem ma is haszn\u00e1latban van.<\/p><p data-start=\"1722\" data-end=\"2068\">A k\u00e1polna neve Szent Gy\u00f6rgyre utal, aki a kereszt\u00e9ny hagyom\u00e1nyban a hit v\u00e9delmez\u0151je \u00e9s a s\u00e1rk\u00e1ny legy\u0151z\u0151je. Ez a mot\u00edvum k\u00fcl\u00f6n\u00f6s visszhangot kap a V\u00e1rnegyed m\u00e1s helysz\u00ednein is, ahol a k\u00f6z\u00e9pkori jelk\u00e9pek \u00e9s t\u00f6rt\u00e9netek \u00fajra \u00e9s \u00fajra felbukkannak. A n\u00e9v \u00edgy nemcsak azonos\u00edt, hanem \u00e9rtelmez is: a k\u00fczdelem, a hit \u00e9s a gy\u0151zelem k\u00e9p\u00e9t hozza be a t\u00e9rbe.<\/p><p data-start=\"2070\" data-end=\"2367\">A Szent Gy\u00f6rgy K\u00e1polna vezetett v\u00e1rs\u00e9ta keret\u00e9ben l\u00e1togathat\u00f3. A bej\u00e1r\u00e1s sor\u00e1n a l\u00e1togat\u00f3 nemcsak egy k\u00e1poln\u00e1ba l\u00e9p be, hanem a V\u00e1rnegyed egyik legm\u00e9lyebb t\u00f6rt\u00e9neti r\u00e9teg\u00e9be. Itt v\u00e1lik igaz\u00e1n \u00e9rthet\u0151v\u00e9, honnan indul az a t\u00f6rt\u00e9net, amely a f\u0151sz\u00e9kesegyh\u00e1zban \u00e9s a t\u00f6bbi szakr\u00e1lis t\u00e9rben folytat\u00f3dik.<\/p><p data-start=\"2369\" data-end=\"2658\" data-is-last-node=\"\" data-is-only-node=\"\">A Szent Gy\u00f6rgy K\u00e1polna ez\u00e9rt a V\u00e1rnegyed egyik legfontosabb \u00e1llom\u00e1sa: egy hely, ahol a kezdetek nem elm\u00e9letk\u00e9nt jelennek meg, hanem t\u00e9rk\u00e9nt, amelybe be lehet l\u00e9pni. Aki ide \u00e9rkezik, nemcsak m\u00faltat l\u00e1t, hanem egy olyan pillanat k\u00f6zel\u00e9be ker\u00fcl, ahol egy d\u00f6nt\u00e9s eg\u00e9sz t\u00f6rt\u00e9nelmet ind\u00edtott el.<\/p><\/div>\n\t\t\t\t<\/div>\n\t\t\t\t\t\t\t\t<\/div>\n\t\t\t\t\t\t<\/div>\n\t\t\t\t<\/div>\n\t\t\t\t<div class=\"elementor-element elementor-element-39ab453 elementor-align-center elementor-widget__width-initial elementor-widget elementor-widget-button\" data-id=\"39ab453\" data-element_type=\"widget\" data-e-type=\"widget\" data-widget_type=\"button.default\">\n\t\t\t\t<div class=\"elementor-widget-container\">\n\t\t\t\t\t\t\t\t\t<div class=\"elementor-button-wrapper\">\n\t\t\t\t\t<a class=\"elementor-button elementor-button-link elementor-size-sm\" href=\"https:\/\/vetk.hu\/vezetett-varsetak\/\" target=\"_blank\">\n\t\t\t\t\t\t<span class=\"elementor-button-content-wrapper\">\n\t\t\t\t\t\t\t\t\t<span class=\"elementor-button-text\">Vezetett v\u00e1rs\u00e9ta<\/span>\n\t\t\t\t\t<\/span>\n\t\t\t\t\t<\/a>\n\t\t\t\t<\/div>\n\t\t\t\t\t\t\t\t<\/div>\n\t\t\t\t<\/div>\n\t\t\t\t\t<\/div>\n\t\t<\/div>\n\t\t\t\t<div class=\"elementor-column elementor-col-33 elementor-top-column elementor-element elementor-element-af807b4\" data-id=\"af807b4\" data-element_type=\"column\" data-e-type=\"column\" data-settings=\"{&quot;background_background&quot;:&quot;gradient&quot;}\">\n\t\t\t<div class=\"elementor-widget-wrap elementor-element-populated\">\n\t\t\t\t\t\t<div class=\"elementor-element elementor-element-57c1bcb elementor-widget elementor-widget-image-carousel\" data-id=\"57c1bcb\" data-element_type=\"widget\" data-e-type=\"widget\" data-settings=\"{&quot;navigation&quot;:&quot;none&quot;,&quot;lazyload&quot;:&quot;yes&quot;,&quot;autoplay_speed&quot;:4000,&quot;slides_to_show&quot;:&quot;1&quot;,&quot;autoplay&quot;:&quot;yes&quot;,&quot;pause_on_hover&quot;:&quot;yes&quot;,&quot;pause_on_interaction&quot;:&quot;yes&quot;,&quot;infinite&quot;:&quot;yes&quot;,&quot;effect&quot;:&quot;slide&quot;,&quot;speed&quot;:500}\" data-widget_type=\"image-carousel.default\">\n\t\t\t\t<div class=\"elementor-widget-container\">\n\t\t\t\t\t\t\t<div class=\"elementor-image-carousel-wrapper swiper\" role=\"region\" aria-roledescription=\"carousel\" aria-label=\"K\u00e9p k\u00f6rhinta\" dir=\"ltr\">\n\t\t\t<div class=\"elementor-image-carousel swiper-wrapper swiper-image-stretch\" aria-live=\"off\">\n\t\t\t\t\t\t\t\t<div class=\"swiper-slide\" role=\"group\" aria-roledescription=\"slide\" aria-label=\"1 \/ 5\"><figure class=\"swiper-slide-inner\"><img class=\"swiper-slide-image swiper-lazy\" data-src=\"https:\/\/vetk.hu\/wp-content\/uploads\/2023\/05\/45.-scaled-e1777464233997-2048x1152.jpg\" alt=\"Szenth\u00e1roms\u00e1g-szobor\" \/><div class=\"swiper-lazy-preloader\"><\/div><\/figure><\/div><div class=\"swiper-slide\" role=\"group\" aria-roledescription=\"slide\" aria-label=\"2 \/ 5\"><figure class=\"swiper-slide-inner\"><img class=\"swiper-slide-image swiper-lazy\" data-src=\"https:\/\/vetk.hu\/wp-content\/uploads\/2026\/04\/SZMF-es-Szentharomsag-szobor2-e1777464013599-2048x1154.jpg\" alt=\"SZMF \u00e9s Szenth\u00e1roms\u00e1g szobor2\" \/><div class=\"swiper-lazy-preloader\"><\/div><\/figure><\/div><div class=\"swiper-slide\" role=\"group\" aria-roledescription=\"slide\" aria-label=\"3 \/ 5\"><figure class=\"swiper-slide-inner\"><img class=\"swiper-slide-image swiper-lazy\" data-src=\"https:\/\/vetk.hu\/wp-content\/uploads\/2024\/11\/ferencestemplom1-scaled-e1777464050841-2048x1154.jpg\" alt=\"ferencestemplom1\" \/><div class=\"swiper-lazy-preloader\"><\/div><\/figure><\/div><div class=\"swiper-slide\" role=\"group\" aria-roledescription=\"slide\" aria-label=\"4 \/ 5\"><figure class=\"swiper-slide-inner\"><img class=\"swiper-slide-image swiper-lazy\" data-src=\"https:\/\/vetk.hu\/wp-content\/uploads\/2024\/11\/varosz7-scaled-e1777464065317-2048x1154.jpg\" alt=\"v\u00e1r\u0151sz7\" \/><div class=\"swiper-lazy-preloader\"><\/div><\/figure><\/div><div class=\"swiper-slide\" role=\"group\" aria-roledescription=\"slide\" aria-label=\"5 \/ 5\"><figure class=\"swiper-slide-inner\"><img class=\"swiper-slide-image swiper-lazy\" data-src=\"https:\/\/vetk.hu\/wp-content\/uploads\/2026\/04\/gizellanapok8-scaled-e1777464030753-2048x1154.jpg\" alt=\"gizellanapok8\" \/><div class=\"swiper-lazy-preloader\"><\/div><\/figure><\/div>\t\t\t<\/div>\n\t\t\t\t\t\t\t\n\t\t\t\t\t\t\t\t\t<\/div>\n\t\t\t\t\t\t<\/div>\n\t\t\t\t<\/div>\n\t\t\t\t<div class=\"elementor-element elementor-element-f697b88 elementor-widget elementor-widget-text-editor\" data-id=\"f697b88\" data-element_type=\"widget\" data-e-type=\"widget\" data-widget_type=\"text-editor.default\">\n\t\t\t\t<div class=\"elementor-widget-container\">\n\t\t\t\t\t\t\t\t\t<h4>SZENTH\u00c1ROMS\u00c1G-SZOBOR<\/h4>\t\t\t\t\t\t\t\t<\/div>\n\t\t\t\t<\/div>\n\t\t\t\t<div class=\"elementor-element elementor-element-c173d5e elementor-widget elementor-widget-toggle\" data-id=\"c173d5e\" data-element_type=\"widget\" data-e-type=\"widget\" data-widget_type=\"toggle.default\">\n\t\t\t\t<div class=\"elementor-widget-container\">\n\t\t\t\t\t\t\t<div class=\"elementor-toggle\">\n\t\t\t\t\t\t\t<div class=\"elementor-toggle-item\">\n\t\t\t\t\t<div id=\"elementor-tab-title-2021\" class=\"elementor-tab-title\" data-tab=\"1\" role=\"button\" aria-controls=\"elementor-tab-content-2021\" aria-expanded=\"false\">\n\t\t\t\t\t\t\t\t\t\t\t\t<span class=\"elementor-toggle-icon elementor-toggle-icon-left\" aria-hidden=\"true\">\n\t\t\t\t\t\t\t\t\t\t\t\t\t\t\t<span class=\"elementor-toggle-icon-closed\"><i class=\"fas fa-caret-right\"><\/i><\/span>\n\t\t\t\t\t\t\t\t<span class=\"elementor-toggle-icon-opened\"><i class=\"elementor-toggle-icon-opened fas fa-caret-up\"><\/i><\/span>\n\t\t\t\t\t\t\t\t\t\t\t\t\t<\/span>\n\t\t\t\t\t\t\t\t\t\t\t\t<a class=\"elementor-toggle-title\" tabindex=\"0\">B\u0151vebben<\/a>\n\t\t\t\t\t<\/div>\n\n\t\t\t\t\t<div id=\"elementor-tab-content-2021\" class=\"elementor-tab-content elementor-clearfix\" data-tab=\"1\" role=\"region\" aria-labelledby=\"elementor-tab-title-2021\"><p data-start=\"120\" data-end=\"457\">A veszpr\u00e9mi Szenth\u00e1roms\u00e1g-szobor a V\u00e1rnegyed egyik legkarakteresebb pontja: egy olyan t\u00e9rk\u00f6z\u00e9ppont, ahol a v\u00e1ros t\u00f6rt\u00e9nete, hite \u00e9s mindennapi \u00e9lete tal\u00e1lkozik. A 18. sz\u00e1zadban, a t\u00f6r\u00f6k h\u00f3dolts\u00e1g ut\u00e1ni \u00fajj\u00e1\u00e9p\u00edt\u00e9s idej\u00e9n emelt barokk eml\u00e9k a korszak jellegzetes alkot\u00e1sa, amely egyszerre hordoz vall\u00e1si jelent\u00e9st \u00e9s k\u00f6z\u00f6ss\u00e9gi eml\u00e9kezetet.<\/p><p data-start=\"459\" data-end=\"880\">A szobor fel\u00e1ll\u00edt\u00e1sa egy fogadalomhoz kapcsol\u00f3dik, \u00e9s szorosan k\u00f6t\u0151dik Pad\u00e1nyi Bir\u00f3 M\u00e1rton veszpr\u00e9mi p\u00fcsp\u00f6k nev\u00e9hez, aki a v\u00e1ros barokk \u00fajj\u00e1\u00e9p\u00edt\u00e9s\u00e9nek egyik meghat\u00e1roz\u00f3 alakja volt. A Szenth\u00e1roms\u00e1g-oszlopok a korszakban gyakran j\u00e1rv\u00e1nyok, k\u00fcl\u00f6n\u00f6sen pestis elm\u00falt\u00e1\u00e9rt adott h\u00e1la jelek\u00e9nt k\u00e9sz\u00fcltek. Veszpr\u00e9mben is egy ilyen eml\u00e9kezetet \u0151riz: a k\u00f6z\u00f6ss\u00e9g t\u00fal\u00e9l\u00e9s\u00e9nek, megmarad\u00e1s\u00e1nak \u00e9s \u00fajrakezd\u00e9s\u00e9nek k\u0151be faragott jele.<\/p><p data-start=\"882\" data-end=\"1262\">A kompoz\u00edci\u00f3 felfel\u00e9 \u00e9p\u00edtkezik. A talapzaton szentek alakjai jelennek meg, f\u00f6l\u00f6tt\u00fck az oszlop emelkedik, a cs\u00facson pedig a Szenth\u00e1roms\u00e1g \u00e1br\u00e1zol\u00e1sa z\u00e1rja le a form\u00e1t. Ez a vertik\u00e1lis szerkezet nemcsak l\u00e1tv\u00e1nyos, hanem jelent\u00e9ssel is b\u00edr: a f\u00f6ldi vil\u00e1gt\u00f3l az \u00e9gi fel\u00e9 ir\u00e1ny\u00edtja a tekintetet. A barokk t\u00e9ralak\u00edt\u00e1s egyik fontos eszk\u00f6ze ez, amely a szeml\u00e9l\u0151t egy k\u00f6z\u00f6s ir\u00e1nyba vezeti.<\/p><p data-start=\"1264\" data-end=\"1622\">A szobor elhelyez\u00e9se sem v\u00e9letlen. A Szenth\u00e1roms\u00e1g t\u00e9r k\u00f6zep\u00e9n \u00e1llva nemcsak d\u00edsz\u00edt, hanem szervezi is a k\u00f6rnyezet\u00e9t. Innen ny\u00edlnak a V\u00e1rnegyed legfontosabb \u00e9p\u00fcletei, \u00e9s innen indulnak azok az utak, amelyek a k\u00fcl\u00f6nb\u00f6z\u0151 helysz\u00ednekhez vezetnek. A szobor \u00edgy nemcsak eml\u00e9k, hanem t\u00e1j\u00e9koz\u00f3d\u00e1si pont is: egyfajta orig\u00f3, amelyhez a l\u00e1togat\u00f3 \u00fajra \u00e9s \u00fajra visszat\u00e9r.<\/p><p data-start=\"1624\" data-end=\"2003\">A k\u00f6zelm\u00falt meg\u00fajul\u00e1sa sor\u00e1n a szobor is megtisztult, r\u00e9szletei \u00fajra j\u00f3l l\u00e1that\u00f3v\u00e1 v\u00e1ltak. A restaur\u00e1l\u00e1s ut\u00e1n a finom farag\u00e1sok, a szentalakok arckifejez\u00e9sei \u00e9s a kompoz\u00edci\u00f3 apr\u00f3 r\u00e9szletei ism\u00e9t k\u00f6zel ker\u00fclnek a szeml\u00e9l\u0151h\u00f6z. Aki meg\u00e1ll el\u0151tte, nemcsak egy monument\u00e1lis alkot\u00e1st l\u00e1t, hanem egy t\u00f6rt\u00e9netet, amely a k\u00f6z\u00f6ss\u00e9g f\u00e9lelmeir\u0151l, rem\u00e9nyeir\u0151l \u00e9s hit\u00e9b\u0151l fakad\u00f3 erej\u00e9r\u0151l sz\u00f3l.<\/p><p data-start=\"2005\" data-end=\"2327\">A Szenth\u00e1roms\u00e1g-szobor k\u00fcl\u00f6nlegess\u00e9ge abban rejlik, hogy egyszerre r\u00e9sze a mindennapi t\u00e9rnek \u00e9s hordoz m\u00e9ly jelent\u00e9st. A l\u00e1togat\u00f3 elhaladhat mellette, de ha meg\u00e1ll, egy olyan barokk gondolkod\u00e1sm\u00f3ddal tal\u00e1lkozik, amely a vil\u00e1got egys\u00e9gben szeml\u00e9li: az emberi \u00e9letet, a szenved\u00e9st \u00e9s a rem\u00e9nyt egyetlen kompoz\u00edci\u00f3ba rendezi.<\/p><p data-start=\"2329\" data-end=\"2610\" data-is-last-node=\"\" data-is-only-node=\"\">A szobor a t\u00e9r term\u00e9szetes s\u00falypontja. K\u00f6r\u00fcl\u00f6tte a mozg\u00e1s lelassul, a tekintet meg\u00e1ll egy-egy r\u00e9szleten, majd \u00fajra tov\u00e1bbindul. Aki id\u0151t ad ennek a r\u00f6vid meg\u00e1ll\u00e1snak, \u00e9szreveszi, hogy ez a hely nemcsak \u00e1thalad\u00e1sra h\u00edv, hanem csendesebb figyelemre is.<\/p><\/div>\n\t\t\t\t<\/div>\n\t\t\t\t\t\t\t\t<\/div>\n\t\t\t\t\t\t<\/div>\n\t\t\t\t<\/div>\n\t\t\t\t<div class=\"elementor-element elementor-element-13c28c7 elementor-align-center elementor-widget__width-initial elementor-widget elementor-widget-button\" data-id=\"13c28c7\" data-element_type=\"widget\" data-e-type=\"widget\" data-widget_type=\"button.default\">\n\t\t\t\t<div class=\"elementor-widget-container\">\n\t\t\t\t\t\t\t\t\t<div class=\"elementor-button-wrapper\">\n\t\t\t\t\t<a class=\"elementor-button elementor-button-link elementor-size-sm\" href=\"https:\/\/vetk.hu\/events\/\" target=\"_blank\">\n\t\t\t\t\t\t<span class=\"elementor-button-content-wrapper\">\n\t\t\t\t\t\t\t\t\t<span class=\"elementor-button-text\">Esem\u00e9nynapt\u00e1r<\/span>\n\t\t\t\t\t<\/span>\n\t\t\t\t\t<\/a>\n\t\t\t\t<\/div>\n\t\t\t\t\t\t\t\t<\/div>\n\t\t\t\t<\/div>\n\t\t\t\t\t<\/div>\n\t\t<\/div>\n\t\t\t\t<div class=\"elementor-column elementor-col-33 elementor-top-column elementor-element elementor-element-00b4705\" data-id=\"00b4705\" data-element_type=\"column\" data-e-type=\"column\" data-settings=\"{&quot;background_background&quot;:&quot;gradient&quot;}\">\n\t\t\t<div class=\"elementor-widget-wrap elementor-element-populated\">\n\t\t\t\t\t\t<div class=\"elementor-element elementor-element-1b7e61a elementor-widget elementor-widget-image-carousel\" data-id=\"1b7e61a\" data-element_type=\"widget\" data-e-type=\"widget\" data-settings=\"{&quot;navigation&quot;:&quot;none&quot;,&quot;lazyload&quot;:&quot;yes&quot;,&quot;autoplay_speed&quot;:4000,&quot;slides_to_show&quot;:&quot;1&quot;,&quot;effect&quot;:&quot;fade&quot;,&quot;speed&quot;:1500,&quot;autoplay&quot;:&quot;yes&quot;,&quot;pause_on_hover&quot;:&quot;yes&quot;,&quot;pause_on_interaction&quot;:&quot;yes&quot;,&quot;infinite&quot;:&quot;yes&quot;}\" data-widget_type=\"image-carousel.default\">\n\t\t\t\t<div class=\"elementor-widget-container\">\n\t\t\t\t\t\t\t<div class=\"elementor-image-carousel-wrapper swiper\" role=\"region\" aria-roledescription=\"carousel\" aria-label=\"K\u00e9p k\u00f6rhinta\" dir=\"ltr\">\n\t\t\t<div class=\"elementor-image-carousel swiper-wrapper swiper-image-stretch\" aria-live=\"off\">\n\t\t\t\t\t\t\t\t<div class=\"swiper-slide\" role=\"group\" aria-roledescription=\"slide\" aria-label=\"1 \/ 13\"><figure class=\"swiper-slide-inner\"><img class=\"swiper-slide-image swiper-lazy\" data-src=\"https:\/\/vetk.hu\/wp-content\/uploads\/2026\/03\/BG-front-2048x1155.jpg\" alt=\"Bir\u00f3-Giczey H\u00e1z\" \/><div class=\"swiper-lazy-preloader\"><\/div><\/figure><\/div><div class=\"swiper-slide\" role=\"group\" aria-roledescription=\"slide\" aria-label=\"2 \/ 13\"><figure class=\"swiper-slide-inner\"><img class=\"swiper-slide-image swiper-lazy\" data-src=\"https:\/\/vetk.hu\/wp-content\/uploads\/2026\/03\/iskolasok2-scaled-e1777464284106-2048x1154.jpg\" alt=\"iskol\u00e1sok2\" \/><div class=\"swiper-lazy-preloader\"><\/div><\/figure><\/div><div class=\"swiper-slide\" role=\"group\" aria-roledescription=\"slide\" aria-label=\"3 \/ 13\"><figure class=\"swiper-slide-inner\"><img class=\"swiper-slide-image swiper-lazy\" data-src=\"https:\/\/vetk.hu\/wp-content\/uploads\/2026\/03\/vargyerekek18-scaled-e1777464298139-2048x1154.jpg\" alt=\"v\u00e1rgyerekek18\" \/><div class=\"swiper-lazy-preloader\"><\/div><\/figure><\/div><div class=\"swiper-slide\" role=\"group\" aria-roledescription=\"slide\" aria-label=\"4 \/ 13\"><figure class=\"swiper-slide-inner\"><img class=\"swiper-slide-image swiper-lazy\" data-src=\"https:\/\/vetk.hu\/wp-content\/uploads\/2025\/11\/vetk-scaled-e1777464315506-2048x1154.jpg\" alt=\"vetk\" \/><div class=\"swiper-lazy-preloader\"><\/div><\/figure><\/div><div class=\"swiper-slide\" role=\"group\" aria-roledescription=\"slide\" aria-label=\"5 \/ 13\"><figure class=\"swiper-slide-inner\"><img class=\"swiper-slide-image swiper-lazy\" data-src=\"https:\/\/vetk.hu\/wp-content\/uploads\/2025\/07\/cimer-scaled-e1777464330898-2048x1154.jpg\" alt=\"cimer\" \/><div class=\"swiper-lazy-preloader\"><\/div><\/figure><\/div><div class=\"swiper-slide\" role=\"group\" aria-roledescription=\"slide\" aria-label=\"6 \/ 13\"><figure class=\"swiper-slide-inner\"><img class=\"swiper-slide-image swiper-lazy\" data-src=\"https:\/\/vetk.hu\/wp-content\/uploads\/2025\/07\/kiallitas15-Masolas1-scaled-e1777464348338-2048x1154.jpg\" alt=\"ki\u00e1llit\u00e1s15-M\u00e1sol\u00e1s(1)\" \/><div class=\"swiper-lazy-preloader\"><\/div><\/figure><\/div><div class=\"swiper-slide\" role=\"group\" aria-roledescription=\"slide\" aria-label=\"7 \/ 13\"><figure class=\"swiper-slide-inner\"><img class=\"swiper-slide-image swiper-lazy\" data-src=\"https:\/\/vetk.hu\/wp-content\/uploads\/2025\/04\/20250428_113238-scaled-e1777464362242-2048x1154.jpg\" alt=\"20250428_113238\" \/><div class=\"swiper-lazy-preloader\"><\/div><\/figure><\/div><div class=\"swiper-slide\" role=\"group\" aria-roledescription=\"slide\" aria-label=\"8 \/ 13\"><figure class=\"swiper-slide-inner\"><img class=\"swiper-slide-image swiper-lazy\" data-src=\"https:\/\/vetk.hu\/wp-content\/uploads\/2026\/03\/irogepek-e1777464477945.jpg\" alt=\"irogepek\" \/><div class=\"swiper-lazy-preloader\"><\/div><\/figure><\/div><div class=\"swiper-slide\" role=\"group\" aria-roledescription=\"slide\" aria-label=\"9 \/ 13\"><figure class=\"swiper-slide-inner\"><img class=\"swiper-slide-image swiper-lazy\" data-src=\"https:\/\/vetk.hu\/wp-content\/uploads\/2025\/04\/kehely-1152x2048.jpg\" alt=\"kehely\" \/><div class=\"swiper-lazy-preloader\"><\/div><\/figure><\/div><div class=\"swiper-slide\" role=\"group\" aria-roledescription=\"slide\" aria-label=\"10 \/ 13\"><figure class=\"swiper-slide-inner\"><img class=\"swiper-slide-image swiper-lazy\" data-src=\"https:\/\/vetk.hu\/wp-content\/uploads\/2025\/04\/20250428_113143-e1777464518571.jpg\" alt=\"20250428_113143\" \/><div class=\"swiper-lazy-preloader\"><\/div><\/figure><\/div><div class=\"swiper-slide\" role=\"group\" aria-roledescription=\"slide\" aria-label=\"11 \/ 13\"><figure class=\"swiper-slide-inner\"><img class=\"swiper-slide-image swiper-lazy\" data-src=\"https:\/\/vetk.hu\/wp-content\/uploads\/2025\/02\/BMMallo-1445x2048.jpg\" alt=\"BMMallo\" \/><div class=\"swiper-lazy-preloader\"><\/div><\/figure><\/div><div class=\"swiper-slide\" role=\"group\" aria-roledescription=\"slide\" aria-label=\"12 \/ 13\"><figure class=\"swiper-slide-inner\"><img class=\"swiper-slide-image swiper-lazy\" data-src=\"https:\/\/vetk.hu\/wp-content\/uploads\/2024\/06\/2-scaled-e1777464551257-2048x1154.jpg\" alt=\"2\" \/><div class=\"swiper-lazy-preloader\"><\/div><\/figure><\/div><div class=\"swiper-slide\" role=\"group\" aria-roledescription=\"slide\" aria-label=\"13 \/ 13\"><figure class=\"swiper-slide-inner\"><img class=\"swiper-slide-image swiper-lazy\" data-src=\"https:\/\/vetk.hu\/wp-content\/uploads\/2023\/11\/birogiczeykert3-scaled-e1777464565790-2048x1154.jpg\" alt=\"birogiczeykert3\" \/><div class=\"swiper-lazy-preloader\"><\/div><\/figure><\/div>\t\t\t<\/div>\n\t\t\t\t\t\t\t\n\t\t\t\t\t\t\t\t\t<\/div>\n\t\t\t\t\t\t<\/div>\n\t\t\t\t<\/div>\n\t\t\t\t<div class=\"elementor-element elementor-element-bfb2264 elementor-widget elementor-widget-text-editor\" data-id=\"bfb2264\" data-element_type=\"widget\" data-e-type=\"widget\" data-widget_type=\"text-editor.default\">\n\t\t\t\t<div class=\"elementor-widget-container\">\n\t\t\t\t\t\t\t\t\t<h4>BIR\u00d3-GICZEY H\u00c1Z<\/h4>\t\t\t\t\t\t\t\t<\/div>\n\t\t\t\t<\/div>\n\t\t\t\t<div class=\"elementor-element elementor-element-e70b7e7 elementor-widget elementor-widget-toggle\" data-id=\"e70b7e7\" data-element_type=\"widget\" data-e-type=\"widget\" data-widget_type=\"toggle.default\">\n\t\t\t\t<div class=\"elementor-widget-container\">\n\t\t\t\t\t\t\t<div class=\"elementor-toggle\">\n\t\t\t\t\t\t\t<div class=\"elementor-toggle-item\">\n\t\t\t\t\t<div id=\"elementor-tab-title-2421\" class=\"elementor-tab-title\" data-tab=\"1\" role=\"button\" aria-controls=\"elementor-tab-content-2421\" aria-expanded=\"false\">\n\t\t\t\t\t\t\t\t\t\t\t\t<span class=\"elementor-toggle-icon elementor-toggle-icon-left\" aria-hidden=\"true\">\n\t\t\t\t\t\t\t\t\t\t\t\t\t\t\t<span class=\"elementor-toggle-icon-closed\"><i class=\"fas fa-caret-right\"><\/i><\/span>\n\t\t\t\t\t\t\t\t<span class=\"elementor-toggle-icon-opened\"><i class=\"elementor-toggle-icon-opened fas fa-caret-up\"><\/i><\/span>\n\t\t\t\t\t\t\t\t\t\t\t\t\t<\/span>\n\t\t\t\t\t\t\t\t\t\t\t\t<a class=\"elementor-toggle-title\" tabindex=\"0\">B\u0151vebben<\/a>\n\t\t\t\t\t<\/div>\n\n\t\t\t\t\t<div id=\"elementor-tab-content-2421\" class=\"elementor-tab-content elementor-clearfix\" data-tab=\"1\" role=\"region\" aria-labelledby=\"elementor-tab-title-2421\"><p data-start=\"20\" data-end=\"519\">A Bir\u00f3\u2013Giczey H\u00e1z a veszpr\u00e9mi V\u00e1rnegyed egyik leg\u00f6sszetettebb helysz\u00edne: k\u00edv\u00fclr\u0151l egy barokk lak\u00f3\u00e9p\u00fclet nyugodt ar\u00e1nyai fogadj\u00e1k a l\u00e1togat\u00f3t, bel\u00fcl azonban t\u00f6bb korszak \u00e9s t\u00f6bbf\u00e9le \u00e9lm\u00e9ny ny\u00edlik meg a l\u00e1togat\u00f3knak. Az \u00e9p\u00fclet a 18. sz\u00e1zadban, kanonoki h\u00e1zsor r\u00e9szek\u00e9nt nyerte el mai form\u00e1j\u00e1t, \u00e9s nev\u00e9t egykori lak\u00f3ir\u00f3l, Bir\u00f3 M\u00e1rton \u00e9s Giczey kanonokokr\u00f3l kapta. A h\u00e1z eredetileg az egyh\u00e1zi k\u00f6z\u00f6ss\u00e9g mindennapi \u00e9let\u00e9nek sz\u00edntere volt, ma pedig a V\u00e1rnegyed egyik legfontosabb l\u00e1togat\u00f3k\u00f6zpontja.<\/p><p data-start=\"521\" data-end=\"809\">Az aj\u00e1nd\u00e9kbolt, a jegyv\u00e1s\u00e1rl\u00e1s, az inform\u00e1ci\u00f3k \u00e9s a vezetett v\u00e1rs\u00e9t\u00e1k indul\u00f3pontja is ide kapcsol\u00f3dik. A h\u00e1z azonban nem csup\u00e1n kiindul\u00f3pont, hanem \u00f6n\u00e1ll\u00f3 \u00e9lm\u00e9ny is. Bels\u0151 tereiben t\u00f6bb ki\u00e1ll\u00edt\u00e1s kapott helyet, amelyek k\u00fcl\u00f6nb\u00f6z\u0151 n\u00e9z\u0151pontokb\u00f3l k\u00f6zel\u00edtik meg a V\u00e1rnegyed m\u00faltj\u00e1t.<\/p><p data-start=\"811\" data-end=\"1248\">A r\u00e9g\u00e9szeti ki\u00e1ll\u00edt\u00e1s a padl\u00e1st\u00e9rben kapott helyet, \u00e9s a felt\u00e1r\u00e1sok sor\u00e1n el\u0151ker\u00fclt leleteken kereszt\u00fcl mutatja meg a ter\u00fclet korai t\u00f6rt\u00e9net\u00e9t. A t\u00e1rgyak k\u00f6z\u00f6tt h\u00e9tk\u00f6znapi haszn\u00e1lati eszk\u00f6z\u00f6k, \u00e9p\u00edt\u00e9szeti r\u00e9szletek \u00e9s k\u00fcl\u00f6nleges leletek is megjelennek, amelyek egy-egy korszak lenyomat\u00e1t \u0151rzik. A ki\u00e1ll\u00edt\u00e1s nemcsak bemutat, hanem gondolkod\u00e1sra is h\u00edv: a l\u00e1togat\u00f3 sz\u00e1m\u00e1ra kirajzol\u00f3dik, hogyan \u00e9p\u00fcl fel a m\u00falt megismer\u00e9se apr\u00f3 r\u00e9szletekb\u0151l.<\/p><p data-start=\"1250\" data-end=\"1628\">A \u201eNem k\u00e1ptalan a fejem\u2026\u201d c\u00edm\u0171 ki\u00e1ll\u00edt\u00e1s a k\u00e1ptalani \u00e9let vil\u00e1g\u00e1ba enged betekint\u00e9st. Interakt\u00edv elemei r\u00e9v\u00e9n a l\u00e1togat\u00f3 nemcsak szeml\u00e9l\u0151je, hanem r\u00e9sztvev\u0151je is lesz a t\u00f6rt\u00e9netnek: egyfajta j\u00e1t\u00e9kos felfedez\u00e9s sor\u00e1n ker\u00fcl k\u00f6zelebb ahhoz, hogyan \u00e9ltek, dolgoztak \u00e9s gondolkodtak a kanonokok. A t\u00e9rben megjelen\u0151 t\u00e1rgyak \u00e9s feladatok egy szem\u00e9lyesebb kapcsol\u00f3d\u00e1st tesznek lehet\u0151v\u00e9.<\/p><p data-start=\"1630\" data-end=\"1941\">A kamraki\u00e1ll\u00edt\u00e1s egy barokk enteri\u0151r hangulat\u00e1t id\u00e9zi meg. M\u0171t\u00e1rgyak \u00e9s arch\u00edv f\u00e9nyk\u00e9pek seg\u00edts\u00e9g\u00e9vel rajzol\u00f3dik ki, hogyan v\u00e1ltozott a f\u0151sz\u00e9kesegyh\u00e1z \u00e9s k\u00f6rnyezete az \u00e9vsz\u00e1zadok sor\u00e1n. Itt nem egyetlen t\u00f6rt\u00e9net domin\u00e1l, hanem egy lassan \u00f6ssze\u00e1ll\u00f3 k\u00e9p, amely a m\u00falt apr\u00f3 r\u00e9szleteib\u0151l \u00e9p\u00fcl fel.<\/p><p data-start=\"1943\" data-end=\"2311\">K\u00fcl\u00f6nleges \u00e9lm\u00e9nyt k\u00edn\u00e1l a Bog\u00e1ncs \u00e9s liliom \u2013 Magdoln\u00e1k vir\u00e1gai c\u00edm\u0171 ki\u00e1ll\u00edt\u00e1s is, amely M\u00e1ria Magdolna alakj\u00e1n kereszt\u00fcl egy \u00e9rz\u00e9kenyebb, szem\u00e9lyesebb n\u00e9z\u0151pontot hoz be. A ki\u00e1ll\u00edt\u00e1s finom f\u00e9nyhaszn\u00e1lata \u00e9s r\u00e9szletgazdag megold\u00e1sai lehet\u0151v\u00e9 teszik, hogy a l\u00e1togat\u00f3 saj\u00e1t temp\u00f3j\u00e1ban fedezze fel a tartalmat, \u00e9s saj\u00e1t k\u00e9rd\u00e9seit is feltegye a l\u00e1tottakkal kapcsolatban.<\/p><p data-start=\"2313\" data-end=\"2780\">A h\u00e1z egyik legkedveltebb r\u00e9sze a kert, amely k\u00fcl\u00f6n vil\u00e1got nyit meg a l\u00e1togat\u00e1s sor\u00e1n. A z\u00e1rt, m\u00e9gis nyitott t\u00e9r a V\u00e1rnegyed s\u0171r\u0171bb, k\u0151b\u0151l \u00e9p\u00fclt k\u00f6rnyezet\u00e9hez k\u00e9pest leveg\u0151sebb, nyugodtabb hangulatot k\u00edn\u00e1l. A kert nemcsak pihen\u0151hely, hanem a l\u00e1togat\u00e1s term\u00e9szetes r\u00e9sze: egy olyan pont, ahol a l\u00e1tott \u00e9lm\u00e9nyek le\u00fclepedhetnek. Az itt elt\u00f6lt\u00f6tt id\u0151 m\u00e1s ritmusban telik, \u00e9s lehet\u0151s\u00e9get ad arra, hogy a l\u00e1togat\u00f3 egy kicsit elt\u00e1volodjon a folyamatos inform\u00e1ci\u00f3\u00e1raml\u00e1st\u00f3l.<\/p><p data-start=\"2782\" data-end=\"3094\">A Bir\u00f3\u2013Giczey H\u00e1z k\u00fcl\u00f6nlegess\u00e9ge \u00e9ppen ebben a soksz\u00edn\u0171s\u00e9gben rejlik. Nem egyetlen t\u00f6rt\u00e9netet mes\u00e9l el, hanem t\u00f6bb ir\u00e1nyb\u00f3l k\u00f6zel\u00edt ugyanahhoz a vil\u00e1ghoz. A l\u00e1togat\u00f3 szabadon v\u00e1ltogathat a r\u00e9g\u00e9szet, a t\u00f6rt\u00e9netmes\u00e9l\u00e9s, az interakt\u00edv \u00e9lm\u00e9nyek \u00e9s a csendesebb terek k\u00f6z\u00f6tt, \u00edgy mindenki saj\u00e1t \u00fatvonalat alak\u00edthat ki.<\/p><p data-start=\"3096\" data-end=\"3344\" data-is-last-node=\"\" data-is-only-node=\"\">A h\u00e1z \u00edgy egyszerre kapu \u00e9s tal\u00e1lkoz\u00e1si pont: innen indul a V\u00e1rnegyed felfedez\u00e9se, \u00e9s ide t\u00e9r vissza a l\u00e1togat\u00f3 \u00e9lm\u00e9nyekkel telve. Egy hely, amely nemcsak bemutat, hanem keretet ad ahhoz, hogy a V\u00e1rnegyed eg\u00e9sze \u00e9rtelmezhet\u0151v\u00e9 \u00e9s \u00e1t\u00e9lhet\u0151v\u00e9 v\u00e1ljon.<\/p><\/div>\n\t\t\t\t<\/div>\n\t\t\t\t\t\t\t\t<\/div>\n\t\t\t\t\t\t<\/div>\n\t\t\t\t<\/div>\n\t\t\t\t<div class=\"elementor-element elementor-element-4403d7b elementor-align-center elementor-widget__width-initial elementor-widget elementor-widget-button\" data-id=\"4403d7b\" data-element_type=\"widget\" data-e-type=\"widget\" data-widget_type=\"button.default\">\n\t\t\t\t<div class=\"elementor-widget-container\">\n\t\t\t\t\t\t\t\t\t<div class=\"elementor-button-wrapper\">\n\t\t\t\t\t<a class=\"elementor-button elementor-button-link elementor-size-sm\" href=\"https:\/\/vetk.hu\/kiallitasok\/\" target=\"_blank\">\n\t\t\t\t\t\t<span class=\"elementor-button-content-wrapper\">\n\t\t\t\t\t\t\t\t\t<span class=\"elementor-button-text\">Ki\u00e1ll\u00edt\u00e1sok<\/span>\n\t\t\t\t\t<\/span>\n\t\t\t\t\t<\/a>\n\t\t\t\t<\/div>\n\t\t\t\t\t\t\t\t<\/div>\n\t\t\t\t<\/div>\n\t\t\t\t\t<\/div>\n\t\t<\/div>\n\t\t\t\t\t<\/div>\n\t\t<\/section>\n\t\t\t\t<section class=\"elementor-section elementor-top-section elementor-element elementor-element-894dddd elementor-section-boxed elementor-section-height-default elementor-section-height-default\" data-id=\"894dddd\" data-element_type=\"section\" data-e-type=\"section\">\n\t\t\t\t\t\t<div class=\"elementor-container elementor-column-gap-default\">\n\t\t\t\t\t<div class=\"elementor-column elementor-col-100 elementor-top-column elementor-element elementor-element-c567aa4\" data-id=\"c567aa4\" data-element_type=\"column\" data-e-type=\"column\">\n\t\t\t<div class=\"elementor-widget-wrap elementor-element-populated\">\n\t\t\t\t\t\t<div class=\"elementor-element elementor-element-6d5a346 elementor-widget elementor-widget-spacer\" data-id=\"6d5a346\" data-element_type=\"widget\" data-e-type=\"widget\" data-widget_type=\"spacer.default\">\n\t\t\t\t<div class=\"elementor-widget-container\">\n\t\t\t\t\t\t\t<div class=\"elementor-spacer\">\n\t\t\t<div class=\"elementor-spacer-inner\"><\/div>\n\t\t<\/div>\n\t\t\t\t\t\t<\/div>\n\t\t\t\t<\/div>\n\t\t\t\t\t<\/div>\n\t\t<\/div>\n\t\t\t\t\t<\/div>\n\t\t<\/section>\n\t\t\t\t<section class=\"elementor-section elementor-top-section elementor-element elementor-element-6564755 elementor-section-boxed elementor-section-height-default elementor-section-height-default\" data-id=\"6564755\" data-element_type=\"section\" data-e-type=\"section\">\n\t\t\t\t\t\t<div class=\"elementor-container elementor-column-gap-default\">\n\t\t\t\t\t<div class=\"elementor-column elementor-col-100 elementor-top-column elementor-element elementor-element-b7b8969\" data-id=\"b7b8969\" data-element_type=\"column\" data-e-type=\"column\">\n\t\t\t<div class=\"elementor-widget-wrap elementor-element-populated\">\n\t\t\t\t\t\t<div class=\"elementor-element elementor-element-76aa925 e-transform elementor-widget elementor-widget-image\" data-id=\"76aa925\" data-element_type=\"widget\" data-e-type=\"widget\" data-settings=\"{&quot;_transform_scale_effect_hover&quot;:{&quot;unit&quot;:&quot;px&quot;,&quot;size&quot;:1.03,&quot;sizes&quot;:[]},&quot;_transform_scale_effect_hover_tablet&quot;:{&quot;unit&quot;:&quot;px&quot;,&quot;size&quot;:&quot;&quot;,&quot;sizes&quot;:[]},&quot;_transform_scale_effect_hover_mobile&quot;:{&quot;unit&quot;:&quot;px&quot;,&quot;size&quot;:&quot;&quot;,&quot;sizes&quot;:[]}}\" data-widget_type=\"image.default\">\n\t\t\t\t<div class=\"elementor-widget-container\">\n\t\t\t\t\t\t\t\t\t\t\t\t\t\t\t<img fetchpriority=\"high\" decoding=\"async\" width=\"1332\" height=\"296\" src=\"https:\/\/vetk.hu\/wp-content\/uploads\/2023\/04\/22.png\" class=\"attachment-full size-full wp-image-56\" alt=\"\" srcset=\"https:\/\/vetk.hu\/wp-content\/uploads\/2023\/04\/22.png 1332w, https:\/\/vetk.hu\/wp-content\/uploads\/2023\/04\/22-300x67.png 300w, https:\/\/vetk.hu\/wp-content\/uploads\/2023\/04\/22-1024x228.png 1024w, https:\/\/vetk.hu\/wp-content\/uploads\/2023\/04\/22-768x171.png 768w\" sizes=\"(max-width: 1332px) 100vw, 1332px\" \/>\t\t\t\t\t\t\t\t\t\t\t\t\t\t\t<\/div>\n\t\t\t\t<\/div>\n\t\t\t\t\t<\/div>\n\t\t<\/div>\n\t\t\t\t\t<\/div>\n\t\t<\/section>\n\t\t\t\t<\/div>\n\t\t","protected":false},"excerpt":{"rendered":"<p>A VESZPR\u00c9MI V\u00c1RNEGYED \u00c9P\u00dcLETEI \u00a0Ismerje meg k\u00f6zelebbr\u0151l a l\u00e1togathat\u00f3 \u00e9p\u00fcleteinket. A vezetett v\u00e1rs\u00e9t\u00e1k t\u00f6bb k\u00fcl\u00f6nb\u00f6z\u0151 \u00fatvonalon mutatj\u00e1k be az \u00c9rseki V\u00e1rnegyedet. \u00a0 Jegyv\u00e1s\u00e1rl\u00e1s A V\u00c1RNEGYED L\u00c1TOGATHAT\u00d3 \u00c9P\u00dcLETEI SZENT MIH\u00c1LY F\u0150SZ\u00c9KESEGYH\u00c1Z [&hellip;]<\/p>\n","protected":false},"author":5,"featured_media":0,"parent":0,"menu_order":0,"comment_status":"closed","ping_status":"closed","template":"elementor_header_footer","meta":{"_acf_changed":false,"_price":"","_stock":"","_tribe_ticket_header":"","_tribe_default_ticket_provider":"","_tribe_ticket_capacity":"0","_ticket_start_date":"","_ticket_end_date":"","_tribe_ticket_show_description":"","_tribe_ticket_show_not_going":false,"_tribe_ticket_use_global_stock":"","_tribe_ticket_global_stock_level":"","_global_stock_mode":"","_global_stock_cap":"","_tribe_rsvp_for_event":"","_tribe_ticket_going_count":"","_tribe_ticket_not_going_count":"","_tribe_tickets_list":"[]","_tribe_ticket_has_attendee_info_fields":false,"footnotes":"","_tec_slr_enabled":"","_tec_slr_layout":""},"class_list":["post-8828","page","type-page","status-publish","hentry"],"acf":[],"yoast_head":"<!-- This site is optimized with the Yoast SEO plugin v27.3 - https:\/\/yoast.com\/product\/yoast-seo-wordpress\/ -->\n<title>\u00c9p\u00fcleteink - Veszpr\u00e9mi \u00c9rseks\u00e9g Turisztikai K\u00f6zpont<\/title>\n<meta name=\"description\" content=\"Fedezze fel a veszpr\u00e9mi V\u00e1rnegyed \u00e9p\u00fcleteit: f\u0151sz\u00e9kesegyh\u00e1z, k\u00e1poln\u00e1k, \u00c9rseki Palota, ki\u00e1ll\u00edt\u00e1sok \u00e9s vezetett v\u00e1rs\u00e9t\u00e1k.\" \/>\n<meta name=\"robots\" content=\"index, follow, max-snippet:-1, max-image-preview:large, max-video-preview:-1\" \/>\n<link rel=\"canonical\" href=\"https:\/\/vetk.hu\/en\/veszpremi-varnegyed-epuletei-mit-erdemes-megnezni\/\" \/>\n<meta property=\"og:locale\" content=\"en_GB\" \/>\n<meta property=\"og:type\" content=\"article\" \/>\n<meta property=\"og:title\" content=\"\u00c9p\u00fcleteink - Veszpr\u00e9mi \u00c9rseks\u00e9g Turisztikai K\u00f6zpont\" \/>\n<meta property=\"og:description\" content=\"Fedezze fel a veszpr\u00e9mi V\u00e1rnegyed \u00e9p\u00fcleteit: f\u0151sz\u00e9kesegyh\u00e1z, k\u00e1poln\u00e1k, \u00c9rseki Palota, ki\u00e1ll\u00edt\u00e1sok \u00e9s vezetett v\u00e1rs\u00e9t\u00e1k.\" \/>\n<meta property=\"og:url\" content=\"https:\/\/vetk.hu\/en\/veszpremi-varnegyed-epuletei-mit-erdemes-megnezni\/\" \/>\n<meta property=\"og:site_name\" content=\"Veszpr\u00e9mi \u00c9rseks\u00e9g Turisztikai K\u00f6zpont\" \/>\n<meta property=\"article:modified_time\" content=\"2026-04-29T12:10:14+00:00\" \/>\n<meta property=\"og:image\" content=\"https:\/\/vetk.hu\/wp-content\/uploads\/2023\/04\/22.png\" \/>\n\t<meta property=\"og:image:width\" content=\"1332\" \/>\n\t<meta property=\"og:image:height\" content=\"296\" \/>\n\t<meta property=\"og:image:type\" content=\"image\/png\" \/>\n<meta name=\"twitter:card\" content=\"summary_large_image\" \/>\n<meta name=\"twitter:label1\" content=\"Estimated reading time\" \/>\n\t<meta name=\"twitter:data1\" content=\"25 minutes\" \/>\n<script type=\"application\/ld+json\" class=\"yoast-schema-graph\">{\"@context\":\"https:\\\/\\\/schema.org\",\"@graph\":[{\"@type\":\"WebPage\",\"@id\":\"https:\\\/\\\/vetk.hu\\\/veszpremi-varnegyed-epuletei-mit-erdemes-megnezni\\\/\",\"url\":\"https:\\\/\\\/vetk.hu\\\/veszpremi-varnegyed-epuletei-mit-erdemes-megnezni\\\/\",\"name\":\"\u00c9p\u00fcleteink - Veszpr\u00e9mi \u00c9rseks\u00e9g Turisztikai K\u00f6zpont\",\"isPartOf\":{\"@id\":\"https:\\\/\\\/vetk.hu\\\/#website\"},\"primaryImageOfPage\":{\"@id\":\"https:\\\/\\\/vetk.hu\\\/veszpremi-varnegyed-epuletei-mit-erdemes-megnezni\\\/#primaryimage\"},\"image\":{\"@id\":\"https:\\\/\\\/vetk.hu\\\/veszpremi-varnegyed-epuletei-mit-erdemes-megnezni\\\/#primaryimage\"},\"thumbnailUrl\":\"https:\\\/\\\/vetk.hu\\\/wp-content\\\/uploads\\\/2023\\\/04\\\/22.png\",\"datePublished\":\"2026-04-29T07:28:28+00:00\",\"dateModified\":\"2026-04-29T12:10:14+00:00\",\"description\":\"Fedezze fel a veszpr\u00e9mi V\u00e1rnegyed \u00e9p\u00fcleteit: f\u0151sz\u00e9kesegyh\u00e1z, k\u00e1poln\u00e1k, \u00c9rseki Palota, ki\u00e1ll\u00edt\u00e1sok \u00e9s vezetett v\u00e1rs\u00e9t\u00e1k.\",\"breadcrumb\":{\"@id\":\"https:\\\/\\\/vetk.hu\\\/veszpremi-varnegyed-epuletei-mit-erdemes-megnezni\\\/#breadcrumb\"},\"inLanguage\":\"en-GB\",\"potentialAction\":[{\"@type\":\"ReadAction\",\"target\":[\"https:\\\/\\\/vetk.hu\\\/veszpremi-varnegyed-epuletei-mit-erdemes-megnezni\\\/\"]}]},{\"@type\":\"ImageObject\",\"inLanguage\":\"en-GB\",\"@id\":\"https:\\\/\\\/vetk.hu\\\/veszpremi-varnegyed-epuletei-mit-erdemes-megnezni\\\/#primaryimage\",\"url\":\"https:\\\/\\\/vetk.hu\\\/wp-content\\\/uploads\\\/2023\\\/04\\\/22.png\",\"contentUrl\":\"https:\\\/\\\/vetk.hu\\\/wp-content\\\/uploads\\\/2023\\\/04\\\/22.png\"},{\"@type\":\"BreadcrumbList\",\"@id\":\"https:\\\/\\\/vetk.hu\\\/veszpremi-varnegyed-epuletei-mit-erdemes-megnezni\\\/#breadcrumb\",\"itemListElement\":[{\"@type\":\"ListItem\",\"position\":1,\"name\":\"Home\",\"item\":\"https:\\\/\\\/vetk.hu\\\/\"},{\"@type\":\"ListItem\",\"position\":2,\"name\":\"\u00c9p\u00fcleteink\"}]},{\"@type\":\"WebSite\",\"@id\":\"https:\\\/\\\/vetk.hu\\\/#website\",\"url\":\"https:\\\/\\\/vetk.hu\\\/\",\"name\":\"Veszpr\u00e9mi \u00c9rseki Turisztikai K\u00f6zpont \u2013 Hit, \u00f6r\u00f6ks\u00e9g, \u00e9lm\u00e9ny | vetk.hu\",\"description\":\"\",\"publisher\":{\"@id\":\"https:\\\/\\\/vetk.hu\\\/#organization\"},\"potentialAction\":[{\"@type\":\"SearchAction\",\"target\":{\"@type\":\"EntryPoint\",\"urlTemplate\":\"https:\\\/\\\/vetk.hu\\\/?s={search_term_string}\"},\"query-input\":{\"@type\":\"PropertyValueSpecification\",\"valueRequired\":true,\"valueName\":\"search_term_string\"}}],\"inLanguage\":\"en-GB\"},{\"@type\":\"Organization\",\"@id\":\"https:\\\/\\\/vetk.hu\\\/#organization\",\"name\":\"Veszpr\u00e9mi \u00c9rseki Turisztikai K\u00f6zpont\",\"url\":\"https:\\\/\\\/vetk.hu\\\/\",\"logo\":{\"@type\":\"ImageObject\",\"inLanguage\":\"en-GB\",\"@id\":\"https:\\\/\\\/vetk.hu\\\/#\\\/schema\\\/logo\\\/image\\\/\",\"url\":\"https:\\\/\\\/vetk.hu\\\/wp-content\\\/uploads\\\/2023\\\/04\\\/cropped-Group-3.png\",\"contentUrl\":\"https:\\\/\\\/vetk.hu\\\/wp-content\\\/uploads\\\/2023\\\/04\\\/cropped-Group-3.png\",\"width\":353,\"height\":338,\"caption\":\"Veszpr\u00e9mi \u00c9rseki Turisztikai K\u00f6zpont\"},\"image\":{\"@id\":\"https:\\\/\\\/vetk.hu\\\/#\\\/schema\\\/logo\\\/image\\\/\"}}]}<\/script>\n<!-- \/ Yoast SEO plugin. -->","yoast_head_json":{"title":"\u00c9p\u00fcleteink - Veszpr\u00e9mi \u00c9rseks\u00e9g Turisztikai K\u00f6zpont","description":"Fedezze fel a veszpr\u00e9mi V\u00e1rnegyed \u00e9p\u00fcleteit: f\u0151sz\u00e9kesegyh\u00e1z, k\u00e1poln\u00e1k, \u00c9rseki Palota, ki\u00e1ll\u00edt\u00e1sok \u00e9s vezetett v\u00e1rs\u00e9t\u00e1k.","robots":{"index":"index","follow":"follow","max-snippet":"max-snippet:-1","max-image-preview":"max-image-preview:large","max-video-preview":"max-video-preview:-1"},"canonical":"https:\/\/vetk.hu\/en\/veszpremi-varnegyed-epuletei-mit-erdemes-megnezni\/","og_locale":"en_GB","og_type":"article","og_title":"\u00c9p\u00fcleteink - Veszpr\u00e9mi \u00c9rseks\u00e9g Turisztikai K\u00f6zpont","og_description":"Fedezze fel a veszpr\u00e9mi V\u00e1rnegyed \u00e9p\u00fcleteit: f\u0151sz\u00e9kesegyh\u00e1z, k\u00e1poln\u00e1k, \u00c9rseki Palota, ki\u00e1ll\u00edt\u00e1sok \u00e9s vezetett v\u00e1rs\u00e9t\u00e1k.","og_url":"https:\/\/vetk.hu\/en\/veszpremi-varnegyed-epuletei-mit-erdemes-megnezni\/","og_site_name":"Veszpr\u00e9mi \u00c9rseks\u00e9g Turisztikai K\u00f6zpont","article_modified_time":"2026-04-29T12:10:14+00:00","og_image":[{"width":1332,"height":296,"url":"https:\/\/vetk.hu\/wp-content\/uploads\/2023\/04\/22.png","type":"image\/png"}],"twitter_card":"summary_large_image","twitter_misc":{"Estimated reading time":"25 minutes"},"schema":{"@context":"https:\/\/schema.org","@graph":[{"@type":"WebPage","@id":"https:\/\/vetk.hu\/veszpremi-varnegyed-epuletei-mit-erdemes-megnezni\/","url":"https:\/\/vetk.hu\/veszpremi-varnegyed-epuletei-mit-erdemes-megnezni\/","name":"\u00c9p\u00fcleteink - Veszpr\u00e9mi \u00c9rseks\u00e9g Turisztikai K\u00f6zpont","isPartOf":{"@id":"https:\/\/vetk.hu\/#website"},"primaryImageOfPage":{"@id":"https:\/\/vetk.hu\/veszpremi-varnegyed-epuletei-mit-erdemes-megnezni\/#primaryimage"},"image":{"@id":"https:\/\/vetk.hu\/veszpremi-varnegyed-epuletei-mit-erdemes-megnezni\/#primaryimage"},"thumbnailUrl":"https:\/\/vetk.hu\/wp-content\/uploads\/2023\/04\/22.png","datePublished":"2026-04-29T07:28:28+00:00","dateModified":"2026-04-29T12:10:14+00:00","description":"Fedezze fel a veszpr\u00e9mi V\u00e1rnegyed \u00e9p\u00fcleteit: f\u0151sz\u00e9kesegyh\u00e1z, k\u00e1poln\u00e1k, \u00c9rseki Palota, ki\u00e1ll\u00edt\u00e1sok \u00e9s vezetett v\u00e1rs\u00e9t\u00e1k.","breadcrumb":{"@id":"https:\/\/vetk.hu\/veszpremi-varnegyed-epuletei-mit-erdemes-megnezni\/#breadcrumb"},"inLanguage":"en-GB","potentialAction":[{"@type":"ReadAction","target":["https:\/\/vetk.hu\/veszpremi-varnegyed-epuletei-mit-erdemes-megnezni\/"]}]},{"@type":"ImageObject","inLanguage":"en-GB","@id":"https:\/\/vetk.hu\/veszpremi-varnegyed-epuletei-mit-erdemes-megnezni\/#primaryimage","url":"https:\/\/vetk.hu\/wp-content\/uploads\/2023\/04\/22.png","contentUrl":"https:\/\/vetk.hu\/wp-content\/uploads\/2023\/04\/22.png"},{"@type":"BreadcrumbList","@id":"https:\/\/vetk.hu\/veszpremi-varnegyed-epuletei-mit-erdemes-megnezni\/#breadcrumb","itemListElement":[{"@type":"ListItem","position":1,"name":"Home","item":"https:\/\/vetk.hu\/"},{"@type":"ListItem","position":2,"name":"\u00c9p\u00fcleteink"}]},{"@type":"WebSite","@id":"https:\/\/vetk.hu\/#website","url":"https:\/\/vetk.hu\/","name":"Veszpr\u00e9mi \u00c9rseki Turisztikai K\u00f6zpont \u2013 Hit, \u00f6r\u00f6ks\u00e9g, \u00e9lm\u00e9ny | vetk.hu","description":"","publisher":{"@id":"https:\/\/vetk.hu\/#organization"},"potentialAction":[{"@type":"SearchAction","target":{"@type":"EntryPoint","urlTemplate":"https:\/\/vetk.hu\/?s={search_term_string}"},"query-input":{"@type":"PropertyValueSpecification","valueRequired":true,"valueName":"search_term_string"}}],"inLanguage":"en-GB"},{"@type":"Organization","@id":"https:\/\/vetk.hu\/#organization","name":"Veszpr\u00e9mi \u00c9rseki Turisztikai K\u00f6zpont","url":"https:\/\/vetk.hu\/","logo":{"@type":"ImageObject","inLanguage":"en-GB","@id":"https:\/\/vetk.hu\/#\/schema\/logo\/image\/","url":"https:\/\/vetk.hu\/wp-content\/uploads\/2023\/04\/cropped-Group-3.png","contentUrl":"https:\/\/vetk.hu\/wp-content\/uploads\/2023\/04\/cropped-Group-3.png","width":353,"height":338,"caption":"Veszpr\u00e9mi \u00c9rseki Turisztikai K\u00f6zpont"},"image":{"@id":"https:\/\/vetk.hu\/#\/schema\/logo\/image\/"}}]}},"ticketed":false,"_links":{"self":[{"href":"https:\/\/vetk.hu\/en\/wp-json\/wp\/v2\/pages\/8828","targetHints":{"allow":["GET"]}}],"collection":[{"href":"https:\/\/vetk.hu\/en\/wp-json\/wp\/v2\/pages"}],"about":[{"href":"https:\/\/vetk.hu\/en\/wp-json\/wp\/v2\/types\/page"}],"author":[{"embeddable":true,"href":"https:\/\/vetk.hu\/en\/wp-json\/wp\/v2\/users\/5"}],"replies":[{"embeddable":true,"href":"https:\/\/vetk.hu\/en\/wp-json\/wp\/v2\/comments?post=8828"}],"version-history":[{"count":52,"href":"https:\/\/vetk.hu\/en\/wp-json\/wp\/v2\/pages\/8828\/revisions"}],"predecessor-version":[{"id":9199,"href":"https:\/\/vetk.hu\/en\/wp-json\/wp\/v2\/pages\/8828\/revisions\/9199"}],"wp:attachment":[{"href":"https:\/\/vetk.hu\/en\/wp-json\/wp\/v2\/media?parent=8828"}],"curies":[{"name":"wp","href":"https:\/\/api.w.org\/{rel}","templated":true}]}}