{"id":11200,"date":"2026-08-28T11:47:40","date_gmt":"2026-08-28T09:47:40","guid":{"rendered":"https:\/\/vetk.hu\/?post_type=tribe_events&#038;p=11200"},"modified":"2026-08-28T11:47:40","modified_gmt":"2026-08-28T09:47:40","slug":"varhegyi-orgonaestek-jubileumi-koncert-veszpremben","status":"publish","type":"tribe_events","link":"https:\/\/vetk.hu\/en\/event\/varhegyi-orgonaestek-jubileumi-koncert-veszpremben\/","title":{"rendered":"V\u00e1rhegyi Orgonaestek \u2013 Nyitott Templomok \u00c9jszak\u00e1ja"},"content":{"rendered":"<p class=\"PDq2pG_selectionAnchorContainer\" data-start=\"1047\" data-end=\"1256\">A V\u00e1rhegyi Orgonaestek szeptember 12-i hangversenye a Nyitott Templomok \u00c9jszak\u00e1j\u00e1hoz \u00e9s az Ars Sacra Fesztiv\u00e1lhoz kapcsol\u00f3dik. Az \u00fcnnepi koncertnek 19:30-t\u00f3l a veszpr\u00e9mi Szent Mih\u00e1ly F\u0151sz\u00e9kesegyh\u00e1z ad otthont.<\/p>\n<ol start=\"1981\" data-start=\"1258\" data-end=\"1453\">\n<li data-section-id=\"13efn7w\" data-start=\"1258\" data-end=\"1453\">szeptember 9-\u00e9n, 45 \u00e9vvel ezel\u0151tt kapott <em data-start=\"1305\" data-end=\"1321\">basilica minor<\/em> rangot a veszpr\u00e9mi sz\u00e9kesegyh\u00e1z. A jubileumi hangversenyen az orgona \u00e9s a trombita hangja t\u00f6lti be a meg\u00fajult f\u0151sz\u00e9kesegyh\u00e1z ter\u00e9t.<\/li>\n<\/ol>\n<p data-start=\"1455\" data-end=\"1584\"><strong data-start=\"1455\" data-end=\"1472\">K\u00f6zrem\u0171k\u00f6dik:<\/strong><br data-start=\"1472\" data-end=\"1475\" \/>Kos\u00f3czki Tam\u00e1s orgonam\u0171v\u00e9sz<br data-start=\"1502\" data-end=\"1505\" \/>Solymosi P\u00e9ter trombitam\u0171v\u00e9sz, a Pannon Filharmonikusok trombita sz\u00f3lamvezet\u0151je<\/p>\n<p data-start=\"1586\" data-end=\"1723\">\ud83d\udccd <strong data-start=\"1589\" data-end=\"1602\">Location:<\/strong> Szent Mih\u00e1ly F\u0151sz\u00e9kesegyh\u00e1z, Veszpr\u00e9m<br data-start=\"1640\" data-end=\"1643\" \/>\ud83d\udd62 <strong data-start=\"1646\" data-end=\"1658\">Id\u0151pont:<\/strong> 2026. szeptember 12., szombat 19:30<br data-start=\"1694\" data-end=\"1697\" \/>\ud83c\udf9f <strong data-start=\"1700\" data-end=\"1723\">A bel\u00e9p\u00e9s d\u00edjtalan.<\/strong><\/p>\n<p data-start=\"1725\" data-end=\"1762\">Szeretettel v\u00e1runk minden \u00e9rdekl\u0151d\u0151t!<\/p>","protected":false},"excerpt":{"rendered":"<p>A V\u00e1rhegyi Orgonaestek szeptember 12-i hangversenye a Nyitott Templomok \u00c9jszak\u00e1j\u00e1hoz \u00e9s az Ars Sacra Fesztiv\u00e1lhoz kapcsol\u00f3dik. Az \u00fcnnepi koncertnek 19:30-t\u00f3l a veszpr\u00e9mi Szent Mih\u00e1ly F\u0151sz\u00e9kesegyh\u00e1z ad otthont. szeptember 9-\u00e9n, 45 [&hellip;]<\/p>\n","protected":false},"author":5,"featured_media":11203,"template":"","meta":{"_acf_changed":false,"_price":"","_stock":"","_tribe_ticket_header":"","_tribe_default_ticket_provider":"","_tribe_ticket_capacity":"0","_ticket_start_date":"","_ticket_end_date":"","_tribe_ticket_show_description":"","_tribe_ticket_show_not_going":false,"_tribe_ticket_use_global_stock":"","_tribe_ticket_global_stock_level":"","_global_stock_mode":"","_global_stock_cap":"","_tribe_rsvp_for_event":"","_tribe_ticket_going_count":"","_tribe_ticket_not_going_count":"","_tribe_tickets_list":"[]","_tribe_ticket_has_attendee_info_fields":false,"_tribe_events_status":"","_tribe_events_status_reason":"","footnotes":"","_tec_slr_enabled":"","_tec_slr_layout":""},"tags":[148],"tribe_events_cat":[152,27],"class_list":["post-11200","tribe_events","type-tribe_events","status-publish","has-post-thumbnail","hentry","tag-varhegyi-orgonaestek","tribe_events_cat-hangverseny","tribe_events_cat-koncert","cat_hangverseny","cat_koncert"],"acf":[],"yoast_head":"<!-- This site is optimized with the Yoast SEO plugin v28.0 - https:\/\/yoast.com\/product\/yoast-seo-wordpress\/ -->\n<title>V\u00e1rhegyi Orgonaestek \u2013 Nyitott Templomok \u00c9jszak\u00e1ja - Veszpr\u00e9mi \u00c9rseks\u00e9g Turisztikai K\u00f6zpont<\/title>\n<meta name=\"description\" content=\"\u00dcnnepi orgona- \u00e9s trombitahangverseny szeptember 12-\u00e9n 19:30-kor a veszpr\u00e9mi Szent Mih\u00e1ly F\u0151sz\u00e9kesegyh\u00e1zban. A bel\u00e9p\u00e9s d\u00edjtalan.\" \/>\n<meta name=\"robots\" content=\"index, follow, max-snippet:-1, max-image-preview:large, max-video-preview:-1\" \/>\n<link rel=\"canonical\" href=\"https:\/\/vetk.hu\/en\/event\/varhegyi-orgonaestek-jubileumi-koncert-veszpremben\/\" \/>\n<meta property=\"og:locale\" content=\"en_GB\" \/>\n<meta property=\"og:type\" content=\"article\" \/>\n<meta property=\"og:title\" content=\"V\u00e1rhegyi Orgonaestek \u2013 Nyitott Templomok \u00c9jszak\u00e1ja - Veszpr\u00e9mi \u00c9rseks\u00e9g Turisztikai K\u00f6zpont\" \/>\n<meta property=\"og:description\" content=\"\u00dcnnepi orgona- \u00e9s trombitahangverseny szeptember 12-\u00e9n 19:30-kor a veszpr\u00e9mi Szent Mih\u00e1ly F\u0151sz\u00e9kesegyh\u00e1zban. A bel\u00e9p\u00e9s d\u00edjtalan.\" \/>\n<meta property=\"og:url\" content=\"https:\/\/vetk.hu\/en\/event\/varhegyi-orgonaestek-jubileumi-koncert-veszpremben\/\" \/>\n<meta property=\"og:site_name\" content=\"Veszpr\u00e9mi \u00c9rseks\u00e9g Turisztikai K\u00f6zpont\" \/>\n<meta property=\"og:image\" content=\"https:\/\/vetk.hu\/wp-content\/uploads\/2026\/08\/Varhegyi-2026_-szeptember_12-1.jpg\" \/>\n\t<meta property=\"og:image:width\" content=\"240\" \/>\n\t<meta property=\"og:image:height\" content=\"240\" \/>\n\t<meta property=\"og:image:type\" content=\"image\/jpeg\" \/>\n<meta name=\"twitter:card\" content=\"summary_large_image\" \/>\n<meta name=\"twitter:label1\" content=\"Estimated reading time\" \/>\n\t<meta name=\"twitter:data1\" content=\"1 minute\" \/>\n<script type=\"application\/ld+json\" class=\"yoast-schema-graph\">{\"@context\":\"https:\\\/\\\/schema.org\",\"@graph\":[{\"@type\":\"WebPage\",\"@id\":\"https:\\\/\\\/vetk.hu\\\/event\\\/varhegyi-orgonaestek-jubileumi-koncert-veszpremben\\\/\",\"url\":\"https:\\\/\\\/vetk.hu\\\/event\\\/varhegyi-orgonaestek-jubileumi-koncert-veszpremben\\\/\",\"name\":\"V\u00e1rhegyi Orgonaestek \u2013 Nyitott Templomok \u00c9jszak\u00e1ja - Veszpr\u00e9mi \u00c9rseks\u00e9g Turisztikai K\u00f6zpont\",\"isPartOf\":{\"@id\":\"https:\\\/\\\/vetk.hu\\\/#website\"},\"primaryImageOfPage\":{\"@id\":\"https:\\\/\\\/vetk.hu\\\/event\\\/varhegyi-orgonaestek-jubileumi-koncert-veszpremben\\\/#primaryimage\"},\"image\":{\"@id\":\"https:\\\/\\\/vetk.hu\\\/event\\\/varhegyi-orgonaestek-jubileumi-koncert-veszpremben\\\/#primaryimage\"},\"thumbnailUrl\":\"https:\\\/\\\/vetk.hu\\\/wp-content\\\/uploads\\\/2026\\\/08\\\/Varhegyi-2026_-szeptember_12-1.jpg\",\"datePublished\":\"2026-08-28T09:47:40+00:00\",\"description\":\"\u00dcnnepi orgona- \u00e9s trombitahangverseny szeptember 12-\u00e9n 19:30-kor a veszpr\u00e9mi Szent Mih\u00e1ly F\u0151sz\u00e9kesegyh\u00e1zban. A bel\u00e9p\u00e9s d\u00edjtalan.\",\"breadcrumb\":{\"@id\":\"https:\\\/\\\/vetk.hu\\\/event\\\/varhegyi-orgonaestek-jubileumi-koncert-veszpremben\\\/#breadcrumb\"},\"inLanguage\":\"en-GB\",\"potentialAction\":[{\"@type\":\"ReadAction\",\"target\":[\"https:\\\/\\\/vetk.hu\\\/event\\\/varhegyi-orgonaestek-jubileumi-koncert-veszpremben\\\/\"]}]},{\"@type\":\"ImageObject\",\"inLanguage\":\"en-GB\",\"@id\":\"https:\\\/\\\/vetk.hu\\\/event\\\/varhegyi-orgonaestek-jubileumi-koncert-veszpremben\\\/#primaryimage\",\"url\":\"https:\\\/\\\/vetk.hu\\\/wp-content\\\/uploads\\\/2026\\\/08\\\/Varhegyi-2026_-szeptember_12-1.jpg\",\"contentUrl\":\"https:\\\/\\\/vetk.hu\\\/wp-content\\\/uploads\\\/2026\\\/08\\\/Varhegyi-2026_-szeptember_12-1.jpg\",\"width\":240,\"height\":240},{\"@type\":\"BreadcrumbList\",\"@id\":\"https:\\\/\\\/vetk.hu\\\/event\\\/varhegyi-orgonaestek-jubileumi-koncert-veszpremben\\\/#breadcrumb\",\"itemListElement\":[{\"@type\":\"ListItem\",\"position\":1,\"name\":\"Home\",\"item\":\"https:\\\/\\\/vetk.hu\\\/\"},{\"@type\":\"ListItem\",\"position\":2,\"name\":\"Events\",\"item\":\"https:\\\/\\\/vetk.hu\\\/en\\\/events\\\/\"},{\"@type\":\"ListItem\",\"position\":3,\"name\":\"V\u00e1rhegyi Orgonaestek \u2013 Nyitott Templomok \u00c9jszak\u00e1ja\"}]},{\"@type\":\"WebSite\",\"@id\":\"https:\\\/\\\/vetk.hu\\\/#website\",\"url\":\"https:\\\/\\\/vetk.hu\\\/\",\"name\":\"Veszpr\u00e9mi \u00c9rseki Turisztikai K\u00f6zpont \u2013 Hit, \u00f6r\u00f6ks\u00e9g, \u00e9lm\u00e9ny | vetk.hu\",\"description\":\"\",\"publisher\":{\"@id\":\"https:\\\/\\\/vetk.hu\\\/#organization\"},\"potentialAction\":[{\"@type\":\"SearchAction\",\"target\":{\"@type\":\"EntryPoint\",\"urlTemplate\":\"https:\\\/\\\/vetk.hu\\\/?s={search_term_string}\"},\"query-input\":{\"@type\":\"PropertyValueSpecification\",\"valueRequired\":true,\"valueName\":\"search_term_string\"}}],\"inLanguage\":\"en-GB\"},{\"@type\":\"Organization\",\"@id\":\"https:\\\/\\\/vetk.hu\\\/#organization\",\"name\":\"Veszpr\u00e9mi \u00c9rseki Turisztikai K\u00f6zpont\",\"url\":\"https:\\\/\\\/vetk.hu\\\/\",\"logo\":{\"@type\":\"ImageObject\",\"inLanguage\":\"en-GB\",\"@id\":\"https:\\\/\\\/vetk.hu\\\/#\\\/schema\\\/logo\\\/image\\\/\",\"url\":\"https:\\\/\\\/vetk.hu\\\/wp-content\\\/uploads\\\/2023\\\/04\\\/cropped-Group-3.png\",\"contentUrl\":\"https:\\\/\\\/vetk.hu\\\/wp-content\\\/uploads\\\/2023\\\/04\\\/cropped-Group-3.png\",\"width\":353,\"height\":338,\"caption\":\"Veszpr\u00e9mi \u00c9rseki Turisztikai K\u00f6zpont\"},\"image\":{\"@id\":\"https:\\\/\\\/vetk.hu\\\/#\\\/schema\\\/logo\\\/image\\\/\"}}]}<\/script>\n<!-- \/ Yoast SEO plugin. -->","yoast_head_json":{"title":"V\u00e1rhegyi Orgonaestek \u2013 Nyitott Templomok \u00c9jszak\u00e1ja - Veszpr\u00e9mi \u00c9rseks\u00e9g Turisztikai K\u00f6zpont","description":"\u00dcnnepi orgona- \u00e9s trombitahangverseny szeptember 12-\u00e9n 19:30-kor a veszpr\u00e9mi Szent Mih\u00e1ly F\u0151sz\u00e9kesegyh\u00e1zban. A bel\u00e9p\u00e9s d\u00edjtalan.","robots":{"index":"index","follow":"follow","max-snippet":"max-snippet:-1","max-image-preview":"max-image-preview:large","max-video-preview":"max-video-preview:-1"},"canonical":"https:\/\/vetk.hu\/en\/event\/varhegyi-orgonaestek-jubileumi-koncert-veszpremben\/","og_locale":"en_GB","og_type":"article","og_title":"V\u00e1rhegyi Orgonaestek \u2013 Nyitott Templomok \u00c9jszak\u00e1ja - Veszpr\u00e9mi \u00c9rseks\u00e9g Turisztikai K\u00f6zpont","og_description":"\u00dcnnepi orgona- \u00e9s trombitahangverseny szeptember 12-\u00e9n 19:30-kor a veszpr\u00e9mi Szent Mih\u00e1ly F\u0151sz\u00e9kesegyh\u00e1zban. A bel\u00e9p\u00e9s d\u00edjtalan.","og_url":"https:\/\/vetk.hu\/en\/event\/varhegyi-orgonaestek-jubileumi-koncert-veszpremben\/","og_site_name":"Veszpr\u00e9mi \u00c9rseks\u00e9g Turisztikai K\u00f6zpont","og_image":[{"width":240,"height":240,"url":"https:\/\/vetk.hu\/wp-content\/uploads\/2026\/08\/Varhegyi-2026_-szeptember_12-1.jpg","type":"image\/jpeg"}],"twitter_card":"summary_large_image","twitter_misc":{"Estimated reading time":"1 minute"},"schema":{"@context":"https:\/\/schema.org","@graph":[{"@type":"WebPage","@id":"https:\/\/vetk.hu\/event\/varhegyi-orgonaestek-jubileumi-koncert-veszpremben\/","url":"https:\/\/vetk.hu\/event\/varhegyi-orgonaestek-jubileumi-koncert-veszpremben\/","name":"V\u00e1rhegyi Orgonaestek \u2013 Nyitott Templomok \u00c9jszak\u00e1ja - Veszpr\u00e9mi \u00c9rseks\u00e9g Turisztikai K\u00f6zpont","isPartOf":{"@id":"https:\/\/vetk.hu\/#website"},"primaryImageOfPage":{"@id":"https:\/\/vetk.hu\/event\/varhegyi-orgonaestek-jubileumi-koncert-veszpremben\/#primaryimage"},"image":{"@id":"https:\/\/vetk.hu\/event\/varhegyi-orgonaestek-jubileumi-koncert-veszpremben\/#primaryimage"},"thumbnailUrl":"https:\/\/vetk.hu\/wp-content\/uploads\/2026\/08\/Varhegyi-2026_-szeptember_12-1.jpg","datePublished":"2026-08-28T09:47:40+00:00","description":"\u00dcnnepi orgona- \u00e9s trombitahangverseny szeptember 12-\u00e9n 19:30-kor a veszpr\u00e9mi Szent Mih\u00e1ly F\u0151sz\u00e9kesegyh\u00e1zban. A bel\u00e9p\u00e9s d\u00edjtalan.","breadcrumb":{"@id":"https:\/\/vetk.hu\/event\/varhegyi-orgonaestek-jubileumi-koncert-veszpremben\/#breadcrumb"},"inLanguage":"en-GB","potentialAction":[{"@type":"ReadAction","target":["https:\/\/vetk.hu\/event\/varhegyi-orgonaestek-jubileumi-koncert-veszpremben\/"]}]},{"@type":"ImageObject","inLanguage":"en-GB","@id":"https:\/\/vetk.hu\/event\/varhegyi-orgonaestek-jubileumi-koncert-veszpremben\/#primaryimage","url":"https:\/\/vetk.hu\/wp-content\/uploads\/2026\/08\/Varhegyi-2026_-szeptember_12-1.jpg","contentUrl":"https:\/\/vetk.hu\/wp-content\/uploads\/2026\/08\/Varhegyi-2026_-szeptember_12-1.jpg","width":240,"height":240},{"@type":"BreadcrumbList","@id":"https:\/\/vetk.hu\/event\/varhegyi-orgonaestek-jubileumi-koncert-veszpremben\/#breadcrumb","itemListElement":[{"@type":"ListItem","position":1,"name":"Home","item":"https:\/\/vetk.hu\/"},{"@type":"ListItem","position":2,"name":"Events","item":"https:\/\/vetk.hu\/en\/events\/"},{"@type":"ListItem","position":3,"name":"V\u00e1rhegyi Orgonaestek \u2013 Nyitott Templomok \u00c9jszak\u00e1ja"}]},{"@type":"WebSite","@id":"https:\/\/vetk.hu\/#website","url":"https:\/\/vetk.hu\/","name":"Veszpr\u00e9mi \u00c9rseki Turisztikai K\u00f6zpont \u2013 Hit, \u00f6r\u00f6ks\u00e9g, \u00e9lm\u00e9ny | vetk.hu","description":"","publisher":{"@id":"https:\/\/vetk.hu\/#organization"},"potentialAction":[{"@type":"SearchAction","target":{"@type":"EntryPoint","urlTemplate":"https:\/\/vetk.hu\/?s={search_term_string}"},"query-input":{"@type":"PropertyValueSpecification","valueRequired":true,"valueName":"search_term_string"}}],"inLanguage":"en-GB"},{"@type":"Organization","@id":"https:\/\/vetk.hu\/#organization","name":"Veszpr\u00e9mi \u00c9rseki Turisztikai K\u00f6zpont","url":"https:\/\/vetk.hu\/","logo":{"@type":"ImageObject","inLanguage":"en-GB","@id":"https:\/\/vetk.hu\/#\/schema\/logo\/image\/","url":"https:\/\/vetk.hu\/wp-content\/uploads\/2023\/04\/cropped-Group-3.png","contentUrl":"https:\/\/vetk.hu\/wp-content\/uploads\/2023\/04\/cropped-Group-3.png","width":353,"height":338,"caption":"Veszpr\u00e9mi \u00c9rseki Turisztikai K\u00f6zpont"},"image":{"@id":"https:\/\/vetk.hu\/#\/schema\/logo\/image\/"}}]}},"ticketed":false,"_links":{"self":[{"href":"https:\/\/vetk.hu\/en\/wp-json\/wp\/v2\/tribe_events\/11200","targetHints":{"allow":["GET"]}}],"collection":[{"href":"https:\/\/vetk.hu\/en\/wp-json\/wp\/v2\/tribe_events"}],"about":[{"href":"https:\/\/vetk.hu\/en\/wp-json\/wp\/v2\/types\/tribe_events"}],"author":[{"embeddable":true,"href":"https:\/\/vetk.hu\/en\/wp-json\/wp\/v2\/users\/5"}],"version-history":[{"count":1,"href":"https:\/\/vetk.hu\/en\/wp-json\/wp\/v2\/tribe_events\/11200\/revisions"}],"predecessor-version":[{"id":11204,"href":"https:\/\/vetk.hu\/en\/wp-json\/wp\/v2\/tribe_events\/11200\/revisions\/11204"}],"wp:featuredmedia":[{"embeddable":true,"href":"https:\/\/vetk.hu\/en\/wp-json\/wp\/v2\/media\/11203"}],"wp:attachment":[{"href":"https:\/\/vetk.hu\/en\/wp-json\/wp\/v2\/media?parent=11200"}],"wp:term":[{"taxonomy":"post_tag","embeddable":true,"href":"https:\/\/vetk.hu\/en\/wp-json\/wp\/v2\/tags?post=11200"},{"taxonomy":"tribe_events_cat","embeddable":true,"href":"https:\/\/vetk.hu\/en\/wp-json\/wp\/v2\/tribe_events_cat?post=11200"}],"curies":[{"name":"wp","href":"https:\/\/api.w.org\/{rel}","templated":true}]}}