{"id":11206,"date":"2026-08-28T12:06:57","date_gmt":"2026-08-28T10:06:57","guid":{"rendered":"https:\/\/vetk.hu\/?post_type=tribe_events&#038;p=11206"},"modified":"2026-08-28T12:06:57","modified_gmt":"2026-08-28T10:06:57","slug":"szent-mihaly-napi-koncert-veszpremben-varhegyi-orgonaestek","status":"publish","type":"tribe_events","link":"https:\/\/vetk.hu\/en\/event\/szent-mihaly-napi-koncert-veszpremben-varhegyi-orgonaestek\/","title":{"rendered":"Szent Mih\u00e1ly-napi koncert \u2013 V\u00e1rhegyi Orgonaestek"},"content":{"rendered":"<p class=\"PDq2pG_selectionAnchorContainer\" data-start=\"2843\" data-end=\"3003\">A V\u00e1rhegyi Orgonaestek koncertsorozat Szent Mih\u00e1ly-napi hangverseny\u00e9re szeptember 26-\u00e1n 19:30-kor v\u00e1rjuk a k\u00f6z\u00f6ns\u00e9get a veszpr\u00e9mi Szent Mih\u00e1ly F\u0151sz\u00e9kesegyh\u00e1zba.<\/p>\n<p data-start=\"3005\" data-end=\"3241\">Az est k\u00e9t vend\u00e9gm\u0171v\u00e9sze <strong data-start=\"3030\" data-end=\"3058\">De\u00e1k L\u00e1szl\u00f3 orgonam\u0171v\u00e9sz<\/strong>, a budapesti belv\u00e1rosi ferences templom orgonist\u00e1ja, valamint <strong data-start=\"3121\" data-end=\"3148\">F\u00fclep M\u00e1rk fuvolam\u0171v\u00e9sz<\/strong>. Az orgona \u00e9s a fuvola k\u00fcl\u00f6nleges hangz\u00e1svil\u00e1ga ez\u00fattal a f\u0151sz\u00e9kesegyh\u00e1z ter\u00e9ben tal\u00e1lkozik.<\/p>\n<p data-start=\"3243\" data-end=\"3313\"><strong data-start=\"3243\" data-end=\"3260\">K\u00f6zrem\u0171k\u00f6dik:<\/strong><br data-start=\"3260\" data-end=\"3263\" \/>De\u00e1k L\u00e1szl\u00f3 orgonam\u0171v\u00e9sz<br data-start=\"3287\" data-end=\"3290\" \/>F\u00fclep M\u00e1rk fuvolam\u0171v\u00e9sz<\/p>\n<p data-start=\"3315\" data-end=\"3448\">\ud83d\udccd <strong data-start=\"3318\" data-end=\"3331\">Location:<\/strong> Szent Mih\u00e1ly F\u0151sz\u00e9kesegyh\u00e1z, Veszpr\u00e9m<br data-start=\"3369\" data-end=\"3372\" \/>\ud83d\udd62 <strong data-start=\"3375\" data-end=\"3387\">Id\u0151pont:<\/strong> 2026. szeptember 26., szombat 19:30<br data-start=\"3423\" data-end=\"3426\" \/>\ud83c\udf9f <strong data-start=\"3429\" data-end=\"3440\">Jegy\u00e1r:<\/strong> 2500 HUF<\/p>\n<p data-start=\"3450\" data-end=\"3759\"><a href=\"https:\/\/whitelabel.skiplin.hu\/hu?id=1044b064-8a99-4a73-94e9-3dd55e7a82a6&amp;default=f637b634-f670-45a5-b47c-6dca38dada47\" target=\"_blank\" rel=\"noopener\">Online jegyv\u00e1s\u00e1rl\u00e1s ezen a linken<\/a>, szem\u00e9lyesen a <strong data-start=\"3501\" data-end=\"3536\">Bir\u00f3\u2013Giczey H\u00e1z jegyp\u00e9nzt\u00e1r\u00e1ban<\/strong> (Veszpr\u00e9m, V\u00e1r utca 31.), valamint a koncert napj\u00e1n <strong data-start=\"3589\" data-end=\"3618\">19:00 \u00f3r\u00e1t\u00f3l a helysz\u00ednen<\/strong> v\u00e1lthat\u00f3k.<\/p>","protected":false},"excerpt":{"rendered":"<p>A V\u00e1rhegyi Orgonaestek koncertsorozat Szent Mih\u00e1ly-napi hangverseny\u00e9re szeptember 26-\u00e1n 19:30-kor v\u00e1rjuk a k\u00f6z\u00f6ns\u00e9get a veszpr\u00e9mi Szent Mih\u00e1ly F\u0151sz\u00e9kesegyh\u00e1zba. Az est k\u00e9t vend\u00e9gm\u0171v\u00e9sze De\u00e1k L\u00e1szl\u00f3 orgonam\u0171v\u00e9sz, a budapesti belv\u00e1rosi ferences templom [&hellip;]<\/p>\n","protected":false},"author":5,"featured_media":11207,"template":"","meta":{"_acf_changed":false,"_price":"","_stock":"","_tribe_ticket_header":"","_tribe_default_ticket_provider":"","_tribe_ticket_capacity":"0","_ticket_start_date":"","_ticket_end_date":"","_tribe_ticket_show_description":"","_tribe_ticket_show_not_going":false,"_tribe_ticket_use_global_stock":"","_tribe_ticket_global_stock_level":"","_global_stock_mode":"","_global_stock_cap":"","_tribe_rsvp_for_event":"","_tribe_ticket_going_count":"","_tribe_ticket_not_going_count":"","_tribe_tickets_list":"[]","_tribe_ticket_has_attendee_info_fields":false,"_tribe_events_status":"","_tribe_events_status_reason":"","footnotes":"","_tec_slr_enabled":"","_tec_slr_layout":""},"tags":[148],"tribe_events_cat":[152,27],"class_list":["post-11206","tribe_events","type-tribe_events","status-publish","has-post-thumbnail","hentry","tag-varhegyi-orgonaestek","tribe_events_cat-hangverseny","tribe_events_cat-koncert","cat_hangverseny","cat_koncert"],"acf":[],"yoast_head":"<!-- This site is optimized with the Yoast SEO plugin v28.0 - https:\/\/yoast.com\/product\/yoast-seo-wordpress\/ -->\n<title>Szent Mih\u00e1ly-napi koncert \u2013 V\u00e1rhegyi Orgonaestek - Veszpr\u00e9mi \u00c9rseks\u00e9g Turisztikai K\u00f6zpont<\/title>\n<meta name=\"description\" content=\"Szent Mih\u00e1ly-napi orgona- \u00e9s fuvolakoncert szeptember 26-\u00e1n 19:30-kor a veszpr\u00e9mi Szent Mih\u00e1ly F\u0151sz\u00e9kesegyh\u00e1zban. Jegy\u00e1r: 2500 Ft.\" \/>\n<meta name=\"robots\" content=\"index, follow, max-snippet:-1, max-image-preview:large, max-video-preview:-1\" \/>\n<link rel=\"canonical\" href=\"https:\/\/vetk.hu\/en\/event\/szent-mihaly-napi-koncert-veszpremben-varhegyi-orgonaestek\/\" \/>\n<meta property=\"og:locale\" content=\"en_GB\" \/>\n<meta property=\"og:type\" content=\"article\" \/>\n<meta property=\"og:title\" content=\"Szent Mih\u00e1ly-napi koncert \u2013 V\u00e1rhegyi Orgonaestek - Veszpr\u00e9mi \u00c9rseks\u00e9g Turisztikai K\u00f6zpont\" \/>\n<meta property=\"og:description\" content=\"Szent Mih\u00e1ly-napi orgona- \u00e9s fuvolakoncert szeptember 26-\u00e1n 19:30-kor a veszpr\u00e9mi Szent Mih\u00e1ly F\u0151sz\u00e9kesegyh\u00e1zban. Jegy\u00e1r: 2500 Ft.\" \/>\n<meta property=\"og:url\" content=\"https:\/\/vetk.hu\/en\/event\/szent-mihaly-napi-koncert-veszpremben-varhegyi-orgonaestek\/\" \/>\n<meta property=\"og:site_name\" content=\"Veszpr\u00e9mi \u00c9rseks\u00e9g Turisztikai K\u00f6zpont\" \/>\n<meta property=\"og:image\" content=\"https:\/\/vetk.hu\/wp-content\/uploads\/2026\/08\/Varhegyi_2026_szeptember_26-1.jpg\" \/>\n\t<meta property=\"og:image:width\" content=\"240\" \/>\n\t<meta property=\"og:image:height\" content=\"240\" \/>\n\t<meta property=\"og:image:type\" content=\"image\/jpeg\" \/>\n<meta name=\"twitter:card\" content=\"summary_large_image\" \/>\n<meta name=\"twitter:label1\" content=\"Estimated reading time\" \/>\n\t<meta name=\"twitter:data1\" content=\"1 minute\" \/>\n<script type=\"application\/ld+json\" class=\"yoast-schema-graph\">{\"@context\":\"https:\\\/\\\/schema.org\",\"@graph\":[{\"@type\":\"WebPage\",\"@id\":\"https:\\\/\\\/vetk.hu\\\/event\\\/szent-mihaly-napi-koncert-veszpremben-varhegyi-orgonaestek\\\/\",\"url\":\"https:\\\/\\\/vetk.hu\\\/event\\\/szent-mihaly-napi-koncert-veszpremben-varhegyi-orgonaestek\\\/\",\"name\":\"Szent Mih\u00e1ly-napi koncert \u2013 V\u00e1rhegyi Orgonaestek - Veszpr\u00e9mi \u00c9rseks\u00e9g Turisztikai K\u00f6zpont\",\"isPartOf\":{\"@id\":\"https:\\\/\\\/vetk.hu\\\/#website\"},\"primaryImageOfPage\":{\"@id\":\"https:\\\/\\\/vetk.hu\\\/event\\\/szent-mihaly-napi-koncert-veszpremben-varhegyi-orgonaestek\\\/#primaryimage\"},\"image\":{\"@id\":\"https:\\\/\\\/vetk.hu\\\/event\\\/szent-mihaly-napi-koncert-veszpremben-varhegyi-orgonaestek\\\/#primaryimage\"},\"thumbnailUrl\":\"https:\\\/\\\/vetk.hu\\\/wp-content\\\/uploads\\\/2026\\\/08\\\/Varhegyi_2026_szeptember_26-1.jpg\",\"datePublished\":\"2026-08-28T10:06:57+00:00\",\"description\":\"Szent Mih\u00e1ly-napi orgona- \u00e9s fuvolakoncert szeptember 26-\u00e1n 19:30-kor a veszpr\u00e9mi Szent Mih\u00e1ly F\u0151sz\u00e9kesegyh\u00e1zban. Jegy\u00e1r: 2500 Ft.\",\"breadcrumb\":{\"@id\":\"https:\\\/\\\/vetk.hu\\\/event\\\/szent-mihaly-napi-koncert-veszpremben-varhegyi-orgonaestek\\\/#breadcrumb\"},\"inLanguage\":\"en-GB\",\"potentialAction\":[{\"@type\":\"ReadAction\",\"target\":[\"https:\\\/\\\/vetk.hu\\\/event\\\/szent-mihaly-napi-koncert-veszpremben-varhegyi-orgonaestek\\\/\"]}]},{\"@type\":\"ImageObject\",\"inLanguage\":\"en-GB\",\"@id\":\"https:\\\/\\\/vetk.hu\\\/event\\\/szent-mihaly-napi-koncert-veszpremben-varhegyi-orgonaestek\\\/#primaryimage\",\"url\":\"https:\\\/\\\/vetk.hu\\\/wp-content\\\/uploads\\\/2026\\\/08\\\/Varhegyi_2026_szeptember_26-1.jpg\",\"contentUrl\":\"https:\\\/\\\/vetk.hu\\\/wp-content\\\/uploads\\\/2026\\\/08\\\/Varhegyi_2026_szeptember_26-1.jpg\",\"width\":240,\"height\":240},{\"@type\":\"BreadcrumbList\",\"@id\":\"https:\\\/\\\/vetk.hu\\\/event\\\/szent-mihaly-napi-koncert-veszpremben-varhegyi-orgonaestek\\\/#breadcrumb\",\"itemListElement\":[{\"@type\":\"ListItem\",\"position\":1,\"name\":\"Home\",\"item\":\"https:\\\/\\\/vetk.hu\\\/\"},{\"@type\":\"ListItem\",\"position\":2,\"name\":\"Events\",\"item\":\"https:\\\/\\\/vetk.hu\\\/en\\\/events\\\/\"},{\"@type\":\"ListItem\",\"position\":3,\"name\":\"Szent Mih\u00e1ly-napi koncert \u2013 V\u00e1rhegyi Orgonaestek\"}]},{\"@type\":\"WebSite\",\"@id\":\"https:\\\/\\\/vetk.hu\\\/#website\",\"url\":\"https:\\\/\\\/vetk.hu\\\/\",\"name\":\"Veszpr\u00e9mi \u00c9rseki Turisztikai K\u00f6zpont \u2013 Hit, \u00f6r\u00f6ks\u00e9g, \u00e9lm\u00e9ny | vetk.hu\",\"description\":\"\",\"publisher\":{\"@id\":\"https:\\\/\\\/vetk.hu\\\/#organization\"},\"potentialAction\":[{\"@type\":\"SearchAction\",\"target\":{\"@type\":\"EntryPoint\",\"urlTemplate\":\"https:\\\/\\\/vetk.hu\\\/?s={search_term_string}\"},\"query-input\":{\"@type\":\"PropertyValueSpecification\",\"valueRequired\":true,\"valueName\":\"search_term_string\"}}],\"inLanguage\":\"en-GB\"},{\"@type\":\"Organization\",\"@id\":\"https:\\\/\\\/vetk.hu\\\/#organization\",\"name\":\"Veszpr\u00e9mi \u00c9rseki Turisztikai K\u00f6zpont\",\"url\":\"https:\\\/\\\/vetk.hu\\\/\",\"logo\":{\"@type\":\"ImageObject\",\"inLanguage\":\"en-GB\",\"@id\":\"https:\\\/\\\/vetk.hu\\\/#\\\/schema\\\/logo\\\/image\\\/\",\"url\":\"https:\\\/\\\/vetk.hu\\\/wp-content\\\/uploads\\\/2023\\\/04\\\/cropped-Group-3.png\",\"contentUrl\":\"https:\\\/\\\/vetk.hu\\\/wp-content\\\/uploads\\\/2023\\\/04\\\/cropped-Group-3.png\",\"width\":353,\"height\":338,\"caption\":\"Veszpr\u00e9mi \u00c9rseki Turisztikai K\u00f6zpont\"},\"image\":{\"@id\":\"https:\\\/\\\/vetk.hu\\\/#\\\/schema\\\/logo\\\/image\\\/\"}}]}<\/script>\n<!-- \/ Yoast SEO plugin. -->","yoast_head_json":{"title":"Szent Mih\u00e1ly-napi koncert \u2013 V\u00e1rhegyi Orgonaestek - Veszpr\u00e9mi \u00c9rseks\u00e9g Turisztikai K\u00f6zpont","description":"Szent Mih\u00e1ly-napi orgona- \u00e9s fuvolakoncert szeptember 26-\u00e1n 19:30-kor a veszpr\u00e9mi Szent Mih\u00e1ly F\u0151sz\u00e9kesegyh\u00e1zban. Jegy\u00e1r: 2500 Ft.","robots":{"index":"index","follow":"follow","max-snippet":"max-snippet:-1","max-image-preview":"max-image-preview:large","max-video-preview":"max-video-preview:-1"},"canonical":"https:\/\/vetk.hu\/en\/event\/szent-mihaly-napi-koncert-veszpremben-varhegyi-orgonaestek\/","og_locale":"en_GB","og_type":"article","og_title":"Szent Mih\u00e1ly-napi koncert \u2013 V\u00e1rhegyi Orgonaestek - Veszpr\u00e9mi \u00c9rseks\u00e9g Turisztikai K\u00f6zpont","og_description":"Szent Mih\u00e1ly-napi orgona- \u00e9s fuvolakoncert szeptember 26-\u00e1n 19:30-kor a veszpr\u00e9mi Szent Mih\u00e1ly F\u0151sz\u00e9kesegyh\u00e1zban. Jegy\u00e1r: 2500 Ft.","og_url":"https:\/\/vetk.hu\/en\/event\/szent-mihaly-napi-koncert-veszpremben-varhegyi-orgonaestek\/","og_site_name":"Veszpr\u00e9mi \u00c9rseks\u00e9g Turisztikai K\u00f6zpont","og_image":[{"width":240,"height":240,"url":"https:\/\/vetk.hu\/wp-content\/uploads\/2026\/08\/Varhegyi_2026_szeptember_26-1.jpg","type":"image\/jpeg"}],"twitter_card":"summary_large_image","twitter_misc":{"Estimated reading time":"1 minute"},"schema":{"@context":"https:\/\/schema.org","@graph":[{"@type":"WebPage","@id":"https:\/\/vetk.hu\/event\/szent-mihaly-napi-koncert-veszpremben-varhegyi-orgonaestek\/","url":"https:\/\/vetk.hu\/event\/szent-mihaly-napi-koncert-veszpremben-varhegyi-orgonaestek\/","name":"Szent Mih\u00e1ly-napi koncert \u2013 V\u00e1rhegyi Orgonaestek - Veszpr\u00e9mi \u00c9rseks\u00e9g Turisztikai K\u00f6zpont","isPartOf":{"@id":"https:\/\/vetk.hu\/#website"},"primaryImageOfPage":{"@id":"https:\/\/vetk.hu\/event\/szent-mihaly-napi-koncert-veszpremben-varhegyi-orgonaestek\/#primaryimage"},"image":{"@id":"https:\/\/vetk.hu\/event\/szent-mihaly-napi-koncert-veszpremben-varhegyi-orgonaestek\/#primaryimage"},"thumbnailUrl":"https:\/\/vetk.hu\/wp-content\/uploads\/2026\/08\/Varhegyi_2026_szeptember_26-1.jpg","datePublished":"2026-08-28T10:06:57+00:00","description":"Szent Mih\u00e1ly-napi orgona- \u00e9s fuvolakoncert szeptember 26-\u00e1n 19:30-kor a veszpr\u00e9mi Szent Mih\u00e1ly F\u0151sz\u00e9kesegyh\u00e1zban. Jegy\u00e1r: 2500 Ft.","breadcrumb":{"@id":"https:\/\/vetk.hu\/event\/szent-mihaly-napi-koncert-veszpremben-varhegyi-orgonaestek\/#breadcrumb"},"inLanguage":"en-GB","potentialAction":[{"@type":"ReadAction","target":["https:\/\/vetk.hu\/event\/szent-mihaly-napi-koncert-veszpremben-varhegyi-orgonaestek\/"]}]},{"@type":"ImageObject","inLanguage":"en-GB","@id":"https:\/\/vetk.hu\/event\/szent-mihaly-napi-koncert-veszpremben-varhegyi-orgonaestek\/#primaryimage","url":"https:\/\/vetk.hu\/wp-content\/uploads\/2026\/08\/Varhegyi_2026_szeptember_26-1.jpg","contentUrl":"https:\/\/vetk.hu\/wp-content\/uploads\/2026\/08\/Varhegyi_2026_szeptember_26-1.jpg","width":240,"height":240},{"@type":"BreadcrumbList","@id":"https:\/\/vetk.hu\/event\/szent-mihaly-napi-koncert-veszpremben-varhegyi-orgonaestek\/#breadcrumb","itemListElement":[{"@type":"ListItem","position":1,"name":"Home","item":"https:\/\/vetk.hu\/"},{"@type":"ListItem","position":2,"name":"Events","item":"https:\/\/vetk.hu\/en\/events\/"},{"@type":"ListItem","position":3,"name":"Szent Mih\u00e1ly-napi koncert \u2013 V\u00e1rhegyi Orgonaestek"}]},{"@type":"WebSite","@id":"https:\/\/vetk.hu\/#website","url":"https:\/\/vetk.hu\/","name":"Veszpr\u00e9mi \u00c9rseki Turisztikai K\u00f6zpont \u2013 Hit, \u00f6r\u00f6ks\u00e9g, \u00e9lm\u00e9ny | vetk.hu","description":"","publisher":{"@id":"https:\/\/vetk.hu\/#organization"},"potentialAction":[{"@type":"SearchAction","target":{"@type":"EntryPoint","urlTemplate":"https:\/\/vetk.hu\/?s={search_term_string}"},"query-input":{"@type":"PropertyValueSpecification","valueRequired":true,"valueName":"search_term_string"}}],"inLanguage":"en-GB"},{"@type":"Organization","@id":"https:\/\/vetk.hu\/#organization","name":"Veszpr\u00e9mi \u00c9rseki Turisztikai K\u00f6zpont","url":"https:\/\/vetk.hu\/","logo":{"@type":"ImageObject","inLanguage":"en-GB","@id":"https:\/\/vetk.hu\/#\/schema\/logo\/image\/","url":"https:\/\/vetk.hu\/wp-content\/uploads\/2023\/04\/cropped-Group-3.png","contentUrl":"https:\/\/vetk.hu\/wp-content\/uploads\/2023\/04\/cropped-Group-3.png","width":353,"height":338,"caption":"Veszpr\u00e9mi \u00c9rseki Turisztikai K\u00f6zpont"},"image":{"@id":"https:\/\/vetk.hu\/#\/schema\/logo\/image\/"}}]}},"ticketed":false,"_links":{"self":[{"href":"https:\/\/vetk.hu\/en\/wp-json\/wp\/v2\/tribe_events\/11206","targetHints":{"allow":["GET"]}}],"collection":[{"href":"https:\/\/vetk.hu\/en\/wp-json\/wp\/v2\/tribe_events"}],"about":[{"href":"https:\/\/vetk.hu\/en\/wp-json\/wp\/v2\/types\/tribe_events"}],"author":[{"embeddable":true,"href":"https:\/\/vetk.hu\/en\/wp-json\/wp\/v2\/users\/5"}],"version-history":[{"count":1,"href":"https:\/\/vetk.hu\/en\/wp-json\/wp\/v2\/tribe_events\/11206\/revisions"}],"predecessor-version":[{"id":11208,"href":"https:\/\/vetk.hu\/en\/wp-json\/wp\/v2\/tribe_events\/11206\/revisions\/11208"}],"wp:featuredmedia":[{"embeddable":true,"href":"https:\/\/vetk.hu\/en\/wp-json\/wp\/v2\/media\/11207"}],"wp:attachment":[{"href":"https:\/\/vetk.hu\/en\/wp-json\/wp\/v2\/media?parent=11206"}],"wp:term":[{"taxonomy":"post_tag","embeddable":true,"href":"https:\/\/vetk.hu\/en\/wp-json\/wp\/v2\/tags?post=11206"},{"taxonomy":"tribe_events_cat","embeddable":true,"href":"https:\/\/vetk.hu\/en\/wp-json\/wp\/v2\/tribe_events_cat?post=11206"}],"curies":[{"name":"wp","href":"https:\/\/api.w.org\/{rel}","templated":true}]}}