{"id":9585,"date":"2026-05-01T09:00:53","date_gmt":"2026-05-01T07:00:53","guid":{"rendered":"https:\/\/vetk.hu\/?post_type=tribe_events&#038;p=9585"},"modified":"2026-05-01T09:00:53","modified_gmt":"2026-05-01T07:00:53","slug":"gizella-napok-2026-hit-hagyomany-es-kozosseg-unnepe-veszpremben","status":"publish","type":"tribe_events","link":"https:\/\/vetk.hu\/en\/event\/gizella-napok-2026-hit-hagyomany-es-kozosseg-unnepe-veszpremben\/","title":{"rendered":"Gizella Napok 2026 \u2013 Hit, hagyom\u00e1ny \u00e9s k\u00f6z\u00f6ss\u00e9g \u00fcnnepe Veszpr\u00e9mben"},"content":{"rendered":"<p data-start=\"163\" data-end=\"490\">2026 tavasz\u00e1n ism\u00e9t \u00e9letre kel a veszpr\u00e9mi v\u00e1rnegyed: gazdag lelki, kultur\u00e1lis \u00e9s k\u00f6z\u00f6ss\u00e9gi programokkal v\u00e1rjuk az \u00e9rdekl\u0151d\u0151ket a\u00a0Gizella Napokra.\u00a0 A n\u00e9gy napon \u00e1t tart\u00f3 \u00fcnnep m\u00e9lt\u00f3 m\u00f3don kapcsolja \u00f6ssze a hitet, a t\u00f6rt\u00e9nelmi \u00f6r\u00f6ks\u00e9get \u00e9s a mai ember k\u00f6z\u00f6ss\u00e9gi \u00e9lm\u00e9ny\u00e9t.<\/p>\n<p data-start=\"163\" data-end=\"490\"><a href=\"https:\/\/www.veszpremiersekseg.hu\/esemeny\/gizella-napok-2026-hit-hagyomany-es-kozosseg-unnepe-veszpremben\/\" target=\"_blank\" rel=\"noopener\">PROGRAMF\u00dcZET ITT<\/a><\/p>\n<p data-start=\"492\" data-end=\"795\">A programsorozat m\u00e1r cs\u00fct\u00f6rt\u00f6k\u00f6n k\u00fcl\u00f6nleges esem\u00e9nyekkel indul: el\u0151ad\u00e1sok, ismeretterjeszt\u0151 alkalmak \u00e9s a V\u00e1rhegyi Orgonaestek koncertje seg\u00edt r\u00e1hangol\u00f3dni az \u00fcnnepre. A zenei \u00e9lm\u00e9ny, a tudom\u00e1nyos ig\u00e9ny\u0171 el\u0151ad\u00e1sok \u00e9s a lelki alkalmak egyar\u00e1nt lehet\u0151s\u00e9get k\u00edn\u00e1lnak az elm\u00e9ly\u00fcl\u00e9sre \u00e9s felt\u00f6lt\u0151d\u00e9sre.<\/p>\n<p data-start=\"797\" data-end=\"1142\">A Gizella Napok cs\u00facspontja a szombati \u00fcnnep, amikor a hittanosok felvonul\u00e1s\u00e1val kezd\u0151dik a nap, majd \u00fcnnepi szentmis\u00e9re gy\u0171lnek \u00f6ssze a h\u00edvek a Szenth\u00e1roms\u00e1g t\u00e9ren, amelyet Dr. Udvardy Gy\u00f6rgy \u00e9rsek mutat be, a szentbesz\u00e9det pedig Sp\u00e1nyi Antal p\u00fcsp\u00f6k atya mondja. A liturgia m\u00e9lt\u00f3 k\u00f6z\u00e9ppontja az \u00fcnnepnek, amelyben egy\u00fctt adunk h\u00e1l\u00e1t hit\u00fcnk\u00e9rt \u00e9s k\u00f6z\u00f6ss\u00e9g\u00fcnk\u00e9rt.<\/p>\n<p data-start=\"1144\" data-end=\"1544\">A nap folyam\u00e1n a v\u00e1rnegyed teljes ter\u00fclete megtelik \u00e9lettel:<br data-start=\"1204\" data-end=\"1207\" \/>csal\u00e1di programok, interakt\u00edv j\u00e1t\u00e9kok, k\u00e9zm\u0171ves foglalkoz\u00e1sok \u00e9s kincskeres\u0151 kalandok v\u00e1rj\u00e1k a gyermekeket \u00e9s fiatalokat. A \u201eMagdi Tour\u201d \u00e9s a Gizella-napi felfedez\u0151 j\u00e1t\u00e9kok sor\u00e1n a r\u00e9sztvev\u0151k nemcsak j\u00e1tszanak, hanem k\u00f6zben megismerhetik Boldog B\u00f3di M\u00e1ria Magdolna \u00e9s Boldog Gizella \u00e9letp\u00e9ld\u00e1j\u00e1t is.<\/p>\n<p data-start=\"1546\" data-end=\"1945\">A lelki elm\u00e9ly\u00fcl\u00e9st keres\u0151k sz\u00e1m\u00e1ra k\u00fcl\u00f6nleges lehet\u0151s\u00e9g a felaj\u00e1nl\u00f3 im\u00e1k elhelyez\u00e9se, a Gizella-napi k\u00f6z\u00f6s im\u00e1ds\u00e1g, valamint a ki\u00e1ll\u00edt\u00e1sok \u00e9s vezetett s\u00e9t\u00e1k, amelyek a veszpr\u00e9mi v\u00e1r ezer\u00e9ves \u00f6r\u00f6ks\u00e9g\u00e9be engednek betekint\u00e9st. A \u201e1000 \u00e9v \u00f6r\u00f6ks\u00e9ge\u201d c\u00edm\u0171 dokumentumfilm \u00e9s a szakmai s\u00e9t\u00e1k a m\u00falt \u00e9s jelen p\u00e1rbesz\u00e9d\u00e9t mutatj\u00e1k be, gazdag\u00edtva a l\u00e1togat\u00f3k l\u00e1t\u00e1sm\u00f3dj\u00e1t.<\/p>\n<p data-start=\"1947\" data-end=\"2173\">Az \u00fcnnep kultur\u00e1lis cs\u00facspontjai k\u00f6z\u00f6tt szerepelnek a hangversenyek is: a Veszpr\u00e9mi F\u0151egyh\u00e1zmegye k\u00f3rusai \u00e9s a Mendelssohn Kamarazenekar szolg\u00e1lata \u00e1ltal a zene is Isten dics\u0151s\u00e9g\u00e9t hirdeti, \u00e9s k\u00f6z\u00f6ss\u00e9gbe h\u00edv minden jelenl\u00e9v\u0151t.<\/p>\n<p data-start=\"2175\" data-end=\"2394\">A Gizella Napok nemcsak esem\u00e9nyek sora, hanem\u00a0tal\u00e1lkoz\u00e1s: tal\u00e1lkoz\u00e1s Istennel, egym\u00e1ssal \u00e9s \u00f6r\u00f6ks\u00e9g\u00fcnkkel.<\/p>\n<p data-start=\"2396\" data-end=\"2524\">A szervez\u0151k minden koroszt\u00e1lyt szeretettel h\u00edvnak \u00e9s v\u00e1rnak: legyen r\u00e9szese \u00d6n is ennek a k\u00fcl\u00f6nleges \u00fcnnepnek Veszpr\u00e9m sz\u00edv\u00e9ben!<\/p>","protected":false},"excerpt":{"rendered":"<p>2026 tavasz\u00e1n ism\u00e9t \u00e9letre kel a veszpr\u00e9mi v\u00e1rnegyed: gazdag lelki, kultur\u00e1lis \u00e9s k\u00f6z\u00f6ss\u00e9gi programokkal v\u00e1rjuk az \u00e9rdekl\u0151d\u0151ket a\u00a0Gizella Napokra.\u00a0 A n\u00e9gy napon \u00e1t tart\u00f3 \u00fcnnep m\u00e9lt\u00f3 m\u00f3don kapcsolja \u00f6ssze a [&hellip;]<\/p>\n","protected":false},"author":5,"featured_media":9586,"template":"","meta":{"_acf_changed":false,"_price":"","_stock":"","_tribe_ticket_header":"","_tribe_default_ticket_provider":"","_tribe_ticket_capacity":"0","_ticket_start_date":"","_ticket_end_date":"","_tribe_ticket_show_description":"","_tribe_ticket_show_not_going":false,"_tribe_ticket_use_global_stock":"","_tribe_ticket_global_stock_level":"","_global_stock_mode":"","_global_stock_cap":"","_tribe_rsvp_for_event":"","_tribe_ticket_going_count":"","_tribe_ticket_not_going_count":"","_tribe_tickets_list":"[]","_tribe_ticket_has_attendee_info_fields":false,"_tribe_events_status":"","_tribe_events_status_reason":"","footnotes":"","_tec_slr_enabled":"","_tec_slr_layout":""},"tags":[150],"tribe_events_cat":[16,17,27,14],"class_list":["post-9585","tribe_events","type-tribe_events","status-publish","has-post-thumbnail","hentry","tag-gizella-napok-2026","tribe_events_cat-csalados-program","tribe_events_cat-egyeb-lelkiseg-kulturalis","tribe_events_cat-koncert","tribe_events_cat-lelkisegi-program-mindenkinek","cat_csalados-program","cat_egyeb-lelkiseg-kulturalis","cat_koncert","cat_lelkisegi-program-mindenkinek"],"acf":[],"yoast_head":"<!-- This site is optimized with the Yoast SEO plugin v27.3 - https:\/\/yoast.com\/product\/yoast-seo-wordpress\/ -->\n<title>Gizella Napok 2026 \u2013 Hit, hagyom\u00e1ny \u00e9s k\u00f6z\u00f6ss\u00e9g \u00fcnnepe Veszpr\u00e9mben - Veszpr\u00e9mi \u00c9rseks\u00e9g Turisztikai K\u00f6zpont<\/title>\n<meta name=\"description\" content=\"2026 tavasz\u00e1n ism\u00e9t \u00e9letre kel a veszpr\u00e9mi v\u00e1rnegyed: gazdag lelki, kultur\u00e1lis \u00e9s k\u00f6z\u00f6ss\u00e9gi programokkal v\u00e1rjuk a\u00a0Gizella Napokra.\u00a0\" \/>\n<meta name=\"robots\" content=\"index, follow, max-snippet:-1, max-image-preview:large, max-video-preview:-1\" \/>\n<link rel=\"canonical\" href=\"https:\/\/vetk.hu\/en\/event\/gizella-napok-2026-hit-hagyomany-es-kozosseg-unnepe-veszpremben\/\" \/>\n<meta property=\"og:locale\" content=\"en_GB\" \/>\n<meta property=\"og:type\" content=\"article\" \/>\n<meta property=\"og:title\" content=\"Gizella Napok 2026 \u2013 Hit, hagyom\u00e1ny \u00e9s k\u00f6z\u00f6ss\u00e9g \u00fcnnepe Veszpr\u00e9mben - Veszpr\u00e9mi \u00c9rseks\u00e9g Turisztikai K\u00f6zpont\" \/>\n<meta property=\"og:description\" content=\"2026 tavasz\u00e1n ism\u00e9t \u00e9letre kel a veszpr\u00e9mi v\u00e1rnegyed: gazdag lelki, kultur\u00e1lis \u00e9s k\u00f6z\u00f6ss\u00e9gi programokkal v\u00e1rjuk a\u00a0Gizella Napokra.\u00a0\" \/>\n<meta property=\"og:url\" content=\"https:\/\/vetk.hu\/en\/event\/gizella-napok-2026-hit-hagyomany-es-kozosseg-unnepe-veszpremben\/\" \/>\n<meta property=\"og:site_name\" content=\"Veszpr\u00e9mi \u00c9rseks\u00e9g Turisztikai K\u00f6zpont\" \/>\n<meta property=\"og:image\" content=\"https:\/\/vetk.hu\/wp-content\/uploads\/2026\/05\/gizellanapok_esemenynaptar.jpg\" \/>\n\t<meta property=\"og:image:width\" content=\"574\" \/>\n\t<meta property=\"og:image:height\" content=\"561\" \/>\n\t<meta property=\"og:image:type\" content=\"image\/jpeg\" \/>\n<meta name=\"twitter:card\" content=\"summary_large_image\" \/>\n<meta name=\"twitter:label1\" content=\"Estimated reading time\" \/>\n\t<meta name=\"twitter:data1\" content=\"2 minutes\" \/>\n<script type=\"application\/ld+json\" class=\"yoast-schema-graph\">{\"@context\":\"https:\\\/\\\/schema.org\",\"@graph\":[{\"@type\":\"WebPage\",\"@id\":\"https:\\\/\\\/vetk.hu\\\/event\\\/gizella-napok-2026-hit-hagyomany-es-kozosseg-unnepe-veszpremben\\\/\",\"url\":\"https:\\\/\\\/vetk.hu\\\/event\\\/gizella-napok-2026-hit-hagyomany-es-kozosseg-unnepe-veszpremben\\\/\",\"name\":\"Gizella Napok 2026 \u2013 Hit, hagyom\u00e1ny \u00e9s k\u00f6z\u00f6ss\u00e9g \u00fcnnepe Veszpr\u00e9mben - Veszpr\u00e9mi \u00c9rseks\u00e9g Turisztikai K\u00f6zpont\",\"isPartOf\":{\"@id\":\"https:\\\/\\\/vetk.hu\\\/#website\"},\"primaryImageOfPage\":{\"@id\":\"https:\\\/\\\/vetk.hu\\\/event\\\/gizella-napok-2026-hit-hagyomany-es-kozosseg-unnepe-veszpremben\\\/#primaryimage\"},\"image\":{\"@id\":\"https:\\\/\\\/vetk.hu\\\/event\\\/gizella-napok-2026-hit-hagyomany-es-kozosseg-unnepe-veszpremben\\\/#primaryimage\"},\"thumbnailUrl\":\"https:\\\/\\\/vetk.hu\\\/wp-content\\\/uploads\\\/2026\\\/05\\\/gizellanapok_esemenynaptar.jpg\",\"datePublished\":\"2026-05-01T07:00:53+00:00\",\"description\":\"2026 tavasz\u00e1n ism\u00e9t \u00e9letre kel a veszpr\u00e9mi v\u00e1rnegyed: gazdag lelki, kultur\u00e1lis \u00e9s k\u00f6z\u00f6ss\u00e9gi programokkal v\u00e1rjuk a\u00a0Gizella Napokra.\u00a0\",\"breadcrumb\":{\"@id\":\"https:\\\/\\\/vetk.hu\\\/event\\\/gizella-napok-2026-hit-hagyomany-es-kozosseg-unnepe-veszpremben\\\/#breadcrumb\"},\"inLanguage\":\"en-GB\",\"potentialAction\":[{\"@type\":\"ReadAction\",\"target\":[\"https:\\\/\\\/vetk.hu\\\/event\\\/gizella-napok-2026-hit-hagyomany-es-kozosseg-unnepe-veszpremben\\\/\"]}]},{\"@type\":\"ImageObject\",\"inLanguage\":\"en-GB\",\"@id\":\"https:\\\/\\\/vetk.hu\\\/event\\\/gizella-napok-2026-hit-hagyomany-es-kozosseg-unnepe-veszpremben\\\/#primaryimage\",\"url\":\"https:\\\/\\\/vetk.hu\\\/wp-content\\\/uploads\\\/2026\\\/05\\\/gizellanapok_esemenynaptar.jpg\",\"contentUrl\":\"https:\\\/\\\/vetk.hu\\\/wp-content\\\/uploads\\\/2026\\\/05\\\/gizellanapok_esemenynaptar.jpg\",\"width\":574,\"height\":561},{\"@type\":\"BreadcrumbList\",\"@id\":\"https:\\\/\\\/vetk.hu\\\/event\\\/gizella-napok-2026-hit-hagyomany-es-kozosseg-unnepe-veszpremben\\\/#breadcrumb\",\"itemListElement\":[{\"@type\":\"ListItem\",\"position\":1,\"name\":\"Home\",\"item\":\"https:\\\/\\\/vetk.hu\\\/\"},{\"@type\":\"ListItem\",\"position\":2,\"name\":\"Events\",\"item\":\"https:\\\/\\\/vetk.hu\\\/en\\\/events\\\/\"},{\"@type\":\"ListItem\",\"position\":3,\"name\":\"Gizella Napok 2026 \u2013 Hit, hagyom\u00e1ny \u00e9s k\u00f6z\u00f6ss\u00e9g \u00fcnnepe Veszpr\u00e9mben\"}]},{\"@type\":\"WebSite\",\"@id\":\"https:\\\/\\\/vetk.hu\\\/#website\",\"url\":\"https:\\\/\\\/vetk.hu\\\/\",\"name\":\"Veszpr\u00e9mi \u00c9rseki Turisztikai K\u00f6zpont \u2013 Hit, \u00f6r\u00f6ks\u00e9g, \u00e9lm\u00e9ny | vetk.hu\",\"description\":\"\",\"publisher\":{\"@id\":\"https:\\\/\\\/vetk.hu\\\/#organization\"},\"potentialAction\":[{\"@type\":\"SearchAction\",\"target\":{\"@type\":\"EntryPoint\",\"urlTemplate\":\"https:\\\/\\\/vetk.hu\\\/?s={search_term_string}\"},\"query-input\":{\"@type\":\"PropertyValueSpecification\",\"valueRequired\":true,\"valueName\":\"search_term_string\"}}],\"inLanguage\":\"en-GB\"},{\"@type\":\"Organization\",\"@id\":\"https:\\\/\\\/vetk.hu\\\/#organization\",\"name\":\"Veszpr\u00e9mi \u00c9rseki Turisztikai K\u00f6zpont\",\"url\":\"https:\\\/\\\/vetk.hu\\\/\",\"logo\":{\"@type\":\"ImageObject\",\"inLanguage\":\"en-GB\",\"@id\":\"https:\\\/\\\/vetk.hu\\\/#\\\/schema\\\/logo\\\/image\\\/\",\"url\":\"https:\\\/\\\/vetk.hu\\\/wp-content\\\/uploads\\\/2023\\\/04\\\/cropped-Group-3.png\",\"contentUrl\":\"https:\\\/\\\/vetk.hu\\\/wp-content\\\/uploads\\\/2023\\\/04\\\/cropped-Group-3.png\",\"width\":353,\"height\":338,\"caption\":\"Veszpr\u00e9mi \u00c9rseki Turisztikai K\u00f6zpont\"},\"image\":{\"@id\":\"https:\\\/\\\/vetk.hu\\\/#\\\/schema\\\/logo\\\/image\\\/\"}}]}<\/script>\n<!-- \/ Yoast SEO plugin. -->","yoast_head_json":{"title":"Gizella Napok 2026 \u2013 Hit, hagyom\u00e1ny \u00e9s k\u00f6z\u00f6ss\u00e9g \u00fcnnepe Veszpr\u00e9mben - Veszpr\u00e9mi \u00c9rseks\u00e9g Turisztikai K\u00f6zpont","description":"2026 tavasz\u00e1n ism\u00e9t \u00e9letre kel a veszpr\u00e9mi v\u00e1rnegyed: gazdag lelki, kultur\u00e1lis \u00e9s k\u00f6z\u00f6ss\u00e9gi programokkal v\u00e1rjuk a\u00a0Gizella Napokra.\u00a0","robots":{"index":"index","follow":"follow","max-snippet":"max-snippet:-1","max-image-preview":"max-image-preview:large","max-video-preview":"max-video-preview:-1"},"canonical":"https:\/\/vetk.hu\/en\/event\/gizella-napok-2026-hit-hagyomany-es-kozosseg-unnepe-veszpremben\/","og_locale":"en_GB","og_type":"article","og_title":"Gizella Napok 2026 \u2013 Hit, hagyom\u00e1ny \u00e9s k\u00f6z\u00f6ss\u00e9g \u00fcnnepe Veszpr\u00e9mben - Veszpr\u00e9mi \u00c9rseks\u00e9g Turisztikai K\u00f6zpont","og_description":"2026 tavasz\u00e1n ism\u00e9t \u00e9letre kel a veszpr\u00e9mi v\u00e1rnegyed: gazdag lelki, kultur\u00e1lis \u00e9s k\u00f6z\u00f6ss\u00e9gi programokkal v\u00e1rjuk a\u00a0Gizella Napokra.\u00a0","og_url":"https:\/\/vetk.hu\/en\/event\/gizella-napok-2026-hit-hagyomany-es-kozosseg-unnepe-veszpremben\/","og_site_name":"Veszpr\u00e9mi \u00c9rseks\u00e9g Turisztikai K\u00f6zpont","og_image":[{"width":574,"height":561,"url":"https:\/\/vetk.hu\/wp-content\/uploads\/2026\/05\/gizellanapok_esemenynaptar.jpg","type":"image\/jpeg"}],"twitter_card":"summary_large_image","twitter_misc":{"Estimated reading time":"2 minutes"},"schema":{"@context":"https:\/\/schema.org","@graph":[{"@type":"WebPage","@id":"https:\/\/vetk.hu\/event\/gizella-napok-2026-hit-hagyomany-es-kozosseg-unnepe-veszpremben\/","url":"https:\/\/vetk.hu\/event\/gizella-napok-2026-hit-hagyomany-es-kozosseg-unnepe-veszpremben\/","name":"Gizella Napok 2026 \u2013 Hit, hagyom\u00e1ny \u00e9s k\u00f6z\u00f6ss\u00e9g \u00fcnnepe Veszpr\u00e9mben - Veszpr\u00e9mi \u00c9rseks\u00e9g Turisztikai K\u00f6zpont","isPartOf":{"@id":"https:\/\/vetk.hu\/#website"},"primaryImageOfPage":{"@id":"https:\/\/vetk.hu\/event\/gizella-napok-2026-hit-hagyomany-es-kozosseg-unnepe-veszpremben\/#primaryimage"},"image":{"@id":"https:\/\/vetk.hu\/event\/gizella-napok-2026-hit-hagyomany-es-kozosseg-unnepe-veszpremben\/#primaryimage"},"thumbnailUrl":"https:\/\/vetk.hu\/wp-content\/uploads\/2026\/05\/gizellanapok_esemenynaptar.jpg","datePublished":"2026-05-01T07:00:53+00:00","description":"2026 tavasz\u00e1n ism\u00e9t \u00e9letre kel a veszpr\u00e9mi v\u00e1rnegyed: gazdag lelki, kultur\u00e1lis \u00e9s k\u00f6z\u00f6ss\u00e9gi programokkal v\u00e1rjuk a\u00a0Gizella Napokra.\u00a0","breadcrumb":{"@id":"https:\/\/vetk.hu\/event\/gizella-napok-2026-hit-hagyomany-es-kozosseg-unnepe-veszpremben\/#breadcrumb"},"inLanguage":"en-GB","potentialAction":[{"@type":"ReadAction","target":["https:\/\/vetk.hu\/event\/gizella-napok-2026-hit-hagyomany-es-kozosseg-unnepe-veszpremben\/"]}]},{"@type":"ImageObject","inLanguage":"en-GB","@id":"https:\/\/vetk.hu\/event\/gizella-napok-2026-hit-hagyomany-es-kozosseg-unnepe-veszpremben\/#primaryimage","url":"https:\/\/vetk.hu\/wp-content\/uploads\/2026\/05\/gizellanapok_esemenynaptar.jpg","contentUrl":"https:\/\/vetk.hu\/wp-content\/uploads\/2026\/05\/gizellanapok_esemenynaptar.jpg","width":574,"height":561},{"@type":"BreadcrumbList","@id":"https:\/\/vetk.hu\/event\/gizella-napok-2026-hit-hagyomany-es-kozosseg-unnepe-veszpremben\/#breadcrumb","itemListElement":[{"@type":"ListItem","position":1,"name":"Home","item":"https:\/\/vetk.hu\/"},{"@type":"ListItem","position":2,"name":"Events","item":"https:\/\/vetk.hu\/en\/events\/"},{"@type":"ListItem","position":3,"name":"Gizella Napok 2026 \u2013 Hit, hagyom\u00e1ny \u00e9s k\u00f6z\u00f6ss\u00e9g \u00fcnnepe Veszpr\u00e9mben"}]},{"@type":"WebSite","@id":"https:\/\/vetk.hu\/#website","url":"https:\/\/vetk.hu\/","name":"Veszpr\u00e9mi \u00c9rseki Turisztikai K\u00f6zpont \u2013 Hit, \u00f6r\u00f6ks\u00e9g, \u00e9lm\u00e9ny | vetk.hu","description":"","publisher":{"@id":"https:\/\/vetk.hu\/#organization"},"potentialAction":[{"@type":"SearchAction","target":{"@type":"EntryPoint","urlTemplate":"https:\/\/vetk.hu\/?s={search_term_string}"},"query-input":{"@type":"PropertyValueSpecification","valueRequired":true,"valueName":"search_term_string"}}],"inLanguage":"en-GB"},{"@type":"Organization","@id":"https:\/\/vetk.hu\/#organization","name":"Veszpr\u00e9mi \u00c9rseki Turisztikai K\u00f6zpont","url":"https:\/\/vetk.hu\/","logo":{"@type":"ImageObject","inLanguage":"en-GB","@id":"https:\/\/vetk.hu\/#\/schema\/logo\/image\/","url":"https:\/\/vetk.hu\/wp-content\/uploads\/2023\/04\/cropped-Group-3.png","contentUrl":"https:\/\/vetk.hu\/wp-content\/uploads\/2023\/04\/cropped-Group-3.png","width":353,"height":338,"caption":"Veszpr\u00e9mi \u00c9rseki Turisztikai K\u00f6zpont"},"image":{"@id":"https:\/\/vetk.hu\/#\/schema\/logo\/image\/"}}]}},"ticketed":false,"_links":{"self":[{"href":"https:\/\/vetk.hu\/en\/wp-json\/wp\/v2\/tribe_events\/9585","targetHints":{"allow":["GET"]}}],"collection":[{"href":"https:\/\/vetk.hu\/en\/wp-json\/wp\/v2\/tribe_events"}],"about":[{"href":"https:\/\/vetk.hu\/en\/wp-json\/wp\/v2\/types\/tribe_events"}],"author":[{"embeddable":true,"href":"https:\/\/vetk.hu\/en\/wp-json\/wp\/v2\/users\/5"}],"version-history":[{"count":1,"href":"https:\/\/vetk.hu\/en\/wp-json\/wp\/v2\/tribe_events\/9585\/revisions"}],"predecessor-version":[{"id":9587,"href":"https:\/\/vetk.hu\/en\/wp-json\/wp\/v2\/tribe_events\/9585\/revisions\/9587"}],"wp:featuredmedia":[{"embeddable":true,"href":"https:\/\/vetk.hu\/en\/wp-json\/wp\/v2\/media\/9586"}],"wp:attachment":[{"href":"https:\/\/vetk.hu\/en\/wp-json\/wp\/v2\/media?parent=9585"}],"wp:term":[{"taxonomy":"post_tag","embeddable":true,"href":"https:\/\/vetk.hu\/en\/wp-json\/wp\/v2\/tags?post=9585"},{"taxonomy":"tribe_events_cat","embeddable":true,"href":"https:\/\/vetk.hu\/en\/wp-json\/wp\/v2\/tribe_events_cat?post=9585"}],"curies":[{"name":"wp","href":"https:\/\/api.w.org\/{rel}","templated":true}]}}