{"id":9598,"date":"2026-05-01T09:16:11","date_gmt":"2026-05-01T07:16:11","guid":{"rendered":"https:\/\/vetk.hu\/?post_type=tribe_events&#038;p=9598"},"modified":"2026-05-01T09:16:11","modified_gmt":"2026-05-01T07:16:11","slug":"hit-utja-i-dr-takats-istvan-erseki-helynok-atyaval","status":"publish","type":"tribe_events","link":"https:\/\/vetk.hu\/en\/event\/hit-utja-i-dr-takats-istvan-erseki-helynok-atyaval\/","title":{"rendered":"Hit \u00datja I: Dr. Tak\u00e1ts Istv\u00e1n \u00e9rseki helyn\u00f6k aty\u00e1val"},"content":{"rendered":"<p>Szakr\u00e1lis vezet\u00e9s Dr. Tak\u00e1ts Istv\u00e1n \u00e9rseki \u00e1ltal\u00e1nos helyn\u00f6k aty\u00e1val<\/p>\n<p>\u201e<em>Mondom nektek, ha ezek elhallgatnak, a k\u00f6vek fognak megsz\u00f3lalni<\/em>.\u201d (Lk 19, 40). Olvassuk Luk\u00e1cs evang\u00e9lium\u00e1ban J\u00e9zus v\u00e1lasz\u00e1t a farizeusoknak, akik sz\u00f3v\u00e1 teszik az \u00fcnnepl\u0151 t\u00f6meg \u00f6r\u00f6m\u00e9t J\u00e9zus jeruzs\u00e1lemi bevonul\u00e1sakor.<\/p>\n<p>A \u201cmegsz\u00f3lal\u00f3 k\u00f6vek\u201d, azaz a liturgikus t\u00e9r, l\u00e9t\u00fcnk \u00f6r\u00f6m\u00e9t, hogy \u201eVel\u00fcnk az Isten!\u201d, \u00e9s J\u00e9zus szavainak igazs\u00e1g\u00e1t visszhangozza. \u00c9p\u00edt\u00e9szeti \u00e9s m\u0171v\u00e9szeti eszk\u00f6zeivel arra figyelmeztet, hogy felismerj\u00fck: \u00e9let\u00fcnk eredete \u00e9s c\u00e9lja t\u00falmutat a l\u00e1that\u00f3 vil\u00e1gon.<\/p>\n<p>Ezt szolg\u00e1lja az az \u00faj, t\u00f6bb alkalomb\u00f3l \u00e1ll\u00f3 szakr\u00e1lis vezet\u00e9s, amelyet Dr. Tak\u00e1ts Istv\u00e1n \u00e9rseki \u00e1ltal\u00e1nos helyn\u00f6k atya tart a \u201eHit \u00fatja\u201d c\u00edmmel, s amelynek els\u0151 \u00e1llom\u00e1sa m\u00e1jus 1-j\u00e9n lesz.<\/p>\n<p>A vezet\u00e9s a Szent Gy\u00f6rgy K\u00e1poln\u00e1b\u00f3l indul \u2013 att\u00f3l a helyt\u0151l, amely t\u00f6rt\u00e9nelmis\u00e9ge szerint is, illetve keresztel\u0151 k\u00e1polnak\u00e9nt a szents\u00e9gi beavat\u00e1s kezdet\u00e9t biztos\u00edt\u00f3 helysz\u00ednk\u00e9nt is, az Istennel val\u00f3 sz\u00f6vets\u00e9g kezdet\u00e9t jelk\u00e9pezi. Ez a k\u00e1polna m\u00e1r a magyarok bej\u00f6vetele el\u0151tt is a kereszt\u00e9ny jelenl\u00e9t helysz\u00edne volt, a hagyom\u00e1ny szerint pedig itt t\u00f6rt\u00e9nt az Istennek val\u00f3 teljes odaadotts\u00e1g fogadalma, a Szent Imre herceg \u00e1ltal tett tisztas\u00e1gi fogadalom.<\/p>\n<p>Innen a s\u00e9ta a Szent Mih\u00e1ly F\u0151sz\u00e9kesegyh\u00e1zba vezet, ahol a templom, illetve az altemplom liturgikus tere \u00e9s jelk\u00e9prendszere ker\u00fcl a k\u00f6z\u00e9ppontba. Hogyan tudunk meg\u00e9rkezni Istenhez? Milyen \u00e1llom\u00e1sai vannak ennek az \u00fatnak? Hogyan t\u00e1rul fel l\u00e9t\u00fcnk titka az \u00e9p\u00edt\u00e9szet \u00e9s a m\u0171v\u00e9szet t\u00fckr\u00e9be tekintve.<\/p>\n<p>A folytat\u00e1sban a r\u00e9sztvev\u0151k megtekinthetik a Gizella-k\u00e1poln\u00e1t, ezt a k\u00e9tszintes, gy\u00f6ny\u00f6r\u0171 k\u00f6z\u00e9pkori teret, majd a k\u00f6vetkez\u0151 k\u00fcl\u00f6nleges \u00e1llom\u00e1s, az \u00e9rseki mag\u00e1nk\u00e1polna lesz, amely a nagyk\u00f6z\u00f6ns\u00e9g sz\u00e1m\u00e1ra szinte soha nem l\u00e1togathat\u00f3.<\/p>\n<p>A s\u00e9ta az \u00c9rseki Palota egykori d\u00edszeb\u00e9dl\u0151j\u00e9ben z\u00e1rul, ahol a mennyezeti fresk\u00f3 titkos \u00fczenet\u00e9be avatja be az \u00e9rdekl\u0151d\u0151ket az atya.<\/p>\n<p>A sorozat tov\u00e1bbi alkalmai j\u00falius 2-\u00e1n, augusztus 8-\u00e1n \u00e9s okt\u00f3ber 20-\u00e1n v\u00e1rj\u00e1k az \u00e9rdekl\u0151d\u0151ket. A programokon val\u00f3 r\u00e9szv\u00e9tel d\u00edjmentes, de regisztr\u00e1ci\u00f3hoz k\u00f6t\u00f6tt:<\/p>\n<h2><a href=\"https:\/\/www.veszpremiersekseg.hu\/esemeny\/hit-utja-ii-dr-takats-istvan-atyaval-mindszenty-orszagos-zarandoklat\/\" target=\"_blank\" rel=\"noopener\">Jelentkez\u00e9s itt<\/a><\/h2>","protected":false},"excerpt":{"rendered":"<p>Szakr\u00e1lis vezet\u00e9s Dr. Tak\u00e1ts Istv\u00e1n \u00e9rseki \u00e1ltal\u00e1nos helyn\u00f6k aty\u00e1val \u201eMondom nektek, ha ezek elhallgatnak, a k\u00f6vek fognak megsz\u00f3lalni.\u201d (Lk 19, 40). Olvassuk Luk\u00e1cs evang\u00e9lium\u00e1ban J\u00e9zus v\u00e1lasz\u00e1t a farizeusoknak, akik sz\u00f3v\u00e1 [&hellip;]<\/p>\n","protected":false},"author":5,"featured_media":9599,"template":"","meta":{"_acf_changed":false,"_price":"","_stock":"","_tribe_ticket_header":"","_tribe_default_ticket_provider":"","_tribe_ticket_capacity":"0","_ticket_start_date":"","_ticket_end_date":"","_tribe_ticket_show_description":"","_tribe_ticket_show_not_going":false,"_tribe_ticket_use_global_stock":"","_tribe_ticket_global_stock_level":"","_global_stock_mode":"","_global_stock_cap":"","_tribe_rsvp_for_event":"","_tribe_ticket_going_count":"","_tribe_ticket_not_going_count":"","_tribe_tickets_list":"[]","_tribe_ticket_has_attendee_info_fields":false,"_tribe_events_status":"","_tribe_events_status_reason":"","footnotes":"","_tec_slr_enabled":"","_tec_slr_layout":""},"tags":[112],"tribe_events_cat":[16,17,20,19],"class_list":["post-9598","tribe_events","type-tribe_events","status-publish","has-post-thumbnail","hentry","tag-vezetett-seta","tribe_events_cat-csalados-program","tribe_events_cat-egyeb-lelkiseg-kulturalis","tribe_events_cat-felnott-program","tribe_events_cat-ifjusagi","cat_csalados-program","cat_egyeb-lelkiseg-kulturalis","cat_felnott-program","cat_ifjusagi"],"acf":[],"yoast_head":"<!-- This site is optimized with the Yoast SEO plugin v27.3 - https:\/\/yoast.com\/product\/yoast-seo-wordpress\/ -->\n<title>Hit \u00datja I: Dr. Tak\u00e1ts Istv\u00e1n \u00e9rseki helyn\u00f6k aty\u00e1val - Veszpr\u00e9mi \u00c9rseks\u00e9g Turisztikai K\u00f6zpont<\/title>\n<meta name=\"description\" content=\"Szakr\u00e1lis vezet\u00e9s Dr. Tak\u00e1ts Istv\u00e1n \u00e9rseki \u00e1ltal\u00e1nos helyn\u00f6k aty\u00e1val, a vezet\u00e9s a Szent Gy\u00f6rgy K\u00e1poln\u00e1b\u00f3l indul\" \/>\n<meta name=\"robots\" content=\"index, follow, max-snippet:-1, max-image-preview:large, max-video-preview:-1\" \/>\n<link rel=\"canonical\" href=\"https:\/\/vetk.hu\/en\/event\/hit-utja-i-dr-takats-istvan-erseki-helynok-atyaval\/\" \/>\n<meta property=\"og:locale\" content=\"en_GB\" \/>\n<meta property=\"og:type\" content=\"article\" \/>\n<meta property=\"og:title\" content=\"Hit \u00datja I: Dr. Tak\u00e1ts Istv\u00e1n \u00e9rseki helyn\u00f6k aty\u00e1val - Veszpr\u00e9mi \u00c9rseks\u00e9g Turisztikai K\u00f6zpont\" \/>\n<meta property=\"og:description\" content=\"Szakr\u00e1lis vezet\u00e9s Dr. Tak\u00e1ts Istv\u00e1n \u00e9rseki \u00e1ltal\u00e1nos helyn\u00f6k aty\u00e1val, a vezet\u00e9s a Szent Gy\u00f6rgy K\u00e1poln\u00e1b\u00f3l indul\" \/>\n<meta property=\"og:url\" content=\"https:\/\/vetk.hu\/en\/event\/hit-utja-i-dr-takats-istvan-erseki-helynok-atyaval\/\" \/>\n<meta property=\"og:site_name\" content=\"Veszpr\u00e9mi \u00c9rseks\u00e9g Turisztikai K\u00f6zpont\" \/>\n<meta property=\"og:image\" content=\"https:\/\/vetk.hu\/wp-content\/uploads\/2026\/05\/hit-utja-800.jpg\" \/>\n\t<meta property=\"og:image:width\" content=\"800\" \/>\n\t<meta property=\"og:image:height\" content=\"800\" \/>\n\t<meta property=\"og:image:type\" content=\"image\/jpeg\" \/>\n<meta name=\"twitter:card\" content=\"summary_large_image\" \/>\n<meta name=\"twitter:label1\" content=\"Estimated reading time\" \/>\n\t<meta name=\"twitter:data1\" content=\"2 minutes\" \/>\n<script type=\"application\/ld+json\" class=\"yoast-schema-graph\">{\"@context\":\"https:\\\/\\\/schema.org\",\"@graph\":[{\"@type\":\"WebPage\",\"@id\":\"https:\\\/\\\/vetk.hu\\\/event\\\/hit-utja-i-dr-takats-istvan-erseki-helynok-atyaval\\\/\",\"url\":\"https:\\\/\\\/vetk.hu\\\/event\\\/hit-utja-i-dr-takats-istvan-erseki-helynok-atyaval\\\/\",\"name\":\"Hit \u00datja I: Dr. Tak\u00e1ts Istv\u00e1n \u00e9rseki helyn\u00f6k aty\u00e1val - Veszpr\u00e9mi \u00c9rseks\u00e9g Turisztikai K\u00f6zpont\",\"isPartOf\":{\"@id\":\"https:\\\/\\\/vetk.hu\\\/#website\"},\"primaryImageOfPage\":{\"@id\":\"https:\\\/\\\/vetk.hu\\\/event\\\/hit-utja-i-dr-takats-istvan-erseki-helynok-atyaval\\\/#primaryimage\"},\"image\":{\"@id\":\"https:\\\/\\\/vetk.hu\\\/event\\\/hit-utja-i-dr-takats-istvan-erseki-helynok-atyaval\\\/#primaryimage\"},\"thumbnailUrl\":\"https:\\\/\\\/vetk.hu\\\/wp-content\\\/uploads\\\/2026\\\/05\\\/hit-utja-800.jpg\",\"datePublished\":\"2026-05-01T07:16:11+00:00\",\"description\":\"Szakr\u00e1lis vezet\u00e9s Dr. Tak\u00e1ts Istv\u00e1n \u00e9rseki \u00e1ltal\u00e1nos helyn\u00f6k aty\u00e1val, a vezet\u00e9s a Szent Gy\u00f6rgy K\u00e1poln\u00e1b\u00f3l indul\",\"breadcrumb\":{\"@id\":\"https:\\\/\\\/vetk.hu\\\/event\\\/hit-utja-i-dr-takats-istvan-erseki-helynok-atyaval\\\/#breadcrumb\"},\"inLanguage\":\"en-GB\",\"potentialAction\":[{\"@type\":\"ReadAction\",\"target\":[\"https:\\\/\\\/vetk.hu\\\/event\\\/hit-utja-i-dr-takats-istvan-erseki-helynok-atyaval\\\/\"]}]},{\"@type\":\"ImageObject\",\"inLanguage\":\"en-GB\",\"@id\":\"https:\\\/\\\/vetk.hu\\\/event\\\/hit-utja-i-dr-takats-istvan-erseki-helynok-atyaval\\\/#primaryimage\",\"url\":\"https:\\\/\\\/vetk.hu\\\/wp-content\\\/uploads\\\/2026\\\/05\\\/hit-utja-800.jpg\",\"contentUrl\":\"https:\\\/\\\/vetk.hu\\\/wp-content\\\/uploads\\\/2026\\\/05\\\/hit-utja-800.jpg\",\"width\":800,\"height\":800},{\"@type\":\"BreadcrumbList\",\"@id\":\"https:\\\/\\\/vetk.hu\\\/event\\\/hit-utja-i-dr-takats-istvan-erseki-helynok-atyaval\\\/#breadcrumb\",\"itemListElement\":[{\"@type\":\"ListItem\",\"position\":1,\"name\":\"Home\",\"item\":\"https:\\\/\\\/vetk.hu\\\/\"},{\"@type\":\"ListItem\",\"position\":2,\"name\":\"Events\",\"item\":\"https:\\\/\\\/vetk.hu\\\/en\\\/events\\\/\"},{\"@type\":\"ListItem\",\"position\":3,\"name\":\"Hit \u00datja I: Dr. Tak\u00e1ts Istv\u00e1n \u00e9rseki helyn\u00f6k aty\u00e1val\"}]},{\"@type\":\"WebSite\",\"@id\":\"https:\\\/\\\/vetk.hu\\\/#website\",\"url\":\"https:\\\/\\\/vetk.hu\\\/\",\"name\":\"Veszpr\u00e9mi \u00c9rseki Turisztikai K\u00f6zpont \u2013 Hit, \u00f6r\u00f6ks\u00e9g, \u00e9lm\u00e9ny | vetk.hu\",\"description\":\"\",\"publisher\":{\"@id\":\"https:\\\/\\\/vetk.hu\\\/#organization\"},\"potentialAction\":[{\"@type\":\"SearchAction\",\"target\":{\"@type\":\"EntryPoint\",\"urlTemplate\":\"https:\\\/\\\/vetk.hu\\\/?s={search_term_string}\"},\"query-input\":{\"@type\":\"PropertyValueSpecification\",\"valueRequired\":true,\"valueName\":\"search_term_string\"}}],\"inLanguage\":\"en-GB\"},{\"@type\":\"Organization\",\"@id\":\"https:\\\/\\\/vetk.hu\\\/#organization\",\"name\":\"Veszpr\u00e9mi \u00c9rseki Turisztikai K\u00f6zpont\",\"url\":\"https:\\\/\\\/vetk.hu\\\/\",\"logo\":{\"@type\":\"ImageObject\",\"inLanguage\":\"en-GB\",\"@id\":\"https:\\\/\\\/vetk.hu\\\/#\\\/schema\\\/logo\\\/image\\\/\",\"url\":\"https:\\\/\\\/vetk.hu\\\/wp-content\\\/uploads\\\/2023\\\/04\\\/cropped-Group-3.png\",\"contentUrl\":\"https:\\\/\\\/vetk.hu\\\/wp-content\\\/uploads\\\/2023\\\/04\\\/cropped-Group-3.png\",\"width\":353,\"height\":338,\"caption\":\"Veszpr\u00e9mi \u00c9rseki Turisztikai K\u00f6zpont\"},\"image\":{\"@id\":\"https:\\\/\\\/vetk.hu\\\/#\\\/schema\\\/logo\\\/image\\\/\"}}]}<\/script>\n<!-- \/ Yoast SEO plugin. -->","yoast_head_json":{"title":"Hit \u00datja I: Dr. Tak\u00e1ts Istv\u00e1n \u00e9rseki helyn\u00f6k aty\u00e1val - Veszpr\u00e9mi \u00c9rseks\u00e9g Turisztikai K\u00f6zpont","description":"Szakr\u00e1lis vezet\u00e9s Dr. Tak\u00e1ts Istv\u00e1n \u00e9rseki \u00e1ltal\u00e1nos helyn\u00f6k aty\u00e1val, a vezet\u00e9s a Szent Gy\u00f6rgy K\u00e1poln\u00e1b\u00f3l indul","robots":{"index":"index","follow":"follow","max-snippet":"max-snippet:-1","max-image-preview":"max-image-preview:large","max-video-preview":"max-video-preview:-1"},"canonical":"https:\/\/vetk.hu\/en\/event\/hit-utja-i-dr-takats-istvan-erseki-helynok-atyaval\/","og_locale":"en_GB","og_type":"article","og_title":"Hit \u00datja I: Dr. Tak\u00e1ts Istv\u00e1n \u00e9rseki helyn\u00f6k aty\u00e1val - Veszpr\u00e9mi \u00c9rseks\u00e9g Turisztikai K\u00f6zpont","og_description":"Szakr\u00e1lis vezet\u00e9s Dr. Tak\u00e1ts Istv\u00e1n \u00e9rseki \u00e1ltal\u00e1nos helyn\u00f6k aty\u00e1val, a vezet\u00e9s a Szent Gy\u00f6rgy K\u00e1poln\u00e1b\u00f3l indul","og_url":"https:\/\/vetk.hu\/en\/event\/hit-utja-i-dr-takats-istvan-erseki-helynok-atyaval\/","og_site_name":"Veszpr\u00e9mi \u00c9rseks\u00e9g Turisztikai K\u00f6zpont","og_image":[{"width":800,"height":800,"url":"https:\/\/vetk.hu\/wp-content\/uploads\/2026\/05\/hit-utja-800.jpg","type":"image\/jpeg"}],"twitter_card":"summary_large_image","twitter_misc":{"Estimated reading time":"2 minutes"},"schema":{"@context":"https:\/\/schema.org","@graph":[{"@type":"WebPage","@id":"https:\/\/vetk.hu\/event\/hit-utja-i-dr-takats-istvan-erseki-helynok-atyaval\/","url":"https:\/\/vetk.hu\/event\/hit-utja-i-dr-takats-istvan-erseki-helynok-atyaval\/","name":"Hit \u00datja I: Dr. Tak\u00e1ts Istv\u00e1n \u00e9rseki helyn\u00f6k aty\u00e1val - Veszpr\u00e9mi \u00c9rseks\u00e9g Turisztikai K\u00f6zpont","isPartOf":{"@id":"https:\/\/vetk.hu\/#website"},"primaryImageOfPage":{"@id":"https:\/\/vetk.hu\/event\/hit-utja-i-dr-takats-istvan-erseki-helynok-atyaval\/#primaryimage"},"image":{"@id":"https:\/\/vetk.hu\/event\/hit-utja-i-dr-takats-istvan-erseki-helynok-atyaval\/#primaryimage"},"thumbnailUrl":"https:\/\/vetk.hu\/wp-content\/uploads\/2026\/05\/hit-utja-800.jpg","datePublished":"2026-05-01T07:16:11+00:00","description":"Szakr\u00e1lis vezet\u00e9s Dr. Tak\u00e1ts Istv\u00e1n \u00e9rseki \u00e1ltal\u00e1nos helyn\u00f6k aty\u00e1val, a vezet\u00e9s a Szent Gy\u00f6rgy K\u00e1poln\u00e1b\u00f3l indul","breadcrumb":{"@id":"https:\/\/vetk.hu\/event\/hit-utja-i-dr-takats-istvan-erseki-helynok-atyaval\/#breadcrumb"},"inLanguage":"en-GB","potentialAction":[{"@type":"ReadAction","target":["https:\/\/vetk.hu\/event\/hit-utja-i-dr-takats-istvan-erseki-helynok-atyaval\/"]}]},{"@type":"ImageObject","inLanguage":"en-GB","@id":"https:\/\/vetk.hu\/event\/hit-utja-i-dr-takats-istvan-erseki-helynok-atyaval\/#primaryimage","url":"https:\/\/vetk.hu\/wp-content\/uploads\/2026\/05\/hit-utja-800.jpg","contentUrl":"https:\/\/vetk.hu\/wp-content\/uploads\/2026\/05\/hit-utja-800.jpg","width":800,"height":800},{"@type":"BreadcrumbList","@id":"https:\/\/vetk.hu\/event\/hit-utja-i-dr-takats-istvan-erseki-helynok-atyaval\/#breadcrumb","itemListElement":[{"@type":"ListItem","position":1,"name":"Home","item":"https:\/\/vetk.hu\/"},{"@type":"ListItem","position":2,"name":"Events","item":"https:\/\/vetk.hu\/en\/events\/"},{"@type":"ListItem","position":3,"name":"Hit \u00datja I: Dr. Tak\u00e1ts Istv\u00e1n \u00e9rseki helyn\u00f6k aty\u00e1val"}]},{"@type":"WebSite","@id":"https:\/\/vetk.hu\/#website","url":"https:\/\/vetk.hu\/","name":"Veszpr\u00e9mi \u00c9rseki Turisztikai K\u00f6zpont \u2013 Hit, \u00f6r\u00f6ks\u00e9g, \u00e9lm\u00e9ny | vetk.hu","description":"","publisher":{"@id":"https:\/\/vetk.hu\/#organization"},"potentialAction":[{"@type":"SearchAction","target":{"@type":"EntryPoint","urlTemplate":"https:\/\/vetk.hu\/?s={search_term_string}"},"query-input":{"@type":"PropertyValueSpecification","valueRequired":true,"valueName":"search_term_string"}}],"inLanguage":"en-GB"},{"@type":"Organization","@id":"https:\/\/vetk.hu\/#organization","name":"Veszpr\u00e9mi \u00c9rseki Turisztikai K\u00f6zpont","url":"https:\/\/vetk.hu\/","logo":{"@type":"ImageObject","inLanguage":"en-GB","@id":"https:\/\/vetk.hu\/#\/schema\/logo\/image\/","url":"https:\/\/vetk.hu\/wp-content\/uploads\/2023\/04\/cropped-Group-3.png","contentUrl":"https:\/\/vetk.hu\/wp-content\/uploads\/2023\/04\/cropped-Group-3.png","width":353,"height":338,"caption":"Veszpr\u00e9mi \u00c9rseki Turisztikai K\u00f6zpont"},"image":{"@id":"https:\/\/vetk.hu\/#\/schema\/logo\/image\/"}}]}},"ticketed":false,"_links":{"self":[{"href":"https:\/\/vetk.hu\/en\/wp-json\/wp\/v2\/tribe_events\/9598","targetHints":{"allow":["GET"]}}],"collection":[{"href":"https:\/\/vetk.hu\/en\/wp-json\/wp\/v2\/tribe_events"}],"about":[{"href":"https:\/\/vetk.hu\/en\/wp-json\/wp\/v2\/types\/tribe_events"}],"author":[{"embeddable":true,"href":"https:\/\/vetk.hu\/en\/wp-json\/wp\/v2\/users\/5"}],"version-history":[{"count":1,"href":"https:\/\/vetk.hu\/en\/wp-json\/wp\/v2\/tribe_events\/9598\/revisions"}],"predecessor-version":[{"id":9601,"href":"https:\/\/vetk.hu\/en\/wp-json\/wp\/v2\/tribe_events\/9598\/revisions\/9601"}],"wp:featuredmedia":[{"embeddable":true,"href":"https:\/\/vetk.hu\/en\/wp-json\/wp\/v2\/media\/9599"}],"wp:attachment":[{"href":"https:\/\/vetk.hu\/en\/wp-json\/wp\/v2\/media?parent=9598"}],"wp:term":[{"taxonomy":"post_tag","embeddable":true,"href":"https:\/\/vetk.hu\/en\/wp-json\/wp\/v2\/tags?post=9598"},{"taxonomy":"tribe_events_cat","embeddable":true,"href":"https:\/\/vetk.hu\/en\/wp-json\/wp\/v2\/tribe_events_cat?post=9598"}],"curies":[{"name":"wp","href":"https:\/\/api.w.org\/{rel}","templated":true}]}}